{"id":3273,"date":"2020-04-29T00:30:00","date_gmt":"2020-04-29T00:30:00","guid":{"rendered":"https:\/\/blogsaverroes.juntadeandalucia.es\/ieslauretum\/?page_id=3273"},"modified":"2025-09-24T10:20:03","modified_gmt":"2025-09-24T10:20:03","slug":"secretary","status":"publish","type":"page","link":"https:\/\/blogsaverroes.juntadeandalucia.es\/ieslauretum\/secretary\/","title":{"rendered":"Secretaria"},"content":{"rendered":"<div id=\"contenido_sitio\" class=\"tiny_personalizado\" style=\"float: left\">\n<p style=\"text-align: center\"><span style=\"background-color: #c5f5c1\"><strong><em><span style=\"text-decoration: underline\"><span style=\"color: #993300\"><span style=\"font-family: Thorndale,serif\"><span style=\"font-size: 18pt\"><strong><span style=\"text-decoration: none\">Bienvenidos a la Secretaria del <\/span><\/strong><\/span><\/span><\/span><\/span><\/em><\/strong><\/span><\/p>\n<p style=\"text-align: center\"><span style=\"background-color: #c5f5c1\"><strong><em><span style=\"text-decoration: underline\"><span style=\"color: #993300\"><span style=\"font-family: Thorndale,serif\"><span style=\"font-size: 18pt\"><strong><span style=\"text-decoration: none\">IES Lauretum<\/span><\/strong><\/span><\/span><\/span><\/span><\/em><\/strong><\/span><\/p>\n<p style=\"text-align: center\"><strong><span style=\"color: #800000\">HORARIO DE ADMINISTRACI\u00d3N: 09:00H A 11:00H<\/span><\/strong><\/p>\n<table style=\"width: 119.01%;height: 1994px\" border=\"1\" width=\"200\" rules=\"cols\" cellspacing=\"0\" cellpadding=\"0\">\n<tbody>\n<tr style=\"height: 1496px\" valign=\"top\">\n<td style=\"width: 23.4285%;height: 1496px\" bgcolor=\"#94bd5e\">\n<table style=\"width: 87.7676%\" border=\"1\" width=\"200\" rules=\"cols\" cellspacing=\"0\" cellpadding=\"0\">\n<tbody>\n<tr valign=\"top\">\n<td style=\"width: 100%\" bgcolor=\"#94bd5e\">\n<p style=\"text-align: center\"><span style=\"text-decoration: underline\"><span style=\"color: #800000\"><strong><em>SOLICITUD DEL T\u00cdTULO DE BACHILLERATO<\/em><\/strong><\/span><\/span><\/p>\n<p><a href=\"https:\/\/drive.google.com\/file\/d\/162DKMW8dIl_E7eaG0ZVwZn9VmVe5Q4mY\/view?usp=drive_link\" target=\"_blank\" rel=\"noopener noreferrer\"><strong><em>a) <\/em><\/strong><strong><em>Instrucciones <\/em><\/strong><strong><em>a seguir<\/em><\/strong><\/a><\/p>\n<p><a href=\"https:\/\/drive.google.com\/file\/d\/1i6S3vaBSnNMglVvSkeFkCwuh2wkz7UBW\/view?usp=sharing\" target=\"_blank\" rel=\"noopener noreferrer\"><em><strong>b) Solicitud de T\u00edtulo de Bachiller<\/strong><\/em><em><strong>&nbsp;<\/strong><\/em><\/a><\/p>\n<p><a href=\"https:\/\/www.juntadeandalucia.es\/economiayhacienda\/apl\/surweb\/modelos\/modelo046\/046.jsp\" target=\"_blank\" rel=\"noopener noreferrer\"><em><strong>c) Descarga del modelo 046<\/strong><\/em><\/a><\/p>\n<hr>\n<p style=\"text-align: center\"><em style=\"font-size: 12pt;color: #993300;font-family: georgia, palatino;background-color: #ffffff\"><strong><span style=\"text-decoration: underline\"><span style=\"font-size: 14pt\">SOLICITUDES PARA LOS DOCENTES<\/span><\/span><\/strong><\/em><\/p>\n<p style=\"text-align: center\"><span style=\"color: #0000ff\"><a title=\"http:\/\/www.juntadeandalucia.es\/averroes\/centros-tic\/41008398\/helvia\/sitio\/upload\/img\/solicitud_ante_delegacion.jpg\" href=\"http:\/\/www.juntadeandalucia.es\/averroes\/centros-tic\/41008398\/helvia\/sitio\/upload\/img\/solicitud_ante_delegacion.jpg\"><span style=\"font-size: 12pt\"><em><strong><span style=\"text-decoration: underline\"><span style=\"font-size: 14pt\"><img loading=\"lazy\" decoding=\"async\" src=\"http:\/\/www.juntadeandalucia.es\/averroes\/centros-tic\/41008398\/helvia\/sitio\/upload\/img\/documentos_y_solicitudes_1.jpg\" width=\"83\" height=\"83\" border=\"0\"><br \/>\n<\/span><\/span><\/strong><\/em><\/span><\/a><\/span><\/p>\n<p style=\"text-align: center\"><span style=\"color: #800000\"><strong><a style=\"color: #800000\" href=\"https:\/\/blogsaverroes.juntadeandalucia.es\/ieslauretum\/files\/2024\/01\/Manual_Solicitud_Permisos_y_Licencias.pdf\">Manual_Permisos_y_Licencias S\u00e9neca<\/a>&nbsp;<\/strong><\/span><\/p>\n<p style=\"text-align: center\"><a href=\"https:\/\/blogsaverroes.juntadeandalucia.es\/ieslauretum\/files\/2025\/05\/EXPONE-SOLICITA.docx\" target=\"_blank\" rel=\"noopener\"><span style=\"color: #0000ff\"><span style=\"font-size: 12pt\"><em><strong>1) Solicitud General<\/strong><\/em><\/span><\/span><\/a><\/p>\n<p style=\"text-align: center\"><a href=\"https:\/\/www.juntadeandalucia.es\/educacion\/portals\/delegate\/content\/d221a1b3-c7ed-41dc-81e8-1f5bfa636d1b\/Anexo%20I%20-%20Modelo%20de%20solicitud%20de%20permisos,%20licencias%20y%20reducciones%20de%20jornada\" target=\"_blank\" rel=\"noopener\"><span style=\"color: #0000ff\"><span style=\"font-size: 12pt\"><em><strong>2)<\/strong><\/em><\/span> <span style=\"font-size: 12pt\"><em><strong>Anexo I Solicitud de Permisos, Licencias y Reducciones de Jornada.<\/strong><\/em><\/span><\/span><span style=\"color: #0000ff\"><span style=\"font-size: 12pt\"><em><strong>&nbsp;<\/strong><\/em><\/span><\/span><\/a><\/p>\n<p style=\"text-align: center\"><span style=\"color: #0000ff\"><span style=\"font-size: 12pt\"><em><strong>3) Cuestionario sobre accidentes laborales<a title=\"CUESTIONARIO SOBRE EL ACCIDENTE LABORAL\" href=\"http:\/\/www.juntadeandalucia.es\/averroes\/centros-tic\/41008398\/helvia\/sitio\/upload\/Documento_VI.pdf\" target=\"_blank\" rel=\"noopener noreferrer\"><img decoding=\"async\" src=\"http:\/\/www.juntadeandalucia.es\/averroes\/centros-tic\/41008398\/helvia\/sitio\/upload\/img\/pdf.gif\" border=\"0\"><\/a><\/strong><\/em><\/span><\/span><\/p>\n<p style=\"text-align: center\"><span style=\"color: #0000ff\"><span style=\"font-size: 12pt\"><em><strong>3.1) Informe del accidente laboral por el Director<a title=\"INFORME DE ACCIDENTE LABORAL\" href=\"http:\/\/www.juntadeandalucia.es\/averroes\/centros-tic\/41008398\/helvia\/sitio\/upload\/accidente.pdf\" target=\"_blank\" rel=\"noopener noreferrer\"><img decoding=\"async\" src=\"http:\/\/www.juntadeandalucia.es\/averroes\/centros-tic\/41008398\/helvia\/sitio\/upload\/img\/pdf.gif\" border=\"0\"><\/a><br \/>\n<\/strong><\/em><\/span><\/span><\/p>\n<p style=\"text-decoration: none;text-align: center\"><span style=\"color: #0000ff\"><span style=\"font-size: 12pt\"><em><strong><a href=\"https:\/\/drive.google.com\/file\/d\/1p-Gp0ElygsSrTLbcU8JtaSXnKFRK24Mn\/view?usp=sharing\" target=\"_blank\" rel=\"noopener noreferrer\">4) Hoja de Datos.<img decoding=\"async\" src=\"http:\/\/www.juntadeandalucia.es\/averroes\/centros-tic\/41008398\/helvia\/sitio\/upload\/img\/pdf.gif\" border=\"0\"><\/a><\/strong><\/em><\/span><\/span><\/p>\n<p style=\"text-decoration: none;text-align: center\"><span style=\"color: #993300;font-family: georgia,palatino\"><span style=\"font-size: 14pt\"><em><span style=\"text-decoration: underline\"><strong><span style=\"text-decoration: none\">DIETAS Y DESPLAZAMIENTOS<\/span><\/strong><\/span><\/em><\/span><\/span><\/p>\n<p style=\"text-decoration: none;text-align: center\"><strong><span style=\"color: #0000ff\"><em><span style=\"font-size: 12pt\"><a href=\"https:\/\/drive.google.com\/file\/d\/0B1BXXVUmxngqZGhWOENwS1VVeEk\/view?usp=sharing\" target=\"_blank\" rel=\"noopener noreferrer\">1.- Orden de Viaje y anticipo.<\/a><\/span><\/em><\/span><\/strong><\/p>\n<p style=\"text-decoration: none;text-align: center\"><strong><span style=\"color: #0000ff\"><em><span style=\"font-size: 12pt\"><a href=\"https:\/\/drive.google.com\/file\/d\/0B1BXXVUmxngqQ1RkZmJTZ0txeFk\/view?usp=sharing\" target=\"_blank\" rel=\"noopener noreferrer\">2.- Liquidaci\u00f3n por servicios realizados.<\/a><\/span><\/em><\/span><\/strong><\/p>\n<p style=\"text-decoration: none;text-align: center\"><a href=\"http:\/\/www.juntadeandalucia.es\/boja\/2000\/138\/d1.pdf\" target=\"_blank\" rel=\"noopener noreferrer\"><strong><span style=\"color: #0000ff\"><em><span style=\"font-size: 12pt\">3.- DECRETO 404\/2000, de 5 de octubre, por el que se modifica el Decreto 54\/1989, de 21 de marzo, sobre indemnizaciones por raz\u00f3n del servicio de la Junta de Andaluc\u00eda.<\/span><\/em><\/span><\/strong><\/a><\/p>\n<p style=\"text-align: center\"><a href=\"https:\/\/www.juntadeandalucia.es\/boja\/2024\/53\/BOJA24-053-00002-41864-01_00298628.pdf\" target=\"_blank\" rel=\"noopener\"><strong><span style=\"color: #0000ff\">4.- Orden de 11 de marzo de 2024, por la que se actualiza el importe de la <\/span><\/strong><\/a><br \/>\n<strong><span style=\"color: #0000ff\">indemnizaci\u00f3n por utilizaci\u00f3n de veh\u00edculo particular establecida en el Decreto <\/span><\/strong><br \/>\n<strong><span style=\"color: #0000ff\">54\/1989, de 21 de marzo, sobre indemnizaciones por raz\u00f3n del servicio de la <\/span><\/strong><br \/>\n<strong><span style=\"color: #0000ff\">Junta de Andaluc\u00eda<\/span><\/strong><\/p>\n<p style=\"text-decoration: none;text-align: center\"><a href=\"http:\/\/www.juntadeandalucia.es\/educacion\/portals\/web\/ced\/riesgos-laborales\" target=\"_blank\" rel=\"noopener noreferrer\"><span style=\"color: #993300;font-family: georgia,palatino\"><span style=\"font-size: 14pt\"><em><span style=\"text-decoration: underline\"><strong><span style=\"text-decoration: none\">PLAN DE&nbsp;AUTOPROTECCI\u00d3N Y EVACUACI\u00d3N<\/span><\/strong><\/span><\/em><\/span><\/span><\/a><\/p>\n<p style=\"text-decoration: none;text-align: center\"><span style=\"color: #993300;font-family: georgia,palatino\"><span style=\"font-size: 14pt\"><em><span style=\"text-decoration: underline\"><strong><span style=\"text-decoration: none\">&nbsp;<\/span><\/strong><\/span><\/em><\/span><\/span><\/p>\n<\/td>\n<\/tr>\n<\/tbody>\n<\/table>\n<p style=\"text-align: center\"><span style=\"color: #993300;font-size: 18pt;font-family: book antiqua, palatino\"><strong><em><span style=\"text-decoration: underline\">SEGURO ESCOLAR<\/span><\/em><\/strong><\/span><\/p>\n<p><em><span style=\"font-size: 14pt\"><span style=\"color: #0000ff\"><a title=\"Seguroi escolar en centros\" href=\"http:\/\/www.juntadeandalucia.es\/averroes\/centros-tic\/41008398\/helvia\/sitio\/upload\/SEGURO_ESCOLAR.pdf\" target=\"_blank\" rel=\"noopener noreferrer\">1.- Dossier sobre el Seguro Escolar<\/a>.<\/span><\/span><\/em><\/p>\n<p style=\"text-align: justify\"><a href=\"https:\/\/www.juntadeandalucia.es\/organismos\/economiahaciendayfondoseuropeos\/areas\/tributos-juego\/tributos\/paginas\/tasaseducacion.html\" target=\"_blank\" rel=\"noopener\"><span style=\"color: #0000ff\">2.-<span style=\"font-family: inherit;font-size: inherit;background-color: #ffffff\">Cuota tributaria tasas educaci\u00f3n<\/span><\/span><\/a><\/p>\n<div id=\"block-terra-content\" class=\"block block-system block-system-main-block\">\n<div class=\"content\">\n<article class=\"node node--type-pagina-estandar node--promoted node--view-mode-full clearfix\" role=\"article\">\n<header><\/header>\n<div class=\"node__content clearfix\">\n<div>\n<div class=\"layout--cont-estruct container clearfix\">\n<div class=\"row\">\n<div class=\"col-12 col-md-12 col-lg-8\">\n<div class=\"col-12\">&nbsp;<\/div>\n<div class=\"col-12\">&nbsp;<\/div>\n<div class=\"cont-secc col-12 contenidos_nivel3 editor\">\n<div class=\"block block-layout-builder block-field-blocknodepagina-estandarfield-contenido\">\n<div class=\"content\">\n<div class=\"clearfix text-formatted field field--name-field-contenido field--type-text-with-summary field--label-hidden field__item\">&nbsp;<\/div>\n<\/div>\n<\/div>\n<\/div>\n<\/div>\n<\/div>\n<\/div>\n<\/div>\n<\/div>\n<\/article>\n<\/div>\n<\/div>\n<hr>\n<p style=\"text-align: center\">&nbsp;<\/p>\n<p style=\"text-align: center\"><span style=\"text-decoration: underline;color: #800000;font-size: 14pt\"><strong><em>COMISI\u00d3N DE CONVIVENCIA DEL CONSEJO ESCOLAR<\/em><\/strong><\/span><\/p>\n<p style=\"text-align: center\"><strong><span style=\"font-size: 12pt;color: #0000ff\"><span style=\"color: #800000\"><em><a href=\"https:\/\/drive.google.com\/file\/d\/16t-qLE44gJ-x9rGDEtWjBDIf17nlYfh6\/view?usp=sharing\" target=\"_blank\" rel=\"noopener noreferrer\">RESOLUCI\u00d3N DE LA COMISI\u00d3N DE CONVIVENCIA<\/a><\/em><\/span><\/span><\/strong><\/p>\n<hr>\n<p style=\"text-align: center\">&nbsp;<\/p>\n<hr>\n<p style=\"text-align: center\"><strong><span style=\"font-size: 12pt;color: #0000ff\"><span style=\"color: #800000\"><em><span style=\"text-decoration: underline\">EXENCI\u00d3N DEL CANON DIGITAL<\/span><\/em><\/span><\/span><\/strong><\/p>\n<p style=\"text-align: justify\"><span style=\"color: #0000ff\"><a style=\"color: #0000ff\" href=\"https:\/\/www.boe.es\/boe\/dias\/2017\/07\/04\/pdfs\/BOE-A-2017-7718.pdf\" target=\"_blank\" rel=\"noopener noreferrer\">1.- Exenci\u00f3n del pago del canon digital para centros educativos (BOE)<\/a><\/span><\/p>\n<p style=\"text-align: justify\"><a href=\"https:\/\/www.youtube.com\/watch?v=iO0S1gIH5cw&amp;t=527s\" target=\"_blank\" rel=\"noopener noreferrer\"><span style=\"color: #0000ff\">2.- V\u00eddeo tutorial, para obtener el reembolso del canon digital.<\/span><\/a><\/p>\n<hr>\n<p style=\"text-align: justify\">&nbsp;<\/p>\n<\/td>\n<td style=\"text-align: center;width: 76.5715%;height: 1496px\" bgcolor=\"#ffff99\" width=\"50%\">\n<table style=\"height: 1543px;text-align: center;width: 0%\" border=\"1\" width=\"250\" rules=\"cols\" cellspacing=\"0\" cellpadding=\"0\">\n<tbody>\n<tr style=\"height: 1543px\" valign=\"top\">\n<td style=\"width: 100%;height: 1543px\" bgcolor=\"#ffff99\" width=\"50%\">\n<p style=\"text-align: center\"><span style=\"color: #800000;font-family: georgia,palatino\"><span style=\"font-size: 14pt\"><strong><em><span style=\"text-decoration: underline\">DILIGENCIA AL ACTA DE EVALUACI\u00d3N <\/span><\/em><\/strong><\/span><\/span><\/p>\n<p><a href=\"https:\/\/docs.google.com\/document\/d\/1IxaNDQw_F15qYWhnADYMeQEh5pczCHFWErGdD_Triqw\/edit?usp=sharing\" target=\"_blank\" rel=\"noopener noreferrer\"><span style=\"font-size: 12pt\"><span style=\"font-family: georgia,palatino\"><span style=\"color: #0000ff\"><strong><em><span style=\"color: #ff0000\">1) Modelo para solicitar a la Secretaria del Centro un cambio en la decisi\u00f3n de promoci\u00f3n, repetici\u00f3n o titulaci\u00f3n al Acta final de la Convocatoria de Junio o Septiembre<\/span><\/em><\/strong><\/span><\/span><\/span><\/a><\/p>\n<p style=\"text-align: center\"><a href=\"https:\/\/docs.google.com\/document\/d\/1ASHnl_nDXpW5zx68eeaw6J62K2efoaBdPwND9qgCnDQ\/edit?usp=sharing\" target=\"_blank\" rel=\"noopener noreferrer\"><span style=\"font-size: 12pt\"><span style=\"font-family: georgia,palatino\"><span style=\"color: #0000ff\"><strong><em><span style=\"color: #ff0000\">2) Modelo para solicitar a la Secretaria del Centro un cambio de nota en el Acta final de la Convocatoria de Junio o Septiembre.<\/span><\/em><\/strong><\/span><\/span><\/span><\/a><\/p>\n<hr>\n<p style=\"text-align: center\">&nbsp;<\/p>\n<p style=\"text-align: center\"><span style=\"color: #800000\"><span style=\"font-size: 14pt\"><span style=\"font-family: georgia,palatino\"><em><span style=\"text-decoration: underline\"><strong><span style=\"text-decoration: none\">PLAN DE GRATUIDAD&nbsp;DE LIBROS DE TEXTO<\/span><\/strong><\/span><\/em><\/span><\/span><\/span><\/p>\n<p><span style=\"font-size: 12pt\"><span style=\"font-family: georgia,palatino\"><span style=\"color: #0000ff\"><em><span style=\"text-decoration: underline\"><strong><span style=\"text-decoration: none\"><img loading=\"lazy\" decoding=\"async\" src=\"http:\/\/www.juntadeandalucia.es\/averroes\/centros-tic\/41008398\/helvia\/sitio\/upload\/img\/librosdetexto.jpg\" width=\"120\" height=\"89\" border=\"0\"><br \/>\n<\/span><\/strong><\/span><\/em><\/span><\/span><\/span><\/p>\n<p style=\"text-align: center\"><a title=\"http:\/\/www.juntadeandalucia.es\/averroes\/centros-tic\/41008398\/helvia\/sitio\/upload\/orden_gratuidad_de_libros_con_anexos_2005.pdf\" href=\"http:\/\/www.juntadeandalucia.es\/averroes\/centros-tic\/41008398\/helvia\/sitio\/upload\/orden_gratuidad_de_libros_con_anexos_2005.pdf\"><span style=\"font-size: 12pt\"><span style=\"font-family: georgia,palatino\"><span style=\"color: #0000ff\"><strong><em>Legislaci\u00f3n Orden 27 de abril de 2005<\/em><\/strong><\/span><\/span><\/span><\/a><\/p>\n<p style=\"text-align: center\"><span style=\"font-size: 12pt\"><span style=\"font-family: georgia,palatino\"><span style=\"color: #0000ff\"><strong><em>&nbsp;<\/em><\/strong><\/span><\/span><\/span><a title=\"http:\/\/www.juntadeandalucia.es\/averroes\/centros-tic\/41008398\/helvia\/sitio\/upload\/anexo_I_renuncia_al_PGLT.pdf\" href=\"http:\/\/www.juntadeandalucia.es\/averroes\/centros-tic\/41008398\/helvia\/sitio\/upload\/anexo_I_renuncia_al_PGLT.pdf\"><span style=\"font-size: 12pt\"><span style=\"font-family: georgia,palatino\"><strong><em><span style=\"color: #0000ff\"><strong><em>Anexo I Renuncia al Programa de Gratuidad de Libros de Texto<\/em><\/strong><\/span><\/em><\/strong><\/span><\/span><\/a><\/p>\n<p><span style=\"color: #0000ff\"><span style=\"font-family: georgia,palatino\"><span style=\"font-size: 12pt\"><strong><em><strong><em>Anexo II Comunicado del Deber de Reposici\u00f3n del Material&nbsp;<a title=\"http:\/\/www.juntadeandalucia.es\/averroes\/centros-tic\/41008398\/helvia\/sitio\/upload\/1244551123508_anexo_ii_comunicacixn_reposicixn_glt_200910.pdf\" href=\"http:\/\/www.juntadeandalucia.es\/averroes\/centros-tic\/41008398\/helvia\/sitio\/upload\/1244551123508_anexo_ii_comunicacixn_reposicixn_glt_200910.pdf\"><img decoding=\"async\" src=\"http:\/\/www.juntadeandalucia.es\/averroes\/centros-tic\/41008398\/helvia\/sitio\/upload\/img\/pdf.gif\" border=\"0\"><\/a> <\/em><\/strong><\/em><\/strong><\/span><\/span><\/span><\/p>\n<p><a title=\"http:\/\/www.juntadeandalucia.es\/averroes\/centros-tic\/41008398\/helvia\/sitio\/upload\/1244551256140_anexo_iv_certificacixn_entrega_libros_trasladado_glt_2009x.pdf\" href=\"http:\/\/www.juntadeandalucia.es\/averroes\/centros-tic\/41008398\/helvia\/sitio\/upload\/1244551256140_anexo_iv_certificacixn_entrega_libros_trasladado_glt_2009x.pdf\"><span style=\"font-size: 12pt\"><span style=\"font-family: georgia,palatino\"><span style=\"color: #0000ff\"><strong><em>Anexo IV Certificado de Entrega&nbsp; de Libros Por Alumnado Trasladado<\/em><\/strong><\/span><\/span><\/span><\/a><\/p>\n<p><span style=\"font-size: 12pt\"><span style=\"font-family: georgia,palatino\"><span style=\"color: #0000ff\"><strong><em><span style=\"color: #008000\"><a href=\"https:\/\/drive.google.com\/file\/d\/17Od148YMpY-gLewuaaFZXIoCqne-uegZ\/view?usp=sharing\" target=\"_blank\" rel=\"noopener noreferrer\">DEPARTAMENTOS: Propuesta de libros de texto<\/a><\/span><\/em><\/strong><\/span><\/span><\/span><\/p>\n<hr>\n<p><span style=\"font-size: 12pt\"><span style=\"font-family: georgia,palatino\"><span style=\"color: #0000ff\"><strong><em>&nbsp;<\/em><\/strong><\/span><\/span><\/span><\/p>\n<p><span style=\"color: #800000\"><span style=\"font-size: 14pt\"><span style=\"font-family: georgia,palatino\"><em><span style=\"text-decoration: underline\"><strong><span style=\"text-decoration: none\">GUIA DE PROTECCI\u00d3N DE DATOS PARA CENTROS ESCOLARES<\/span><\/strong><\/span><\/em><\/span><\/span><\/span><\/p>\n<p style=\"text-decoration: none;text-align: center\"><a title=\"Guia deProtecci\u00f3n de datos Personales en Centros Escolares 2012\" href=\"http:\/\/www.juntadeandalucia.es\/averroes\/centros-tic\/41008398\/helvia\/sitio\/upload\/guia_de_proteccion_de_datos_en_centros_escolares_2012.pdf\" target=\"_blank\" rel=\"noopener noreferrer\"><span style=\"color: #800000\"><span style=\"font-size: 14pt\"><span style=\"font-family: georgia,palatino\"><em><span style=\"text-decoration: underline\"><strong><span style=\"text-decoration: none\"><img loading=\"lazy\" decoding=\"async\" src=\"http:\/\/www.juntadeandalucia.es\/averroes\/centros-tic\/41008398\/helvia\/sitio\/upload\/img\/capturada.jpg\" width=\"124\" height=\"158\" border=\"0\"><\/span><\/strong><\/span><\/em><\/span><\/span><\/span><\/a><span style=\"text-decoration: underline\"><span style=\"font-family: georgia,palatino\"><span style=\"color: #800000\"><span style=\"font-size: 14pt\"><em><strong>&nbsp;<\/strong><\/em><\/span><\/span><\/span><\/span><\/p>\n<p style=\"text-decoration: none;text-align: center\"><span style=\"text-decoration: underline\"><span style=\"font-family: georgia,palatino\"><span style=\"color: #800000\"><span style=\"font-size: 14pt\"><em><strong><a href=\"https:\/\/drive.google.com\/file\/d\/0B1BXXVUmxngqMUk2RkRmVW90bkE\/view?usp=sharing\" target=\"_blank\" rel=\"noopener noreferrer\"><img loading=\"lazy\" decoding=\"async\" src=\"http:\/\/www.juntadeandalucia.es\/averroes\/centros-tic\/41008398\/helvia\/sitio\/upload\/img\/64.jpg\" width=\"176\" height=\"100\" border=\"0\"><\/a><\/strong><\/em><\/span><\/span><\/span><\/span><\/p>\n<hr>\n<p style=\"text-decoration: none;text-align: center\"><span style=\"color: #800000\"><a style=\"color: #800000\" href=\"https:\/\/drive.google.com\/file\/d\/1PyexsQi1VEroZ6fkFUte0i4_YVG3m-RV\/view?usp=sharing\" target=\"_blank\" rel=\"noopener noreferrer\"><span style=\"text-decoration: underline\"><span style=\"font-family: georgia,palatino\"><span style=\"font-size: 14pt\"><em><strong>VI CONVENIO COLECTIVO DEL PERSONAL LABORAL DE LA ADMINISTRACI\u00d3N<\/strong><\/em><\/span><\/span><\/span><\/a><\/span><\/p>\n<p>&nbsp;<\/td>\n<\/tr>\n<\/tbody>\n<\/table>\n<\/td>\n<\/tr>\n<\/tbody>\n<tbody>\n<tr style=\"height: 10px\" valign=\"top\">\n<td style=\"text-align: center;width: 23.4285%;height: 10px\" bgcolor=\"#94bd5e\" width=\"50%\">\n<p style=\"text-decoration: none;text-align: left\">&nbsp;<\/p>\n<\/td>\n<td style=\"text-align: justify;width: 76.5715%;height: 10px\" bgcolor=\"#ffff99\" width=\"50%\">&nbsp;<\/td>\n<\/tr>\n<tr style=\"height: 464px\">\n<td style=\"background-color: #b6f99e;width: 23.4285%;height: 464px\">\n<p style=\"text-align: center\"><span style=\"text-decoration: underline;color: #800000\"><strong>NORMATIVA LEGAL<\/strong><\/span><\/p>\n<p style=\"text-align: justify\"><a href=\"https:\/\/drive.google.com\/file\/d\/12cqfLYyBT7EAu4cSkUbdjQv9s28DjqHr\/view?usp=sharing\" target=\"_blank\" rel=\"noopener noreferrer\"><span style=\"color: #0000ff\"><strong><em>1.- Resoluci\u00f3n de la direcci\u00f3n general de patrimonio por la que se eleva el valor unitario m\u00ednimo inventariable de los bienes muebles de 300,50 \u20ac a 1.500\u20ac.<\/em><\/strong><\/span><\/a><\/p>\n<p style=\"text-align: justify\"><a href=\"https:\/\/www.juntadeandalucia.es\/boja\/2005\/204\/2\" target=\"_blank\" rel=\"noopener noreferrer\"><em><strong><span style=\"color: #0000ff\">2.- RESOLUCION de 6 de octubre de 2005, de la Direcci\u00f3n General de Gesti\u00f3n de Recursos Humanos, por la que se aprueba el Manual para la gesti\u00f3n del cumplimiento de la jornada y horarios en los Centros P\u00fablicos de Educaci\u00f3n y Servicios Educativos dependientes de la Consejer\u00eda de Educaci\u00f3n de la Junta de Andaluc\u00eda<\/span><\/strong><\/em><\/a>.<\/p>\n<p style=\"text-align: justify\"><strong><span style=\"color: #0000ff\">3.- 2021.-<\/span><a href=\"https:\/\/drive.google.com\/file\/d\/1ypt7DVTaMkBh08U-CA-wSKdN9YVQaBUl\/view?usp=sharing\" target=\"_blank\" rel=\"noopener noreferrer\"><span style=\"color: #0000ff\">Informe T\u00e9cnico sobre el Control de Presencia por S\u00e9neca<\/span><\/a><\/strong><\/p>\n<\/td>\n<td style=\"background-color: #ecf10d;text-align: center;width: 76.5715%;height: 464px\">\n<p style=\"text-decoration: none;text-align: center\"><span style=\"font-family: georgia,palatino\"><span style=\"font-size: 14pt\"><span style=\"color: #4c1900\"><em><span style=\"text-decoration: underline\"><strong><span style=\"text-decoration: none\">E-FACTURA Y CONTRATOS P\u00daBLICOS<\/span><\/strong><\/span><\/em><\/span><\/span><\/span><\/p>\n<p style=\"text-decoration: none;text-align: center\"><span style=\"font-family: georgia,palatino\"><span style=\"font-size: 14pt\"><span style=\"color: #4c1900\"><em><span style=\"text-decoration: underline\"><strong><span style=\"text-decoration: none\"><a href=\"https:\/\/e-factura.juntadeandalucia.es\/\" target=\"_blank\" rel=\"noopener noreferrer\"><img decoding=\"async\" src=\"http:\/\/www.juntadeandalucia.es\/averroes\/centros-tic\/41008398\/helvia\/sitio\/upload\/img\/facturae.jpg\" border=\"0\"><\/a><br \/>\n<\/span><\/strong><\/span><\/em><\/span><\/span><\/span><\/p>\n<p style=\"text-decoration: none;text-align: center\">__________________________________<\/p>\n<p style=\"text-decoration: none;text-align: center\"><span style=\"font-family: georgia, palatino;color: #800000;font-size: 14pt\"><em><span style=\"font-family: arial,helvetica,sans-serif\"><strong><span style=\"text-decoration: none\"><a href=\"https:\/\/docs.google.com\/document\/d\/1NJuvrRJWI8A9vWC40ERy2QOmxceVA92vMK_KYZJZdoQ\/edit?usp=sharing\" target=\"_blank\" rel=\"noopener noreferrer\">1.- Modelo de Contrato menor.<\/a><\/span><\/strong><\/span><\/em><\/span><\/p>\n<p style=\"text-decoration: none;text-align: center\"><span style=\"font-family: georgia, palatino;color: #800000;font-size: 14pt\"><em><span style=\"font-family: arial,helvetica,sans-serif\"><strong><span style=\"text-decoration: none\"><a href=\"https:\/\/docs.google.com\/document\/d\/1ZsH3lqr_JwfpuzfELk6v8WscGHf3AvwRTX7OMtjgRto\/edit?usp=sharing\" target=\"_blank\" rel=\"noopener noreferrer\">2.- Modelo de&nbsp;Pliego de Prescripciones T\u00e9cnicas<\/a>.<\/span><\/strong><\/span><\/em><\/span><\/p>\n<\/td>\n<\/tr>\n<tr style=\"height: 24px\">\n<td style=\"width: 100%;height: 24px\" colspan=\"2\">\n<div id=\"contenido_sitio\" class=\"tiny_personalizado\" style=\"float: left\">\n<p>Direcci\u00f3n: D. Juan Fr\u00ba Soto Garc\u00eda<\/p>\n<p>Jefatura de estudios: D\u00aa. Mar\u00eda Jos\u00e9 Somet Fern\u00e1ndez&nbsp;<\/p>\n<p>Jefatura de estudios Adjunta: D\u00aa. Silvia Barrera Fern\u00e1ndez<\/p>\n<p>Secretar\u00eda: D. Javier Vidal Prada<\/p>\n<p>Jefatura Adjunta a la Direcci\u00f3n: D\u00aa Milagros Gonz\u00e1lez<\/p>\n<\/div>\n<\/td>\n<\/tr>\n<\/tbody>\n<\/table>\n<\/div>\n","protected":false},"excerpt":{"rendered":"<p>Bienvenidos a la Secretaria del IES Lauretum HORARIO DE ADMINISTRACI\u00d3N: 09:00H A 11:00H SOLICITUD DEL T\u00cdTULO DE BACHILLERATO a) Instrucciones a seguir b) Solicitud de&hellip;<\/p>\n","protected":false},"author":1966,"featured_media":0,"parent":0,"menu_order":0,"comment_status":"closed","ping_status":"closed","template":"","meta":{"ngg_post_thumbnail":0,"footnotes":""},"aioseo_notices":[],"_links":{"self":[{"href":"https:\/\/blogsaverroes.juntadeandalucia.es\/ieslauretum\/wp-json\/wp\/v2\/pages\/3273"}],"collection":[{"href":"https:\/\/blogsaverroes.juntadeandalucia.es\/ieslauretum\/wp-json\/wp\/v2\/pages"}],"about":[{"href":"https:\/\/blogsaverroes.juntadeandalucia.es\/ieslauretum\/wp-json\/wp\/v2\/types\/page"}],"author":[{"embeddable":true,"href":"https:\/\/blogsaverroes.juntadeandalucia.es\/ieslauretum\/wp-json\/wp\/v2\/users\/1966"}],"replies":[{"embeddable":true,"href":"https:\/\/blogsaverroes.juntadeandalucia.es\/ieslauretum\/wp-json\/wp\/v2\/comments?post=3273"}],"version-history":[{"count":37,"href":"https:\/\/blogsaverroes.juntadeandalucia.es\/ieslauretum\/wp-json\/wp\/v2\/pages\/3273\/revisions"}],"predecessor-version":[{"id":8734,"href":"https:\/\/blogsaverroes.juntadeandalucia.es\/ieslauretum\/wp-json\/wp\/v2\/pages\/3273\/revisions\/8734"}],"wp:attachment":[{"href":"https:\/\/blogsaverroes.juntadeandalucia.es\/ieslauretum\/wp-json\/wp\/v2\/media?parent=3273"}],"curies":[{"name":"wp","href":"https:\/\/api.w.org\/{rel}","templated":true}]}}