{"id":2644,"date":"2021-09-12T23:02:56","date_gmt":"2021-09-12T21:02:56","guid":{"rendered":"http:\/\/blogsaverroes.juntadeandalucia.es\/iesloscolegiales\/?page_id=2644"},"modified":"2025-06-24T10:43:10","modified_gmt":"2025-06-24T08:43:10","slug":"impresos-de-matricula-y-escolarizacion","status":"publish","type":"page","link":"https:\/\/blogsaverroes.juntadeandalucia.es\/iesloscolegiales\/impresos-de-matricula-y-escolarizacion\/","title":{"rendered":"Impresos de Matricula y Escolarizaci\u00f3n"},"content":{"rendered":"<h3><strong>Educaci\u00f3n Secundaria Obligatoria<\/strong>:<\/h3>\n<table style=\"border-collapse: collapse;width: 58.359133126934985%;height: 48px\">\n<tbody>\n<tr style=\"height: 48px\">\n<td style=\"width: 21.82826781417579%;height: 48px;text-align: center\"><a href=\"https:\/\/blogsaverroes.juntadeandalucia.es\/iesloscolegiales\/files\/2025\/03\/Anexo-III-Admision-ESO-y-Bachillerato.pdf\">Solicitud de admisi\u00f3n<\/a><\/p>\n<p><em><strong>1 al 31 de marzo<\/strong><\/em><\/td>\n<td style=\"width: 29.768822449167303%;height: 48px;text-align: center\"><strong>Matriculaci\u00f3n:<\/strong><\/p>\n<p><a href=\"https:\/\/blogsaverroes.juntadeandalucia.es\/iesloscolegiales\/files\/2025\/06\/Impreso_Matr_1ESO.pdf\" target=\"_blank\" rel=\"noopener\">1\u00ba E.S.O.<\/a><\/p>\n<p><a href=\"https:\/\/blogsaverroes.juntadeandalucia.es\/iesloscolegiales\/files\/2025\/06\/Impreso_Matr_2ESO.pdf\" target=\"_blank\" rel=\"noopener\">2\u00ba E.S.O.<\/a><\/p>\n<p><a href=\"https:\/\/blogsaverroes.juntadeandalucia.es\/iesloscolegiales\/files\/2025\/06\/Impreso_Matr_3ESO.pdf\" target=\"_blank\" rel=\"noopener\">3\u00ba E.S.O.<\/a><\/p>\n<p><a href=\"https:\/\/blogsaverroes.juntadeandalucia.es\/iesloscolegiales\/files\/2025\/06\/Impreso_Matr_4ESO.pdf\" target=\"_blank\" rel=\"noopener\">4\u00ba E.S.O.<\/a><\/p>\n<p><em><strong>1 al 10 de julio<\/strong><\/em><\/td>\n<\/tr>\n<\/tbody>\n<\/table>\n<h3><strong style=\"font-size: 16px\">BACHILLERATO DE CIENCIAS Y TECNOLOG\u00cdA<\/strong><\/h3>\n<table style=\"border-collapse: collapse;width: 86.53%;height: 48px\">\n<tbody>\n<tr style=\"height: 48px\">\n<td style=\"width: 21.8283%;height: 48px;text-align: center\"><a href=\"https:\/\/blogsaverroes.juntadeandalucia.es\/iesloscolegiales\/files\/2024\/02\/3_Anexo-III_002535_5-Admisi\u00f3n-ESO-Bachillerato.pdf\">Solicitud de Admisi\u00f3n<\/a><\/p>\n<p><em><strong>1 al 31 de marzo<\/strong><\/em><\/td>\n<td style=\"width: 78.0447%;height: 48px;text-align: center\"><strong>Matriculaci\u00f3n:<\/strong><\/p>\n<p><a href=\"https:\/\/blogsaverroes.juntadeandalucia.es\/iesloscolegiales\/files\/2025\/06\/Impreso_Matr_1BACH_CYT.pdf\">1\u00ba Bachillerato Ciencias y Tecnolog\u00eda<\/a><\/p>\n<p><a href=\"https:\/\/blogsaverroes.juntadeandalucia.es\/iesloscolegiales\/files\/2025\/06\/Impreso_Matr_2BACH_CYT.pdf\">2\u00ba Bachillerato Ciencias y Tecnolog\u00eda<\/a><\/p>\n<p><em><strong>1 al 10 de julio<\/strong><\/em><\/td>\n<\/tr>\n<\/tbody>\n<\/table>\n<h3><strong>BACHILLERATO DE HUMANIDADES Y CIENCIAS SOCIALES<\/strong><\/h3>\n<table style=\"border-collapse: collapse;width: 86.53%;height: 48px\">\n<tbody>\n<tr style=\"height: 48px\">\n<td style=\"width: 21.8283%;height: 48px;text-align: center\"><a href=\"https:\/\/blogsaverroes.juntadeandalucia.es\/iesloscolegiales\/files\/2024\/02\/3_Anexo-III_002535_5-Admisi\u00f3n-ESO-Bachillerato.pdf\">Solicitud de Admisi\u00f3n<\/a><\/p>\n<p><em><strong>1 al 31 de marzo<\/strong><\/em><\/td>\n<td style=\"width: 78.0447%;height: 48px;text-align: center\"><strong>Matriculaci\u00f3n:<\/strong><\/p>\n<p><a href=\"https:\/\/blogsaverroes.juntadeandalucia.es\/iesloscolegiales\/files\/2025\/06\/Impreso_Matr_1BACH_HHyCCSS.pdf\">1\u00ba Bachillerato Humanidades y CCSS<\/a><\/p>\n<p><a href=\"https:\/\/blogsaverroes.juntadeandalucia.es\/iesloscolegiales\/files\/2025\/06\/Impreso_Matr_2BACH_HHyCCSS.pdf\">2\u00ba Bachillerato Humanidades y CCSS<\/a><\/p>\n<p><em><strong>1 al 10 de julio<\/strong><\/em><\/td>\n<\/tr>\n<\/tbody>\n<\/table>\n<h3><strong>CICLOS FORMATIVOS DE GRADO B\u00c1SICO<\/strong><\/h3>\n<table style=\"border-collapse: collapse;width: 85.44891640866872%;height: 40px\">\n<tbody>\n<tr style=\"height: 48px\">\n<td style=\"width: 22.95222750555228%;height: 40px;text-align: center;vertical-align: top\"><a href=\"https:\/\/blogsaverroes.juntadeandalucia.es\/iesloscolegiales\/files\/2025\/06\/Adm_GB-1.pdf\">Solicitud de plaza<\/a><\/p>\n<p><em><strong>15 al 30 de Junio<\/strong><\/em><\/td>\n<td style=\"width: 46.41674604691547%;height: 40px;text-align: center;vertical-align: top\"><strong>Matriculaci\u00f3n o Reserva de plaza:<\/strong><\/p>\n<ul>\n<li style=\"text-align: left\"><strong style=\"font-family: inherit;font-size: inherit;text-align: left\">Repetidores y alumnado que pasa de 1\u00ba a 2\u00ba:<\/strong><\/li>\n<\/ul>\n<p style=\"text-align: left;padding-left: 80px\"><em><strong><span style=\"font-family: inherit;font-size: inherit;text-align: center\">25 al 30 de junio<\/span><\/strong><\/em><\/p>\n<p><a href=\"https:\/\/blogsaverroes.juntadeandalucia.es\/iesloscolegiales\/files\/2024\/07\/Impreso_Matr_FP.pdf\" target=\"_blank\" rel=\"noopener\">Matriculaci\u00f3n<\/a><\/p>\n<ul>\n<li style=\"text-align: left\"><strong style=\"text-align: left\">Alumnado nuevo:<\/strong><\/li>\n<\/ul>\n<p style=\"text-align: left;padding-left: 80px\"><span style=\"font-family: inherit;font-size: inherit;text-align: center\">1\u00aa Adj.: <em><strong>11 al 15 de julio<\/strong><\/em><\/span><\/p>\n<p><a href=\"https:\/\/blogsaverroes.juntadeandalucia.es\/iesloscolegiales\/files\/2024\/07\/Impreso_Matr_FP.pdf\" target=\"_blank\" rel=\"noopener\">Matriculaci\u00f3n<\/a>\u00a0 \/ <a href=\"https:\/\/blogsaverroes.juntadeandalucia.es\/iesloscolegiales\/files\/2025\/06\/Reserva_GB-GM-GS-2.pdf\">Reserva<\/a><\/p>\n<p style=\"text-align: left;padding-left: 80px\">2\u00aa Adj.: <em><strong>18 al 23 de julio<\/strong><\/em><\/p>\n<p><a href=\"https:\/\/blogsaverroes.juntadeandalucia.es\/iesloscolegiales\/files\/2024\/07\/Impreso_Matr_FP.pdf\" target=\"_blank\" rel=\"noopener\">Matriculaci\u00f3n<\/a><\/td>\n<\/tr>\n<\/tbody>\n<\/table>\n<h3><b>CICLOS FORMATIVOS DE GRADO MEDIO Y SUPERIOR<\/b><\/h3>\n<h3>Alumnado repetidor o que promociona de 1\u00ba a 2\u00ba<\/h3>\n<table style=\"border-collapse: collapse;width: 27.863777089783284%\">\n<tbody>\n<tr>\n<td style=\"width: 100%\">\n<p style=\"text-align: center\"><a href=\"https:\/\/blogsaverroes.juntadeandalucia.es\/iesloscolegiales\/files\/2024\/07\/Impreso_Matr_FP.pdf\" target=\"_blank\" rel=\"noopener\">Matriculaci\u00f3n<\/a><\/p>\n<p style=\"text-align: center\"><em><strong>25 al 30 de junio<\/strong><\/em><\/p>\n<\/td>\n<\/tr>\n<\/tbody>\n<\/table>\n<h3>Alumnado de nueva incorporaci\u00f3n<\/h3>\n<table style=\"border-collapse: collapse;width: 100%\">\n<tbody>\n<tr>\n<td style=\"width: 50%;vertical-align: top\"><a href=\"https:\/\/blogsaverroes.juntadeandalucia.es\/iesloscolegiales\/files\/2025\/06\/Adm_GM-1.pdf\">Solicitud de plaza GM<\/a> : <em><strong>15 al 30 de junio<\/strong><\/em><\/p>\n<p><a href=\"https:\/\/blogsaverroes.juntadeandalucia.es\/iesloscolegiales\/files\/2025\/06\/Adm_GS-2.pdf\">Solicitud de Plaza GS<\/a> : <strong><em>15 al 30 de junio<\/em><\/strong><\/p>\n<p><a href=\"https:\/\/blogsaverroes.juntadeandalucia.es\/iesloscolegiales\/files\/2025\/06\/Adm_2_GM-GS-1.pdf\">Solicitud de Plaza alumnado de 2\u00ba que proceden de otro centro (GM y GS)<\/a>: <strong><em>25 al 30 de junio<\/em><\/strong><\/td>\n<td style=\"width: 50%;vertical-align: top\"><strong>Matriculaci\u00f3n o Reserva de plaza:<\/strong><\/p>\n<p>1\u00aa Adj. primer curso: <strong><em>15 al 18 de julio<\/em><\/strong><\/p>\n<p><a href=\"https:\/\/blogsaverroes.juntadeandalucia.es\/iesloscolegiales\/files\/2024\/07\/Impreso_Matr_FP.pdf\" target=\"_blank\" rel=\"noopener\">Matriculaci\u00f3n<\/a>\u00a0 \u00a0 \/\u00a0 <a href=\"https:\/\/blogsaverroes.juntadeandalucia.es\/iesloscolegiales\/files\/2025\/06\/Reserva_GB-GM-GS-3.pdf\">Reserva<\/a><\/p>\n<p>2\u00aa: Adj. primer curso: <em><strong>23 al 26 de julio<\/strong><\/em><\/p>\n<p><a href=\"https:\/\/blogsaverroes.juntadeandalucia.es\/iesloscolegiales\/files\/2024\/07\/Impreso_Matr_FP.pdf\" target=\"_blank\" rel=\"noopener\">Matriculaci\u00f3n Oferta Completa<\/a><\/p>\n<p><a href=\"https:\/\/blogsaverroes.juntadeandalucia.es\/iesloscolegiales\/files\/2025\/06\/Impreso_Matr_Modular_GM-GS.pdf\">MATRICULACI\u00d3N (Oferta modular complementaria)<\/a><\/p>\n<p>Adj. \u00fanica segundo curso: <strong><em>17 al 22 de julio<\/em><\/strong><\/p>\n<p><a href=\"https:\/\/blogsaverroes.juntadeandalucia.es\/iesloscolegiales\/files\/2024\/07\/Impreso_Matr_FP.pdf\" target=\"_blank\" rel=\"noopener\">Matriculaci\u00f3n Oferta Completa<\/a><\/p>\n<p><a href=\"https:\/\/blogsaverroes.juntadeandalucia.es\/iesloscolegiales\/files\/2025\/06\/Impreso_Matr_Modular_GM-GS.pdf\">MATRICULACI\u00d3N (Oferta modular complementaria)<\/a><\/td>\n<\/tr>\n<\/tbody>\n<\/table>\n<h3><\/h3>\n<h3><b><strong>CURSO DE ACCESO A CICLOS FORMATIVOS DE GRADO MEDIO<\/strong><\/b><\/h3>\n<table style=\"border-collapse: collapse;width: 58.359133126934985%;height: 48px\">\n<tbody>\n<tr style=\"height: 48px\">\n<td style=\"width: 21.82826781417579%;height: 48px;text-align: center\"><a href=\"https:\/\/blogsaverroes.juntadeandalucia.es\/iesloscolegiales\/files\/2025\/06\/Solicitud-curso-Acceso-FP.pdf\">Solicitud de Plaza<\/a><\/p>\n<p><strong><em>15 al 25 de junio<\/em><\/strong><\/td>\n<td style=\"width: 29.768822449167303%;height: 48px;text-align: center\"><a href=\"https:\/\/blogsaverroes.juntadeandalucia.es\/iesloscolegiales\/files\/2025\/06\/Impreso_Matr_CACFGM.pdf\">Matr\u00edcula<\/a><\/p>\n<p><strong><em>17 al 22 de julio<\/em><\/strong><\/td>\n<\/tr>\n<\/tbody>\n<\/table>\n<p>&nbsp;<\/p>\n<h3><b><strong>PRUEBA DE ACCESO A CICLOS FORMATIVOS DE GRADO MEDIO:\u00a0<\/strong><\/b><\/h3>\n<p><a href=\"https:\/\/blogsaverroes.juntadeandalucia.es\/iesloscolegiales\/files\/2025\/06\/Solicitud-prueba-Acceso-GM.pdf\">Solicitud de plaza<\/a><\/p>\n<p>&nbsp;<\/p>\n<h2><strong>\u00a0Otros impresos para adjuntar a la matr\u00edcula:<\/strong><\/h2>\n<ul>\n<li><a href=\"https:\/\/blogsaverroes.juntadeandalucia.es\/iesloscolegiales\/files\/2021\/09\/Impr_Transporte.pdf\">Servicio Complementario de Transporte Escolar.<\/a><\/li>\n<li><a href=\"https:\/\/blogsaverroes.juntadeandalucia.es\/iesloscolegiales\/files\/2024\/07\/06.-ANEXO-RELIGION.pdf\" target=\"_blank\" rel=\"noopener\">Solicitud para cursar la ense\u00f1anza de Religi\u00f3n\u00a0(ESO y Bachillerato)<\/a>.<\/li>\n<li><a href=\"https:\/\/blogsaverroes.juntadeandalucia.es\/iesloscolegiales\/files\/2021\/09\/Opc_Rep_2Bach.pdf\">Opci\u00f3n de repetici\u00f3n de alumnado de 2\u00ba de Bachillerato.<\/a><\/li>\n<li><a href=\"https:\/\/blogsaverroes.juntadeandalucia.es\/iesloscolegiales\/files\/2021\/09\/solicitud-de-convalidaciones.pdf\">Solicitud de Convalidaci\u00f3n de m\u00f3dulos profesionales de Formaci\u00f3n Profesional.<\/a><\/li>\n<\/ul>\n<h2><strong>Otros impresos:<\/strong><\/h2>\n<ul>\n<li><a href=\"https:\/\/blogsaverroes.juntadeandalucia.es\/iesloscolegiales\/files\/2025\/03\/Anexo-IX-Admision-Proc.-Extraordinario.pdf\">Solicitud de Admisi\u00f3n en ESO o Bachillerato fuera del per\u00edodo ordinario (Anexo IX).<\/a><\/li>\n<li><a href=\"https:\/\/blogsaverroes.juntadeandalucia.es\/iesloscolegiales\/files\/2021\/09\/Autorizacion.pdf\">Modelo de autorizaci\u00f3n para entrega\/recogida de documentaci\u00f3n en Secretar\u00eda.<\/a><\/li>\n<li><a href=\"https:\/\/blogsaverroes.juntadeandalucia.es\/iesloscolegiales\/files\/2024\/07\/Seg_Esc.pdf\" target=\"_blank\" rel=\"noopener\">Instrucciones para el Pago del Seguro Escolar<\/a> (alumnado que se matricula a partir de 3\u00ba de ESO menor de 28 a\u00f1os de edad).<\/li>\n<li><a href=\"https:\/\/blogsaverroes.juntadeandalucia.es\/iesloscolegiales\/files\/2021\/09\/Canc_Matr_FP.pdf\">Solicitud de Cancelaci\u00f3n de matr\u00edcula de FP por obtener plaza en mejor petici\u00f3n.<\/a><\/li>\n<li><a href=\"https:\/\/blogsaverroes.juntadeandalucia.es\/iesloscolegiales\/files\/2021\/09\/Sol_anulacion_FP.pdf\">Solicitud de Anulaci\u00f3n de matr\u00edcula de Formaci\u00f3n Profesional.<\/a><\/li>\n<\/ul>\n","protected":false},"excerpt":{"rendered":"<p>Educaci\u00f3n Secundaria Obligatoria: Solicitud de admisi\u00f3n 1 al 31 de marzo Matriculaci\u00f3n: 1\u00ba E.S.O. 2\u00ba E.S.O. 3\u00ba E.S.O. 4\u00ba E.S.O. 1 al 10 de julio BACHILLERATO DE CIENCIAS Y TECNOLOG\u00cdA Solicitud de Admisi\u00f3n 1 al 31 de marzo Matriculaci\u00f3n: 1\u00ba Bachillerato Ciencias y Tecnolog\u00eda 2\u00ba Bachillerato Ciencias y Tecnolog\u00eda 1 al 10 de julio BACHILLERATO DE HUMANIDADES Y CIENCIAS SOCIALES Solicitud de Admisi\u00f3n 1 al 31 de marzo Matriculaci\u00f3n: 1\u00ba Bachillerato Humanidades y CCSS 2\u00ba Bachillerato Humanidades y CCSS 1 al 10 de julio CICLOS FORMATIVOS DE GRADO B\u00c1SICO Solicitud de plaza 15 al 30 de Junio Matriculaci\u00f3n o Reserva&#46;&#46;&#46;<\/p>\n","protected":false},"author":3569,"featured_media":0,"parent":0,"menu_order":0,"comment_status":"closed","ping_status":"closed","template":"","meta":{"ngg_post_thumbnail":0,"footnotes":"","_mc_calendar":[]},"aioseo_notices":[],"_links":{"self":[{"href":"https:\/\/blogsaverroes.juntadeandalucia.es\/iesloscolegiales\/wp-json\/wp\/v2\/pages\/2644"}],"collection":[{"href":"https:\/\/blogsaverroes.juntadeandalucia.es\/iesloscolegiales\/wp-json\/wp\/v2\/pages"}],"about":[{"href":"https:\/\/blogsaverroes.juntadeandalucia.es\/iesloscolegiales\/wp-json\/wp\/v2\/types\/page"}],"author":[{"embeddable":true,"href":"https:\/\/blogsaverroes.juntadeandalucia.es\/iesloscolegiales\/wp-json\/wp\/v2\/users\/3569"}],"replies":[{"embeddable":true,"href":"https:\/\/blogsaverroes.juntadeandalucia.es\/iesloscolegiales\/wp-json\/wp\/v2\/comments?post=2644"}],"version-history":[{"count":63,"href":"https:\/\/blogsaverroes.juntadeandalucia.es\/iesloscolegiales\/wp-json\/wp\/v2\/pages\/2644\/revisions"}],"predecessor-version":[{"id":4484,"href":"https:\/\/blogsaverroes.juntadeandalucia.es\/iesloscolegiales\/wp-json\/wp\/v2\/pages\/2644\/revisions\/4484"}],"wp:attachment":[{"href":"https:\/\/blogsaverroes.juntadeandalucia.es\/iesloscolegiales\/wp-json\/wp\/v2\/media?parent=2644"}],"curies":[{"name":"wp","href":"https:\/\/api.w.org\/{rel}","templated":true}]}}