{"id":6785,"date":"2023-09-03T15:48:49","date_gmt":"2023-09-03T14:48:49","guid":{"rendered":"http:\/\/blogsaverroes.juntadeandalucia.es\/ieslosmolinosconil\/?page_id=6785"},"modified":"2023-09-13T12:47:46","modified_gmt":"2023-09-13T11:47:46","slug":"personal-laboral","status":"publish","type":"page","link":"https:\/\/blogsaverroes.juntadeandalucia.es\/ieslosmolinosconil\/personal-laboral\/","title":{"rendered":"Personal laboral"},"content":{"rendered":"<p><strong>Personal administrativo:<\/strong><\/p>\n<ul>\n<li>Irene Siles Cibaja<\/li>\n<li>Rosa Forte Cu\u00f1at (media jornada)<\/li>\n<\/ul>\n<p>En Secretar\u00eda el personal podr\u00e1 atenderte para tratar dudas y toda clase de asuntos administrativos.<\/p>\n<p>\ud83d\udcde 956 45 96 13<br \/>\n\u231aHorario de secretar\u00eda: 9:00-13:00.<br \/>\n\ud83d\udce7 Correo: 11001661.edu@juntadeandalucia.es<\/p>\n<p>&nbsp;<\/p>\n<p><strong>Personal de Conserjer\u00eda:<\/strong><\/p>\n<ul>\n<li>Rosario S\u00e1nchez Barro<\/li>\n<li>Eva Esquerra Luiz<\/li>\n<\/ul>\n","protected":false},"excerpt":{"rendered":"<p>Personal administrativo: Irene Siles Cibaja Rosa Forte Cu\u00f1at (media jornada) En Secretar\u00eda el personal podr\u00e1 atenderte para tratar dudas y toda clase de asuntos administrativos.&hellip;<\/p>\n","protected":false},"author":17659,"featured_media":0,"parent":0,"menu_order":0,"comment_status":"closed","ping_status":"closed","template":"","meta":{"ngg_post_thumbnail":0,"footnotes":"","_mc_calendar":[]},"aioseo_notices":[],"_links":{"self":[{"href":"https:\/\/blogsaverroes.juntadeandalucia.es\/ieslosmolinosconil\/wp-json\/wp\/v2\/pages\/6785"}],"collection":[{"href":"https:\/\/blogsaverroes.juntadeandalucia.es\/ieslosmolinosconil\/wp-json\/wp\/v2\/pages"}],"about":[{"href":"https:\/\/blogsaverroes.juntadeandalucia.es\/ieslosmolinosconil\/wp-json\/wp\/v2\/types\/page"}],"author":[{"embeddable":true,"href":"https:\/\/blogsaverroes.juntadeandalucia.es\/ieslosmolinosconil\/wp-json\/wp\/v2\/users\/17659"}],"replies":[{"embeddable":true,"href":"https:\/\/blogsaverroes.juntadeandalucia.es\/ieslosmolinosconil\/wp-json\/wp\/v2\/comments?post=6785"}],"version-history":[{"count":6,"href":"https:\/\/blogsaverroes.juntadeandalucia.es\/ieslosmolinosconil\/wp-json\/wp\/v2\/pages\/6785\/revisions"}],"predecessor-version":[{"id":6863,"href":"https:\/\/blogsaverroes.juntadeandalucia.es\/ieslosmolinosconil\/wp-json\/wp\/v2\/pages\/6785\/revisions\/6863"}],"wp:attachment":[{"href":"https:\/\/blogsaverroes.juntadeandalucia.es\/ieslosmolinosconil\/wp-json\/wp\/v2\/media?parent=6785"}],"curies":[{"name":"wp","href":"https:\/\/api.w.org\/{rel}","templated":true}]}}