{"id":908,"date":"2021-12-10T12:22:45","date_gmt":"2021-12-10T11:22:45","guid":{"rendered":"https:\/\/blogsaverroes.juntadeandalucia.es\/ieslucussolis\/?page_id=908"},"modified":"2021-12-10T12:25:50","modified_gmt":"2021-12-10T11:25:50","slug":"talleres-apsd-2017-18","status":"publish","type":"page","link":"https:\/\/blogsaverroes.juntadeandalucia.es\/ieslucussolis\/talleres-apsd-2017-18\/","title":{"rendered":"Talleres APSD 2017\/18"},"content":{"rendered":"<p style=\"text-align: center\"><span style=\"font-size: 12pt\"><a href=\"https:\/\/photos.app.goo.gl\/s3Nsk7o77uPymen67\">&#8211; TODAS LAS FOTOS &#8211;<\/a><\/span><\/p>\n<p style=\"text-align: center\">&nbsp;<\/p>\n<p style=\"text-align: center\"><span style=\"font-size: 12pt\"><strong>TALLER DE ADIESTRAMIENTO \u201cCADENA DE SUPERVIVENCIA\u201d<\/strong><\/span><\/p>\n<p style=\"text-align: justify\"><span style=\"font-size: 12pt\">Taller en colaboraci\u00f3n con el Centro de Salud de Sanl\u00facar la Mayor dentro del Programa Forma Joven. <\/span><\/p>\n<p style=\"text-align: justify\"><span style=\"font-size: 12pt\">Profesionales del Centro de Salud impartieron a los alumnos de Formaci\u00f3n Profesional un taller de adiestramiento de forma pr\u00e1ctica, para reconocer las situaciones m\u00e1s habituales de emergencia sanitaria, y poner en marcha la cadena de supervivencia de manera precoz, as\u00ed como saber actuar en situaciones de emergencia hasta la llegada del equipo sanitario.<\/span><\/p>\n<p style=\"text-align: justify\"><span style=\"font-size: 12pt\">Los alumnos fueron adiestrados en el reconocimiento precoz de PCR (parada cardiorespiratoria) y en la realizaci\u00f3n de la RCP b\u00e1sica (resucitaci\u00f3n cardiopulmonar b\u00e1sica).<\/span><\/p>\n<p style=\"text-align: center\"><span style=\"font-size: 12pt\"><strong>LUDOTERAPIA<\/strong><\/span><\/p>\n<p style=\"text-align: justify\"><span style=\"font-size: 12pt\">Actividad Ludoterapia propuesta vivencial en colaboraci\u00f3n con la Asociaci\u00f3n para el Desarrollo y la Integraci\u00f3n de las Personas con Discapacidad Intelectual del Aljarafe (ADEFISAL) en la que se ha utilizado el juego como agente de ocio y educativo. El alumnado ha organizado actividades de ocio relacionadas con el juego como veh\u00edculo pedag\u00f3gico, en las instalaciones de nuestro centro educativo, vinculados a los contenidos b\u00e1sicos del m\u00f3dulo Atenci\u00f3n y Apoyo psicosocial impartido en el Primer curso del C.F.G.M. Atenci\u00f3n a Personas en Situaci\u00f3n de Dependencia. Se han hecho uso de estrategias metodol\u00f3gicas que han propiciado la participaci\u00f3n del alumnado, siendo protagonistas del proceso, mediante talleres grupales. Han tenido lugar los d\u00edas 24 de abril, 8 y 15 de mayo, los martes, de 12:45 a 13:45 horas. Las sesiones de cada grupo han durado unos 30 minutos aproximadamente.<\/span><\/p>\n<p style=\"text-align: center\"><span style=\"font-size: 12pt\"><strong>JUEGOS TRADICIONALES<\/strong><\/span><\/p>\n<hr id=\"system-readmore\">\n<p style=\"text-align: justify\"><span style=\"font-size: 12pt\">El alumnado de Primero del Ciclo APSD, ha puesto en marcha durante la \u00faltima hora de los martes, en los meses de abril y mayo, juegos tradicionales en el Patio del instituto. Los juegos han sido propuestos por ellos\/as mismos, mediante una ficha de cada juego, para llevarlos a la pr\u00e1ctica con el resto del alumnado como participante. Esto ha favorecido la puesta en marcha de juegos, profundizando en los \u00e1mbitos de desarrollo, psicomotor, cognitivo, social y afectivo, que fomentan en las personas usuarias, adem\u00e1s de definir t\u00e9cnicas de animaci\u00f3n para la dinamizaci\u00f3n de actividades de ocio para las personas en situaci\u00f3n de dependencia. Se ha llevado a cabo como parte de los contenidos del m\u00f3dulo Atenci\u00f3n y Apoyo psicosocial.<\/span><\/p>\n<p style=\"text-align: center\"><img loading=\"lazy\" decoding=\"async\" src=\"https:\/\/lh3.googleusercontent.com\/N-8oKXgmrvvXFcy3DoPgwoLFIPK5h1JQn4dPniFjpVlMSyngrSrWrtan8PAGG8lTYXYiW5vt4K3I3LbYF5WDfPFyK0gj8deBW4l71YZvQjw4btnoX2vpluEOU7KI2YO4YPUYV8IxRnwS_EzlXHOXl8z282ToQ4EO4v_hnbVJuC7z4o4VWfBIDUT0HjEQBrE80o8TIt5G6kkgLWI5OBNOQmgVcqIvRQnIUEcbVTrUd91NVsht3tlZ-wUswuqEnVVTz26kB6OaKl14ORznFs2UFQ-qXnQ3dVODXIv5L4M5RThmLLKUsFHSROaQAZ4dDzpqt-rfhcgZjQ61k2TXeIo0KygYnl3DFs49vLXnFcASf0VDdO_PkJThVPFcEETZCepAKIJ0D4I1X--WrSZq9cfmpdurEMAG5bWfseOWX-mL_z8zFqaolMilv-M9a22h2OfPie6evaOrop4zvJ7SFpPCF-0QUkbO3cAKv_IYtM-fhynpUx87yG1W6gJztk4jeJBkfJn8Eb5Craau1EHKzmJ6OtgKzyCSc28-ucAVIOUf3hBhZBXfjH711Vcj5XEcqSiMYFdSMh-wnsHxypHim9zfTWSSId8PRJMEs7X_8AM=w1299-h731-no\" alt=\"\" width=\"669\" height=\"377\"><\/p>\n<p style=\"text-align: center\"><strong>ESTIMULACI\u00d3N COGNITIVA<\/strong><\/p>\n<p style=\"text-align: justify\"><span style=\"font-size: 12pt\">Elaboraci\u00f3n de materiales, paneles de orientaci\u00f3n, con iniciativa y creatividad, para la realizaci\u00f3n de ejercicios y actividades dirigidas al mantenimiento de las funciones cognitivas, para el mantenimiento y la mejora la autonom\u00eda personal. Estos paneles de orientaci\u00f3n han sido elaborados por el alumnado de Primero del Ciclo APSD durante el mes de enero de 2018, en el m\u00f3dulo Atenci\u00f3n y Apoyo Psicosocial<strong>. <\/strong>Consisten en murales o paneles que contienen datos fundamentales de orientaci\u00f3n temporal y espacial. El alumnado ha sido el encargado de dise\u00f1arlos, crearlos, renovarlos y mantenerlos actualiz\u00e1ndolos d\u00eda a d\u00eda durante el segundo trimestre, bajo la supervisi\u00f3n de su profesora.<\/span><\/p>\n<p style=\"text-align: center\">&nbsp;<strong>DANZATERAPIA<\/strong><\/p>\n<p style=\"text-align: justify\"><span style=\"font-size: 12pt\">Durante el mes de febrero y marzo de 2018, el alumnado de Primero del Ciclo APSD en el m\u00f3dulo Atenci\u00f3n y Apoyo Psicosocial<strong>, <\/strong>han identificado estrategias de intervenci\u00f3n adecuadas a la realizaci\u00f3n de ejercicios y actividades dirigidas al mantenimiento y mejora de las capacidades cognitivas, as\u00ed como han aplicado dichas estrategias adapt\u00e1ndolas a las necesidades de los\/as usuarios\/as y a la programaci\u00f3n. Han dise\u00f1ado, planificado, puesto en marcha y evaluado talleres como:<\/span><\/p>\n<p style=\"text-align: justify\"><span style=\"font-size: 12pt\">1.-Taller de estimulaci\u00f3n del c\u00e1lculo matem\u00e1tico mental<\/span><\/p>\n<p style=\"text-align: justify\"><span style=\"font-size: 12pt\">2.-Taller de memoria: reminiscencia<\/span><\/p>\n<p style=\"text-align: justify\"><span style=\"font-size: 12pt\">3.-Psicomotricidad<\/span><\/p>\n<p style=\"text-align: justify\"><span style=\"font-size: 12pt\">4.-Pensamiento<\/span><\/p>\n<p style=\"text-align: justify\"><span style=\"font-size: 12pt\">5.-Musicoterapia<\/span><\/p>\n<p style=\"text-align: justify\"><span style=\"font-size: 12pt\">6.-Arteterapia<\/span><\/p>\n<p style=\"text-align: justify\"><span style=\"font-size: 12pt\">7.-Orientaci\u00f3n en la realidad<\/span><\/p>\n<p style=\"text-align: justify\"><span style=\"font-size: 12pt\">8.-Danzaterapia<\/span><\/p>\n<p style=\"text-align: center\"><span style=\"font-size: 12pt\"><strong>ELABORACIONES CULINARIAS<\/strong><\/span><\/p>\n<p style=\"text-align: justify\"><span style=\"font-size: 12pt\">El alumnado de Primero del Ciclo APSD, en el m\u00f3dulo Apoyo Domiciliario, durante los viernes del segundo y tercer trimestre han recopilado recetas de cocina, ajustando las cantidades, tiempos, seg\u00fan comensales y necesidades espec\u00edficas. Han realizado tareas de identificaci\u00f3n de necesidades en la unidad convivencial, elaboraci\u00f3n de la lista de la compra, compra en supermercado, comprobaci\u00f3n de caducidad y etiquetado nutricional de los alimentos. Han aplicado las t\u00e9cnicas b\u00e1sicas de cocina para la elaboraci\u00f3n de primeros platos, segundos platos y postres realizando los men\u00fas en el aula, siguiendo las medidas de seguridad establecidas para prevenir accidentes como de higiene, en la manipulaci\u00f3n y procesado de alimentos. Se ha valorado la importancia de presentar los alimentos en la mesa. En el tercer trimestre, se ha elaborado un recetario de cocina.<\/span><\/p>\n<p style=\"text-align: center\"><span style=\"font-size: 12pt\"><strong>MANUALIDADES DE COSTURA<\/strong><\/span><\/p>\n<p style=\"text-align: justify\"><span style=\"font-size: 12pt\">Durante el segundo y tercer trimestre, los viernes, en el m\u00f3dulo Apoyo Domiciliario<strong>, <\/strong>se han elaborado peque\u00f1os objetos con la finalidad de repasar la ropa. Los objetos han sido m\u00f3viles con fieltro, fundas de m\u00f3viles con fieltro, cojines y un objeto elegido por cada alumna\/o. Las t\u00e9cnicas aplicadas para ello han sido: repasar y coser botones, coser corchetes, autom\u00e1ticos, coser dobladillos, hacer pespuntes, sobrehilado, hilvanado.<\/span><\/p>\n<p style=\"text-align: center\"><span style=\"font-size: 12pt\"><img loading=\"lazy\" decoding=\"async\" src=\"https:\/\/lh3.googleusercontent.com\/6mOTkEKehr4iXN16Db-vbUh-JXx5SCcJYH3uxGKNW1n-FTAZPRPQNyCcp157QH1x9QsQjDp59l_6kf0mYU_CCuKNFBMggg1g8Deg5v5tAlqPTQLsfFPqPH6NWKGZ94FO88eSiquwiSr2-NpQKzK-ZiuoYn-41Gjzo3zyg7dI3MMRRHlRFkBKoSFenW9CwRM0dqzF_qenvOG67CVWy1L1TObgYxM6hOs28ajNorDe1_8Jq4pfoUWF0DcTxkZMrAjNW2q9C89Ai4_KwQc1RBfhJITWpTVaQMjMI7HT_K_6uh59do_DZx3xygsUe5pmUt7tiRQNh5USk2PzornZqTwgrYmzs1sb_EM39H5jCNEkBhUXNCW8DLgyBYqP79FRls31qEriOlGyhXqy7GXJIZeaS6nflP2j7R5Mdud5Bi8c03Wu510pvszImHxWWVgeXv9IETzJin6fPpZ9scTXbuIXeqv4qSejkvFfgT6pM9OWkdvqXHyLSq714ofd8EKoc1iKuGSpILoDD4b5iIqvZc74CGZ1lna7gc-EC6L39za1cg68KXcI-IOUMfOfCSBfDUgkqDyU-3pjFHSyKihAgWLFXcN6u97-hrWCqMt40oY=w1299-h731-no\" alt=\"\" width=\"659\" height=\"371\"><\/span><\/p>\n<p style=\"text-align: center\"><span style=\"font-size: 12pt\"><strong>DIN\u00c1MICAS GRUPALES<\/strong><\/span><\/p>\n<p style=\"text-align: justify\"><span style=\"font-size: 12pt\">El alumnado de Primero del C.F.G.M Atenci\u00f3n a Personas en Situaci\u00f3n de Dependencia, en el m\u00f3dulo Atenci\u00f3n y Apoyo Psicosocial, han puesto en marcha din\u00e1micas grupales, aplicando as\u00ed t\u00e9cnicas de motivaci\u00f3n para personas en situaci\u00f3n de dependencia, a la hora de planificar ejercicios y actividades de mantenimiento y entrenamiento psicol\u00f3gico, rehabilitador y ocupacional, as\u00ed como estrategias de animaci\u00f3n del ocio y tiempo libre, potenciando la participaci\u00f3n y&nbsp; favoreciendo el establecimiento de relaciones sociales saludables y positivas.<\/span><\/p>\n<p style=\"text-align: center\"><span style=\"font-size: 12pt\"><img loading=\"lazy\" decoding=\"async\" src=\"https:\/\/lh3.googleusercontent.com\/kD74UC5Sk1ZwfVxNFZbHNHclPlYGAZwPqW2pAle63fbYUHZXDZ0AfvqZzm_sbwjDhS_qcUTlbgm_DCqryyiRoumOnUhvBrY7Eomp9wsF2h8u8EbccvDYPsomzP0vn3sgpccPRifF1YSqde1B9bm0d0xLiSUInoyDtKTu_i1leWfKjXPCNBofjhGCaeJHitHLHqfek53bl_L0rzYGElXcCyVzB82BTCg6-BfjewGgDP7YM_mqu2TOoWlq3w9Sr8jprIz7lHuwH4MN70pi9AzEDDFArvyLyEcLjy_i497EFefIhIIKI35bcnes_IeaSOol6cR_bh6FZ64Zv-3aCBCPq_8J9aeWdp66xxuyJcGx-WY4bDFNZxXQMHZtPBi2LCqz1hqxtcN3Ch_70pTmafhfeNl1YQPlD3zhHJxjw1smSBqzIqWLwlQRwVGD4djsgGGKe5Ew0bydHPrQCMWBv0s3zCdOoXwNP2cbAxmdUEhPex1Pg7vhx7kq7UQETzcxKx1LXj3VhccbUmRO2sO97PFDge9snMY89C4wumynNC7zEUzfeFdnMJYapm0fW2Z0eHVYBpp5w3BrhwhyPJhrYVYWCpmdzA_lJu2clPW93u8=w1299-h731-no\" alt=\"\" width=\"727\" height=\"409\"><\/span><\/p>\n<p style=\"text-align: center\"><span style=\"font-size: 12pt\"><strong>MUSEO DE BELLAS ARTES<\/strong><\/span><\/p>\n<p style=\"text-align: justify\"><span style=\"font-size: 12pt\">El alumnado de Primero, C.F.G.M Atenci\u00f3n a Personas en Situaci\u00f3n de Dependencia visit\u00f3 el Museo de Bellas Artes el 23 de mayo de 2018, con la finalidad de conocer la los elementos espaciales, de se\u00f1alizaci\u00f3n y comunicaci\u00f3n que se utilizan en el Museo, as\u00ed como sus caracter\u00edsticas de accesibilidad para favorecer el desenvolvimiento aut\u00f3nomo de cualquier persona en el mismo, as\u00ed como los productos de apoyo que se pueden utilizar en el trabajo con personas con diversidad funcional. Participaron en varias actividades conociendo as\u00ed estrategias de actuaci\u00f3n espec\u00edficas para trabajar con nuestros colectivos de intervenci\u00f3n, personas mayores y personas con diversidad funcional, a trav\u00e9s del arte.<\/span><\/p>\n<p style=\"text-align: justify\">&nbsp;<\/p>\n<p style=\"text-align: center\"><span style=\"font-size: 12pt\"><img loading=\"lazy\" decoding=\"async\" src=\"https:\/\/lh3.googleusercontent.com\/S6-TeiZaVheXmeir2IqfWYxxro_I5cx0zX8NvPydxWmwZWmjri9aJ0psdZGGRY7nU96zH0KCicP_HooZkCmetkNSNcTdjc5pBLT7GKz3yDcXHwLdBuWcV4hA3YGB4FpWBCER7QHxHm1jGwBNcRTrNJv8o56OBtDm4QBo7diJy1ku_idtnJx3re0Ux9hRPm_6d-Gi6K7VwdSStHwZvxifcgd5NcBrOp2Au65-R1cubyskLZl8p1cP0_D-SxOYQ6x_k-xg7F43VsXEt-6Mnu5mgPfoMVAvqikPFdDXjUe6mylz1Oc3sH7kK9wEPMNigyaZH5Vfx8UHs7nqY9u1gJ6apHUP9CJQGcnn0onrhu4u5eSh9sE3s95CtZrXmdKFpr3KF3uRcm1Pz3JNw1QhslDtT1OB5NZDjgHYy3T2J16LQkYjnA3qgzk9kEJJWRGQpV8a_X12EeavwZpQdyctcGTbUn2zAEl4fszvYtbsQHIGVndYnSVmMbYTV8Kn2OJa8ztC0vOlPvbV__8A5zz6tCBFFx_d4aIRJL9PrrH4mWMdvn4J0uFhW1vkt7nw9RJOKLrbIYFczdm1HEOnDAacCMw4lg8NVghfja5bd4B5TDw=w1299-h731-no\" alt=\"\" width=\"741\" height=\"417\"><\/span><\/p>\n","protected":false},"excerpt":{"rendered":"<p>&#8211; TODAS LAS FOTOS &#8211; &nbsp; TALLER DE ADIESTRAMIENTO \u201cCADENA DE SUPERVIVENCIA\u201d Taller en colaboraci\u00f3n con el Centro de Salud de Sanl\u00facar la Mayor dentro del Programa Forma Joven. Profesionales del Centro de Salud impartieron a los alumnos de Formaci\u00f3n Profesional un taller de adiestramiento de forma pr\u00e1ctica, para reconocer las situaciones m\u00e1s habituales de [&hellip;]<\/p>\n","protected":false},"author":3321,"featured_media":0,"parent":0,"menu_order":0,"comment_status":"closed","ping_status":"closed","template":"","meta":{"_et_pb_use_builder":"","_et_pb_old_content":"","_et_gb_content_width":"","ngg_post_thumbnail":0,"footnotes":""},"aioseo_notices":[],"_links":{"self":[{"href":"https:\/\/blogsaverroes.juntadeandalucia.es\/ieslucussolis\/wp-json\/wp\/v2\/pages\/908"}],"collection":[{"href":"https:\/\/blogsaverroes.juntadeandalucia.es\/ieslucussolis\/wp-json\/wp\/v2\/pages"}],"about":[{"href":"https:\/\/blogsaverroes.juntadeandalucia.es\/ieslucussolis\/wp-json\/wp\/v2\/types\/page"}],"author":[{"embeddable":true,"href":"https:\/\/blogsaverroes.juntadeandalucia.es\/ieslucussolis\/wp-json\/wp\/v2\/users\/3321"}],"replies":[{"embeddable":true,"href":"https:\/\/blogsaverroes.juntadeandalucia.es\/ieslucussolis\/wp-json\/wp\/v2\/comments?post=908"}],"version-history":[{"count":2,"href":"https:\/\/blogsaverroes.juntadeandalucia.es\/ieslucussolis\/wp-json\/wp\/v2\/pages\/908\/revisions"}],"predecessor-version":[{"id":911,"href":"https:\/\/blogsaverroes.juntadeandalucia.es\/ieslucussolis\/wp-json\/wp\/v2\/pages\/908\/revisions\/911"}],"wp:attachment":[{"href":"https:\/\/blogsaverroes.juntadeandalucia.es\/ieslucussolis\/wp-json\/wp\/v2\/media?parent=908"}],"curies":[{"name":"wp","href":"https:\/\/api.w.org\/{rel}","templated":true}]}}