{"id":2908,"date":"2019-03-08T10:46:30","date_gmt":"2019-03-08T10:46:30","guid":{"rendered":"https:\/\/blogsaverroes.juntadeandalucia.es\/iesluzdelmar\/?page_id=2908"},"modified":"2022-05-29T13:44:23","modified_gmt":"2022-05-29T11:44:23","slug":"bilinguismo-2","status":"publish","type":"page","link":"https:\/\/blogsaverroes.juntadeandalucia.es\/iesluzdelmar\/bilinguismo-2\/","title":{"rendered":"Programa biling\u00fce"},"content":{"rendered":"<p>Accede a la publicaci\u00f3n que te interese a trav\u00e9s de la imagen correspondiente:<\/p>\n<p><img loading=\"lazy\" decoding=\"async\" class=\"size-full wp-image-4494 aligncenter\" src=\"https:\/\/blogsaverroes.juntadeandalucia.es\/iesluzdelmar\/files\/2021\/05\/Sin-t\u00edtulo.png\" alt=\"\" width=\"1042\" height=\"51\" srcset=\"https:\/\/blogsaverroes.juntadeandalucia.es\/iesluzdelmar\/files\/2021\/05\/Sin-t\u00edtulo.png 1042w, https:\/\/blogsaverroes.juntadeandalucia.es\/iesluzdelmar\/files\/2021\/05\/Sin-t\u00edtulo-300x15.png 300w, https:\/\/blogsaverroes.juntadeandalucia.es\/iesluzdelmar\/files\/2021\/05\/Sin-t\u00edtulo-1024x50.png 1024w, https:\/\/blogsaverroes.juntadeandalucia.es\/iesluzdelmar\/files\/2021\/05\/Sin-t\u00edtulo-768x38.png 768w\" sizes=\"(max-width: 1042px) 100vw, 1042px\" \/><\/p>\n<table style=\"border-collapse: collapse;width: 100%;height: 214px\">\n<tbody>\n<tr style=\"height: 214px\">\n<td style=\"width: 20.8571%;height: 214px\">\n<ul>\n<li>Auxiliares de conversaci\u00f3n&nbsp;<\/li>\n<\/ul>\n<\/td>\n<td style=\"width: 79.1429%;text-align: center;height: 214px\"><a href=\"https:\/\/wp.me\/PaZPyT-NQ\"><img loading=\"lazy\" decoding=\"async\" class=\"aligncenter wp-image-4949 size-full\" src=\"https:\/\/blogsaverroes.juntadeandalucia.es\/iesluzdelmar\/files\/2022\/04\/AuxiliaresConversacion-e1649959673671.png\" alt=\"\" width=\"200\" height=\"214\"><\/a><\/td>\n<\/tr>\n<tr>\n<td style=\"width: 20.8571%\">\n<ul>\n<li>2020\/2021<\/li>\n<\/ul>\n<\/td>\n<td style=\"width: 79.1429%;text-align: center\">\n<ul>\n<li style=\"text-align: left\"><a href=\"https:\/\/wp.me\/PaZPyT-177\">Human rights project<\/a><\/li>\n<\/ul>\n<\/td>\n<\/tr>\n<tr>\n<td style=\"width: 20.8571%\">\n<ul>\n<li>2018\/19<\/li>\n<\/ul>\n<\/td>\n<td style=\"width: 79.1429%;text-align: center\"><a href=\"https:\/\/blogsaverroes.juntadeandalucia.es\/iesluzdelmar\/files\/2019\/06\/WhatsApp-Image-2019-06-12-at-14.28.10-5.jpeg\"><img loading=\"lazy\" decoding=\"async\" class=\"alignnone wp-image-3056 size-medium\" src=\"https:\/\/blogsaverroes.juntadeandalucia.es\/iesluzdelmar\/files\/2019\/06\/WhatsApp-Image-2019-06-12-at-14.28.10-5-e1649975035455-210x300.jpeg\" alt=\"\" width=\"210\" height=\"300\" srcset=\"https:\/\/blogsaverroes.juntadeandalucia.es\/iesluzdelmar\/files\/2019\/06\/WhatsApp-Image-2019-06-12-at-14.28.10-5-e1649975035455-210x300.jpeg 210w, https:\/\/blogsaverroes.juntadeandalucia.es\/iesluzdelmar\/files\/2019\/06\/WhatsApp-Image-2019-06-12-at-14.28.10-5-e1649975035455-105x150.jpeg 105w, https:\/\/blogsaverroes.juntadeandalucia.es\/iesluzdelmar\/files\/2019\/06\/WhatsApp-Image-2019-06-12-at-14.28.10-5-e1649975035455.jpeg 560w\" sizes=\"(max-width: 210px) 100vw, 210px\" \/><\/a><\/p>\n<ul>\n<li style=\"text-align: justify\"><a href=\"https:\/\/wp.me\/PaZPyT-Lq\">XI Certamen de centros biling\u00fces de Almer\u00eda<\/a><\/li>\n<li style=\"text-align: justify\"><a href=\"https:\/\/blogsaverroes.juntadeandalucia.es\/iesluzdelmar\/files\/2019\/06\/Periodico-ingl\u00e9s.-1.odp\">Peri\u00f3dico triling\u00fce 2018<\/a><\/li>\n<\/ul>\n<\/td>\n<\/tr>\n<tr>\n<td style=\"width: 20.8571%\">\n<ul>\n<li>2017\/18<\/li>\n<\/ul>\n<\/td>\n<td style=\"width: 79.1429%;text-align: center\"><img loading=\"lazy\" decoding=\"async\" class=\"aligncenter wp-image-2952 size-thumbnail\" src=\"https:\/\/blogsaverroes.juntadeandalucia.es\/iesluzdelmar\/files\/2019\/03\/Mareuropa-150x150.png\" alt=\"\" width=\"150\" height=\"150\" srcset=\"https:\/\/blogsaverroes.juntadeandalucia.es\/iesluzdelmar\/files\/2019\/03\/Mareuropa-150x150.png 150w, https:\/\/blogsaverroes.juntadeandalucia.es\/iesluzdelmar\/files\/2019\/03\/Mareuropa-100x100.png 100w, https:\/\/blogsaverroes.juntadeandalucia.es\/iesluzdelmar\/files\/2019\/03\/Mareuropa-50x50.png 50w\" sizes=\"(max-width: 150px) 100vw, 150px\" \/><\/p>\n<ul>\n<li style=\"text-align: left\"><a href=\"https:\/\/wp.me\/PaZPyT-Ly\">Erasmus plus. Proyecto \u00abMareuropa\u00bb<\/a><\/li>\n<\/ul>\n<\/td>\n<\/tr>\n<\/tbody>\n<\/table>\n<p>&nbsp;<\/p>\n","protected":false},"excerpt":{"rendered":"<p>Accede a la publicaci\u00f3n que te interese a trav\u00e9s de la imagen correspondiente: Auxiliares de conversaci\u00f3n&nbsp; 2020\/2021 Human rights project 2018\/19 XI Certamen de centros&hellip;<\/p>\n","protected":false},"author":5200,"featured_media":0,"parent":0,"menu_order":0,"comment_status":"closed","ping_status":"closed","template":"","meta":{"ngg_post_thumbnail":0,"footnotes":"","_mc_calendar":[]},"aioseo_notices":[],"_links":{"self":[{"href":"https:\/\/blogsaverroes.juntadeandalucia.es\/iesluzdelmar\/wp-json\/wp\/v2\/pages\/2908"}],"collection":[{"href":"https:\/\/blogsaverroes.juntadeandalucia.es\/iesluzdelmar\/wp-json\/wp\/v2\/pages"}],"about":[{"href":"https:\/\/blogsaverroes.juntadeandalucia.es\/iesluzdelmar\/wp-json\/wp\/v2\/types\/page"}],"author":[{"embeddable":true,"href":"https:\/\/blogsaverroes.juntadeandalucia.es\/iesluzdelmar\/wp-json\/wp\/v2\/users\/5200"}],"replies":[{"embeddable":true,"href":"https:\/\/blogsaverroes.juntadeandalucia.es\/iesluzdelmar\/wp-json\/wp\/v2\/comments?post=2908"}],"version-history":[{"count":19,"href":"https:\/\/blogsaverroes.juntadeandalucia.es\/iesluzdelmar\/wp-json\/wp\/v2\/pages\/2908\/revisions"}],"predecessor-version":[{"id":5133,"href":"https:\/\/blogsaverroes.juntadeandalucia.es\/iesluzdelmar\/wp-json\/wp\/v2\/pages\/2908\/revisions\/5133"}],"wp:attachment":[{"href":"https:\/\/blogsaverroes.juntadeandalucia.es\/iesluzdelmar\/wp-json\/wp\/v2\/media?parent=2908"}],"curies":[{"name":"wp","href":"https:\/\/api.w.org\/{rel}","templated":true}]}}