{"id":12302,"date":"2024-04-30T12:35:22","date_gmt":"2024-04-30T11:35:22","guid":{"rendered":"https:\/\/blogsaverroes.juntadeandalucia.es\/iesmarquesdecomares\/?page_id=12302"},"modified":"2024-05-08T08:22:26","modified_gmt":"2024-05-08T07:22:26","slug":"15-qurcus-cocciferae","status":"publish","type":"page","link":"https:\/\/blogsaverroes.juntadeandalucia.es\/iesmarquesdecomares\/15-qurcus-cocciferae\/","title":{"rendered":"15 &#8211; Qurcus cocciferae"},"content":{"rendered":"\t\t<div data-elementor-type=\"wp-page\" data-elementor-id=\"12302\" class=\"elementor elementor-12302\">\n\t\t\t\t\t\t<section class=\"elementor-section elementor-top-section elementor-element elementor-element-20be85e5 elementor-section-boxed elementor-section-height-default elementor-section-height-default\" data-id=\"20be85e5\" data-element_type=\"section\">\n\t\t\t\t\t\t<div class=\"elementor-container elementor-column-gap-default\">\n\t\t\t\t\t<div class=\"elementor-column elementor-col-50 elementor-top-column elementor-element elementor-element-3ebacbfe\" data-id=\"3ebacbfe\" data-element_type=\"column\">\n\t\t\t<div class=\"elementor-widget-wrap elementor-element-populated\">\n\t\t\t\t\t\t<div class=\"elementor-element elementor-element-10b30c0e elementor-widget elementor-widget-heading\" data-id=\"10b30c0e\" data-element_type=\"widget\" data-widget_type=\"heading.default\">\n\t\t\t\t<div class=\"elementor-widget-container\">\n\t\t\t\t\t<h2 class=\"elementor-heading-title elementor-size-default\"><i>Qurcus cocciferae\n<\/i> - Coscoja, carrasca, chaparro<\/h2>\t\t\t\t<\/div>\n\t\t\t\t<\/div>\n\t\t\t\t\t<\/div>\n\t\t<\/div>\n\t\t\t\t<div class=\"elementor-column elementor-col-25 elementor-top-column elementor-element elementor-element-15c9eff4\" data-id=\"15c9eff4\" data-element_type=\"column\">\n\t\t\t<div class=\"elementor-widget-wrap elementor-element-populated\">\n\t\t\t\t\t\t<div class=\"elementor-element elementor-element-2735c1e7 elementor-widget elementor-widget-image\" data-id=\"2735c1e7\" data-element_type=\"widget\" data-widget_type=\"image.default\">\n\t\t\t\t<div class=\"elementor-widget-container\">\n\t\t\t\t\t\t\t\t\t\t\t\t\t\t\t\t<a href=\"https:\/\/blogsaverroes.juntadeandalucia.es\/iesmarquesdecomares\/jardin-botanico\/%20\">\n\t\t\t\t\t\t\t<img decoding=\"async\" src=\"https:\/\/blogsaverroes.juntadeandalucia.es\/iesmarquesdecomares\/files\/elementor\/thumbs\/png-transparent-house-logo-veranda-garden-house-leaf-branch-logo-removebg-preview-q5c439wei201isa930j1dm8oa86bssahlssh2tthfk.png\" title=\"png-transparent-house-logo-veranda-garden-house-leaf-branch-logo-removebg-preview\" alt=\"png-transparent-house-logo-veranda-garden-house-leaf-branch-logo-removebg-preview\" loading=\"lazy\" \/>\t\t\t\t\t\t\t\t<\/a>\n\t\t\t\t\t\t\t\t\t\t\t\t\t\t\t<\/div>\n\t\t\t\t<\/div>\n\t\t\t\t\t<\/div>\n\t\t<\/div>\n\t\t\t\t<div class=\"elementor-column elementor-col-25 elementor-top-column elementor-element elementor-element-6444e28e\" data-id=\"6444e28e\" data-element_type=\"column\">\n\t\t\t<div class=\"elementor-widget-wrap elementor-element-populated\">\n\t\t\t\t\t\t<div class=\"elementor-element elementor-element-377a8a7c elementor-widget elementor-widget-heading\" data-id=\"377a8a7c\" data-element_type=\"widget\" data-widget_type=\"heading.default\">\n\t\t\t\t<div class=\"elementor-widget-container\">\n\t\t\t\t\t<h1 class=\"elementor-heading-title elementor-size-default\">#23<\/h1>\t\t\t\t<\/div>\n\t\t\t\t<\/div>\n\t\t\t\t\t<\/div>\n\t\t<\/div>\n\t\t\t\t\t<\/div>\n\t\t<\/section>\n\t\t\t\t<section class=\"elementor-section elementor-top-section elementor-element elementor-element-2e72d0fc elementor-section-boxed elementor-section-height-default elementor-section-height-default\" data-id=\"2e72d0fc\" data-element_type=\"section\">\n\t\t\t\t\t\t<div class=\"elementor-container elementor-column-gap-default\">\n\t\t\t\t\t<div class=\"elementor-column elementor-col-100 elementor-top-column elementor-element elementor-element-78ec4e70\" data-id=\"78ec4e70\" data-element_type=\"column\">\n\t\t\t<div class=\"elementor-widget-wrap elementor-element-populated\">\n\t\t\t\t\t\t<div class=\"elementor-element elementor-element-5e6ced0a elementor-arrows-position-inside elementor-pagination-position-outside elementor-widget elementor-widget-image-carousel\" data-id=\"5e6ced0a\" data-element_type=\"widget\" data-settings=\"{&quot;navigation&quot;:&quot;both&quot;,&quot;autoplay&quot;:&quot;yes&quot;,&quot;pause_on_hover&quot;:&quot;yes&quot;,&quot;pause_on_interaction&quot;:&quot;yes&quot;,&quot;autoplay_speed&quot;:5000,&quot;infinite&quot;:&quot;yes&quot;,&quot;speed&quot;:500}\" data-widget_type=\"image-carousel.default\">\n\t\t\t\t<div class=\"elementor-widget-container\">\n\t\t\t\t\t\t\t<div class=\"elementor-image-carousel-wrapper swiper\" role=\"region\" aria-roledescription=\"carousel\" aria-label=\"Carrusel de im\u00e1genes\" dir=\"ltr\">\n\t\t\t<div class=\"elementor-image-carousel swiper-wrapper\" aria-live=\"off\">\n\t\t\t\t\t\t\t\t<div class=\"swiper-slide\" role=\"group\" aria-roledescription=\"slide\" aria-label=\"1 de 3\"><figure class=\"swiper-slide-inner\"><img decoding=\"async\" class=\"swiper-slide-image\" src=\"https:\/\/blogsaverroes.juntadeandalucia.es\/iesmarquesdecomares\/files\/2024\/04\/Quercus_coccifera_Bellotas_2010-10-03_DehesaBoyaldePuertollano.jpg\" alt=\"OLYMPUS DIGITAL CAMERA\" \/><\/figure><\/div><div class=\"swiper-slide\" role=\"group\" aria-roledescription=\"slide\" aria-label=\"2 de 3\"><figure class=\"swiper-slide-inner\"><img decoding=\"async\" class=\"swiper-slide-image\" src=\"https:\/\/blogsaverroes.juntadeandalucia.es\/iesmarquesdecomares\/files\/2024\/04\/especie_111_01-300x215.jpg\" alt=\"especie_111_01\" \/><\/figure><\/div><div class=\"swiper-slide\" role=\"group\" aria-roledescription=\"slide\" aria-label=\"3 de 3\"><figure class=\"swiper-slide-inner\"><img decoding=\"async\" class=\"swiper-slide-image\" src=\"https:\/\/blogsaverroes.juntadeandalucia.es\/iesmarquesdecomares\/files\/2024\/04\/qcoc-2-300x216.jpg\" alt=\"qcoc-2\" \/><\/figure><\/div>\t\t\t<\/div>\n\t\t\t\t\t\t\t\t\t\t\t\t<div class=\"elementor-swiper-button elementor-swiper-button-prev\" role=\"button\" tabindex=\"0\">\n\t\t\t\t\t\t<i aria-hidden=\"true\" class=\"eicon-chevron-left\"><\/i>\t\t\t\t\t<\/div>\n\t\t\t\t\t<div class=\"elementor-swiper-button elementor-swiper-button-next\" role=\"button\" tabindex=\"0\">\n\t\t\t\t\t\t<i aria-hidden=\"true\" class=\"eicon-chevron-right\"><\/i>\t\t\t\t\t<\/div>\n\t\t\t\t\n\t\t\t\t\t\t\t\t\t<div class=\"swiper-pagination\"><\/div>\n\t\t\t\t\t\t\t\t\t<\/div>\n\t\t\t\t\t\t<\/div>\n\t\t\t\t<\/div>\n\t\t\t\t\t<\/div>\n\t\t<\/div>\n\t\t\t\t\t<\/div>\n\t\t<\/section>\n\t\t\t\t<section class=\"elementor-section elementor-top-section elementor-element elementor-element-283d791b elementor-section-boxed elementor-section-height-default elementor-section-height-default\" data-id=\"283d791b\" data-element_type=\"section\">\n\t\t\t\t\t\t<div class=\"elementor-container elementor-column-gap-default\">\n\t\t\t\t\t<div class=\"elementor-column elementor-col-100 elementor-top-column elementor-element elementor-element-1b537086\" data-id=\"1b537086\" data-element_type=\"column\">\n\t\t\t<div class=\"elementor-widget-wrap elementor-element-populated\">\n\t\t\t\t\t\t<div class=\"elementor-element elementor-element-4ac592d9 elementor-widget elementor-widget-spacer\" data-id=\"4ac592d9\" data-element_type=\"widget\" data-widget_type=\"spacer.default\">\n\t\t\t\t<div class=\"elementor-widget-container\">\n\t\t\t\t\t\t\t<div class=\"elementor-spacer\">\n\t\t\t<div class=\"elementor-spacer-inner\"><\/div>\n\t\t<\/div>\n\t\t\t\t\t\t<\/div>\n\t\t\t\t<\/div>\n\t\t\t\t\t<\/div>\n\t\t<\/div>\n\t\t\t\t\t<\/div>\n\t\t<\/section>\n\t\t\t\t<section class=\"elementor-section elementor-top-section elementor-element elementor-element-5c17693f elementor-section-boxed elementor-section-height-default elementor-section-height-default\" data-id=\"5c17693f\" data-element_type=\"section\">\n\t\t\t\t\t\t<div class=\"elementor-container elementor-column-gap-default\">\n\t\t\t\t\t<div class=\"elementor-column elementor-col-33 elementor-top-column elementor-element elementor-element-62661f4f\" data-id=\"62661f4f\" data-element_type=\"column\">\n\t\t\t<div class=\"elementor-widget-wrap elementor-element-populated\">\n\t\t\t\t\t\t<div class=\"elementor-element elementor-element-720bfa24 elementor-widget elementor-widget-image\" data-id=\"720bfa24\" data-element_type=\"widget\" data-widget_type=\"image.default\">\n\t\t\t\t<div class=\"elementor-widget-container\">\n\t\t\t\t\t\t\t\t\t\t\t\t\t\t\t<img fetchpriority=\"high\" decoding=\"async\" width=\"850\" height=\"621\" src=\"https:\/\/blogsaverroes.juntadeandalucia.es\/iesmarquesdecomares\/files\/2023\/04\/Figura-3-Familias-de-plantas-que-conforman-el-Orden-Zingiberales-El-Orden-Zingiberales.png\" class=\"attachment-large size-large wp-image-9616\" alt=\"\" srcset=\"https:\/\/blogsaverroes.juntadeandalucia.es\/iesmarquesdecomares\/files\/2023\/04\/Figura-3-Familias-de-plantas-que-conforman-el-Orden-Zingiberales-El-Orden-Zingiberales.png 850w, https:\/\/blogsaverroes.juntadeandalucia.es\/iesmarquesdecomares\/files\/2023\/04\/Figura-3-Familias-de-plantas-que-conforman-el-Orden-Zingiberales-El-Orden-Zingiberales-300x219.png 300w, https:\/\/blogsaverroes.juntadeandalucia.es\/iesmarquesdecomares\/files\/2023\/04\/Figura-3-Familias-de-plantas-que-conforman-el-Orden-Zingiberales-El-Orden-Zingiberales-768x561.png 768w\" sizes=\"(max-width: 850px) 100vw, 850px\" \/>\t\t\t\t\t\t\t\t\t\t\t\t\t\t\t<\/div>\n\t\t\t\t<\/div>\n\t\t\t\t\t<\/div>\n\t\t<\/div>\n\t\t\t\t<div class=\"elementor-column elementor-col-66 elementor-top-column elementor-element elementor-element-21c8835c\" data-id=\"21c8835c\" data-element_type=\"column\">\n\t\t\t<div class=\"elementor-widget-wrap elementor-element-populated\">\n\t\t\t\t\t\t<div class=\"elementor-element elementor-element-280bc321 elementor-widget elementor-widget-heading\" data-id=\"280bc321\" data-element_type=\"widget\" data-widget_type=\"heading.default\">\n\t\t\t\t<div class=\"elementor-widget-container\">\n\t\t\t\t\t<h4 class=\"elementor-heading-title elementor-size-default\">Familia bot\u00e1nica<\/h4>\t\t\t\t<\/div>\n\t\t\t\t<\/div>\n\t\t\t\t<div class=\"elementor-element elementor-element-59dfa2bd elementor-widget elementor-widget-text-editor\" data-id=\"59dfa2bd\" data-element_type=\"widget\" data-widget_type=\"text-editor.default\">\n\t\t\t\t<div class=\"elementor-widget-container\">\n\t\t\t\t\t\t\t\t\t<p>Fagaceae<\/p>\t\t\t\t\t\t\t\t<\/div>\n\t\t\t\t<\/div>\n\t\t\t\t\t<\/div>\n\t\t<\/div>\n\t\t\t\t\t<\/div>\n\t\t<\/section>\n\t\t\t\t<section class=\"elementor-section elementor-top-section elementor-element elementor-element-5cbe5c18 elementor-section-boxed elementor-section-height-default elementor-section-height-default\" data-id=\"5cbe5c18\" data-element_type=\"section\">\n\t\t\t\t\t\t<div class=\"elementor-container elementor-column-gap-default\">\n\t\t\t\t\t<div class=\"elementor-column elementor-col-33 elementor-top-column elementor-element elementor-element-22b419b8\" data-id=\"22b419b8\" data-element_type=\"column\">\n\t\t\t<div class=\"elementor-widget-wrap elementor-element-populated\">\n\t\t\t\t\t\t<div class=\"elementor-element elementor-element-e6cbafa elementor-widget elementor-widget-image\" data-id=\"e6cbafa\" data-element_type=\"widget\" data-widget_type=\"image.default\">\n\t\t\t\t<div class=\"elementor-widget-container\">\n\t\t\t\t\t\t\t\t\t\t\t\t\t\t\t<img decoding=\"async\" src=\"https:\/\/cdn0.ecologiaverde.com\/es\/posts\/6\/6\/1\/tipos_de_clima_en_el_mundo_3166_orig.jpg\" title=\"\" alt=\"\" loading=\"lazy\" \/>\t\t\t\t\t\t\t\t\t\t\t\t\t\t\t<\/div>\n\t\t\t\t<\/div>\n\t\t\t\t\t<\/div>\n\t\t<\/div>\n\t\t\t\t<div class=\"elementor-column elementor-col-66 elementor-top-column elementor-element elementor-element-46b24225\" data-id=\"46b24225\" data-element_type=\"column\">\n\t\t\t<div class=\"elementor-widget-wrap elementor-element-populated\">\n\t\t\t\t\t\t<div class=\"elementor-element elementor-element-44307f41 elementor-widget elementor-widget-heading\" data-id=\"44307f41\" data-element_type=\"widget\" data-widget_type=\"heading.default\">\n\t\t\t\t<div class=\"elementor-widget-container\">\n\t\t\t\t\t<h4 class=\"elementor-heading-title elementor-size-default\">Origen y distribuci\u00f3n<\/h4>\t\t\t\t<\/div>\n\t\t\t\t<\/div>\n\t\t\t\t<div class=\"elementor-element elementor-element-42c44718 elementor-widget elementor-widget-text-editor\" data-id=\"42c44718\" data-element_type=\"widget\" data-widget_type=\"text-editor.default\">\n\t\t\t\t<div class=\"elementor-widget-container\">\n\t\t\t\t\t\t\t\t\t<p>Originaria de la regi\u00f3n mediterr\u00e1nea, principalmente en Espa\u00f1a, Italia, Grecia y Portugal.<\/p>\t\t\t\t\t\t\t\t<\/div>\n\t\t\t\t<\/div>\n\t\t\t\t\t<\/div>\n\t\t<\/div>\n\t\t\t\t\t<\/div>\n\t\t<\/section>\n\t\t\t\t<section class=\"elementor-section elementor-top-section elementor-element elementor-element-cb12e58 elementor-section-boxed elementor-section-height-default elementor-section-height-default\" data-id=\"cb12e58\" data-element_type=\"section\">\n\t\t\t\t\t\t<div class=\"elementor-container elementor-column-gap-default\">\n\t\t\t\t\t<div class=\"elementor-column elementor-col-33 elementor-top-column elementor-element elementor-element-5fac79cf\" data-id=\"5fac79cf\" data-element_type=\"column\">\n\t\t\t<div class=\"elementor-widget-wrap elementor-element-populated\">\n\t\t\t\t\t\t<div class=\"elementor-element elementor-element-2de3dfaf elementor-widget elementor-widget-image\" data-id=\"2de3dfaf\" data-element_type=\"widget\" data-widget_type=\"image.default\">\n\t\t\t\t<div class=\"elementor-widget-container\">\n\t\t\t\t\t\t\t\t\t\t\t\t\t\t\t<img decoding=\"async\" src=\"https:\/\/www.notasnaturales.com\/wp-content\/uploads\/2016\/04\/libro-plantas-medicinales-ilustrado.jpg\" title=\"\" alt=\"\" loading=\"lazy\" \/>\t\t\t\t\t\t\t\t\t\t\t\t\t\t\t<\/div>\n\t\t\t\t<\/div>\n\t\t\t\t\t<\/div>\n\t\t<\/div>\n\t\t\t\t<div class=\"elementor-column elementor-col-66 elementor-top-column elementor-element elementor-element-2ad1aac1\" data-id=\"2ad1aac1\" data-element_type=\"column\">\n\t\t\t<div class=\"elementor-widget-wrap elementor-element-populated\">\n\t\t\t\t\t\t<div class=\"elementor-element elementor-element-12b37003 elementor-widget elementor-widget-heading\" data-id=\"12b37003\" data-element_type=\"widget\" data-widget_type=\"heading.default\">\n\t\t\t\t<div class=\"elementor-widget-container\">\n\t\t\t\t\t<h4 class=\"elementor-heading-title elementor-size-default\">Descripci\u00f3n<\/h4>\t\t\t\t<\/div>\n\t\t\t\t<\/div>\n\t\t\t\t<div class=\"elementor-element elementor-element-511305d7 elementor-widget elementor-widget-text-editor\" data-id=\"511305d7\" data-element_type=\"widget\" data-widget_type=\"text-editor.default\">\n\t\t\t\t<div class=\"elementor-widget-container\">\n\t\t\t\t\t\t\t\t\t<p>La coscoja es un arbusto o \u00e1rbol peque\u00f1o de hoja perenne que puede alcanzar entre 2 y 6 metros de altura. Sus hojas son el\u00edpticas, cori\u00e1ceas y dentadas, de color verde oscuro. Produce flores masculinas y femeninas en la misma planta. El fruto es una bellota con una c\u00e1psula espinosa.<\/p>\t\t\t\t\t\t\t\t<\/div>\n\t\t\t\t<\/div>\n\t\t\t\t\t<\/div>\n\t\t<\/div>\n\t\t\t\t\t<\/div>\n\t\t<\/section>\n\t\t\t\t<section class=\"elementor-section elementor-top-section elementor-element elementor-element-2bcec8e1 elementor-section-boxed elementor-section-height-default elementor-section-height-default\" data-id=\"2bcec8e1\" data-element_type=\"section\">\n\t\t\t\t\t\t<div class=\"elementor-container elementor-column-gap-default\">\n\t\t\t\t\t<div class=\"elementor-column elementor-col-33 elementor-top-column elementor-element elementor-element-5cf76028\" data-id=\"5cf76028\" data-element_type=\"column\">\n\t\t\t<div class=\"elementor-widget-wrap elementor-element-populated\">\n\t\t\t\t\t\t<div class=\"elementor-element elementor-element-fa32624 elementor-widget elementor-widget-image\" data-id=\"fa32624\" data-element_type=\"widget\" data-widget_type=\"image.default\">\n\t\t\t\t<div class=\"elementor-widget-container\">\n\t\t\t\t\t\t\t\t\t\t\t\t\t\t\t<img decoding=\"async\" width=\"960\" height=\"640\" src=\"https:\/\/blogsaverroes.juntadeandalucia.es\/iesmarquesdecomares\/files\/2023\/04\/Como-cultivar-flores-silvestres-en-tu-jardin.jpg\" class=\"attachment-large size-large wp-image-9619\" alt=\"\" srcset=\"https:\/\/blogsaverroes.juntadeandalucia.es\/iesmarquesdecomares\/files\/2023\/04\/Como-cultivar-flores-silvestres-en-tu-jardin.jpg 960w, https:\/\/blogsaverroes.juntadeandalucia.es\/iesmarquesdecomares\/files\/2023\/04\/Como-cultivar-flores-silvestres-en-tu-jardin-300x200.jpg 300w, https:\/\/blogsaverroes.juntadeandalucia.es\/iesmarquesdecomares\/files\/2023\/04\/Como-cultivar-flores-silvestres-en-tu-jardin-768x512.jpg 768w\" sizes=\"(max-width: 960px) 100vw, 960px\" \/>\t\t\t\t\t\t\t\t\t\t\t\t\t\t\t<\/div>\n\t\t\t\t<\/div>\n\t\t\t\t\t<\/div>\n\t\t<\/div>\n\t\t\t\t<div class=\"elementor-column elementor-col-66 elementor-top-column elementor-element elementor-element-11bec072\" data-id=\"11bec072\" data-element_type=\"column\">\n\t\t\t<div class=\"elementor-widget-wrap elementor-element-populated\">\n\t\t\t\t\t\t<div class=\"elementor-element elementor-element-62b04e6f elementor-widget elementor-widget-heading\" data-id=\"62b04e6f\" data-element_type=\"widget\" data-widget_type=\"heading.default\">\n\t\t\t\t<div class=\"elementor-widget-container\">\n\t\t\t\t\t<h4 class=\"elementor-heading-title elementor-size-default\">Requerimientos de cultivo<\/h4>\t\t\t\t<\/div>\n\t\t\t\t<\/div>\n\t\t\t\t<div class=\"elementor-element elementor-element-18107a38 elementor-widget elementor-widget-text-editor\" data-id=\"18107a38\" data-element_type=\"widget\" data-widget_type=\"text-editor.default\">\n\t\t\t\t<div class=\"elementor-widget-container\">\n\t\t\t\t\t\t\t\t\t<p>Prefiere suelos bien drenados, aunque se adapta a diferentes tipos de suelo. Acepta un rango de pH desde \u00e1cido hasta alcalino. Requiere pleno sol y es tolerante a la sequ\u00eda.<\/p>\t\t\t\t\t\t\t\t<\/div>\n\t\t\t\t<\/div>\n\t\t\t\t\t<\/div>\n\t\t<\/div>\n\t\t\t\t\t<\/div>\n\t\t<\/section>\n\t\t\t\t<section class=\"elementor-section elementor-top-section elementor-element elementor-element-5d8bbd7e elementor-section-boxed elementor-section-height-default elementor-section-height-default\" data-id=\"5d8bbd7e\" data-element_type=\"section\">\n\t\t\t\t\t\t<div class=\"elementor-container elementor-column-gap-default\">\n\t\t\t\t\t<div class=\"elementor-column elementor-col-33 elementor-top-column elementor-element elementor-element-49535c8d\" data-id=\"49535c8d\" data-element_type=\"column\">\n\t\t\t<div class=\"elementor-widget-wrap elementor-element-populated\">\n\t\t\t\t\t\t<div class=\"elementor-element elementor-element-559c98f9 elementor-widget elementor-widget-image\" data-id=\"559c98f9\" data-element_type=\"widget\" data-widget_type=\"image.default\">\n\t\t\t\t<div class=\"elementor-widget-container\">\n\t\t\t\t\t\t\t\t\t\t\t\t\t\t\t<img decoding=\"async\" width=\"619\" height=\"454\" src=\"https:\/\/blogsaverroes.juntadeandalucia.es\/iesmarquesdecomares\/files\/2023\/04\/Screenshot_1.jpg\" class=\"attachment-large size-large wp-image-9620\" alt=\"\" srcset=\"https:\/\/blogsaverroes.juntadeandalucia.es\/iesmarquesdecomares\/files\/2023\/04\/Screenshot_1.jpg 619w, https:\/\/blogsaverroes.juntadeandalucia.es\/iesmarquesdecomares\/files\/2023\/04\/Screenshot_1-300x220.jpg 300w\" sizes=\"(max-width: 619px) 100vw, 619px\" \/>\t\t\t\t\t\t\t\t\t\t\t\t\t\t\t<\/div>\n\t\t\t\t<\/div>\n\t\t\t\t\t<\/div>\n\t\t<\/div>\n\t\t\t\t<div class=\"elementor-column elementor-col-66 elementor-top-column elementor-element elementor-element-53cfc08\" data-id=\"53cfc08\" data-element_type=\"column\">\n\t\t\t<div class=\"elementor-widget-wrap elementor-element-populated\">\n\t\t\t\t\t\t<div class=\"elementor-element elementor-element-64d0c339 elementor-widget elementor-widget-heading\" data-id=\"64d0c339\" data-element_type=\"widget\" data-widget_type=\"heading.default\">\n\t\t\t\t<div class=\"elementor-widget-container\">\n\t\t\t\t\t<h4 class=\"elementor-heading-title elementor-size-default\">Zona de rusticidad<\/h4>\t\t\t\t<\/div>\n\t\t\t\t<\/div>\n\t\t\t\t<div class=\"elementor-element elementor-element-2dd97ae0 elementor-widget elementor-widget-text-editor\" data-id=\"2dd97ae0\" data-element_type=\"widget\" data-widget_type=\"text-editor.default\">\n\t\t\t\t<div class=\"elementor-widget-container\">\n\t\t\t\t\t\t\t\t\t<p><span style=\"font-weight: 400\">USDA zonas 7-11.<\/span><\/p>\t\t\t\t\t\t\t\t<\/div>\n\t\t\t\t<\/div>\n\t\t\t\t\t<\/div>\n\t\t<\/div>\n\t\t\t\t\t<\/div>\n\t\t<\/section>\n\t\t\t\t<section class=\"elementor-section elementor-top-section elementor-element elementor-element-344283a7 elementor-section-boxed elementor-section-height-default elementor-section-height-default\" data-id=\"344283a7\" data-element_type=\"section\">\n\t\t\t\t\t\t<div class=\"elementor-container elementor-column-gap-default\">\n\t\t\t\t\t<div class=\"elementor-column elementor-col-33 elementor-top-column elementor-element elementor-element-409bb9d3\" data-id=\"409bb9d3\" data-element_type=\"column\">\n\t\t\t<div class=\"elementor-widget-wrap elementor-element-populated\">\n\t\t\t\t\t\t<div class=\"elementor-element elementor-element-3e0bfbd elementor-widget elementor-widget-image\" data-id=\"3e0bfbd\" data-element_type=\"widget\" data-widget_type=\"image.default\">\n\t\t\t\t<div class=\"elementor-widget-container\">\n\t\t\t\t\t\t\t\t\t\t\t\t\t\t\t<img loading=\"lazy\" decoding=\"async\" width=\"730\" height=\"517\" src=\"https:\/\/blogsaverroes.juntadeandalucia.es\/iesmarquesdecomares\/files\/2023\/04\/plantas-medicinales-y-sus-usos.jpg\" class=\"attachment-large size-large wp-image-9624\" alt=\"\" srcset=\"https:\/\/blogsaverroes.juntadeandalucia.es\/iesmarquesdecomares\/files\/2023\/04\/plantas-medicinales-y-sus-usos.jpg 730w, https:\/\/blogsaverroes.juntadeandalucia.es\/iesmarquesdecomares\/files\/2023\/04\/plantas-medicinales-y-sus-usos-300x212.jpg 300w\" sizes=\"(max-width: 730px) 100vw, 730px\" \/>\t\t\t\t\t\t\t\t\t\t\t\t\t\t\t<\/div>\n\t\t\t\t<\/div>\n\t\t\t\t\t<\/div>\n\t\t<\/div>\n\t\t\t\t<div class=\"elementor-column elementor-col-66 elementor-top-column elementor-element elementor-element-13ec43e6\" data-id=\"13ec43e6\" data-element_type=\"column\">\n\t\t\t<div class=\"elementor-widget-wrap elementor-element-populated\">\n\t\t\t\t\t\t<div class=\"elementor-element elementor-element-7911abc6 elementor-widget elementor-widget-heading\" data-id=\"7911abc6\" data-element_type=\"widget\" data-widget_type=\"heading.default\">\n\t\t\t\t<div class=\"elementor-widget-container\">\n\t\t\t\t\t<h4 class=\"elementor-heading-title elementor-size-default\">Usos<\/h4>\t\t\t\t<\/div>\n\t\t\t\t<\/div>\n\t\t\t\t<div class=\"elementor-element elementor-element-582663aa elementor-widget elementor-widget-text-editor\" data-id=\"582663aa\" data-element_type=\"widget\" data-widget_type=\"text-editor.default\">\n\t\t\t\t<div class=\"elementor-widget-container\">\n\t\t\t\t\t\t\t\t\t<p>Se utiliza en paisajismo y jardiner\u00eda para crear setos y barreras naturales. Las bellotas son consumidas por animales como ciervos y cerdos.<\/p>\t\t\t\t\t\t\t\t<\/div>\n\t\t\t\t<\/div>\n\t\t\t\t\t<\/div>\n\t\t<\/div>\n\t\t\t\t\t<\/div>\n\t\t<\/section>\n\t\t\t\t<section class=\"elementor-section elementor-top-section elementor-element elementor-element-538488f7 elementor-section-boxed elementor-section-height-default elementor-section-height-default\" data-id=\"538488f7\" data-element_type=\"section\">\n\t\t\t\t\t\t<div class=\"elementor-container elementor-column-gap-default\">\n\t\t\t\t\t<div class=\"elementor-column elementor-col-33 elementor-top-column elementor-element elementor-element-4a479acd\" data-id=\"4a479acd\" data-element_type=\"column\">\n\t\t\t<div class=\"elementor-widget-wrap elementor-element-populated\">\n\t\t\t\t\t\t<div class=\"elementor-element elementor-element-32e61dc9 elementor-widget elementor-widget-image\" data-id=\"32e61dc9\" data-element_type=\"widget\" data-widget_type=\"image.default\">\n\t\t\t\t<div class=\"elementor-widget-container\">\n\t\t\t\t\t\t\t\t\t\t\t\t\t\t\t<img decoding=\"async\" src=\"https:\/\/www.guiadejardineria.com\/wp-content\/uploads\/2012\/08\/tipos-de-siembra-en-la-reproduccion-sexual.jpeg\" title=\"\" alt=\"\" loading=\"lazy\" \/>\t\t\t\t\t\t\t\t\t\t\t\t\t\t\t<\/div>\n\t\t\t\t<\/div>\n\t\t\t\t\t<\/div>\n\t\t<\/div>\n\t\t\t\t<div class=\"elementor-column elementor-col-66 elementor-top-column elementor-element elementor-element-3cee03b\" data-id=\"3cee03b\" data-element_type=\"column\">\n\t\t\t<div class=\"elementor-widget-wrap elementor-element-populated\">\n\t\t\t\t\t\t<div class=\"elementor-element elementor-element-106b803b elementor-widget elementor-widget-heading\" data-id=\"106b803b\" data-element_type=\"widget\" data-widget_type=\"heading.default\">\n\t\t\t\t<div class=\"elementor-widget-container\">\n\t\t\t\t\t<h4 class=\"elementor-heading-title elementor-size-default\">Propagaci\u00f3n y siembra<\/h4>\t\t\t\t<\/div>\n\t\t\t\t<\/div>\n\t\t\t\t<div class=\"elementor-element elementor-element-2c5d55bb elementor-widget elementor-widget-text-editor\" data-id=\"2c5d55bb\" data-element_type=\"widget\" data-widget_type=\"text-editor.default\">\n\t\t\t\t<div class=\"elementor-widget-container\">\n\t\t\t\t\t\t\t\t\t<p>Por semillas en oto\u00f1o, remoj\u00e1ndolas previamente para ablandar la cubierta y facilitar la germinaci\u00f3n. Tambi\u00e9n se puede propagar por esquejes tomados en invierno, aunque este m\u00e9todo es menos exitoso que el de las semillas.<\/p>\t\t\t\t\t\t\t\t<\/div>\n\t\t\t\t<\/div>\n\t\t\t\t\t<\/div>\n\t\t<\/div>\n\t\t\t\t\t<\/div>\n\t\t<\/section>\n\t\t\t\t<section class=\"elementor-section elementor-top-section elementor-element elementor-element-20b2dae9 elementor-section-boxed elementor-section-height-default elementor-section-height-default\" data-id=\"20b2dae9\" data-element_type=\"section\">\n\t\t\t\t\t\t<div class=\"elementor-container elementor-column-gap-default\">\n\t\t\t\t\t<div class=\"elementor-column elementor-col-33 elementor-top-column elementor-element elementor-element-285b3f8f\" data-id=\"285b3f8f\" data-element_type=\"column\">\n\t\t\t<div class=\"elementor-widget-wrap elementor-element-populated\">\n\t\t\t\t\t\t<div class=\"elementor-element elementor-element-40388163 elementor-widget elementor-widget-image\" data-id=\"40388163\" data-element_type=\"widget\" data-widget_type=\"image.default\">\n\t\t\t\t<div class=\"elementor-widget-container\">\n\t\t\t\t\t\t\t\t\t\t\t\t\t\t\t<img decoding=\"async\" src=\"https:\/\/media.istockphoto.com\/id\/1255077814\/es\/foto\/la-planta-de-tomate-ha-enfermado-a-phytophthora.jpg?s=612x612&#038;w=0&#038;k=20&#038;c=0e-UAzmcSWYAZiVtMhd0VU9awF0V2ieey8MrIuGMD6k=\" title=\"\" alt=\"\" loading=\"lazy\" \/>\t\t\t\t\t\t\t\t\t\t\t\t\t\t\t<\/div>\n\t\t\t\t<\/div>\n\t\t\t\t\t<\/div>\n\t\t<\/div>\n\t\t\t\t<div class=\"elementor-column elementor-col-66 elementor-top-column elementor-element elementor-element-15bed23d\" data-id=\"15bed23d\" data-element_type=\"column\">\n\t\t\t<div class=\"elementor-widget-wrap elementor-element-populated\">\n\t\t\t\t\t\t<div class=\"elementor-element elementor-element-159af79 elementor-widget elementor-widget-heading\" data-id=\"159af79\" data-element_type=\"widget\" data-widget_type=\"heading.default\">\n\t\t\t\t<div class=\"elementor-widget-container\">\n\t\t\t\t\t<h4 class=\"elementor-heading-title elementor-size-default\">Plagas y enfermedades<\/h4>\t\t\t\t<\/div>\n\t\t\t\t<\/div>\n\t\t\t\t<div class=\"elementor-element elementor-element-78f63d0f elementor-widget elementor-widget-text-editor\" data-id=\"78f63d0f\" data-element_type=\"widget\" data-widget_type=\"text-editor.default\">\n\t\t\t\t<div class=\"elementor-widget-container\">\n\t\t\t\t\t\t\t\t\t<p>La coscoja puede verse afectada por plagas como el barrenador del corcho (Phytoecia pustulata) y cochinillas. Las enfermedades m\u00e1s comunes incluyen el oidio, la roya y la antracnosis, aunque en general es una planta resistente.<\/p>\t\t\t\t\t\t\t\t<\/div>\n\t\t\t\t<\/div>\n\t\t\t\t\t<\/div>\n\t\t<\/div>\n\t\t\t\t\t<\/div>\n\t\t<\/section>\n\t\t\t\t<section class=\"elementor-section elementor-top-section elementor-element elementor-element-7c66de06 elementor-section-boxed elementor-section-height-default elementor-section-height-default\" data-id=\"7c66de06\" data-element_type=\"section\">\n\t\t\t\t\t\t<div class=\"elementor-container elementor-column-gap-default\">\n\t\t\t\t\t<div class=\"elementor-column elementor-col-33 elementor-top-column elementor-element elementor-element-76dd5de0\" data-id=\"76dd5de0\" data-element_type=\"column\">\n\t\t\t<div class=\"elementor-widget-wrap elementor-element-populated\">\n\t\t\t\t\t\t<div class=\"elementor-element elementor-element-62521a03 elementor-widget elementor-widget-image\" data-id=\"62521a03\" data-element_type=\"widget\" data-widget_type=\"image.default\">\n\t\t\t\t<div class=\"elementor-widget-container\">\n\t\t\t\t\t\t\t\t\t\t\t\t\t\t\t<img decoding=\"async\" src=\"https:\/\/www.elbuenjardinero.eu\/wp-content\/uploads\/2019\/09\/florfibonacci.png\" title=\"\" alt=\"\" loading=\"lazy\" \/>\t\t\t\t\t\t\t\t\t\t\t\t\t\t\t<\/div>\n\t\t\t\t<\/div>\n\t\t\t\t\t<\/div>\n\t\t<\/div>\n\t\t\t\t<div class=\"elementor-column elementor-col-66 elementor-top-column elementor-element elementor-element-6fcdf9f0\" data-id=\"6fcdf9f0\" data-element_type=\"column\">\n\t\t\t<div class=\"elementor-widget-wrap elementor-element-populated\">\n\t\t\t\t\t\t<div class=\"elementor-element elementor-element-67745716 elementor-widget elementor-widget-heading\" data-id=\"67745716\" data-element_type=\"widget\" data-widget_type=\"heading.default\">\n\t\t\t\t<div class=\"elementor-widget-container\">\n\t\t\t\t\t<h4 class=\"elementor-heading-title elementor-size-default\">Curiosidades<\/h4>\t\t\t\t<\/div>\n\t\t\t\t<\/div>\n\t\t\t\t<div class=\"elementor-element elementor-element-60c24216 elementor-widget elementor-widget-text-editor\" data-id=\"60c24216\" data-element_type=\"widget\" data-widget_type=\"text-editor.default\">\n\t\t\t\t<div class=\"elementor-widget-container\">\n\t\t\t\t\t\t\t\t\t<p>La coscoja es una de las principales especies que conforman el matorral mediterr\u00e1neo. Sus hojas espinosas y su capacidad para tolerar la sequ\u00eda y el pastoreo la convierten en una planta bien adaptada a las condiciones del ecosistema mediterr\u00e1neo. Adem\u00e1s, sus bellotas han sido utilizadas como alimento para animales y, en algunas regiones, para la producci\u00f3n de harina durante \u00e9pocas de escasez.<\/p><p>\u00a0<\/p>\t\t\t\t\t\t\t\t<\/div>\n\t\t\t\t<\/div>\n\t\t\t\t\t<\/div>\n\t\t<\/div>\n\t\t\t\t\t<\/div>\n\t\t<\/section>\n\t\t\t\t<\/div>\n\t\t","protected":false},"excerpt":{"rendered":"<p>Qurcus cocciferae &#8211; Coscoja, carrasca, chaparro #23 Familia bot\u00e1nica Fagaceae Origen y distribuci\u00f3n Originaria de la regi\u00f3n mediterr\u00e1nea, principalmente en Espa\u00f1a, Italia, Grecia y Portugal. Descripci\u00f3n La coscoja es un arbusto o \u00e1rbol peque\u00f1o&#46;&#46;&#46;<\/p>\n","protected":false},"author":8171,"featured_media":0,"parent":0,"menu_order":0,"comment_status":"closed","ping_status":"closed","template":"","meta":{"ngg_post_thumbnail":0,"footnotes":""},"aioseo_notices":[],"_links":{"self":[{"href":"https:\/\/blogsaverroes.juntadeandalucia.es\/iesmarquesdecomares\/wp-json\/wp\/v2\/pages\/12302"}],"collection":[{"href":"https:\/\/blogsaverroes.juntadeandalucia.es\/iesmarquesdecomares\/wp-json\/wp\/v2\/pages"}],"about":[{"href":"https:\/\/blogsaverroes.juntadeandalucia.es\/iesmarquesdecomares\/wp-json\/wp\/v2\/types\/page"}],"author":[{"embeddable":true,"href":"https:\/\/blogsaverroes.juntadeandalucia.es\/iesmarquesdecomares\/wp-json\/wp\/v2\/users\/8171"}],"replies":[{"embeddable":true,"href":"https:\/\/blogsaverroes.juntadeandalucia.es\/iesmarquesdecomares\/wp-json\/wp\/v2\/comments?post=12302"}],"version-history":[{"count":4,"href":"https:\/\/blogsaverroes.juntadeandalucia.es\/iesmarquesdecomares\/wp-json\/wp\/v2\/pages\/12302\/revisions"}],"predecessor-version":[{"id":12704,"href":"https:\/\/blogsaverroes.juntadeandalucia.es\/iesmarquesdecomares\/wp-json\/wp\/v2\/pages\/12302\/revisions\/12704"}],"wp:attachment":[{"href":"https:\/\/blogsaverroes.juntadeandalucia.es\/iesmarquesdecomares\/wp-json\/wp\/v2\/media?parent=12302"}],"curies":[{"name":"wp","href":"https:\/\/api.w.org\/{rel}","templated":true}]}}