{"id":2658,"date":"2017-11-13T09:52:16","date_gmt":"2017-11-13T08:52:16","guid":{"rendered":"https:\/\/blogsaverroes.juntadeandalucia.es\/iesmartiricos\/?page_id=2658"},"modified":"2025-11-10T10:43:17","modified_gmt":"2025-11-10T09:43:17","slug":"religion","status":"publish","type":"page","link":"https:\/\/blogsaverroes.juntadeandalucia.es\/iesmartiricos\/religion\/","title":{"rendered":"Religi\u00f3n"},"content":{"rendered":"<p><span style=\"color: #000000\"><strong><span style=\"font-family: Times New Roman,serif\"><span style=\"font-size: medium\">Miembros del Departamento<\/span><\/span><\/strong><\/span><\/p>\n<table style=\"width: 838px\">\n<tbody>\n<tr>\n<td style=\"padding-left: 30px;width: 368px\"><span style=\"color: #000000\"><span style=\"font-family: Times New Roman,serif\"><span style=\"font-size: medium\">Palomares Medina, Nehem\u00edas (Religi\u00f3n Evang\u00e9lica)<\/span><\/span><\/span><\/td>\n<td style=\"width: 425px\"><span style=\"color: #000000\">e-mail: <a href=\"mailto:p_nehemiaspalomares@iesmartiricos.es\">p_nehemiaspalomares@iesmartiricos.es<\/a><\/span><\/td>\n<\/tr>\n<tr>\n<td style=\"padding-left: 30px;width: 368px\"><span style=\"color: #000000\"><span style=\"font-family: Times New Roman,serif\"><span style=\"font-size: medium\">Salto Maquedano, David (Religi\u00f3n Cat\u00f3lica)<\/span><\/span><\/span><\/td>\n<td style=\"width: 425px\">e-mail: <a href=\"mailto:p_davidsalto@iesmartiricos.es\">p_davidsalto@iesmartiricos.es<\/a><\/td>\n<\/tr>\n<tr>\n<td style=\"padding-left: 30px;width: 368px\"><span style=\"color: #000000\"><span style=\"font-family: Times New Roman,serif\"><span style=\"font-size: medium\">Ghadir, Zineb (Religi\u00f3n Isl\u00e1mica)<br \/>\n<\/span><\/span><\/span><\/td>\n<td style=\"width: 425px\">e-mail: <a href=\"mailto:p_zinebelghadir@iesmartiricos.es\">p_zinebelghadir@iesmartiricos.es<\/a><\/td>\n<\/tr>\n<\/tbody>\n<\/table>\n<p><span style=\"color: #000000\"><strong><span style=\"font-family: Times New Roman,serif\"><span style=\"font-size: medium\">Enlaces de inter\u00e9s. Programaciones<br \/>\n<\/span><\/span><\/strong><\/span><\/p>\n<p style=\"padding-left: 40px\"><a href=\"https:\/\/blogsaverroes.juntadeandalucia.es\/iesmartiricos\/files\/2025\/10\/2526ESO_RelEvangelica.pdf\">2526ESO_RelEvangelica<\/a><\/p>\n<p style=\"padding-left: 40px\"><a href=\"https:\/\/blogsaverroes.juntadeandalucia.es\/iesmartiricos\/files\/2025\/10\/2526ESO_RelCatolica.pdf\">2526ESO_RelCatolica<\/a><\/p>\n<p style=\"padding-left: 40px\"><a href=\"https:\/\/blogsaverroes.juntadeandalucia.es\/iesmartiricos\/files\/2025\/10\/2526Bach_RelCatolica.pdf\">2526Bach_RelCatolica<\/a><\/p>\n<p style=\"padding-left: 40px\"><a href=\"https:\/\/blogsaverroes.juntadeandalucia.es\/iesmartiricos\/files\/2025\/10\/2526Bach_RelEvangelica.pdf\">2526Bach_RelEvangelica<\/a><\/p>\n<p style=\"padding-left: 40px\"><a href=\"https:\/\/blogsaverroes.juntadeandalucia.es\/iesmartiricos\/files\/2025\/11\/2526_RelIslamica.pdf\">2526_RelIslamica<\/a><\/p>\n<p>&nbsp;<\/p>\n<p style=\"padding-left: 40px\">&nbsp;<\/p>\n<p>&nbsp;<\/p>\n","protected":false},"excerpt":{"rendered":"<p>Miembros del Departamento Palomares Medina, Nehem\u00edas (Religi\u00f3n Evang\u00e9lica) e-mail: p_nehemiaspalomares@iesmartiricos.es Salto Maquedano, David (Religi\u00f3n Cat\u00f3lica) e-mail: p_davidsalto@iesmartiricos.es Ghadir, Zineb (Religi\u00f3n Isl\u00e1mica) e-mail: p_zinebelghadir@iesmartiricos.es Enlaces de inter\u00e9s. Programaciones 2526ESO_RelEvangelica 2526ESO_RelCatolica 2526Bach_RelCatolica 2526Bach_RelEvangelica 2526_RelIslamica &nbsp; &nbsp;&#46;&#46;&#46;<\/p>\n","protected":false},"author":5036,"featured_media":0,"parent":0,"menu_order":0,"comment_status":"closed","ping_status":"closed","template":"","meta":{"ngg_post_thumbnail":0,"footnotes":"","_mc_calendar":[]},"aioseo_notices":[],"_links":{"self":[{"href":"https:\/\/blogsaverroes.juntadeandalucia.es\/iesmartiricos\/wp-json\/wp\/v2\/pages\/2658"}],"collection":[{"href":"https:\/\/blogsaverroes.juntadeandalucia.es\/iesmartiricos\/wp-json\/wp\/v2\/pages"}],"about":[{"href":"https:\/\/blogsaverroes.juntadeandalucia.es\/iesmartiricos\/wp-json\/wp\/v2\/types\/page"}],"author":[{"embeddable":true,"href":"https:\/\/blogsaverroes.juntadeandalucia.es\/iesmartiricos\/wp-json\/wp\/v2\/users\/5036"}],"replies":[{"embeddable":true,"href":"https:\/\/blogsaverroes.juntadeandalucia.es\/iesmartiricos\/wp-json\/wp\/v2\/comments?post=2658"}],"version-history":[{"count":17,"href":"https:\/\/blogsaverroes.juntadeandalucia.es\/iesmartiricos\/wp-json\/wp\/v2\/pages\/2658\/revisions"}],"predecessor-version":[{"id":6731,"href":"https:\/\/blogsaverroes.juntadeandalucia.es\/iesmartiricos\/wp-json\/wp\/v2\/pages\/2658\/revisions\/6731"}],"wp:attachment":[{"href":"https:\/\/blogsaverroes.juntadeandalucia.es\/iesmartiricos\/wp-json\/wp\/v2\/media?parent=2658"}],"curies":[{"name":"wp","href":"https:\/\/api.w.org\/{rel}","templated":true}]}}