{"id":188,"date":"2017-06-13T11:18:25","date_gmt":"2017-06-13T11:18:25","guid":{"rendered":"https:\/\/blogsaverroes.juntadeandalucia.es\/iesmediterraneo\/?page_id=188"},"modified":"2023-01-10T09:02:17","modified_gmt":"2023-01-10T09:02:17","slug":"planes-y-proyectos","status":"publish","type":"page","link":"https:\/\/blogsaverroes.juntadeandalucia.es\/iesmediterraneo\/planes-y-proyectos\/","title":{"rendered":"PLANES Y PROYECTOS"},"content":{"rendered":"<h1><span style=\"color: #008000\">PROYECTOS EDUCATIVOS<\/span><\/h1>\n<h1><span style=\"color: #339966\">CURSO: 2022-2023<\/span><\/h1>\n<hr>\n<h2><span style=\"color: #003366\"><a href=\"https:\/\/blogsaverroes.juntadeandalucia.es\/iesmediterraneo\/files\/2020\/12\/proyectos-educativos.png\"><img loading=\"lazy\" decoding=\"async\" class=\" wp-image-1896 alignleft\" src=\"https:\/\/blogsaverroes.juntadeandalucia.es\/iesmediterraneo\/files\/2020\/12\/proyectos-educativos.png\" alt=\"\" width=\"416\" height=\"416\" srcset=\"https:\/\/blogsaverroes.juntadeandalucia.es\/iesmediterraneo\/files\/2020\/12\/proyectos-educativos.png 501w, https:\/\/blogsaverroes.juntadeandalucia.es\/iesmediterraneo\/files\/2020\/12\/proyectos-educativos-300x300.png 300w, https:\/\/blogsaverroes.juntadeandalucia.es\/iesmediterraneo\/files\/2020\/12\/proyectos-educativos-150x150.png 150w, https:\/\/blogsaverroes.juntadeandalucia.es\/iesmediterraneo\/files\/2020\/12\/proyectos-educativos-100x100.png 100w, https:\/\/blogsaverroes.juntadeandalucia.es\/iesmediterraneo\/files\/2020\/12\/proyectos-educativos-24x24.png 24w, https:\/\/blogsaverroes.juntadeandalucia.es\/iesmediterraneo\/files\/2020\/12\/proyectos-educativos-36x36.png 36w, https:\/\/blogsaverroes.juntadeandalucia.es\/iesmediterraneo\/files\/2020\/12\/proyectos-educativos-48x48.png 48w\" sizes=\"(max-width: 416px) 100vw, 416px\" \/><\/a>Relaci\u00f3n de proyectos educativos en los que participa el IES Mediterr\u00e1neo<\/span><\/h2>\n<ul>\n<li><span style=\"font-size: 18pt\"><a href=\"https:\/\/blogsaverroes.juntadeandalucia.es\/iesmediterraneo\/aula-de-cine-2\/\">Aula de cine<\/a><\/span><\/li>\n<li><a style=\"font-size: 18pt;font-family: Consolas, Monaco, monospace\" href=\"https:\/\/blogsaverroes.juntadeandalucia.es\/iesmediterraneo\/aldea\/\">Programa para la innovaci\u00f3n ALDEA<\/a><\/li>\n<li><a style=\"font-size: 18pt;font-family: Consolas, Monaco, monospace\" href=\"https:\/\/blogsaverroes.juntadeandalucia.es\/iesmediterraneo\/comunica\/\">COMUNICA<\/a><\/li>\n<li><span style=\"font-family: terminal, monaco, monospace;font-size: 18pt\">INNICIA<\/span><\/li>\n<li><span style=\"font-family: terminal, monaco, monospace;font-size: 18pt\">FORMA JOVEN EN EL \u00c1MBITO EDUCATIVO<\/span><\/li>\n<li><span style=\"font-family: terminal, monaco, monospace;font-size: 18pt\">VIVIR Y SENTIR EL PATRIMONIO<\/span><\/li>\n<li><span style=\"font-family: terminal, monaco, monospace;font-size: 18pt\">PROYECTOS STEAM<\/span>\n<ul>\n<li style=\"list-style-type: none\">\n<ul>\n<li style=\"list-style-type: none\">\n<ul>\n<li style=\"list-style-type: none\">\n<ul>\n<li style=\"list-style-type: none\">\n<ul>\n<li style=\"list-style-type: none\">\n<ul>\n<li style=\"list-style-type: none\">\n<ul>\n<li>\n<pre>INVESTIGACI\u00d3N AEROESPACIAL<\/pre>\n<\/li>\n<li>\n<pre>ROB\u00d3TICA&nbsp; APLICADA AL AULA<\/pre>\n<\/li>\n<li>\n<pre><a href=\"https:\/\/blogsaverroes.juntadeandalucia.es\/iesmediterraneo\/pensamiento-computacional\/\">PENSAMIENTO COMPUTACIONAL APLICADO AL AULA<\/a><\/pre>\n<\/li>\n<\/ul>\n<\/li>\n<\/ul>\n<\/li>\n<\/ul>\n<\/li>\n<\/ul>\n<\/li>\n<\/ul>\n<\/li>\n<\/ul>\n<\/li>\n<\/ul>\n<\/li>\n<\/ul>\n","protected":false},"excerpt":{"rendered":"<p>PROYECTOS EDUCATIVOS CURSO: 2022-2023 Relaci\u00f3n de proyectos educativos en los que participa el IES Mediterr\u00e1neo Aula de cine Programa para la innovaci\u00f3n ALDEA COMUNICA INNICIA FORMA JOVEN EN EL \u00c1MBITO EDUCATIVO VIVIR Y SENTIR&#46;&#46;&#46;<\/p>\n","protected":false},"author":5102,"featured_media":0,"parent":0,"menu_order":0,"comment_status":"closed","ping_status":"closed","template":"page-template-full.php","meta":{"ngg_post_thumbnail":0,"footnotes":""},"aioseo_notices":[],"_links":{"self":[{"href":"https:\/\/blogsaverroes.juntadeandalucia.es\/iesmediterraneo\/wp-json\/wp\/v2\/pages\/188"}],"collection":[{"href":"https:\/\/blogsaverroes.juntadeandalucia.es\/iesmediterraneo\/wp-json\/wp\/v2\/pages"}],"about":[{"href":"https:\/\/blogsaverroes.juntadeandalucia.es\/iesmediterraneo\/wp-json\/wp\/v2\/types\/page"}],"author":[{"embeddable":true,"href":"https:\/\/blogsaverroes.juntadeandalucia.es\/iesmediterraneo\/wp-json\/wp\/v2\/users\/5102"}],"replies":[{"embeddable":true,"href":"https:\/\/blogsaverroes.juntadeandalucia.es\/iesmediterraneo\/wp-json\/wp\/v2\/comments?post=188"}],"version-history":[{"count":16,"href":"https:\/\/blogsaverroes.juntadeandalucia.es\/iesmediterraneo\/wp-json\/wp\/v2\/pages\/188\/revisions"}],"predecessor-version":[{"id":2323,"href":"https:\/\/blogsaverroes.juntadeandalucia.es\/iesmediterraneo\/wp-json\/wp\/v2\/pages\/188\/revisions\/2323"}],"wp:attachment":[{"href":"https:\/\/blogsaverroes.juntadeandalucia.es\/iesmediterraneo\/wp-json\/wp\/v2\/media?parent=188"}],"curies":[{"name":"wp","href":"https:\/\/api.w.org\/{rel}","templated":true}]}}