{"id":1890,"date":"2020-12-07T20:20:24","date_gmt":"2020-12-07T20:20:24","guid":{"rendered":"https:\/\/blogsaverroes.juntadeandalucia.es\/iesmediterraneo\/?page_id=1890"},"modified":"2020-12-07T20:20:24","modified_gmt":"2020-12-07T20:20:24","slug":"retotech","status":"publish","type":"page","link":"https:\/\/blogsaverroes.juntadeandalucia.es\/iesmediterraneo\/retotech\/","title":{"rendered":"RetoTech"},"content":{"rendered":"<h1><span style=\"color: #008000\">RetoTech. Fundaci\u00f3n Endesa<\/span><\/h1>\n<hr>\n<ul>\n<li><strong>Profesores Responsables<\/strong>:&nbsp;\n<ul>\n<li>Gustavo Pretel<\/li>\n<li>Jos\u00e9 Luis Fern\u00e1ndez<\/li>\n<\/ul>\n<\/li>\n<li><strong>Asignatura<\/strong>: Pensamiento Computacional y Rob\u00f3tica<\/li>\n<li><strong>Nivel educativo<\/strong>: Todas las etapas de ESO<br \/>\n<hr>\n<\/li>\n<\/ul>\n<p><img loading=\"lazy\" decoding=\"async\" class=\"alignleft \" src=\"https:\/\/pbs.twimg.com\/profile_images\/905124827337502720\/cXoVDdfp_400x400.jpg\" width=\"119\" height=\"119\">RetoTech es una iniciativa de formaci\u00f3n que tiene como finalidad contribuir e impulsar proyectos educativos innovadores que transformen la formaci\u00f3n de los m\u00e1s j\u00f3venes. Desde Fundaci\u00f3n Endesa se plantea un reto dirigido al personal docente y a los estudiantes de las Comunidades Aut\u00f3nomas de Madrid, Arag\u00f3n, Andaluc\u00eda, Extremadura, Catalu\u00f1a y las Islas Baleares: &nbsp;<span style=\"color: #008000\">desarrollar un <b>proyecto tecnol\u00f3gico<\/b> que resuelva una necesidad real de su entorno, utilizando para ello t\u00e9cnicas como la rob\u00f3tica Arduino<\/span>. Los centros de Educaci\u00f3n Secundaria Obligatoria deber\u00e1n sumar a esos elementos, una aplicaci\u00f3n Android<\/p>\n<p>Retotech_Fundaci\u00f3n_Endesa se desarrolla durante todo el curso escolar en tres etapas.<\/p>\n<ol>\n<li>Por un lado, la formaci\u00f3n en innovaciones educativas que el profesorado encargado recibe de parte del equipo de RetoTech.<\/li>\n<li>En segundo lugar, el trabajo en el aula de los retos planteados, que implica directamente a los alumnos y en el que el proyecto va tomando forma.<\/li>\n<li>Por \u00faltimo, la preparaci\u00f3n del proyecto final.<\/li>\n<\/ol>\n<p>Todos los trabajos son expuestos a final del curso acad\u00e9mico en los Festivales RetoTech_Fundaci\u00f3n_Endesa, donde se anuncian, adem\u00e1s, a los diez ganadores (dos a nivel nacional y dos por cada Festival), seleccionados en funci\u00f3n a su originalidad, su justificaci\u00f3n y su dimensi\u00f3n est\u00e9tica.<\/p>\n<p><b>&nbsp;<\/b><b>Dotaci\u00f3n de material, formaci\u00f3n y apoyo<\/b><\/p>\n<p>Para el desarrollo de los retos propuestos, la Fundaci\u00f3n Endesa dota a todas las candidaturas seleccionadas para la fase final con kits de rob\u00f3tica de la familia Arduino (<i>Zum Kit Advanced<\/i> o <i>ZUM Kit Junior<\/i>, seg\u00fan Comunidad Aut\u00f3noma).&nbsp;<\/p>\n<p>Para conocer los tres <u><a href=\"https:\/\/www.fundacionendesa.org\/es\/retotech-proyecto-de-innovacion-educativa\/a201905-retos-tecnologicos.html\">retos tecnol\u00f3gicos<\/a><\/u>&nbsp;en los que trabajar entre los meses de enero y marzo y que servir\u00e1n de calentamiento para el preparar el proyecto final que cada centro tendr\u00e1 que presentar en los&nbsp;<u><a href=\"https:\/\/www.fundacionendesa.org\/es\/retotech-proyecto-de-innovacion-educativa\/a201905-festival-retotech-soluciones-tecnologicas.html\">Festivales RetoTech_Fundaci\u00f3n_Endesa<\/a><\/u><\/p>\n","protected":false},"excerpt":{"rendered":"<p>RetoTech. Fundaci\u00f3n Endesa Profesores Responsables:&nbsp; Gustavo Pretel Jos\u00e9 Luis Fern\u00e1ndez Asignatura: Pensamiento Computacional y Rob\u00f3tica Nivel educativo: Todas las etapas de ESO RetoTech es una iniciativa de formaci\u00f3n que tiene como finalidad contribuir e&#46;&#46;&#46;<\/p>\n","protected":false},"author":5102,"featured_media":0,"parent":0,"menu_order":0,"comment_status":"closed","ping_status":"closed","template":"","meta":{"ngg_post_thumbnail":0,"footnotes":""},"aioseo_notices":[],"_links":{"self":[{"href":"https:\/\/blogsaverroes.juntadeandalucia.es\/iesmediterraneo\/wp-json\/wp\/v2\/pages\/1890"}],"collection":[{"href":"https:\/\/blogsaverroes.juntadeandalucia.es\/iesmediterraneo\/wp-json\/wp\/v2\/pages"}],"about":[{"href":"https:\/\/blogsaverroes.juntadeandalucia.es\/iesmediterraneo\/wp-json\/wp\/v2\/types\/page"}],"author":[{"embeddable":true,"href":"https:\/\/blogsaverroes.juntadeandalucia.es\/iesmediterraneo\/wp-json\/wp\/v2\/users\/5102"}],"replies":[{"embeddable":true,"href":"https:\/\/blogsaverroes.juntadeandalucia.es\/iesmediterraneo\/wp-json\/wp\/v2\/comments?post=1890"}],"version-history":[{"count":1,"href":"https:\/\/blogsaverroes.juntadeandalucia.es\/iesmediterraneo\/wp-json\/wp\/v2\/pages\/1890\/revisions"}],"predecessor-version":[{"id":1891,"href":"https:\/\/blogsaverroes.juntadeandalucia.es\/iesmediterraneo\/wp-json\/wp\/v2\/pages\/1890\/revisions\/1891"}],"wp:attachment":[{"href":"https:\/\/blogsaverroes.juntadeandalucia.es\/iesmediterraneo\/wp-json\/wp\/v2\/media?parent=1890"}],"curies":[{"name":"wp","href":"https:\/\/api.w.org\/{rel}","templated":true}]}}