{"id":1915,"date":"2021-01-13T16:40:12","date_gmt":"2021-01-13T16:40:12","guid":{"rendered":"https:\/\/blogsaverroes.juntadeandalucia.es\/iesmediterraneo\/?page_id=1915"},"modified":"2021-01-19T12:10:37","modified_gmt":"2021-01-19T12:10:37","slug":"forma-joven","status":"publish","type":"page","link":"https:\/\/blogsaverroes.juntadeandalucia.es\/iesmediterraneo\/forma-joven\/","title":{"rendered":"Forma Joven"},"content":{"rendered":"<h1><span style=\"color: #008000\">FORMA JOVEN EN EL \u00c1MBITO EDUCATIVO<\/span><\/h1>\n<hr>\n<p><img loading=\"lazy\" decoding=\"async\" class=\"alignleft size-large\" src=\"https:\/\/www.formajoven.org\/wp-content\/uploads\/2019\/09\/forma-joven@2x.png\" width=\"432\" height=\"76\"><\/p>\n<p>&nbsp;<\/p>\n<p>&nbsp;<\/p>\n<p>&nbsp;<\/p>\n<p><strong>NOMBRE<\/strong>:&nbsp; FORMA JOVEN<\/p>\n<p><strong>COORDINADORA<\/strong>: AMOR \u00daNICA FERN\u00c1NDEZ<\/p>\n<p><strong>PROFESORADO QUE PARTICIPA: <\/strong><\/p>\n<table>\n<tbody>\n<tr>\n<td width=\"283\">Alba Almendros, Naomi&nbsp;&nbsp;&nbsp;&nbsp;&nbsp;&nbsp;&nbsp;&nbsp;&nbsp;&nbsp;&nbsp;&nbsp;&nbsp;&nbsp;&nbsp;&nbsp;&nbsp;&nbsp;&nbsp;&nbsp;&nbsp;&nbsp;&nbsp;<\/p>\n<p>Alonso Rodr\u00edguez, Salvador<\/p>\n<p>Barros L\u00f3pez, Manuel&nbsp;&nbsp;&nbsp;&nbsp;&nbsp;&nbsp;&nbsp;&nbsp;&nbsp;&nbsp;&nbsp;&nbsp;&nbsp;&nbsp;&nbsp;&nbsp;&nbsp;&nbsp;&nbsp;&nbsp;&nbsp;&nbsp;&nbsp;&nbsp;&nbsp;&nbsp;<\/p>\n<p>Choin Malag\u00f3n, Carlos Gustavo<\/p>\n<p>Damas Cerda, \u00c1lvaro de&nbsp;&nbsp;&nbsp;&nbsp;&nbsp;&nbsp;&nbsp;&nbsp;&nbsp;&nbsp;&nbsp;<\/p>\n<p>Fern\u00e1ndez Garc\u00eda, Pablo&nbsp;&nbsp;&nbsp;&nbsp;&nbsp;&nbsp;&nbsp;&nbsp;&nbsp;&nbsp;&nbsp;&nbsp;&nbsp;&nbsp;&nbsp;&nbsp;&nbsp;&nbsp;&nbsp;&nbsp;&nbsp;&nbsp;<\/p>\n<p>Flores Pulido, Juan Antonio&nbsp;&nbsp;&nbsp;&nbsp;&nbsp;&nbsp;<\/p>\n<p>Garc\u00eda Garc\u00eda, Mar\u00eda Jos\u00e9&nbsp;&nbsp;&nbsp;&nbsp;&nbsp;&nbsp;&nbsp;&nbsp;&nbsp;&nbsp;&nbsp;&nbsp;&nbsp;&nbsp;&nbsp;&nbsp;&nbsp;&nbsp;&nbsp;&nbsp;<\/p>\n<p>Hern\u00e1ndez D\u00edez, Jos\u00e9 Carlos&nbsp;&nbsp;&nbsp;&nbsp;&nbsp;<\/p>\n<p>L\u00f3pez Rodr\u00edguez, Marien&nbsp;&nbsp;&nbsp;&nbsp;&nbsp;&nbsp;&nbsp;&nbsp;&nbsp;<\/p>\n<p>Mart\u00edn Garc\u00eda, Andr\u00e9s Manuel&nbsp;<\/p>\n<p>Mart\u00edn Pedrosa, Sergio&nbsp;&nbsp;&nbsp;&nbsp;&nbsp;&nbsp;&nbsp;&nbsp;&nbsp;&nbsp;&nbsp;&nbsp;<\/p>\n<p>Molina Due\u00f1as, Elisa&nbsp;&nbsp;&nbsp;&nbsp;&nbsp;&nbsp;&nbsp;&nbsp;&nbsp;&nbsp;&nbsp;&nbsp;&nbsp;&nbsp;&nbsp;&nbsp;&nbsp;&nbsp;&nbsp;&nbsp;&nbsp;&nbsp;&nbsp;&nbsp;&nbsp;&nbsp;&nbsp;<\/p>\n<p>Morales P\u00e9rez, Germ\u00e1n&nbsp;&nbsp;&nbsp;&nbsp;&nbsp;&nbsp;&nbsp;&nbsp;&nbsp;&nbsp;&nbsp;<\/p>\n<p>Moreno Cabrero, Luisa Mar\u00eda&nbsp;&nbsp;&nbsp;<\/p>\n<p>Moreno Ruiz, Andrea&nbsp;&nbsp;&nbsp;&nbsp;&nbsp;&nbsp;&nbsp;&nbsp;&nbsp;&nbsp;&nbsp;&nbsp;&nbsp;&nbsp;&nbsp;&nbsp;&nbsp;&nbsp;&nbsp;&nbsp;&nbsp;&nbsp;&nbsp;&nbsp;&nbsp;&nbsp;<\/p>\n<p>Naranjo Mart\u00edn, Manuel&nbsp;&nbsp;&nbsp;&nbsp;&nbsp;&nbsp;&nbsp;&nbsp;&nbsp;&nbsp;<\/p>\n<p>Navarro Mellado, Carlota Emilia&nbsp;&nbsp;&nbsp;&nbsp;&nbsp;&nbsp;&nbsp;&nbsp;&nbsp;&nbsp;&nbsp;<\/p>\n<p>Padial Rodr\u00edguez, Jessica<\/td>\n<td width=\"283\">Padial Rodr\u00edguez, Mar\u00eda Leila&nbsp;&nbsp;&nbsp;&nbsp;&nbsp;&nbsp;&nbsp;&nbsp;&nbsp;&nbsp;&nbsp;&nbsp;&nbsp;&nbsp;&nbsp;<\/p>\n<p>Parra Mar\u00edn, Andr\u00e9s&nbsp;&nbsp;&nbsp;&nbsp;&nbsp;&nbsp;&nbsp;&nbsp;&nbsp;&nbsp;&nbsp;&nbsp;&nbsp;&nbsp;&nbsp;&nbsp;<\/p>\n<p>Pe\u00f1a Gonz\u00e1lez, Francisco Gerardo&nbsp;&nbsp;&nbsp;&nbsp;&nbsp;&nbsp;&nbsp;<\/p>\n<p>P\u00e9rez Rey, Alba&nbsp;&nbsp;&nbsp;&nbsp;&nbsp;&nbsp;&nbsp;&nbsp;&nbsp;&nbsp;&nbsp;<\/p>\n<p>Real Mart\u00ednez, Mar\u00eda del Carmen&nbsp;&nbsp;&nbsp;&nbsp;&nbsp;&nbsp;&nbsp;&nbsp;&nbsp;<\/p>\n<p>Rescalvo Palacios, \u00c1lvaro&nbsp;&nbsp;&nbsp;&nbsp;&nbsp;&nbsp;&nbsp;&nbsp;&nbsp;<\/p>\n<p>Rodr\u00edguez Montalvo, Juan Pedro&nbsp;&nbsp;&nbsp;&nbsp;&nbsp;&nbsp;&nbsp;&nbsp;&nbsp;&nbsp;<\/p>\n<p>Romero Ruiz, Concepci\u00f3n&nbsp;&nbsp;&nbsp;&nbsp;&nbsp;&nbsp;&nbsp;&nbsp;<\/p>\n<p>Ruiz Garc\u00eda, Francisca Piedad&nbsp;&nbsp;&nbsp;&nbsp;&nbsp;&nbsp;&nbsp;&nbsp;&nbsp;&nbsp;&nbsp;&nbsp;&nbsp;&nbsp;&nbsp;<\/p>\n<p>Ruiz Guti\u00e9rrez, Nuria Mar\u00eda&nbsp;&nbsp;&nbsp;&nbsp;&nbsp;&nbsp;<\/p>\n<p>S\u00e1nchez de Cueto Valenzuela, Paloma&nbsp;&nbsp;<\/p>\n<p>Tapia Puerta, M\u00aa Dolores Yolanda&nbsp;&nbsp;&nbsp;&nbsp;&nbsp;&nbsp;&nbsp;&nbsp;<\/p>\n<p>Tenorio Ruiz, Herminia&nbsp;&nbsp;&nbsp;&nbsp;&nbsp;&nbsp;&nbsp;&nbsp;&nbsp;&nbsp;&nbsp;&nbsp;<\/p>\n<p>Terrones Quesada, Mar\u00eda Jos\u00e9&nbsp;&nbsp;&nbsp;&nbsp;&nbsp;&nbsp;&nbsp;&nbsp;&nbsp;&nbsp;&nbsp;&nbsp;&nbsp;<\/p>\n<p>\u00danica Fern\u00e1ndez, Mar\u00eda del Amor&nbsp;&nbsp;&nbsp;&nbsp;&nbsp;&nbsp;&nbsp;&nbsp;<\/p>\n<p>Ure\u00f1a Domingo, Josefa&nbsp;&nbsp;&nbsp;&nbsp;&nbsp;&nbsp;&nbsp;&nbsp;&nbsp;&nbsp;&nbsp;&nbsp;&nbsp;&nbsp;&nbsp;&nbsp;&nbsp;&nbsp;&nbsp;&nbsp;&nbsp;&nbsp;&nbsp;<\/p>\n<p>Vacas L\u00f3pez, Mar\u00eda Inmaculada<\/p>\n<p>Zambrana Dom\u00ednguez, Noemi&nbsp;&nbsp;<\/td>\n<\/tr>\n<\/tbody>\n<\/table>\n<p><strong>&nbsp;<\/strong><strong>BREVE DESCRIPCI\u00d3N DEL PROYECTO: <\/strong>El proyecto es una estrategia que consiste en acercar actividades de promoci\u00f3n de la salud y prevenci\u00f3n de los riesgos asociados a la salud a los entornos donde conviven adolescentes y j\u00f3venes, para ayudarles a decidir en la elecci\u00f3n de las opciones m\u00e1s saludables en cuanto a los estilos de vida.<\/p>\n<p><strong>ALUMNOS A LOS QUE VA DIRIGIDO<\/strong>: TODO EL ALUMNADO DEL CENTRO Y ANEXO<\/p>\n<p><a href=\"http:\/\/iesmediterraneoformajoven20-21.blogspot.com\/\"><span style=\"font-size: 14pt\"><strong>Enlace al blog del proyecto<\/strong><\/span><\/a><\/p>\n<p><strong>Enlace a la web Forma Joven<\/strong>: <a href=\"https:\/\/www.formajoven.org\/\">https:\/\/www.formajoven.org\/<\/a><\/p>\n","protected":false},"excerpt":{"rendered":"<p>FORMA JOVEN EN EL \u00c1MBITO EDUCATIVO &nbsp; &nbsp; &nbsp; NOMBRE:&nbsp; FORMA JOVEN COORDINADORA: AMOR \u00daNICA FERN\u00c1NDEZ PROFESORADO QUE PARTICIPA: Alba Almendros, Naomi&nbsp;&nbsp;&nbsp;&nbsp;&nbsp;&nbsp;&nbsp;&nbsp;&nbsp;&nbsp;&nbsp;&nbsp;&nbsp;&nbsp;&nbsp;&nbsp;&nbsp;&nbsp;&nbsp;&nbsp;&nbsp;&nbsp;&nbsp; Alonso Rodr\u00edguez, Salvador Barros L\u00f3pez, Manuel&nbsp;&nbsp;&nbsp;&nbsp;&nbsp;&nbsp;&nbsp;&nbsp;&nbsp;&nbsp;&nbsp;&nbsp;&nbsp;&nbsp;&nbsp;&nbsp;&nbsp;&nbsp;&nbsp;&nbsp;&nbsp;&nbsp;&nbsp;&nbsp;&nbsp;&nbsp; Choin Malag\u00f3n, Carlos Gustavo Damas Cerda,&#46;&#46;&#46;<\/p>\n","protected":false},"author":5102,"featured_media":0,"parent":0,"menu_order":0,"comment_status":"closed","ping_status":"closed","template":"page-template-full.php","meta":{"ngg_post_thumbnail":0,"footnotes":""},"aioseo_notices":[],"_links":{"self":[{"href":"https:\/\/blogsaverroes.juntadeandalucia.es\/iesmediterraneo\/wp-json\/wp\/v2\/pages\/1915"}],"collection":[{"href":"https:\/\/blogsaverroes.juntadeandalucia.es\/iesmediterraneo\/wp-json\/wp\/v2\/pages"}],"about":[{"href":"https:\/\/blogsaverroes.juntadeandalucia.es\/iesmediterraneo\/wp-json\/wp\/v2\/types\/page"}],"author":[{"embeddable":true,"href":"https:\/\/blogsaverroes.juntadeandalucia.es\/iesmediterraneo\/wp-json\/wp\/v2\/users\/5102"}],"replies":[{"embeddable":true,"href":"https:\/\/blogsaverroes.juntadeandalucia.es\/iesmediterraneo\/wp-json\/wp\/v2\/comments?post=1915"}],"version-history":[{"count":5,"href":"https:\/\/blogsaverroes.juntadeandalucia.es\/iesmediterraneo\/wp-json\/wp\/v2\/pages\/1915\/revisions"}],"predecessor-version":[{"id":1923,"href":"https:\/\/blogsaverroes.juntadeandalucia.es\/iesmediterraneo\/wp-json\/wp\/v2\/pages\/1915\/revisions\/1923"}],"wp:attachment":[{"href":"https:\/\/blogsaverroes.juntadeandalucia.es\/iesmediterraneo\/wp-json\/wp\/v2\/media?parent=1915"}],"curies":[{"name":"wp","href":"https:\/\/api.w.org\/{rel}","templated":true}]}}