{"id":197,"date":"2017-06-13T11:39:55","date_gmt":"2017-06-13T11:39:55","guid":{"rendered":"https:\/\/blogsaverroes.juntadeandalucia.es\/iesmediterraneo\/?page_id=197"},"modified":"2024-07-18T06:30:26","modified_gmt":"2024-07-18T06:30:26","slug":"organigrama","status":"publish","type":"page","link":"https:\/\/blogsaverroes.juntadeandalucia.es\/iesmediterraneo\/centro\/organigrama\/","title":{"rendered":"ORGANIGRAMA"},"content":{"rendered":"<h1 style=\"text-align: left\"><span style=\"color: #008000\">EQUIPO DIRECTIVO<\/span><\/h1>\n<table style=\"width: 82.5638%\">\n<tbody>\n<tr style=\"height: 3.875px\">\n<td style=\"width: 32.0269%;height: 3.875px;text-align: center\">\n<h3><strong><span style=\"color: #008080\">DIRECCI\u00d3N<\/span><\/strong><\/h3>\n<\/td>\n<td style=\"width: 42.8092%;height: 3.875px;text-align: center\">\n<h3><strong><span style=\"color: #008080\">JEFATURA DE ESTUDIOS<\/span><\/strong><\/h3>\n<\/td>\n<td style=\"width: 39.2298%;height: 3.875px;text-align: center\">\n<h3><strong><span style=\"color: #008080\">SECRETAR\u00cdA<\/span><\/strong><\/h3>\n<\/td>\n<\/tr>\n<tr style=\"height: 24px\">\n<td style=\"width: 32.0269%;height: 24px\">\n<ul>\n<li><strong>Directora<\/strong>: J\u00e9ssica Padial<\/li>\n<li><strong>Vicedirector<\/strong>: Jos\u00e9 Luis Fern\u00e1ndez<\/li>\n<\/ul>\n<\/td>\n<td style=\"width: 42.8092%;height: 24px\">\n<ul>\n<li><strong>Jefa de Estudios<\/strong>: Leila Padial<\/li>\n<li><strong>Jefe de estudios adjunto<\/strong>: Juan Antonio Flores<\/li>\n<\/ul>\n<\/td>\n<td style=\"width: 39.2298%;height: 24px\">\n<ul>\n<li>Gerardo Pe\u00f1a<\/li>\n<\/ul>\n<\/td>\n<\/tr>\n<\/tbody>\n<\/table>\n<h1><a href=\"https:\/\/blogsaverroes.juntadeandalucia.es\/iesmediterraneo\/files\/2020\/10\/organigrama1.png\"><img loading=\"lazy\" decoding=\"async\" class=\"aligncenter size-large wp-image-1837\" src=\"https:\/\/blogsaverroes.juntadeandalucia.es\/iesmediterraneo\/files\/2020\/10\/organigrama1-1024x575.png\" alt=\"\" width=\"1024\" height=\"575\" srcset=\"https:\/\/blogsaverroes.juntadeandalucia.es\/iesmediterraneo\/files\/2020\/10\/organigrama1-1024x575.png 1024w, https:\/\/blogsaverroes.juntadeandalucia.es\/iesmediterraneo\/files\/2020\/10\/organigrama1-300x168.png 300w, https:\/\/blogsaverroes.juntadeandalucia.es\/iesmediterraneo\/files\/2020\/10\/organigrama1-768x431.png 768w, https:\/\/blogsaverroes.juntadeandalucia.es\/iesmediterraneo\/files\/2020\/10\/organigrama1-1536x862.png 1536w, https:\/\/blogsaverroes.juntadeandalucia.es\/iesmediterraneo\/files\/2020\/10\/organigrama1-2048x1149.png 2048w, https:\/\/blogsaverroes.juntadeandalucia.es\/iesmediterraneo\/files\/2020\/10\/organigrama1-24x13.png 24w, https:\/\/blogsaverroes.juntadeandalucia.es\/iesmediterraneo\/files\/2020\/10\/organigrama1-36x20.png 36w, https:\/\/blogsaverroes.juntadeandalucia.es\/iesmediterraneo\/files\/2020\/10\/organigrama1-48x27.png 48w, https:\/\/blogsaverroes.juntadeandalucia.es\/iesmediterraneo\/files\/2020\/10\/organigrama1.png 1600w\" sizes=\"(max-width: 1024px) 100vw, 1024px\" \/><\/a><\/h1>\n<p><a href=\"https:\/\/blogsaverroes.juntadeandalucia.es\/iesmediterraneo\/files\/2020\/10\/organigrama-2.png\"><img loading=\"lazy\" decoding=\"async\" class=\"aligncenter size-large wp-image-1838\" src=\"https:\/\/blogsaverroes.juntadeandalucia.es\/iesmediterraneo\/files\/2020\/10\/organigrama-2-1024x575.png\" alt=\"\" width=\"1024\" height=\"575\" srcset=\"https:\/\/blogsaverroes.juntadeandalucia.es\/iesmediterraneo\/files\/2020\/10\/organigrama-2-1024x575.png 1024w, https:\/\/blogsaverroes.juntadeandalucia.es\/iesmediterraneo\/files\/2020\/10\/organigrama-2-300x168.png 300w, https:\/\/blogsaverroes.juntadeandalucia.es\/iesmediterraneo\/files\/2020\/10\/organigrama-2-768x431.png 768w, https:\/\/blogsaverroes.juntadeandalucia.es\/iesmediterraneo\/files\/2020\/10\/organigrama-2-1536x862.png 1536w, https:\/\/blogsaverroes.juntadeandalucia.es\/iesmediterraneo\/files\/2020\/10\/organigrama-2-2048x1149.png 2048w, https:\/\/blogsaverroes.juntadeandalucia.es\/iesmediterraneo\/files\/2020\/10\/organigrama-2-24x13.png 24w, https:\/\/blogsaverroes.juntadeandalucia.es\/iesmediterraneo\/files\/2020\/10\/organigrama-2-36x20.png 36w, https:\/\/blogsaverroes.juntadeandalucia.es\/iesmediterraneo\/files\/2020\/10\/organigrama-2-48x27.png 48w, https:\/\/blogsaverroes.juntadeandalucia.es\/iesmediterraneo\/files\/2020\/10\/organigrama-2.png 1600w\" sizes=\"(max-width: 1024px) 100vw, 1024px\" \/><\/a><\/p>\n<h1 style=\"text-align: left\"><span style=\"color: #008080\">JEFES\/AS DE DEPARTAMENTO<\/span><\/h1>\n<h1><span style=\"color: #008000\">Curso 2024-2025<\/span><\/h1>\n<table style=\"width: 38.7783%\">\n<tbody>\n<tr>\n<td style=\"width: 35.8922%\">\n<p style=\"text-align: left\"><strong><span style=\"color: #008080\">DEPARTAMENTOS<\/span><\/strong><\/p>\n<\/td>\n<td style=\"width: 34.2973%\">\n<p style=\"text-align: left\"><strong><span style=\"color: #008080\">JEFES\/AS DE DEPARTAMENTO<\/span><\/strong><\/p>\n<\/td>\n<\/tr>\n<tr>\n<td style=\"width: 35.8922%\">FILOSOF\u00cdA<\/td>\n<td style=\"width: 34.2973%\">&nbsp;<\/td>\n<\/tr>\n<tr>\n<td style=\"width: 35.8922%\">GRIEGO-LAT\u00cdN<\/td>\n<td style=\"width: 34.2973%\">&nbsp;<\/td>\n<\/tr>\n<tr>\n<td style=\"width: 35.8922%\">LENGUA CASTELLANA Y LITERATURA<\/td>\n<td style=\"width: 34.2973%\">&nbsp;<\/td>\n<\/tr>\n<tr>\n<td style=\"width: 35.8922%\">GEOGRAF\u00cdA E&nbsp; HISTORIA<\/td>\n<td style=\"width: 34.2973%\">&nbsp;<\/td>\n<\/tr>\n<tr>\n<td style=\"width: 35.8922%\">MATEM\u00c1TICAS<\/td>\n<td style=\"width: 34.2973%\">&nbsp;<\/td>\n<\/tr>\n<tr>\n<td style=\"width: 35.8922%\">F\u00cdSICA Y QU\u00cdMICA<\/td>\n<td style=\"width: 34.2973%\">&nbsp;<\/td>\n<\/tr>\n<tr>\n<td style=\"width: 35.8922%\">BIOLOG\u00cdA Y GEOLOG\u00cdA<\/td>\n<td style=\"width: 34.2973%\">&nbsp;<\/td>\n<\/tr>\n<tr>\n<td style=\"width: 35.8922%\">DIBUJO<\/td>\n<td style=\"width: 34.2973%\">&nbsp;<\/td>\n<\/tr>\n<tr>\n<td style=\"width: 35.8922%\">FRANC\u00c9S<\/td>\n<td style=\"width: 34.2973%\">&nbsp;<\/td>\n<\/tr>\n<tr>\n<td style=\"width: 35.8922%\">INGL\u00c9S<\/td>\n<td style=\"width: 34.2973%\">&nbsp;<\/td>\n<\/tr>\n<tr>\n<td style=\"width: 35.8922%\">M\u00daSICA<\/td>\n<td style=\"width: 34.2973%\">&nbsp;<\/td>\n<\/tr>\n<tr>\n<td style=\"width: 35.8922%\">EDUCACI\u00d3N F\u00cdSICA<\/td>\n<td style=\"width: 34.2973%\">&nbsp;<\/td>\n<\/tr>\n<tr>\n<td style=\"width: 35.8922%\">TECNOLOG\u00cdA<\/td>\n<td style=\"width: 34.2973%\">&nbsp;<\/td>\n<\/tr>\n<tr>\n<td style=\"width: 35.8922%\">INFORM\u00c1TICA<\/td>\n<td style=\"width: 34.2973%\">&nbsp;<\/td>\n<\/tr>\n<tr>\n<td style=\"width: 35.8922%\">ECONOM\u00cdA<\/td>\n<td style=\"width: 34.2973%\">&nbsp;<\/td>\n<\/tr>\n<tr>\n<td style=\"width: 35.8922%\">ORIENTACI\u00d3N<\/td>\n<td style=\"width: 34.2973%\">&nbsp;<\/td>\n<\/tr>\n<tr>\n<td style=\"width: 35.8922%\">HOSTELER\u00cdA<\/td>\n<td style=\"width: 34.2973%\">&nbsp;<\/td>\n<\/tr>\n<tr>\n<td style=\"width: 35.8922%\">FEIE<\/td>\n<td style=\"width: 34.2973%\">&nbsp;<\/td>\n<\/tr>\n<tr>\n<td style=\"width: 35.8922%\">Coord. Biling\u00fce<\/td>\n<td style=\"width: 34.2973%\">&nbsp;<\/td>\n<\/tr>\n<tr>\n<td style=\"width: 70.1895%\" colspan=\"2\">\n<h1 style=\"text-align: left\"><span style=\"font-size: 24pt\"><strong><span style=\"color: #339966\">COORDINADORES\/AS DE \u00c1REA<\/span><\/strong><\/span><\/h1>\n<\/td>\n<\/tr>\n<tr>\n<td style=\"width: 35.8922%\">SOCIO- LING\u00dc\u00cdSTICA<\/td>\n<td style=\"width: 34.2973%\">&nbsp;<\/td>\n<\/tr>\n<tr>\n<td style=\"width: 35.8922%\">CIENT\u00cdFICO-T\u00c9CNICA<\/td>\n<td style=\"width: 34.2973%\">&nbsp;<\/td>\n<\/tr>\n<tr>\n<td style=\"width: 35.8922%\">ARTES<\/td>\n<td style=\"width: 34.2973%\">&nbsp;<\/td>\n<\/tr>\n<tr>\n<td style=\"width: 35.8922%\">FORMACI\u00d3N PROFESIONAL<\/td>\n<td style=\"width: 34.2973%\">&nbsp;<\/td>\n<\/tr>\n<\/tbody>\n<\/table>\n<p><a href=\"https:\/\/blogsaverroes.juntadeandalucia.es\/iesmediterraneo\/files\/2017\/06\/ORGANIGRAMA-17-18.png\">&nbsp;<\/a><\/p>\n","protected":false},"excerpt":{"rendered":"<p>EQUIPO DIRECTIVO DIRECCI\u00d3N JEFATURA DE ESTUDIOS SECRETAR\u00cdA Directora: J\u00e9ssica Padial Vicedirector: Jos\u00e9 Luis Fern\u00e1ndez Jefa de Estudios: Leila Padial Jefe de estudios adjunto: Juan Antonio Flores Gerardo Pe\u00f1a JEFES\/AS DE DEPARTAMENTO Curso 2024-2025 DEPARTAMENTOS&#46;&#46;&#46;<\/p>\n","protected":false},"author":5102,"featured_media":0,"parent":94,"menu_order":0,"comment_status":"closed","ping_status":"closed","template":"page-template-full.php","meta":{"ngg_post_thumbnail":0,"footnotes":""},"aioseo_notices":[],"_links":{"self":[{"href":"https:\/\/blogsaverroes.juntadeandalucia.es\/iesmediterraneo\/wp-json\/wp\/v2\/pages\/197"}],"collection":[{"href":"https:\/\/blogsaverroes.juntadeandalucia.es\/iesmediterraneo\/wp-json\/wp\/v2\/pages"}],"about":[{"href":"https:\/\/blogsaverroes.juntadeandalucia.es\/iesmediterraneo\/wp-json\/wp\/v2\/types\/page"}],"author":[{"embeddable":true,"href":"https:\/\/blogsaverroes.juntadeandalucia.es\/iesmediterraneo\/wp-json\/wp\/v2\/users\/5102"}],"replies":[{"embeddable":true,"href":"https:\/\/blogsaverroes.juntadeandalucia.es\/iesmediterraneo\/wp-json\/wp\/v2\/comments?post=197"}],"version-history":[{"count":22,"href":"https:\/\/blogsaverroes.juntadeandalucia.es\/iesmediterraneo\/wp-json\/wp\/v2\/pages\/197\/revisions"}],"predecessor-version":[{"id":2379,"href":"https:\/\/blogsaverroes.juntadeandalucia.es\/iesmediterraneo\/wp-json\/wp\/v2\/pages\/197\/revisions\/2379"}],"up":[{"embeddable":true,"href":"https:\/\/blogsaverroes.juntadeandalucia.es\/iesmediterraneo\/wp-json\/wp\/v2\/pages\/94"}],"wp:attachment":[{"href":"https:\/\/blogsaverroes.juntadeandalucia.es\/iesmediterraneo\/wp-json\/wp\/v2\/media?parent=197"}],"curies":[{"name":"wp","href":"https:\/\/api.w.org\/{rel}","templated":true}]}}