{"id":2278,"date":"2022-12-13T17:58:57","date_gmt":"2022-12-13T17:58:57","guid":{"rendered":"https:\/\/blogsaverroes.juntadeandalucia.es\/iesmediterraneo\/?page_id=2278"},"modified":"2022-12-13T17:58:57","modified_gmt":"2022-12-13T17:58:57","slug":"aula-de-cine-2","status":"publish","type":"page","link":"https:\/\/blogsaverroes.juntadeandalucia.es\/iesmediterraneo\/aula-de-cine-2\/","title":{"rendered":"Aula de Cine"},"content":{"rendered":"<h2><span style=\"color: #008000\">IES Mediterr\u00e1neo<\/span><\/h2>\n<h2><span style=\"color: #339966\">Proyecto Educativo: Aula de Cine<\/span><\/h2>\n<h3><span style=\"color: #008080\">Curso: 2022-2023<\/span><\/h3>\n<hr>\n<div><a href=\"https:\/\/blogsaverroes.juntadeandalucia.es\/iesmediterraneo\/files\/2022\/12\/cine1.jpeg\"><img loading=\"lazy\" decoding=\"async\" class=\"alignleft wp-image-2279 size-medium\" src=\"https:\/\/blogsaverroes.juntadeandalucia.es\/iesmediterraneo\/files\/2022\/12\/cine1-300x169.jpeg\" alt=\"\" width=\"300\" height=\"169\" srcset=\"https:\/\/blogsaverroes.juntadeandalucia.es\/iesmediterraneo\/files\/2022\/12\/cine1-300x169.jpeg 300w, https:\/\/blogsaverroes.juntadeandalucia.es\/iesmediterraneo\/files\/2022\/12\/cine1.jpeg 728w\" sizes=\"(max-width: 300px) 100vw, 300px\" \/><\/a><\/div>\n<div style=\"text-align: left\"><strong><u>Nombre del proyecto<\/u><\/strong>: Cineforum Mediterr\u00e1neo<\/div>\n<div style=\"text-align: left\"><strong><u>Reto<\/u><\/strong>: Los alumnos crear\u00e1n, con el acompa\u00f1amiento del profesorado, un mural final de recomendaciones cin\u00e9filas de todas los cortometrajes y largometrajes visionados a lo largo del curso acad\u00e9mico. Este mural pretende parecerse a una p\u00e1gina personalizada de votaci\u00f3n y recomendaci\u00f3n de pel\u00edculas como, por ejemplo, Filmaffinity. De esta manera, se pretende potenciar el esp\u00edritu cr\u00edtico del alumnado, as\u00ed como su conocimiento sobre el cine espa\u00f1ol y extranjero tanto actual como pasado.<\/div>\n<div style=\"text-align: left\"><strong><u>Proyecto final<\/u><\/strong>:&nbsp;El mural ser\u00e1 dividido por g\u00e9neros (terror, animaci\u00f3n, fantas\u00eda, comedia, drama\u2026) y por orden cronol\u00f3gico. En \u00e9l se ver\u00e1n las rese\u00f1as y votaciones de los propios alumnos sobre las pel\u00edculas vistas tanto en castellano, as\u00ed como en ingl\u00e9s y\/o franc\u00e9s. En este mural estar\u00e1n incluidas las portadas de las pel\u00edculas, una breve sinopsis de las mismas, el reparto, a\u00f1o de estreno, director\/a, as\u00ed como la cr\u00edtica y votaci\u00f3n del alumnado de cada pel\u00edcula. Este mural se ir\u00e1 realizando poco a poco a lo largo de todo el curso, pero el producto final ser\u00e1 visto en el mes de mayo o junio de 2023 en el pasillo central del instituto. Por otro lado, cada rese\u00f1a de las pel\u00edculas de este mural puede ir acompa\u00f1ada de un c\u00f3digo QR que llevar\u00e1 a un v\u00eddeo realizado por los alumnos donde har\u00e1n una cr\u00edtica de las pel\u00edculas o una sinopsis de la misma con elementos visuales que la representan, etc.<\/div>\n","protected":false},"excerpt":{"rendered":"<p>IES Mediterr\u00e1neo Proyecto Educativo: Aula de Cine Curso: 2022-2023 Nombre del proyecto: Cineforum Mediterr\u00e1neo Reto: Los alumnos crear\u00e1n, con el acompa\u00f1amiento del profesorado, un mural final de recomendaciones cin\u00e9filas de todas los cortometrajes y&#46;&#46;&#46;<\/p>\n","protected":false},"author":5102,"featured_media":0,"parent":0,"menu_order":0,"comment_status":"closed","ping_status":"closed","template":"page-template-full.php","meta":{"ngg_post_thumbnail":0,"footnotes":""},"aioseo_notices":[],"_links":{"self":[{"href":"https:\/\/blogsaverroes.juntadeandalucia.es\/iesmediterraneo\/wp-json\/wp\/v2\/pages\/2278"}],"collection":[{"href":"https:\/\/blogsaverroes.juntadeandalucia.es\/iesmediterraneo\/wp-json\/wp\/v2\/pages"}],"about":[{"href":"https:\/\/blogsaverroes.juntadeandalucia.es\/iesmediterraneo\/wp-json\/wp\/v2\/types\/page"}],"author":[{"embeddable":true,"href":"https:\/\/blogsaverroes.juntadeandalucia.es\/iesmediterraneo\/wp-json\/wp\/v2\/users\/5102"}],"replies":[{"embeddable":true,"href":"https:\/\/blogsaverroes.juntadeandalucia.es\/iesmediterraneo\/wp-json\/wp\/v2\/comments?post=2278"}],"version-history":[{"count":6,"href":"https:\/\/blogsaverroes.juntadeandalucia.es\/iesmediterraneo\/wp-json\/wp\/v2\/pages\/2278\/revisions"}],"predecessor-version":[{"id":2285,"href":"https:\/\/blogsaverroes.juntadeandalucia.es\/iesmediterraneo\/wp-json\/wp\/v2\/pages\/2278\/revisions\/2285"}],"wp:attachment":[{"href":"https:\/\/blogsaverroes.juntadeandalucia.es\/iesmediterraneo\/wp-json\/wp\/v2\/media?parent=2278"}],"curies":[{"name":"wp","href":"https:\/\/api.w.org\/{rel}","templated":true}]}}