{"id":68,"date":"2019-10-23T13:08:02","date_gmt":"2019-10-23T12:08:02","guid":{"rendered":"https:\/\/evelyntic.000webhostapp.com\/?page_id=68"},"modified":"2019-10-23T13:08:02","modified_gmt":"2019-10-23T12:08:02","slug":"elementor-68","status":"publish","type":"page","link":"https:\/\/blogsaverroes.juntadeandalucia.es\/iesmgr\/elementor-68\/","title":{"rendered":"Elementor #68"},"content":{"rendered":"<h2>PROYECTO BILING\u00dcE<\/h2>\n<h2>IES Mart\u00edn Garcia Ramos<\/h2>\n<p>\t\t\t\t\t\t\t\t\t\t<img decoding=\"async\" src=\"https:\/\/blogsaverroes.juntadeandalucia.es\/iesmgr\/files\/2019\/11\/1479204081-92446770f95ce141-68b4-4381-af0f-37dabcba08cb.jpg\" title=\"1479204081-92446770f95ce141-68b4-4381-af0f-37dabcba08cb\" alt=\"1479204081-92446770f95ce141-68b4-4381-af0f-37dabcba08cb\" \/>\t\t\t\t\t\t\t\t\t\t\t<\/p>\n<p>Desde el a\u00f1o 2008 el centro Martin Garc\u00eda Ramos cuenta con un proyecto biling\u00fce que permite a los alumnos disfrutar y aprender del idioma universal y dominante.<\/p>\n<p>\u00a0<\/p>\n<p>Para el desarrollo del proyecto biling\u00fce, el centro cuenta con profesorado especialista de ingl\u00e9s y con profesorado habilitado para impartir las asignaturas no ling\u00fc\u00edsticas. Asimismo, el centro dispone de profesorado\u00a0 <strong>nativo<\/strong> , especialmente seleccionados para impartir clase en el proyecto.<\/p>\n<h2><i><font style=\"vertical-align: inherit\"><font style=\"vertical-align: inherit\"><font style=\"vertical-align: inherit\"><font style=\"vertical-align: inherit\"><font style=\"vertical-align: inherit\"><font style=\"vertical-align: inherit\"><font style=\"vertical-align: inherit\"><font style=\"vertical-align: inherit\">Asignaturas en las que se imparten clases Biling\u00fces<\/font><\/font><\/font><\/font><\/font><\/font><\/font><\/font><font style=\"vertical-align: inherit\"><\/font><\/i><\/h2>\n<p>\t\t\t\t\t\t\t\t\t\t<img fetchpriority=\"high\" decoding=\"async\" width=\"225\" height=\"225\" src=\"https:\/\/blogsaverroes.juntadeandalucia.es\/iesmgr\/files\/2019\/10\/images-1.jpg\" alt=\"\" \/>\t\t\t\t\t\t\t\t\t\t\t<\/p>\n<ol>\n<li><b>ESO:<\/b> M\u00fasica, E. F, Geograf\u00eda<\/li>\n<li><b>ESO:<\/b> \u00a0M\u00fasica, E. F, Geograf\u00eda y Tecnolog\u00eda<\/li>\n<li><b>ESO:<\/b> Matem\u00e1ticas, Tecnolog\u00eda y E. F<\/li>\n<li><b>ESO:<\/b> Geograf\u00eda y E. F<\/li>\n<\/ol>\n<p><b>CICLO FORMATIVO:<\/b><\/p>\n<p>Grado superior de Administraci\u00f3n y Finanzas:<\/p>\n<ol>\n<li><b>A \/ F:<\/b> Recursos humanos<\/li>\n<li><b>A \/ F:<\/b> Recursos humanos<\/li>\n<\/ol>\n<p>\t\t\t\t\t\t\t\t\t\t<img decoding=\"async\" width=\"1024\" height=\"299\" src=\"https:\/\/blogsaverroes.juntadeandalucia.es\/iesmgr\/files\/2019\/10\/CENTRO-BILINGUE-1024x299.png\" alt=\"\" \/><\/p>\n","protected":false},"excerpt":{"rendered":"<p>PROYECTO BILING\u00dcE IES Mart\u00edn Garcia Ramos Desde el a\u00f1o 2008 el centro Martin Garc\u00eda Ramos cuenta con un proyecto biling\u00fce que permite a los alumnos disfrutar y aprender del idioma universal y dominante. \u00a0 Para el desarrollo del proyecto biling\u00fce, el centro cuenta con profesorado especialista de ingl\u00e9s y con profesorado habilitado para impartir las [&hellip;]<\/p>\n","protected":false},"author":7698,"featured_media":0,"parent":0,"menu_order":0,"comment_status":"closed","ping_status":"closed","template":"","meta":{"ngg_post_thumbnail":0,"footnotes":"","_mc_calendar":[]},"aioseo_notices":[],"_links":{"self":[{"href":"https:\/\/blogsaverroes.juntadeandalucia.es\/iesmgr\/wp-json\/wp\/v2\/pages\/68"}],"collection":[{"href":"https:\/\/blogsaverroes.juntadeandalucia.es\/iesmgr\/wp-json\/wp\/v2\/pages"}],"about":[{"href":"https:\/\/blogsaverroes.juntadeandalucia.es\/iesmgr\/wp-json\/wp\/v2\/types\/page"}],"author":[{"embeddable":true,"href":"https:\/\/blogsaverroes.juntadeandalucia.es\/iesmgr\/wp-json\/wp\/v2\/users\/7698"}],"replies":[{"embeddable":true,"href":"https:\/\/blogsaverroes.juntadeandalucia.es\/iesmgr\/wp-json\/wp\/v2\/comments?post=68"}],"version-history":[{"count":0,"href":"https:\/\/blogsaverroes.juntadeandalucia.es\/iesmgr\/wp-json\/wp\/v2\/pages\/68\/revisions"}],"wp:attachment":[{"href":"https:\/\/blogsaverroes.juntadeandalucia.es\/iesmgr\/wp-json\/wp\/v2\/media?parent=68"}],"curies":[{"name":"wp","href":"https:\/\/api.w.org\/{rel}","templated":true}]}}