{"id":46648,"date":"2021-11-30T20:56:00","date_gmt":"2021-11-30T18:56:00","guid":{"rendered":"https:\/\/blogsaverroes.juntadeandalucia.es\/iesmiguelservet\/?page_id=46648"},"modified":"2021-11-30T20:56:00","modified_gmt":"2021-11-30T18:56:00","slug":"andalucia-acredita","status":"publish","type":"page","link":"https:\/\/blogsaverroes.juntadeandalucia.es\/iesmiguelservet\/andalucia-acredita\/","title":{"rendered":"ANDALUC\u00cdA ACREDITA"},"content":{"rendered":"<header class=\"portlet-topper\">\n<h1 class=\"portlet-title\"><span class=\"portlet-title-text\">Evaluaci\u00f3n y acreditaci\u00f3n de competencias (Andaluc\u00eda Acredita)<\/span><\/h1>\n<p>Procedimiento que permite obtener una acreditaci\u00f3n oficial a aquellas personas que tienen experiencia laboral demostrable o que han recibido formaci\u00f3n no formal, es decir, formaci\u00f3n realizada fuera del sistema educativo oficial, y directamente relacionada con la cualificaci\u00f3n profesional que desea acreditar.<\/p>\n<\/header>\n<div class=\"portlet-content\">\n<div class=\" portlet-content-container\">\n<div class=\"portlet-body\">\n<div class=\"contenido_portlet \">\n<div class=\"portlet_web\">\n<div class=\"detalle web\">\n<div class=\"contenido_detalle\">\n<section class=\"cuerpo detalle_html\">\n<div class=\"inner_cuerpo\">\n<p><img loading=\"lazy\" decoding=\"async\" class=\"alignleft\" src=\"https:\/\/blogsaverroes.juntadeandalucia.es\/iesmiguelservet\/files\/2021\/11\/Logo-PRTR-tres-lineas_COLOR.png\" alt=\"\" width=\"300\" height=\"169\"\/><\/p>\n<p class=\"marco\">Se realiza a trav\u00e9s de convocatorias:<\/p>\n<ul>\n<li>de car\u00e1cter general, dirigidas&nbsp;a la poblaci\u00f3n general (prioridad de admisi\u00f3n a personas residentes en Andaluc\u00eda).<\/li>\n<li>de car\u00e1cter espec\u00edfico, derivadas de convenios de colaboraci\u00f3n realizados con entidades u organismos que as\u00ed lo hayan demandado, y dirigidas a las personas que trabajen para ellos o que cumplan unos requisitos determinados.<\/li>\n<\/ul>\n<p class=\"marco\">Acreditaci\u00f3n que se consigue:<img loading=\"lazy\" decoding=\"async\" class=\"alignright\" src=\"https:\/\/blogsaverroes.juntadeandalucia.es\/iesmiguelservet\/files\/2021\/11\/ES-Financiado-por-la-Uni\u00f3n-Europea_POS.png\" alt=\"\" width=\"300\" height=\"88\"\/><\/p>\n<ul>\n<li><strong>Cualificaci\u00f3n profesional completa<\/strong>: la persona demuestra tener todos los conocimientos y capacidades necesarias para dar respuesta a una determinada ocupaci\u00f3n o puesto de trabajo. Niveles: 1, 2 \u00f3 3, seg\u00fan el grado de conocimiento, autonom\u00eda y responsabilidad requerido para&nbsp; realizar la actividad laboral. Posibilidad de solicitar el correspondiente certificado de profesionalidad, si existiese.<\/li>\n<li><strong>Unidades de competencia de una cualificaci\u00f3n profesional:<\/strong>&nbsp;la persona demuestra tener algunos de los conocimientos y capacidades necesarias para dar respuesta a una determinada ocupaci\u00f3n o puesto de trabajo. Una cualificaci\u00f3n profesional, por tanto, est\u00e1 compuesta por varias unidades de competencia.<\/li>\n<\/ul>\n<p class=\"marco\">&nbsp;Validez:<\/p>\n<ul>\n<li>Territorio nacional.<\/li>\n<\/ul>\n<p>En Andaluc\u00eda, el procedimiento de evaluaci\u00f3n y acreditaci\u00f3n de competencias profesionales se denomina&nbsp;<strong>\u00abAndaluc\u00eda Acredita\u00bb.<\/strong>&nbsp;<\/p>\n<h1 class=\"titulo\"><a href=\"https:\/\/www.juntadeandalucia.es\/educacion\/portals\/web\/iacp\/contenidos\/-\/contenidos\/detalle\/orden-de-8-de-junio-de-2021-conjunta-de-la-consejeria-de-empleo-formacion-y-trabajo-autonomo-y-de-la-consejeria-de-1t28n37fpk5ot\" target=\"_blank\" rel=\"noopener noreferrer\">Orden Acredita Andaluc\u00eda<\/a><\/h1>\n<p><img loading=\"lazy\" decoding=\"async\" src=\"https:\/\/blogsaverroes.juntadeandalucia.es\/iesmiguelservet\/files\/2021\/11\/MEFPsinFSE.png\" alt=\"\" width=\"450\" height=\"119\"\/><\/p>\n<\/div>\n<\/section>\n<\/div>\n<\/div>\n<\/div>\n<\/div>\n<\/div>\n<\/div>\n<\/div>\n","protected":false},"excerpt":{"rendered":"<p>Evaluaci\u00f3n y acreditaci\u00f3n de competencias (Andaluc\u00eda Acredita) Procedimiento que permite obtener una acreditaci\u00f3n oficial a aquellas personas que tienen experiencia laboral demostrable o que han recibido formaci\u00f3n no formal, es decir, formaci\u00f3n realizada fuera&#46;&#46;&#46;<\/p>\n","protected":false},"author":3727,"featured_media":46374,"parent":0,"menu_order":0,"comment_status":"closed","ping_status":"closed","template":"","meta":{"ngg_post_thumbnail":0,"footnotes":"","_mc_calendar":[]},"aioseo_notices":[],"_links":{"self":[{"href":"https:\/\/blogsaverroes.juntadeandalucia.es\/iesmiguelservet\/wp-json\/wp\/v2\/pages\/46648"}],"collection":[{"href":"https:\/\/blogsaverroes.juntadeandalucia.es\/iesmiguelservet\/wp-json\/wp\/v2\/pages"}],"about":[{"href":"https:\/\/blogsaverroes.juntadeandalucia.es\/iesmiguelservet\/wp-json\/wp\/v2\/types\/page"}],"author":[{"embeddable":true,"href":"https:\/\/blogsaverroes.juntadeandalucia.es\/iesmiguelservet\/wp-json\/wp\/v2\/users\/3727"}],"replies":[{"embeddable":true,"href":"https:\/\/blogsaverroes.juntadeandalucia.es\/iesmiguelservet\/wp-json\/wp\/v2\/comments?post=46648"}],"version-history":[{"count":4,"href":"https:\/\/blogsaverroes.juntadeandalucia.es\/iesmiguelservet\/wp-json\/wp\/v2\/pages\/46648\/revisions"}],"predecessor-version":[{"id":46655,"href":"https:\/\/blogsaverroes.juntadeandalucia.es\/iesmiguelservet\/wp-json\/wp\/v2\/pages\/46648\/revisions\/46655"}],"wp:featuredmedia":[{"embeddable":true,"href":"https:\/\/blogsaverroes.juntadeandalucia.es\/iesmiguelservet\/wp-json\/wp\/v2\/media\/46374"}],"wp:attachment":[{"href":"https:\/\/blogsaverroes.juntadeandalucia.es\/iesmiguelservet\/wp-json\/wp\/v2\/media?parent=46648"}],"curies":[{"name":"wp","href":"https:\/\/api.w.org\/{rel}","templated":true}]}}