{"id":47229,"date":"2022-03-11T12:36:09","date_gmt":"2022-03-11T10:36:09","guid":{"rendered":"https:\/\/blogsaverroes.juntadeandalucia.es\/iesmiguelservet\/?page_id=47229"},"modified":"2025-06-15T22:26:23","modified_gmt":"2025-06-15T20:26:23","slug":"itinerarios-3oeso","status":"publish","type":"page","link":"https:\/\/blogsaverroes.juntadeandalucia.es\/iesmiguelservet\/itinerarios-3oeso\/","title":{"rendered":"Itinerarios 3\u00ba ESO"},"content":{"rendered":"<h3 style=\"text-align: center\"><span style=\"color: #008000\">Estructura y distribuci\u00f3n de materias cursadas en cada nivel educativo<\/span><\/h3>\n<table style=\"border-collapse: collapse;width: 100%;height: 213px\">\n<tbody>\n<tr style=\"height: 75px\">\n<td style=\"width: 100%;background-color: #f72ad2;height: 12px;border-color: #0d3591;text-align: center\">\n<h2>3\u00ba ESO<\/h2>\n<\/td>\n<\/tr>\n<tr style=\"height: 24px\">\n<td style=\"width: 100%;height: 24px;background-color: #0eedaa;text-align: center\"><strong>MATERIAS COMUNES OBLIGATORIAS<\/strong><\/td>\n<\/tr>\n<tr style=\"height: 152px\">\n<td style=\"width: 100%;height: 23px;background-color: #ffffff\">\n<ul>\n<li style=\"text-align: left\">Lengua Cast. y Literatura (4h)<\/li>\n<li style=\"text-align: left\">Geograf\u00eda &amp; Historia (3h)<\/li>\n<li style=\"text-align: left\">Biolog\u00eda &amp; Geolog\u00eda<strong>*<\/strong> (2h) <span style=\"color: #999999\"><em>&#8211;&gt; <strong>*<\/strong>Esta materia pertenece al Programa de Pluriling\u00fcismo (Ingl\u00e9s).<\/em><\/span><\/li>\n<li style=\"text-align: left\">F\u00edsica y Qu\u00edmica<span style=\"color: #333333\">*<\/span> (3h)<span style=\"color: #999999\"><em> &#8211;&gt; <strong>*<\/strong>Esta materia pertenece al Programa de Pluriling\u00fcismo (Ingl\u00e9s).<\/em><\/span><\/li>\n<li style=\"text-align: left\">Matem\u00e1ticas&nbsp; (4h)<\/li>\n<li style=\"text-align: left\">Ingl\u00e9s (4h)<\/li>\n<li style=\"text-align: left\">Educaci\u00f3n F\u00edsica<strong>*<\/strong> (2h)<em><span style=\"color: #999999\"> &#8211;&gt; <strong>*<\/strong>Esta materia pertenece al Programa de Pluriling\u00fcismo (Ingl\u00e9s)<\/span><\/em><\/li>\n<li style=\"text-align: left\">Educaci\u00f3n Pl\u00e1stica, Visual y Audiovisual (2h)<\/li>\n<li style=\"text-align: left\">Tecnolog\u00eda y Digitalizaci\u00f3n* (2h)<span style=\"color: #999999\"><em> &#8211;&gt;&nbsp; <strong>*<\/strong>Esta materia pertenece al Programa de Pluriling\u00fcismo (Ingl\u00e9s).<\/em><\/span><\/li>\n<\/ul>\n<\/td>\n<\/tr>\n<tr style=\"height: 24px\">\n<td style=\"width: 100%;height: 24px;background-color: #726cf0;text-align: center\"><span style=\"color: #ffffff\"><strong>MATERIAS OPTATIVAS PROPIAS DE LA COMUNIDAD (2h)<\/strong><\/span><\/td>\n<\/tr>\n<tr style=\"height: 104px\">\n<td style=\"width: 100%;height: 104px;background-color: #ffffff\">\n<ul>\n<li style=\"text-align: left\">Se cursa una entre:\n<ul>\n<li style=\"list-style-type: none\">\n<ul>\n<li style=\"text-align: left\">Oratoria y Debate&nbsp;<\/li>\n<li style=\"text-align: left\"><span style=\"color: #0000ff\"><a style=\"color: #0000ff\" href=\"https:\/\/blogsaverroes.juntadeandalucia.es\/iesmiguelservet\/files\/2022\/06\/Presentaci\u00f3n-Taller-Cer\u00e1mica-3\u00baESO.pdf\" target=\"_blank\" rel=\"noopener\">Proyecto Interdisciplinar:&nbsp;<em>Taller de Cer\u00e1mica<\/em><\/a><\/span><\/li>\n<li style=\"text-align: left\">Computaci\u00f3n y Rob\u00f3tica&nbsp;<\/li>\n<li style=\"text-align: left\">Cultura Cl\u00e1sica&nbsp;<\/li>\n<li style=\"text-align: left\"><span style=\"color: #0000ff\"><a style=\"color: #0000ff\" href=\"https:\/\/youtu.be\/fgcZg4qG_hY\" target=\"_blank\" rel=\"noopener\">Franc\u00e9s 2\u00ba Idioma&nbsp;<\/a><\/span><\/li>\n<li style=\"text-align: left\"><a href=\"https:\/\/youtu.be\/5vT2X7Ow840\" target=\"_blank\" rel=\"noopener\"><span style=\"color: #0000ff\">Cultura del Flamenco<\/span><\/a><\/li>\n<\/ul>\n<\/li>\n<\/ul>\n<\/li>\n<\/ul>\n<\/td>\n<\/tr>\n<tr style=\"height: 26px\">\n<td style=\"width: 100%;height: 26px;background-color: #ffffff\"><strong>Elegir una <\/strong>(1h)<strong>:<\/strong> Rel. Cat\u00f3lica \/ Rel. Evang\u00e9lica<sup>&nbsp; &nbsp;<\/sup>\/ Rel. Isl\u00e1mica <sup>&nbsp;<\/sup>\/&nbsp; Rel. Jud\u00eda<sup>&nbsp; <\/sup>\/ Atenci\u00f3n Educativa<\/td>\n<\/tr>\n<\/tbody>\n<\/table>\n<p>&nbsp;<\/p>\n<table style=\"border-collapse: collapse;width: 100%;height: 266px\">\n<tbody>\n<tr style=\"height: 24px\">\n<td style=\"width: 99.9999%;height: 24px;background-color: #962fc2;text-align: center\" colspan=\"3\"><span style=\"color: #ffffff\">PROGRAMA DE DIVERSIFICACI\u00d3N CURRICULAR PRIMER CURSO(3\u00ba ESO)<\/span><\/td>\n<\/tr>\n<tr style=\"height: 24px\">\n<td style=\"width: 33.3333%;height: 24px;text-align: left\">\u00c1mbito Cient\u00edfico-Tecnol\u00f3gico<\/td>\n<td style=\"width: 33.3333%;height: 24px;text-align: center\">&nbsp;BG + FQ + MAT<\/td>\n<td style=\"width: 33.3333%;text-align: center;height: 24px\">8 horas<\/td>\n<\/tr>\n<tr style=\"height: 24px\">\n<td style=\"width: 33.3333%;height: 24px;text-align: left\">\u00c1mbito Ling\u00fc\u00edstico y Social<\/td>\n<td style=\"width: 33.3333%;height: 24px;text-align: center\">&nbsp;GH + LEN + ING<\/td>\n<td style=\"width: 33.3333%;text-align: center;height: 24px\">9 horas<\/td>\n<\/tr>\n<tr style=\"height: 98px\">\n<td style=\"width: 33.3333%;height: 98px;text-align: left\">Materias Comunes Obligatorias<\/td>\n<td style=\"width: 33.3333%;height: 98px\">\n<ul>\n<li style=\"text-align: left\">Educaci\u00f3n F\u00edsica<\/li>\n<li style=\"text-align: left\">Educaci\u00f3n Pl\u00e1stica y Visual<\/li>\n<li style=\"text-align: left\">Tecnolog\u00eda y Digitalizaci\u00f3n<\/li>\n<\/ul>\n<\/td>\n<td style=\"width: 33.3333%;height: 98px\">\n<p style=\"text-align: center\">2 horas (cada una)<\/p>\n<\/td>\n<\/tr>\n<tr style=\"height: 24px\">\n<td style=\"width: 33.3333%;height: 24px;background-color: #726cf0;text-align: center\" colspan=\"3\"><span style=\"color: #ffffff\"><strong>MATERIAS OPTATIVAS PROPIAS DE LA COMUNIDAD (2h)<\/strong><\/span><\/td>\n<\/tr>\n<tr style=\"height: 24px\">\n<td style=\"width: 33.3333%;height: 24px\" colspan=\"3\">\n<ul>\n<li style=\"text-align: left\"><strong>Se cursa <\/strong>Proyecto Interdisciplinar Iniciaci\u00f3n a la Pintura y el Dibujo<\/li>\n<li style=\"text-align: left\"><strong>Una segunda a elegir<\/strong> <strong>entre<\/strong>:\n<ul>\n<li style=\"list-style-type: none\">\n<ul>\n<li style=\"text-align: left\"><a href=\"https:\/\/youtu.be\/fgcZg4qG_hY\" target=\"_blank\" rel=\"noopener\">Franc\u00e9s 2\u00ba Idioma&nbsp;<\/a><\/li>\n<li style=\"text-align: left\">Cultura del Flamenco<\/li>\n<li style=\"text-align: left\"><a href=\"https:\/\/blogsaverroes.juntadeandalucia.es\/iesmiguelservet\/files\/2022\/06\/Presentaci\u00f3n-Taller-Cer\u00e1mica-3\u00baESO.pdf\" target=\"_blank\" rel=\"noopener noreferrer\">Proyecto Interdisciplinar: <em>Taller de Cer\u00e1mica<\/em> <\/a><\/li>\n<li style=\"text-align: left\">Oratoria y Debate&nbsp;<\/li>\n<li style=\"text-align: left\">Computaci\u00f3n y Rob\u00f3tica&nbsp;<\/li>\n<li style=\"text-align: left\">Cultura Cl\u00e1sica&nbsp;<\/li>\n<\/ul>\n<\/li>\n<\/ul>\n<\/li>\n<\/ul>\n<\/td>\n<\/tr>\n<tr style=\"height: 24px\">\n<td style=\"width: 33.3333%;height: 24px;text-align: left\" colspan=\"3\"><strong>Elegir una <\/strong>(1h)<strong>:<\/strong> Rel. Cat\u00f3lica \/ Rel. Evang\u00e9lica<sup>&nbsp; &nbsp;<\/sup>\/ Rel. Isl\u00e1mica <sup>&nbsp;<\/sup>\/&nbsp; Rel. Jud\u00eda<sup>&nbsp; <\/sup>\/ Atenci\u00f3n Educativa<\/td>\n<\/tr>\n<tr style=\"height: 24px\">\n<td style=\"width: 33.3333%;height: 24px\" colspan=\"3\">Tutor\u00eda: 2 horas<\/td>\n<\/tr>\n<\/tbody>\n<\/table>\n","protected":false},"excerpt":{"rendered":"<p>Estructura y distribuci\u00f3n de materias cursadas en cada nivel educativo 3\u00ba ESO MATERIAS COMUNES OBLIGATORIAS Lengua Cast. y Literatura (4h) Geograf\u00eda &amp; Historia (3h) Biolog\u00eda &amp; Geolog\u00eda* (2h) &#8211;&gt; *Esta materia pertenece al Programa&#46;&#46;&#46;<\/p>\n","protected":false},"author":3727,"featured_media":0,"parent":0,"menu_order":0,"comment_status":"closed","ping_status":"closed","template":"","meta":{"ngg_post_thumbnail":0,"footnotes":"","_mc_calendar":[]},"aioseo_notices":[],"_links":{"self":[{"href":"https:\/\/blogsaverroes.juntadeandalucia.es\/iesmiguelservet\/wp-json\/wp\/v2\/pages\/47229"}],"collection":[{"href":"https:\/\/blogsaverroes.juntadeandalucia.es\/iesmiguelservet\/wp-json\/wp\/v2\/pages"}],"about":[{"href":"https:\/\/blogsaverroes.juntadeandalucia.es\/iesmiguelservet\/wp-json\/wp\/v2\/types\/page"}],"author":[{"embeddable":true,"href":"https:\/\/blogsaverroes.juntadeandalucia.es\/iesmiguelservet\/wp-json\/wp\/v2\/users\/3727"}],"replies":[{"embeddable":true,"href":"https:\/\/blogsaverroes.juntadeandalucia.es\/iesmiguelservet\/wp-json\/wp\/v2\/comments?post=47229"}],"version-history":[{"count":30,"href":"https:\/\/blogsaverroes.juntadeandalucia.es\/iesmiguelservet\/wp-json\/wp\/v2\/pages\/47229\/revisions"}],"predecessor-version":[{"id":51727,"href":"https:\/\/blogsaverroes.juntadeandalucia.es\/iesmiguelservet\/wp-json\/wp\/v2\/pages\/47229\/revisions\/51727"}],"wp:attachment":[{"href":"https:\/\/blogsaverroes.juntadeandalucia.es\/iesmiguelservet\/wp-json\/wp\/v2\/media?parent=47229"}],"curies":[{"name":"wp","href":"https:\/\/api.w.org\/{rel}","templated":true}]}}