{"id":48270,"date":"2022-10-03T19:51:56","date_gmt":"2022-10-03T17:51:56","guid":{"rendered":"https:\/\/blogsaverroes.juntadeandalucia.es\/iesmiguelservet\/?page_id=48270"},"modified":"2022-10-25T08:43:01","modified_gmt":"2022-10-25T06:43:01","slug":"miguel-servet-2","status":"publish","type":"page","link":"https:\/\/blogsaverroes.juntadeandalucia.es\/iesmiguelservet\/miguel-servet-2\/","title":{"rendered":"Miguel Servet"},"content":{"rendered":"<table class=\" aligncenter\" style=\"width: 75%\" border=\"0\" width=\"75%\" cellpadding=\"0\">\n<tbody>\n<tr>\n<td style=\"width: 100%\">\n<h3 align=\"justify\"><span style=\"color: #666d0c;font-family: Arial\"><b>Miguel Serveto Conesa, alias \u00abRev\u00e9s\u00bb.<\/b>&nbsp;M\u00c9DICO, TE\u00d3LOGO, FIL\u00d3SOFO&#8230;<\/span><\/h3>\n<p align=\"justify\"><span style=\"color: #666d0c\">Miguel Servet naci\u00f3 el 29 de Septiembre de 1511, en Villanueva de Sigena, en el reino de Arag\u00f3n, en Espa\u00f1a. Su padre era Notario del Monasterio de Sigena y \u00e9l, tras vivir en distintas ciudades europeas se convirti\u00f3 en helenista, ge\u00f3grafo, m\u00e9dico y fil\u00f3sofo. De \u00e9l debemos reconocer sus descubrimientos cient\u00edficos, su abnegaci\u00f3n en favor de los enfermos y pobres, y la indomable independencia de su inteligencia y su conciencia, fruto de la cual&nbsp; fue condenado tanto por la Iglesia Cat\u00f3lica&nbsp; como por los Reformadores (calvinistas).<a href=\"https:\/\/blogsaverroes.juntadeandalucia.es\/iesmiguelservet\/files\/2022\/10\/miguel-servet.jpg\"><img loading=\"lazy\" decoding=\"async\" class=\"size-full wp-image-48268 alignright\" src=\"https:\/\/blogsaverroes.juntadeandalucia.es\/iesmiguelservet\/files\/2022\/10\/miguel-servet.jpg\" alt=\"\" width=\"120\" height=\"147\"\/><\/a><\/span><\/p>\n<p align=\"justify\"><span style=\"color: #666d0c\">Fue quemado en la hoguera para silenciar su figura y obra, lo cual consiguieron hasta que en el siglo XIX comienzan a ser recuperadas.<\/span><\/p>\n<p align=\"justify\"><span style=\"color: #666d0c\">Miguel Servet siempre crey\u00f3 que todo lo que puede ser pensado, puede ser dicho, discutido y hecho. Demasiado atrevido para la \u00e9poca que le toc\u00f3 vivir.<b class=\"credts\">&nbsp;<\/b>Humanista total, estudioso de todas las ciencias y dominador de muchos idiomas<i>.<\/i><\/span><\/p>\n<p align=\"justify\"><span style=\"color: #666d0c\"><a href=\"https:\/\/blogsaverroes.juntadeandalucia.es\/iesmiguelservet\/files\/2022\/10\/ico11.jpg\"><img loading=\"lazy\" decoding=\"async\" class=\"size-full wp-image-48266 alignleft\" src=\"https:\/\/blogsaverroes.juntadeandalucia.es\/iesmiguelservet\/files\/2022\/10\/ico11.jpg\" alt=\"\" width=\"120\" height=\"120\" srcset=\"https:\/\/blogsaverroes.juntadeandalucia.es\/iesmiguelservet\/files\/2022\/10\/ico11.jpg 120w, https:\/\/blogsaverroes.juntadeandalucia.es\/iesmiguelservet\/files\/2022\/10\/ico11-80x80.jpg 80w\" sizes=\"(max-width: 120px) 100vw, 120px\" \/><\/a>En un monumento erigido en su honor en Annemasse (el pueblo franc\u00e9s m\u00e1s cercano a Ginebra, lugar en el que fue ejecutado), en sus cuatro caras&nbsp;<b>se lee la s\u00edntesis<\/b>&nbsp;de lo que fue este personaje:<\/span><\/p>\n<p align=\"justify\"><span style=\"color: #666d0c\">&#8211; <i>\u00abA Miguel Servet ap\u00f3stol de la libre creencia y m\u00e1rtir del libre pensamiento, nacido el 29 de Septiembre de 1511 en Villanueva de Arag\u00f3n, quemado en efigie por la Inquisici\u00f3n cat\u00f3lica el 17 de Junio de 1551, y quemado vivo en Ginebra por instigaci\u00f3n de Calvino el 27 de Octubre de 1553\u00bb<a href=\"https:\/\/blogsaverroes.juntadeandalucia.es\/iesmiguelservet\/files\/2022\/10\/ico16.jpg\"><img loading=\"lazy\" decoding=\"async\" class=\"aligncenter size-full wp-image-48267\" src=\"https:\/\/blogsaverroes.juntadeandalucia.es\/iesmiguelservet\/files\/2022\/10\/ico16.jpg\" alt=\"\" width=\"120\" height=\"120\" srcset=\"https:\/\/blogsaverroes.juntadeandalucia.es\/iesmiguelservet\/files\/2022\/10\/ico16.jpg 120w, https:\/\/blogsaverroes.juntadeandalucia.es\/iesmiguelservet\/files\/2022\/10\/ico16-80x80.jpg 80w\" sizes=\"(max-width: 120px) 100vw, 120px\" \/><\/a><\/i><\/span><\/p>\n<p>&nbsp;<\/td>\n<\/tr>\n<tr>\n<td style=\"width: 100%\"><!--[if lt IE 9]><script>document.createElement('audio');<\/script><![endif]-->\n\t<div class=\"wp-playlist wp-audio-playlist wp-playlist-light\">\n\t\t\t<div class=\"wp-playlist-current-item\"><\/div>\n\t\t<audio controls=\"controls\" preload=\"none\" width=\"640\"\n\t\t\t><\/audio>\n\t<div class=\"wp-playlist-next\"><\/div>\n\t<div class=\"wp-playlist-prev\"><\/div>\n\t<noscript>\n\t<ol>\n\t\t<li><a href='https:\/\/blogsaverroes.juntadeandalucia.es\/iesmiguelservet\/files\/2022\/10\/1.-27oct-Miguel-Servet.mp3'>La vida de Miguel Servet<\/a><\/li>\t<\/ol>\n\t<\/noscript>\n\t<script type=\"application\/json\" class=\"wp-playlist-script\">{\"type\":\"audio\",\"tracklist\":true,\"tracknumbers\":true,\"images\":true,\"artists\":true,\"tracks\":[{\"src\":\"https:\\\/\\\/blogsaverroes.juntadeandalucia.es\\\/iesmiguelservet\\\/files\\\/2022\\\/10\\\/1.-27oct-Miguel-Servet.mp3\",\"type\":\"audio\\\/mpeg\",\"title\":\"La vida de Miguel Servet\",\"caption\":\"\",\"description\":\"\\u00abLa vida de Miguel Servet\\u00bb en SRS 2022-23 por Ana Catalina y Pablo Diaz. G\\u00e9nero: 2022.\",\"meta\":{\"artist\":\"Ana Catalina y Pablo Diaz\",\"album\":\"SRS 2022-23\",\"genre\":\"2022\",\"length_formatted\":\"6:37\"},\"image\":{\"src\":\"https:\\\/\\\/blogsaverroes.juntadeandalucia.es\\\/iesmiguelservet\\\/wp-includes\\\/images\\\/media\\\/audio.png\",\"width\":48,\"height\":64},\"thumb\":{\"src\":\"https:\\\/\\\/blogsaverroes.juntadeandalucia.es\\\/iesmiguelservet\\\/wp-includes\\\/images\\\/media\\\/audio.png\",\"width\":48,\"height\":64}}]}<\/script>\n<\/div>\n\t<\/td>\n<\/tr>\n<tr>\n<td style=\"width: 100%\">\n<p align=\"justify\"><span style=\"color: #666d0c\">Nota: La anterior rese\u00f1a es una breve referencia basada en la informaci\u00f3n facilitada en las siguientes p\u00e1ginas web dedicadas a la figura de Miguel Servet:&nbsp;<\/span><a href=\"http:\/\/es.wikipedia.org\/wiki\/Miguel_Servet\" target=\"_blank\" rel=\"noopener noreferrer\"><span style=\"color: #666d0c\">Wikipedia<\/span><\/a><span style=\"color: #666d0c\">,&nbsp;<\/span><a href=\"http:\/\/www.villanuevadesigena.com\" target=\"_blank\" rel=\"noopener noreferrer\"><span style=\"color: #666d0c\">Villanueva de Sigena<\/span><\/a><span style=\"color: #666d0c\">,<\/span> <span style=\"color: #666d0c\">; Pod\u00e9is consultar la si desea m\u00e1s informaci\u00f3n pinchando en los enlaces, tambi\u00e9n os dejamos estos dos documentales:<\/span><\/p>\n<\/td>\n<\/tr>\n<tr>\n<td style=\"width: 100%\">VER DOCUMENTAL: <a href=\"https:\/\/www.rtve.es\/play\/videos\/con-ciencia\/miguel-servet\/2215667\/\" target=\"_blank\" rel=\"noopener noreferrer\">Miguel Servet (RTVE)<\/a><\/td>\n<\/tr>\n<\/tbody>\n<\/table>\n<p style=\"text-align: center\"><iframe loading=\"lazy\" src=\"\/\/www.youtube.com\/embed\/9MXaZrsqMng\" width=\"560\" height=\"315\" frameborder=\"0\"><\/iframe><\/p>\n","protected":false},"excerpt":{"rendered":"<p>Miguel Serveto Conesa, alias \u00abRev\u00e9s\u00bb.&nbsp;M\u00c9DICO, TE\u00d3LOGO, FIL\u00d3SOFO&#8230; Miguel Servet naci\u00f3 el 29 de Septiembre de 1511, en Villanueva de Sigena, en el reino de Arag\u00f3n, en Espa\u00f1a. Su padre era Notario del Monasterio de&#46;&#46;&#46;<\/p>\n","protected":false},"author":3727,"featured_media":47372,"parent":0,"menu_order":0,"comment_status":"closed","ping_status":"closed","template":"","meta":{"ngg_post_thumbnail":0,"footnotes":"","_mc_calendar":[]},"aioseo_notices":[],"_links":{"self":[{"href":"https:\/\/blogsaverroes.juntadeandalucia.es\/iesmiguelservet\/wp-json\/wp\/v2\/pages\/48270"}],"collection":[{"href":"https:\/\/blogsaverroes.juntadeandalucia.es\/iesmiguelservet\/wp-json\/wp\/v2\/pages"}],"about":[{"href":"https:\/\/blogsaverroes.juntadeandalucia.es\/iesmiguelservet\/wp-json\/wp\/v2\/types\/page"}],"author":[{"embeddable":true,"href":"https:\/\/blogsaverroes.juntadeandalucia.es\/iesmiguelservet\/wp-json\/wp\/v2\/users\/3727"}],"replies":[{"embeddable":true,"href":"https:\/\/blogsaverroes.juntadeandalucia.es\/iesmiguelservet\/wp-json\/wp\/v2\/comments?post=48270"}],"version-history":[{"count":9,"href":"https:\/\/blogsaverroes.juntadeandalucia.es\/iesmiguelservet\/wp-json\/wp\/v2\/pages\/48270\/revisions"}],"predecessor-version":[{"id":48342,"href":"https:\/\/blogsaverroes.juntadeandalucia.es\/iesmiguelservet\/wp-json\/wp\/v2\/pages\/48270\/revisions\/48342"}],"wp:featuredmedia":[{"embeddable":true,"href":"https:\/\/blogsaverroes.juntadeandalucia.es\/iesmiguelservet\/wp-json\/wp\/v2\/media\/47372"}],"wp:attachment":[{"href":"https:\/\/blogsaverroes.juntadeandalucia.es\/iesmiguelservet\/wp-json\/wp\/v2\/media?parent=48270"}],"curies":[{"name":"wp","href":"https:\/\/api.w.org\/{rel}","templated":true}]}}