{"id":51628,"date":"2025-05-29T18:26:33","date_gmt":"2025-05-29T16:26:33","guid":{"rendered":"https:\/\/blogsaverroes.juntadeandalucia.es\/iesmiguelservet\/?page_id=51628"},"modified":"2025-05-29T18:26:33","modified_gmt":"2025-05-29T16:26:33","slug":"certificado-profesional","status":"publish","type":"page","link":"https:\/\/blogsaverroes.juntadeandalucia.es\/iesmiguelservet\/certificado-profesional\/","title":{"rendered":"Certificado Profesional"},"content":{"rendered":"<p>&nbsp;<\/p>\n<p><a href=\"https:\/\/blogsaverroes.juntadeandalucia.es\/iesmiguelservet\/files\/2025\/05\/certificado-profesional-sin-QR.png\"><img loading=\"lazy\" decoding=\"async\" class=\"aligncenter size-full wp-image-51629\" src=\"https:\/\/blogsaverroes.juntadeandalucia.es\/iesmiguelservet\/files\/2025\/05\/certificado-profesional-sin-QR.png\" alt=\"\" width=\"3507\" height=\"4960\" srcset=\"https:\/\/blogsaverroes.juntadeandalucia.es\/iesmiguelservet\/files\/2025\/05\/certificado-profesional-sin-QR.png 1131w, https:\/\/blogsaverroes.juntadeandalucia.es\/iesmiguelservet\/files\/2025\/05\/certificado-profesional-sin-QR-212x300.png 212w, https:\/\/blogsaverroes.juntadeandalucia.es\/iesmiguelservet\/files\/2025\/05\/certificado-profesional-sin-QR-724x1024.png 724w, https:\/\/blogsaverroes.juntadeandalucia.es\/iesmiguelservet\/files\/2025\/05\/certificado-profesional-sin-QR-768x1086.png 768w, https:\/\/blogsaverroes.juntadeandalucia.es\/iesmiguelservet\/files\/2025\/05\/certificado-profesional-sin-QR-1086x1536.png 1086w, https:\/\/blogsaverroes.juntadeandalucia.es\/iesmiguelservet\/files\/2025\/05\/certificado-profesional-sin-QR-1448x2048.png 1448w\" sizes=\"(max-width: 3507px) 100vw, 3507px\" \/><\/a><\/p>\n<h3 style=\"text-align: center\">Qu\u00e9 es el Certificado Profesional<\/h3>\n<p style=\"text-align: justify\">Un certificado de profesionalidad es un documento oficial que acredita las habilidades de una persona para desempe\u00f1ar una profesi\u00f3n.<\/p>\n<p style=\"text-align: justify\">Estar en posesi\u00f3n de un certificado profesional mejora la empleabilidad y la inserci\u00f3n laboral, permite el acceso a profesiones reguladas y facilita el desarrollo profesional.<\/p>\n<p style=\"text-align: justify\">Si te planteas obtener tu certificado profesional debes saber que:<\/p>\n<ul style=\"text-align: justify\">\n<li>es un t\u00edtulo oficial con validez en todo el territorio nacional<\/li>\n<li>es reconocido por el Servicio P\u00fablico de Empleo Estatal (SEPE) y las Comunidades Aut\u00f3nomas<\/li>\n<li>tiene validez a nivel europeo<\/li>\n<li>no es un t\u00edtulo acad\u00e9mico, por lo que no da acceso a estudios de ciclos formativos ni universitarios<\/li>\n<\/ul>\n<table style=\"border-collapse: collapse;width: 100%;height: 48px\">\n<tbody>\n<tr style=\"height: 24px\">\n<td style=\"width: 100%;height: 24px;text-align: center;background-color: #f7f6b7\">\n<h3 dir=\"ltr\">\u27a1 Atenci\u00f3n sociosanitaria a personas dependientes en instituciones sociales<\/h3>\n<\/td>\n<\/tr>\n<tr style=\"height: 24px\">\n<td style=\"width: 100%;height: 24px;text-align: center;background-color: #f7f6b7\">\n<h4 dir=\"ltr\">&nbsp;\u27a1 Nivel b\u00e1sico en Prevenci\u00f3n en Riesgos Laborales<\/h4>\n<\/td>\n<\/tr>\n<\/tbody>\n<\/table>\n<p dir=\"ltr\" style=\"text-align: justify\">SI EST\u00c1S BUSCANDO MEJORAR TU COMPETENCIA LABORAL,&nbsp;ESTA ES TU OPORTUNIDAD<\/p>\n<p dir=\"ltr\" style=\"text-align: justify\">Accede a un sector con alta empleabilidad y gran impacto social: el envejecimiento de la poblaci\u00f3n est\u00e1 generando una gran demanda de profesionales con cualificaci\u00f3n en atenci\u00f3n sociosanitaria.<\/p>\n<p dir=\"ltr\" style=\"text-align: justify\">Con este certificado de Atenci\u00f3n a Personas Dependientes en Instituciones Sociales, te formar\u00e1s para trabajar en residencias de mayores, centros de d\u00eda, hospitales o a domicilio, desarrollando competencias clave para mejorar la calidad de vida de quienes m\u00e1s lo necesitan.<\/p>\n<p dir=\"ltr\" style=\"text-align: justify\">Podr\u00e1s desempe\u00f1ar puestos como:<\/p>\n<ul style=\"text-align: justify\">\n<li dir=\"ltr\">\n<p dir=\"ltr\" role=\"presentation\">Cuidador de minusv\u00e1lidos f\u00edsicos, ps\u00edquicos y sensoriales.<\/p>\n<\/li>\n<li dir=\"ltr\">\n<p dir=\"ltr\" role=\"presentation\">Cuidador de personas dependientes en instituciones: unidades de estancias diurnas, residencias&#8230;<\/p>\n<\/li>\n<li dir=\"ltr\">\n<p dir=\"ltr\" role=\"presentation\">Gerocultor.&nbsp;<\/p>\n<\/li>\n<\/ul>\n<h3 dir=\"ltr\" style=\"text-align: justify\"><span style=\"color: #339966\"><strong>\u00a1Haz de tu vocaci\u00f3n una profesi\u00f3n con futuro! F\u00f3rmate y convi\u00e9rtete en el apoyo que muchas personas necesitan.<\/strong><\/span><\/h3>\n<p dir=\"ltr\" style=\"text-align: justify\">COLECTIVOS PRIORITARIOS:<\/p>\n<p dir=\"ltr\" style=\"text-align: justify\">Se otorgar\u00e1 m\u00e1ximo 1 punto por cada colectivo incluido con un m\u00e1ximo de 5 puntos.<\/p>\n<p dir=\"ltr\" style=\"text-align: justify\">a) Mujeres.<\/p>\n<p dir=\"ltr\" style=\"text-align: justify\">b) Personas menores de 30 a\u00f1os.<\/p>\n<p dir=\"ltr\" style=\"text-align: justify\">c) Personas perceptoras de rentas m\u00ednimas de inserci\u00f3n social o de ingreso m\u00ednimo vital<\/p>\n<p dir=\"ltr\" style=\"text-align: justify\">d) Personas trabajadoras en situaci\u00f3n de desempleo de larga duraci\u00f3n (m\u00ednimo 12 meses consecutivos).<\/p>\n<p dir=\"ltr\" style=\"text-align: justify\">e) Personas mayores de 45 a\u00f1os.<\/p>\n<p dir=\"ltr\" style=\"text-align: justify\">f) Familia numerosa.<\/p>\n<p dir=\"ltr\" style=\"text-align: justify\">g) Mujeres en situaci\u00f3n de vulnerabilidad, v\u00edctimas de violencia de g\u00e9nero.<\/p>\n<p dir=\"ltr\" style=\"text-align: justify\">h) Personas con discapacidad reconocida igual o superior al 33%.<\/p>\n<p dir=\"ltr\" style=\"text-align: justify\">i) Emigrantes andaluces retornados.<\/p>\n<p dir=\"ltr\" style=\"text-align: justify\">j) Personas que han acreditado una o varias unidades o est\u00e1ndares de competencia (en un proceso de reconocimiento de las competencias profesionales adquiridas por experiencia laboral u otras v\u00edas no formales e informales) de la misma familia profesional que se oferta.<\/p>\n<p dir=\"ltr\" style=\"text-align: justify\">k) Personas en posesi\u00f3n de un Grado A, B o C incluido en un Grado D y deseen cursar la acci\u00f3n formativa ofertada por pertenecer al mismo Grado D, o poseer un certificado profesional establecido al amparo del derogado Real Decreto 34\/2008, de 18 de enero que deseen cursar la acci\u00f3n formativa por pertenecer al mismo Grado.<\/p>\n<p dir=\"ltr\" style=\"text-align: justify\">l) Personas en posesi\u00f3n de un modulo profesional del Grado D y deseen cursar el Grado C que lo contiene, o personas que poseen alg\u00fan modulo profesional del Grado C o modulo formativo de los certificados de profesionalidad establecido al amparo del derogado Real Decreto 34\/2008, de 18 de enero que deseen completar dicho Grado.<\/p>\n<p dir=\"ltr\" style=\"text-align: justify\">En los apartados j), k) y l) antes citados, solo se podr\u00e1 baremar una \u00fanica vez la documentaci\u00f3n relacionada tanto con la acreditaci\u00f3n de competencias como la de las acciones formativas.<\/p>\n<p style=\"text-align: justify\">&nbsp;<\/p>\n<p style=\"text-align: justify\">Enlaces de inter\u00e9s:<\/p>\n<ul>\n<li dir=\"ltr\" style=\"text-align: justify\">\n<p dir=\"ltr\" role=\"presentation\"><a href=\"https:\/\/www.todofp.es\/que-estudiar\/grados-c.html\">Todo FP<\/a>&nbsp;<\/p>\n<\/li>\n<li dir=\"ltr\" style=\"text-align: justify\">\n<p dir=\"ltr\" role=\"presentation\"><a href=\"https:\/\/www.juntadeandalucia.es\/educacion\/portales\/web\/formacion-profesional-andaluza\">FP Andaluc\u00eda<\/a><\/p>\n<\/li>\n<li dir=\"ltr\">\n<p dir=\"ltr\" style=\"text-align: justify\" role=\"presentation\"><a href=\"https:\/\/www.juntadeandalucia.es\/temas\/trabajar\/formacion\/certificados.html\">Certificado Profesional Andaluc\u00eda<\/a><\/p>\n<\/li>\n<\/ul>\n","protected":false},"excerpt":{"rendered":"<p>&nbsp; Qu\u00e9 es el Certificado Profesional Un certificado de profesionalidad es un documento oficial que acredita las habilidades de una persona para desempe\u00f1ar una profesi\u00f3n. Estar en posesi\u00f3n de un certificado profesional mejora la&#46;&#46;&#46;<\/p>\n","protected":false},"author":3727,"featured_media":0,"parent":0,"menu_order":0,"comment_status":"closed","ping_status":"closed","template":"","meta":{"ngg_post_thumbnail":0,"footnotes":"","_mc_calendar":[]},"aioseo_notices":[],"_links":{"self":[{"href":"https:\/\/blogsaverroes.juntadeandalucia.es\/iesmiguelservet\/wp-json\/wp\/v2\/pages\/51628"}],"collection":[{"href":"https:\/\/blogsaverroes.juntadeandalucia.es\/iesmiguelservet\/wp-json\/wp\/v2\/pages"}],"about":[{"href":"https:\/\/blogsaverroes.juntadeandalucia.es\/iesmiguelservet\/wp-json\/wp\/v2\/types\/page"}],"author":[{"embeddable":true,"href":"https:\/\/blogsaverroes.juntadeandalucia.es\/iesmiguelservet\/wp-json\/wp\/v2\/users\/3727"}],"replies":[{"embeddable":true,"href":"https:\/\/blogsaverroes.juntadeandalucia.es\/iesmiguelservet\/wp-json\/wp\/v2\/comments?post=51628"}],"version-history":[{"count":1,"href":"https:\/\/blogsaverroes.juntadeandalucia.es\/iesmiguelservet\/wp-json\/wp\/v2\/pages\/51628\/revisions"}],"predecessor-version":[{"id":51630,"href":"https:\/\/blogsaverroes.juntadeandalucia.es\/iesmiguelservet\/wp-json\/wp\/v2\/pages\/51628\/revisions\/51630"}],"wp:attachment":[{"href":"https:\/\/blogsaverroes.juntadeandalucia.es\/iesmiguelservet\/wp-json\/wp\/v2\/media?parent=51628"}],"curies":[{"name":"wp","href":"https:\/\/api.w.org\/{rel}","templated":true}]}}