{"id":4544,"date":"2025-01-31T11:07:34","date_gmt":"2025-01-31T10:07:34","guid":{"rendered":"https:\/\/blogsaverroes.juntadeandalucia.es\/iesmontesorientales\/?page_id=4544"},"modified":"2025-01-31T11:12:56","modified_gmt":"2025-01-31T10:12:56","slug":"nuestros-proyectos","status":"publish","type":"page","link":"https:\/\/blogsaverroes.juntadeandalucia.es\/iesmontesorientales\/nuestros-proyectos\/","title":{"rendered":"Nuestros proyectos"},"content":{"rendered":"<!--themify_builder_content-->\n<div id=\"themify_builder_content-4544\" data-postid=\"4544\" class=\"themify_builder_content themify_builder_content-4544 themify_builder tf_clear\">\n                    <div  data-css_id=\"desx601\" data-lazy=\"1\" class=\"module_row themify_builder_row fullwidth_row_container tb_desx601 tb_first tf_w\">\n                        <div class=\"row_inner col_auto_height gutter-none direction_rtl col_align_bottom tb_col_count_1 tf_box tf_rel\">\n                        <div  data-lazy=\"1\" class=\"module_column tb-column col-full tb_38zx606 first\">\n                            <div  data-lazy=\"1\" class=\"module_subrow themify_builder_sub_row tf_w gutter-none col_align_middle tb_col_count_2 tb_9avb609\">\n                <div  data-lazy=\"1\" class=\"module_column sub_column col2-1 tb_v87o612 first\">\n                    <!-- module image -->\n<div  class=\"module module-image tb_sk2s615 image-center rounded  tf_mw\" data-lazy=\"1\" data-lax-translate-y=\"(vh*0.7) 0,(vh*0) -70\" data-lax=\"true\">\n        <div class=\"image-wrap tf_rel tf_mw\">\n            <a href=\"https:\/\/blogsaverroes.juntadeandalucia.es\/nuestrabiblioteca\/\">\n                   <img loading=\"lazy\" decoding=\"async\" src=\"https:\/\/blogsaverroes.juntadeandalucia.es\/iesmontesorientales\/files\/2015\/03\/lengua-600x399.jpg\" width=\"600\" height=\"399\" class=\"wp-post-image wp-image-2126\" title=\"lengua\" alt=\"lengua\" srcset=\"https:\/\/blogsaverroes.juntadeandalucia.es\/iesmontesorientales\/files\/2015\/03\/lengua-600x399.jpg 600w, https:\/\/blogsaverroes.juntadeandalucia.es\/iesmontesorientales\/files\/2015\/03\/lengua-300x200.jpg 300w, https:\/\/blogsaverroes.juntadeandalucia.es\/iesmontesorientales\/files\/2015\/03\/lengua.jpg 640w\" sizes=\"(max-width: 600px) 100vw, 600px\" \/>        <\/a>\n    \n        <\/div>\n    <!-- \/image-wrap -->\n    \n        <\/div>\n<!-- \/module image -->        <\/div>\n                    <div  data-lazy=\"1\" class=\"module_column sub_column col2-1 tb_nctq619 last\">\n                    <!-- module text -->\n<div  class=\"module module-text tb_a4yi620  repeat \" data-lazy=\"1\">\n        <div  class=\"tb_text_wrap\">\n        <h3><a href=\"https:\/\/blogsaverroes.juntadeandalucia.es\/nuestrabiblioteca\/\">Biblioteca Carmen Garc\u00eda Pinilla<\/a><\/h3>    <\/div>\n<\/div>\n<!-- \/module text -->        <\/div>\n                    <\/div>\n                <div  data-lazy=\"1\" class=\"module_subrow themify_builder_sub_row tf_w gutter-none col_align_middle tb_col_count_2 tb_psy5622\">\n                <div  data-lazy=\"1\" class=\"module_column sub_column col2-1 tb_djvb622 first\">\n                    <!-- module text -->\n<div  class=\"module module-text tb_ep8t623  repeat \" data-lazy=\"1\">\n        <div  class=\"tb_text_wrap\">\n        <h3><a href=\"https:\/\/blogsaverroes.juntadeandalucia.es\/iesmontesorientales\/category\/proyectos-noticias-departamentos\/memoriademocratica\/\">Memoria Democr\u00e1tica<\/a><\/h3>    <\/div>\n<\/div>\n<!-- \/module text -->        <\/div>\n                    <div  data-lazy=\"1\" class=\"module_column sub_column col2-1 tb_u1kn624 last\">\n                    <!-- module image -->\n<div  class=\"module module-image tb_onba627 image-center   tf_mw\" data-lazy=\"1\" data-lax-translate-y=\"(vh*0.7) 0,(vh*0) -70\" data-lax=\"true\">\n        <div class=\"image-wrap tf_rel tf_mw\">\n            <a href=\"https:\/\/blogsaverroes.juntadeandalucia.es\/iesmontesorientales\/category\/proyectos-noticias-departamentos\/memoriademocratica\/\">\n                   <img loading=\"lazy\" decoding=\"async\" src=\"https:\/\/blogsaverroes.juntadeandalucia.es\/iesmontesorientales\/files\/2025\/01\/LOGO-MEMORIA-MONTES-gritos-1-600x614.jpg\" width=\"600\" height=\"614\" class=\"wp-post-image wp-image-4545\" title=\"LOGO MEMORIA MONTES (gritos)-1\" alt=\"LOGO MEMORIA MONTES (gritos)-1\" srcset=\"https:\/\/blogsaverroes.juntadeandalucia.es\/iesmontesorientales\/files\/2025\/01\/LOGO-MEMORIA-MONTES-gritos-1-600x614.jpg 600w, https:\/\/blogsaverroes.juntadeandalucia.es\/iesmontesorientales\/files\/2025\/01\/LOGO-MEMORIA-MONTES-gritos-1-293x300.jpg 293w, https:\/\/blogsaverroes.juntadeandalucia.es\/iesmontesorientales\/files\/2025\/01\/LOGO-MEMORIA-MONTES-gritos-1.jpg 417w\" sizes=\"(max-width: 600px) 100vw, 600px\" \/>        <\/a>\n    \n        <\/div>\n    <!-- \/image-wrap -->\n    \n        <\/div>\n<!-- \/module image -->        <\/div>\n                    <\/div>\n                <div  data-lazy=\"1\" class=\"module_subrow themify_builder_sub_row tf_w gutter-none col_align_middle tb_col_count_2 tb_4noh571\">\n                <div  data-lazy=\"1\" class=\"module_column sub_column col2-1 tb_xu8f572 first\">\n                    <!-- module image -->\n<div  class=\"module module-image tb_fjbf572 image-center   tf_mw\" data-lazy=\"1\" data-lax-translate-y=\"(vh*0.7) 0,(vh*0) -70\" data-lax=\"true\">\n        <div class=\"image-wrap tf_rel tf_mw\">\n            <a href=\"https:\/\/blogsaverroes.juntadeandalucia.es\/iesmontesorientales\/category\/proyectos-noticias-departamentos\/erasmus\/\">\n                   <img loading=\"lazy\" decoding=\"async\" src=\"https:\/\/blogsaverroes.juntadeandalucia.es\/iesmontesorientales\/files\/2022\/02\/EU-flag-Erasmus-600x171.png\" width=\"600\" height=\"171\" class=\"wp-post-image wp-image-3412\" title=\"EU flag-Erasmus+\" alt=\"EU flag-Erasmus+\" srcset=\"https:\/\/blogsaverroes.juntadeandalucia.es\/iesmontesorientales\/files\/2022\/02\/EU-flag-Erasmus-600x171.png 600w, https:\/\/blogsaverroes.juntadeandalucia.es\/iesmontesorientales\/files\/2022\/02\/EU-flag-Erasmus-300x86.png 300w, https:\/\/blogsaverroes.juntadeandalucia.es\/iesmontesorientales\/files\/2022\/02\/EU-flag-Erasmus-768x219.png 768w, https:\/\/blogsaverroes.juntadeandalucia.es\/iesmontesorientales\/files\/2022\/02\/EU-flag-Erasmus.png 943w\" sizes=\"(max-width: 600px) 100vw, 600px\" \/>        <\/a>\n    \n        <\/div>\n    <!-- \/image-wrap -->\n    \n        <\/div>\n<!-- \/module image -->        <\/div>\n                    <div  data-lazy=\"1\" class=\"module_column sub_column col2-1 tb_zy60573 last\">\n                    <!-- module text -->\n<div  class=\"module module-text tb_0g4s573  repeat \" data-lazy=\"1\">\n        <div  class=\"tb_text_wrap\">\n        <h3><a href=\"https:\/\/blogsaverroes.juntadeandalucia.es\/iesmontesorientales\/category\/proyectos-noticias-departamentos\/erasmus\/\">Erasmus+<\/a><\/h3>    <\/div>\n<\/div>\n<!-- \/module text -->        <\/div>\n                    <\/div>\n                <div  data-lazy=\"1\" class=\"module_subrow themify_builder_sub_row tf_w gutter-none col_align_middle tb_col_count_2 tb_a7mb590\">\n                <div  data-lazy=\"1\" class=\"module_column sub_column col2-1 tb_pi1i590 first\">\n                    <!-- module text -->\n<div  class=\"module module-text tb_jqi2591  repeat \" data-lazy=\"1\">\n        <div  class=\"tb_text_wrap\">\n        <h3><a href=\"https:\/\/blogsaverroes.juntadeandalucia.es\/iesmontesorientales\/category\/proyectos-noticias-departamentos\/paz-e-igualdad\/\">Paz e Igualdad<\/a><\/h3>    <\/div>\n<\/div>\n<!-- \/module text -->        <\/div>\n                    <div  data-lazy=\"1\" class=\"module_column sub_column col2-1 tb_y7tl591 last\">\n                    <!-- module image -->\n<div  class=\"module module-image tb_wpzz591 image-center   tf_mw\" data-lazy=\"1\" data-lax-translate-y=\"(vh*0.7) 0,(vh*0) -70\" data-lax=\"true\">\n        <div class=\"image-wrap tf_rel tf_mw\">\n            <a href=\"https:\/\/blogsaverroes.juntadeandalucia.es\/iesmontesorientales\/category\/proyectos-noticias-departamentos\/paz-e-igualdad\/\">\n                   <img loading=\"lazy\" decoding=\"async\" src=\"https:\/\/blogsaverroes.juntadeandalucia.es\/iesmontesorientales\/files\/2022\/02\/igualdad2-600x295.png\" width=\"600\" height=\"295\" class=\"wp-post-image wp-image-3397\" title=\"igualdad2\" alt=\"igualdad2\" srcset=\"https:\/\/blogsaverroes.juntadeandalucia.es\/iesmontesorientales\/files\/2022\/02\/igualdad2-600x295.png 600w, https:\/\/blogsaverroes.juntadeandalucia.es\/iesmontesorientales\/files\/2022\/02\/igualdad2-300x148.png 300w, https:\/\/blogsaverroes.juntadeandalucia.es\/iesmontesorientales\/files\/2022\/02\/igualdad2.png 729w\" sizes=\"(max-width: 600px) 100vw, 600px\" \/>        <\/a>\n    \n        <\/div>\n    <!-- \/image-wrap -->\n    \n        <\/div>\n<!-- \/module image -->        <\/div>\n                    <\/div>\n                <div  data-lazy=\"1\" class=\"module_subrow themify_builder_sub_row tf_w gutter-none col_align_middle tb_col_count_2 tb_fmhu910\">\n                <div  data-lazy=\"1\" class=\"module_column sub_column col2-1 tb_icus911 first\">\n                    <!-- module image -->\n<div  class=\"module module-image tb_2rli912 image-center   tf_mw\" data-lazy=\"1\" data-lax-translate-y=\"(vh*0.7) 0,(vh*0) -70\" data-lax=\"true\">\n        <div class=\"image-wrap tf_rel tf_mw\">\n            <a href=\"https:\/\/blogsaverroes.juntadeandalucia.es\/iesmontesorientales\/category\/proyectos-noticias-departamentos\/ecoescuela\/\">\n                   <img loading=\"lazy\" decoding=\"async\" src=\"https:\/\/blogsaverroes.juntadeandalucia.es\/iesmontesorientales\/files\/2023\/03\/huerto-600x277.png\" width=\"600\" height=\"277\" class=\"wp-post-image wp-image-3800\" title=\"huerto\" alt=\"huerto\" srcset=\"https:\/\/blogsaverroes.juntadeandalucia.es\/iesmontesorientales\/files\/2023\/03\/huerto-600x277.png 600w, https:\/\/blogsaverroes.juntadeandalucia.es\/iesmontesorientales\/files\/2023\/03\/huerto-300x139.png 300w, https:\/\/blogsaverroes.juntadeandalucia.es\/iesmontesorientales\/files\/2023\/03\/huerto.png 675w\" sizes=\"(max-width: 600px) 100vw, 600px\" \/>        <\/a>\n    \n        <\/div>\n    <!-- \/image-wrap -->\n    \n        <\/div>\n<!-- \/module image -->        <\/div>\n                    <div  data-lazy=\"1\" class=\"module_column sub_column col2-1 tb_j043913 last\">\n                    <!-- module text -->\n<div  class=\"module module-text tb_389w914  repeat \" data-lazy=\"1\">\n        <div  class=\"tb_text_wrap\">\n        <h3><a href=\"https:\/\/blogsaverroes.juntadeandalucia.es\/iesmontesorientales\/category\/proyectos-noticias-departamentos\/ecoescuela\/\">Ecoescuela<\/a><\/h3>    <\/div>\n<\/div>\n<!-- \/module text -->        <\/div>\n                    <\/div>\n                <div  data-lazy=\"1\" class=\"module_subrow themify_builder_sub_row tf_w gutter-none col_align_middle tb_col_count_2 tb_lrbb699\">\n                <div  data-lazy=\"1\" class=\"module_column sub_column col2-1 tb_0v7r700 first\">\n                    <!-- module text -->\n<div  class=\"module module-text tb_xfl1700  repeat \" data-lazy=\"1\">\n        <div  class=\"tb_text_wrap\">\n        <h3><a href=\"https:\/\/blogsaverroes.juntadeandalucia.es\/iesmontesorientales\/periodico-entre-montes\/\">Peri\u00f3dico IES Montes Orientales<\/a><\/h3>    <\/div>\n<\/div>\n<!-- \/module text -->        <\/div>\n                    <div  data-lazy=\"1\" class=\"module_column sub_column col2-1 tb_6hmy701 last\">\n                    <!-- module image -->\n<div  class=\"module module-image tb_6rt0701 image-center   tf_mw\" data-lazy=\"1\" data-lax-translate-y=\"(vh*0.7) 0,(vh*0) -70\" data-lax=\"true\">\n        <div class=\"image-wrap tf_rel tf_mw\">\n            <a href=\"https:\/\/blogsaverroes.juntadeandalucia.es\/iesmontesorientales\/periodico-entre-montes\/\">\n                   <img loading=\"lazy\" decoding=\"async\" src=\"https:\/\/blogsaverroes.juntadeandalucia.es\/iesmontesorientales\/files\/2019\/01\/captura30-e1549361055801-600x822.jpg\" width=\"600\" height=\"822\" class=\"wp-post-image wp-image-2884\" title=\"captura30\" alt=\"captura30\" srcset=\"https:\/\/blogsaverroes.juntadeandalucia.es\/iesmontesorientales\/files\/2019\/01\/captura30-e1549361055801-600x822.jpg 600w, https:\/\/blogsaverroes.juntadeandalucia.es\/iesmontesorientales\/files\/2019\/01\/captura30-e1549361055801-219x300.jpg 219w, https:\/\/blogsaverroes.juntadeandalucia.es\/iesmontesorientales\/files\/2019\/01\/captura30-e1549361055801-18x24.jpg 18w, https:\/\/blogsaverroes.juntadeandalucia.es\/iesmontesorientales\/files\/2019\/01\/captura30-e1549361055801-26x36.jpg 26w, https:\/\/blogsaverroes.juntadeandalucia.es\/iesmontesorientales\/files\/2019\/01\/captura30-e1549361055801-35x48.jpg 35w, https:\/\/blogsaverroes.juntadeandalucia.es\/iesmontesorientales\/files\/2019\/01\/captura30-e1549361055801.jpg 560w\" sizes=\"(max-width: 600px) 100vw, 600px\" \/>        <\/a>\n    \n        <\/div>\n    <!-- \/image-wrap -->\n    \n        <\/div>\n<!-- \/module image -->        <\/div>\n                    <\/div>\n                <\/div>\n                        <\/div>\n        <\/div>\n        <\/div>\n<!--\/themify_builder_content-->&nbsp;<\/p>\n<p>&nbsp;<\/p>","protected":false},"excerpt":{"rendered":"<p>Biblioteca Carmen Garc\u00eda Pinilla Memoria Democr\u00e1tica Erasmus+ Paz e Igualdad Ecoescuela Peri\u00f3dico IES Montes Orientales &nbsp; &nbsp;<\/p>\n","protected":false},"author":19994,"featured_media":0,"parent":0,"menu_order":0,"comment_status":"closed","ping_status":"closed","template":"","meta":{"ngg_post_thumbnail":0,"footnotes":"","_mc_calendar":[]},"aioseo_notices":[],"_links":{"self":[{"href":"https:\/\/blogsaverroes.juntadeandalucia.es\/iesmontesorientales\/wp-json\/wp\/v2\/pages\/4544"}],"collection":[{"href":"https:\/\/blogsaverroes.juntadeandalucia.es\/iesmontesorientales\/wp-json\/wp\/v2\/pages"}],"about":[{"href":"https:\/\/blogsaverroes.juntadeandalucia.es\/iesmontesorientales\/wp-json\/wp\/v2\/types\/page"}],"author":[{"embeddable":true,"href":"https:\/\/blogsaverroes.juntadeandalucia.es\/iesmontesorientales\/wp-json\/wp\/v2\/users\/19994"}],"replies":[{"embeddable":true,"href":"https:\/\/blogsaverroes.juntadeandalucia.es\/iesmontesorientales\/wp-json\/wp\/v2\/comments?post=4544"}],"version-history":[{"count":5,"href":"https:\/\/blogsaverroes.juntadeandalucia.es\/iesmontesorientales\/wp-json\/wp\/v2\/pages\/4544\/revisions"}],"predecessor-version":[{"id":4551,"href":"https:\/\/blogsaverroes.juntadeandalucia.es\/iesmontesorientales\/wp-json\/wp\/v2\/pages\/4544\/revisions\/4551"}],"wp:attachment":[{"href":"https:\/\/blogsaverroes.juntadeandalucia.es\/iesmontesorientales\/wp-json\/wp\/v2\/media?parent=4544"}],"curies":[{"name":"wp","href":"https:\/\/api.w.org\/{rel}","templated":true}]}}