{"id":2197,"date":"2024-12-10T19:30:58","date_gmt":"2024-12-10T19:30:58","guid":{"rendered":"https:\/\/blogsaverroes.juntadeandalucia.es\/iesnazari\/?page_id=2197"},"modified":"2025-01-15T20:19:49","modified_gmt":"2025-01-15T20:19:49","slug":"centro","status":"publish","type":"page","link":"https:\/\/blogsaverroes.juntadeandalucia.es\/iesnazari\/centro\/","title":{"rendered":"CENTRO"},"content":{"rendered":"\r\n<p>&nbsp;<\/p>\r\n<p><img loading=\"lazy\" decoding=\"async\" class=\"aligncenter wp-image-2204\" src=\"https:\/\/blogsaverroes.juntadeandalucia.es\/iesnazari\/files\/2024\/12\/FOTO-PANORAMICA_IES-NAZARI-300x142.jpg\" alt=\"\" width=\"562\" height=\"266\" srcset=\"https:\/\/blogsaverroes.juntadeandalucia.es\/iesnazari\/files\/2024\/12\/FOTO-PANORAMICA_IES-NAZARI-300x142.jpg 300w, https:\/\/blogsaverroes.juntadeandalucia.es\/iesnazari\/files\/2024\/12\/FOTO-PANORAMICA_IES-NAZARI-768x362.jpg 768w, https:\/\/blogsaverroes.juntadeandalucia.es\/iesnazari\/files\/2024\/12\/FOTO-PANORAMICA_IES-NAZARI.jpg 1017w\" sizes=\"(max-width: 562px) 100vw, 562px\" \/><\/p>\r\n<p style=\"text-align: center\"><span style=\"font-size: 18pt\"><strong><span class=\"has-inline-color has-black-color\">Nuestro Instituto<\/span><\/strong><\/span><\/p>\r\n\r\n\r\n\r\n<p class=\"has-text-align-center has-normal-font-size\" style=\"text-align: left\"><span class=\"has-inline-color has-black-color\">El Instituto de Educaci\u00f3n Secundar\u00eda Nazar\u00ed es un <strong>centro p\u00fablico pluriling\u00fce<\/strong> localizado en la Villa de Salobre\u00f1a, impartimos clases en espa\u00f1ol, ingl\u00e9s y franc\u00e9s, y en algunas asignaturas optativas nos adentramos en el idioma y la cultura alemanas. Ofertamos ense\u00f1anzas de ESO, C.F. Grado B\u00e1sico en Servicios Comerciales, Bachillerato de Ciencias, Bachillerato de Humanidades y Ciencias Sociales, as\u00ed como Educaci\u00f3n Especial. Adem\u00e1s en nuestro centro es posible obtener acreditaciones oficiales en los idiomas ingl\u00e9s y franc\u00e9s. Recibimos alumnos y alumnas tanto de Salobre\u00f1a como de La Caleta, Lobres, Molv\u00edzar, \u00cdtrabo y Los Gu\u00e1jares.<\/span><\/p>\r\n<p><img loading=\"lazy\" decoding=\"async\" class=\"aligncenter size-medium wp-image-2221\" src=\"https:\/\/blogsaverroes.juntadeandalucia.es\/iesnazari\/files\/2025\/01\/PAJARITAS-DE-LA-PAZ-300x300.jpg\" alt=\"\" width=\"300\" height=\"300\" srcset=\"https:\/\/blogsaverroes.juntadeandalucia.es\/iesnazari\/files\/2025\/01\/PAJARITAS-DE-LA-PAZ-300x300.jpg 300w, https:\/\/blogsaverroes.juntadeandalucia.es\/iesnazari\/files\/2025\/01\/PAJARITAS-DE-LA-PAZ-150x150.jpg 150w, https:\/\/blogsaverroes.juntadeandalucia.es\/iesnazari\/files\/2025\/01\/PAJARITAS-DE-LA-PAZ.jpg 626w\" sizes=\"(max-width: 300px) 100vw, 300px\" \/><\/p>\r\n<h2 class=\"has-text-align-center has-large-font-size\" style=\"text-align: center\"><strong><span class=\"has-inline-color has-black-color\">\u00bfC\u00f3mo somos?<\/span><\/strong><\/h2>\r\n<p class=\"has-text-align-center\"><span class=\"has-inline-color has-black-color\">Fomentamos y trabajamos valores como la democracia, el respeto y la tolerancia, para ofrecer una&nbsp;<strong>formaci\u00f3n integral y global<\/strong>, asimilando valores b\u00e1sicos para mejorar esta sociedad como el esfuerzo, la responsabilidad, la tolerancia y el esp\u00edritu cr\u00edtico. El centro adem\u00e1s se articula a trav\u00e9s de una participaci\u00f3n democr\u00e1tica de todos los agentes de la vida escolar. Difundimos&nbsp;<strong>actitudes de respeto y di\u00e1logo<\/strong>&nbsp;ante la diferencia que evite situaciones de discriminaci\u00f3n o acoso por sexo, raza, religi\u00f3n o discapacidad. Somos conscientes de la diferencias sociales y culturales, y arbitramos medidas de&nbsp;<strong>atenci\u00f3n a la diversidad<\/strong>&nbsp;que compensen deficiencias culturales y curriculares.<\/span><\/p>\r\n<p class=\"has-text-align-center\"><span class=\"has-inline-color has-black-color\">Implantamos una&nbsp;<strong>ense\u00f1anza de calidad&nbsp;<\/strong>que oferte el n\u00famero m\u00e1ximo de posibilidades para la realizaci\u00f3n personal. Nuestro alumnado y nuestra sociedad son cada vez m\u00e1s diversos lo que conlleva crear un sistema que d\u00e9 salida a todas sus demandas ofreciendo posibilidades de desarrollo y lo que es m\u00e1s importante, haci\u00e9ndolos&nbsp;<strong>competentes a la hora de afrontar los significativos cambios sociales<\/strong>&nbsp;que est\u00e1n aconteciendo. En este sentido, nuestro centro contempla la ense\u00f1anza pluriling\u00fce y la formaci\u00f3n en las \u00faltimas tecnolog\u00edas, con una especial atenci\u00f3n y dedicaci\u00f3n tambi\u00e9n al desarrollo de la comprensi\u00f3n lectora y razonamiento matem\u00e1tico como elementos interdisciplinares.<\/span><\/p>\r\n<p class=\"has-text-align-center\"><span class=\"has-inline-color has-black-color\">Difundimos el respeto por los aspectos b\u00e1sicos de la cultura y la historia propia y de la de los dem\u00e1s, as\u00ed como el&nbsp;<strong>patrimonio art\u00edstico y cultural<\/strong>. Procuramos inculcar el aprecio por la creaci\u00f3n art\u00edstica en cualquiera de sus manifestaciones.<\/span><\/p>\r\n<p class=\"has-text-align-center\"><br><span class=\"has-inline-color has-black-color\"><strong>Fomentamos la participaci\u00f3n<\/strong>&nbsp;de todos los miembros de la comunidad educativa. Entre todos conformamos un modelo de educaci\u00f3n m\u00e1s competente, por eso es necesario que ese modelo sea ecl\u00e9ctico, es decir, que re\u00fana las aportaciones de cada sector de la Comunidad escolar y esto se refleja en la participaci\u00f3n conjunta de todos los miembros de la Comunidad en el Consejo Escolar y en diversas actividades: concursos, ferias del libro, homenajes, excursiones y actos diversos.<\/span><\/p>\r\n<p class=\"has-text-align-center\">L<span class=\"has-inline-color has-black-color\">es concedemos una gran importancia a las actividades complementarias y extraescolares<br>porque permiten<strong>&nbsp;reforzar los aprendizajes<\/strong>&nbsp;de las distintas materias conect\u00e1ndolos con la realidad y enriqueciendo la actividad ordinaria. Adem\u00e1s, el Centro se abre a su Comunidad, a su contexto, a la realidad que lo rodea y permanecemos vigilantes para adaptarnos a los posibles cambios sociales y, de esta manera, afrontar con ciertas garant\u00edas de \u00e9xito el aprendizaje de toda la Comunidad Educativa.<\/span><\/p>\r\n\r\n\r\n\r\n<p class=\"has-text-align-center\" style=\"text-align: center\"><strong><a href=\"https:\/\/blogsaverroes.juntadeandalucia.es\/iesnazari\/files\/2024\/12\/PROYECTO-EDUCATIVO_IES-NAZARI-24-25.pdf\"><span class=\"has-inline-color has-luminous-vivid-amber-color\"><span style=\"font-size: 14pt\">Proyecto Educativo del Centro &gt;&gt;<\/span><\/span><\/a><\/strong><\/p>\r\n<p class=\"has-text-align-center has-large-font-size\" style=\"text-align: center\"><span style=\"font-size: 18pt\"><strong><span class=\"has-inline-color has-black-color\">\u00bfC\u00f3mo nos organizamos?<\/span><\/strong><\/span><\/p>\r\n<p class=\"has-text-align-center\"><span class=\"has-inline-color has-black-color\">El Centro se encuentra organizado siguiendo las directrices contempladas en la normativa vigente:<\/span><\/p>\r\n<p class=\"has-text-align-center\" style=\"text-align: left\"><span class=\"has-inline-color has-black-color\"><span style=\"font-size: 14pt\"><strong>I.&nbsp;\u00d3rganos de gobierno del centro:<\/strong><\/span><\/span><\/p>\r\n<p class=\"has-text-align-center\"><strong><br><\/strong><em><strong><span class=\"has-inline-color has-vivid-cyan-blue-color\">Equipo Directivo:<\/span>&nbsp;<\/strong><\/em><span class=\"has-inline-color has-black-color\">formado por una Directora, una Jefa de Estudios, una Jefa de Estudios Adjunta y un Secretario.<\/span><\/p>\r\n<p class=\"has-text-align-center\" style=\"text-align: center\"><a href=\"https:\/\/iesnazari.com\/equipo-directivo\/\"><span class=\"has-inline-color has-luminous-vivid-amber-color\" style=\"font-size: 14pt\"><strong>Ver composici\u00f3n &gt;&gt;<\/strong><\/span><br><\/a><\/p>\r\n<p class=\"has-text-align-center\" style=\"text-align: left\"><span class=\"has-inline-color has-black-color\"><strong>II.&nbsp;\u00d3rganos de participaci\u00f3n en el control y gesti\u00f3n:<\/strong><\/span><strong><br><em><span class=\"has-inline-color has-vivid-cyan-blue-color\">Claustro de Profesores:<\/span><\/em><\/strong>&nbsp;<span class=\"has-inline-color has-black-color\">formado por 56 profesores\/a, que est\u00e1n asignados a los distintos Departamentos Did\u00e1cticos y No Did\u00e1cticos<\/span><br><strong><em><span class=\"has-inline-color has-vivid-cyan-blue-color\">Consejo Escolar:<\/span><\/em><\/strong><span class=\"has-inline-color has-black-color\">&nbsp;formado por el Equipo Directivo, ocho profesores\/as, cinco padres\/madres, cinco alumnos\/as, un representante del PAS y un representante del Ayuntamiento.<\/span><\/p>\r\n<p class=\"has-text-align-center\" style=\"text-align: center\"><a href=\"https:\/\/iesnazari.com\/consejo-escolar\/\"><span class=\"has-inline-color has-luminous-vivid-amber-color\"><strong><span style=\"font-size: 14pt\">Ver composici\u00f3n &gt;&gt;<\/span><\/strong><\/span><\/a><\/p>\r\n<p class=\"has-text-align-center\"><strong><em><span class=\"has-inline-color has-vivid-cyan-blue-color\">Comisiones:<\/span><\/em><\/strong>&nbsp;<span class=\"has-inline-color has-black-color\">Comisi\u00f3n Permanente, Comisi\u00f3n de Convivencia, Comisi\u00f3n de Evaluaci\u00f3n.<\/span><\/p>\r\n<p class=\"has-text-align-center\" style=\"text-align: left\"><span class=\"has-inline-color has-black-color\"><span style=\"font-size: 14pt\"><strong>III.<\/strong>&nbsp;<\/span><strong><span style=\"font-size: 14pt\">\u00d3rganos de coordinaci\u00f3n docente<\/span>.<\/strong><\/span><\/p>\r\n<p class=\"has-text-align-center\" style=\"text-align: left\"><em><span class=\"has-inline-color has-vivid-cyan-blue-color\"><strong>Equipo T\u00e9cnico de Coordinaci\u00f3n Pedag\u00f3gica:&nbsp;<\/strong><\/span><\/em><span class=\"has-inline-color has-black-color\">Constituido por la directora, el jefe de estudios, los coordinadores de \u00e1reas de competencias, la jefa del departamento de orientaci\u00f3n, el jefe de actividades extraescolares y la jefa del departamento de formaci\u00f3n, evaluaci\u00f3n e innovaci\u00f3n educativa. Entre otras competencias se encarga de las l\u00edneas generales de actuaci\u00f3n pedag\u00f3gica y colabora en la elaboraci\u00f3n del Plan de Centro y sus modificaciones.<\/span><\/p>\r\n<p class=\"has-text-align-center\" style=\"text-align: center\"><a href=\"https:\/\/iesnazari.com\/etcp\/\"><span class=\"has-inline-color has-luminous-vivid-amber-color\"><strong><span style=\"font-size: 14pt\">Ver composici\u00f3n &gt;&gt;<\/span><\/strong><br><\/span><\/a><\/p>\r\n<p class=\"has-text-align-center\"><strong><em><span class=\"has-inline-color has-vivid-cyan-blue-color\">\u00c1reas de Competencias:<\/span><\/em><\/strong>&nbsp;<span class=\"has-inline-color has-black-color\">Formadas por los Departamentos Did\u00e1cticos siguiendo las directrices del art. 84 del ROC. Entre sus funciones est\u00e1 la de coordinar las programaciones de los departamentos que forman parte del \u00e1rea, as\u00ed como las actividades y refuerzos.<\/span><br><strong><em><span class=\"has-inline-color has-vivid-cyan-blue-color\">Departamentos did\u00e1cticos:<\/span><\/em><\/strong>&nbsp;<span class=\"has-inline-color has-black-color\">Son los determinados en el Plan de Centro.<\/span><br><strong><em><span class=\"has-inline-color has-vivid-cyan-blue-color\">Departamentos no did\u00e1cticos:<\/span><\/em><\/strong>&nbsp;<span class=\"has-inline-color has-black-color\">Orientaci\u00f3n; Formaci\u00f3n, Evaluaci\u00f3n e Innovaci\u00f3n Educativa (FEIE), y Actividades Complementarias y Extraescolares (DACE)<\/span><\/p>\r\n<p class=\"has-text-align-center\" style=\"text-align: center\"><a href=\"https:\/\/iesnazari.com\/departamentos\/\"><span class=\"has-inline-color has-luminous-vivid-amber-color\"><strong><span style=\"font-size: 14pt\">Ver composici\u00f3n de todos los departamentos &gt;&gt;<\/span><\/strong><br><\/span><\/a><br><strong><em><span class=\"has-inline-color has-vivid-cyan-blue-color\">Equipos docentes:<\/span><\/em><\/strong>&nbsp;<span class=\"has-inline-color has-black-color\">Compuestos por los profesores que imparten docencia en un mismo grupo. Este es el encargado de tomar las decisiones pedag\u00f3gicas y de funcionamiento que afectan al grupo.<\/span><\/p>\r\n<p class=\"has-text-align-center\" style=\"text-align: center\"><a href=\"https:\/\/iesnazari.com\/tutorias-2021-22\/\"><span class=\"has-inline-color has-luminous-vivid-amber-color\"><strong><span style=\"font-size: 14pt\">Ver tutores y tutoras por grupos &gt;&gt;<\/span><\/strong><\/span><\/a><\/p>\r\n<h2 class=\"wp-block-heading has-text-align-center\" style=\"text-align: center\"><strong>NORMAS DE FUNCIONAMIENTO<\/strong><\/h2>\r\n<figure class=\"wp-block-image size-large\"><a href=\"https:\/\/iesnazari.com\/wp-content\/uploads\/2024\/09\/INFORMACION-alumnado-IES-NAZARI-2024-25-1.pdf\" target=\"_blank\" rel=\"noreferrer noopener\"><img loading=\"lazy\" decoding=\"async\" class=\"wp-image-4713 aligncenter\" src=\"https:\/\/iesnazari.com\/wp-content\/uploads\/2024\/09\/FUNCIONAMIENTO-DEL-CENTRO_2024_2025-1024x603.jpg\" alt=\"\" width=\"1024\" height=\"603\"><\/a><\/figure>\r\n<div id=\"mceu_53\" class=\"wp-link-preview\">\r\n<h3 class=\"wp-block-heading has-text-align-center\" style=\"text-align: center\"><a href=\"https:\/\/blogsaverroes.juntadeandalucia.es\/iesnazari\/files\/2025\/01\/PLAN-DE-CONVIVENCIA-2024-2025.pdf\" target=\"_blank\" rel=\"noopener\"><span style=\"font-size: 24pt\"><strong>PLAN DE CONVIVENCIA<\/strong><\/span><\/a><\/h3>\r\n<div class=\"wp-block-image\">\r\n<figure class=\"aligncenter size-full is-resized\"><a href=\"https:\/\/blogsaverroes.juntadeandalucia.es\/iesnazari\/files\/2025\/01\/PLAN-DE-CONVIVENCIA-2024-2025.pdf\" target=\"_blank\" rel=\"noopener\"><img loading=\"lazy\" decoding=\"async\" class=\"wp-image-5003 aligncenter\" src=\"https:\/\/iesnazari.com\/wp-content\/uploads\/2025\/01\/PLAN-DE-CONVIVENCIA_24_25.jpg\" alt=\"\" width=\"406\" height=\"312\"><\/a><\/figure>\r\n<\/div>\r\n<\/div>\r\n","protected":false},"excerpt":{"rendered":"<p>&nbsp; Nuestro Instituto El Instituto de Educaci\u00f3n Secundar\u00eda Nazar\u00ed es un centro p\u00fablico pluriling\u00fce localizado en la Villa de Salobre\u00f1a, impartimos clases en espa\u00f1ol, ingl\u00e9s&hellip;<\/p>\n","protected":false},"author":20124,"featured_media":2204,"parent":0,"menu_order":0,"comment_status":"closed","ping_status":"closed","template":"","meta":{"ngg_post_thumbnail":0,"footnotes":""},"aioseo_notices":[],"_links":{"self":[{"href":"https:\/\/blogsaverroes.juntadeandalucia.es\/iesnazari\/wp-json\/wp\/v2\/pages\/2197"}],"collection":[{"href":"https:\/\/blogsaverroes.juntadeandalucia.es\/iesnazari\/wp-json\/wp\/v2\/pages"}],"about":[{"href":"https:\/\/blogsaverroes.juntadeandalucia.es\/iesnazari\/wp-json\/wp\/v2\/types\/page"}],"author":[{"embeddable":true,"href":"https:\/\/blogsaverroes.juntadeandalucia.es\/iesnazari\/wp-json\/wp\/v2\/users\/20124"}],"replies":[{"embeddable":true,"href":"https:\/\/blogsaverroes.juntadeandalucia.es\/iesnazari\/wp-json\/wp\/v2\/comments?post=2197"}],"version-history":[{"count":16,"href":"https:\/\/blogsaverroes.juntadeandalucia.es\/iesnazari\/wp-json\/wp\/v2\/pages\/2197\/revisions"}],"predecessor-version":[{"id":2230,"href":"https:\/\/blogsaverroes.juntadeandalucia.es\/iesnazari\/wp-json\/wp\/v2\/pages\/2197\/revisions\/2230"}],"wp:featuredmedia":[{"embeddable":true,"href":"https:\/\/blogsaverroes.juntadeandalucia.es\/iesnazari\/wp-json\/wp\/v2\/media\/2204"}],"wp:attachment":[{"href":"https:\/\/blogsaverroes.juntadeandalucia.es\/iesnazari\/wp-json\/wp\/v2\/media?parent=2197"}],"curies":[{"name":"wp","href":"https:\/\/api.w.org\/{rel}","templated":true}]}}