{"id":1082,"date":"2021-12-01T10:39:34","date_gmt":"2021-12-01T09:39:34","guid":{"rendered":"https:\/\/blogsaverroes.juntadeandalucia.es\/iesnuevaspoblaciones\/?page_id=1082"},"modified":"2024-09-26T20:18:37","modified_gmt":"2024-09-26T19:18:37","slug":"fpadministrativo-profesorado","status":"publish","type":"page","link":"https:\/\/blogsaverroes.juntadeandalucia.es\/iesnuevaspoblaciones\/fpadministrativo-profesorado\/","title":{"rendered":"Administrativo &#8211; Profesorado"},"content":{"rendered":"<p>[et_pb_section fb_built=&#8221;1&#8243; _builder_version=&#8221;4.16&#8243; _module_preset=&#8221;default&#8221; global_colors_info=&#8221;{}&#8221;][et_pb_row _builder_version=&#8221;4.16&#8243; _module_preset=&#8221;default&#8221; global_colors_info=&#8221;{}&#8221;][et_pb_column type=&#8221;4_4&#8243; _builder_version=&#8221;4.16&#8243; _module_preset=&#8221;default&#8221; global_colors_info=&#8221;{}&#8221;][et_pb_text _builder_version=&#8221;4.24.2&#8243; _module_preset=&#8221;default&#8221; hover_enabled=&#8221;0&#8243; global_colors_info=&#8221;{}&#8221; sticky_enabled=&#8221;0&#8243;]<\/p>\n<table style=\"width: 71.2736%\">\n<tbody>\n<tr>\n<td style=\"width: 98.9754%\" colspan=\"2\" width=\"475\"><strong>PROFESORADO CURSO 2024\/2025<\/strong><\/td>\n<\/tr>\n<tr>\n<td style=\"width: 50.2049%\" width=\"240\">Isabel Ortiz Serrano<\/td>\n<td style=\"width: 48.7705%\" width=\"233\">Administrativo<\/td>\n<\/tr>\n<tr>\n<td style=\"width: 50.2049%\" width=\"240\">Aurora G\u00f3mez Luque<\/td>\n<td style=\"width: 48.7705%\" width=\"233\">Administrativo<\/td>\n<\/tr>\n<tr>\n<td style=\"width: 50.2049%\" width=\"240\">Carlos Baena Valenzuela<\/td>\n<td style=\"width: 48.7705%\" width=\"233\">Administrativo<\/td>\n<\/tr>\n<tr>\n<td style=\"width: 50.2049%\" width=\"240\">\u00c1ngela M\u00aa Campos Aguilera<\/td>\n<td style=\"width: 48.7705%\" width=\"233\">Administrativo<\/td>\n<\/tr>\n<tr>\n<td style=\"width: 50.2049%\" width=\"240\">Antonia G\u00f3mez Ariza<\/td>\n<td style=\"width: 48.7705%\" width=\"233\">Administrativo<\/td>\n<\/tr>\n<tr>\n<td style=\"width: 50.2049%\" width=\"240\">Rosa Isabel Pardal Castilla<\/td>\n<td style=\"width: 48.7705%\" width=\"233\">Administrativo<\/td>\n<\/tr>\n<tr>\n<td style=\"width: 50.2049%\" width=\"240\">M\u00aa Dolores Gonz\u00e1lez Arroyo<\/td>\n<td style=\"width: 48.7705%\" width=\"233\">Administrativo<\/td>\n<\/tr>\n<tr>\n<td style=\"width: 50.2049%\" width=\"240\">Francisco Jos\u00e9 Barriga Jaime<\/td>\n<td style=\"width: 48.7705%\" width=\"233\">Administrativo<\/td>\n<\/tr>\n<tr>\n<td style=\"width: 50.2049%\" width=\"240\">Nieves Luc\u00eda Cruz<\/td>\n<td style=\"width: 48.7705%\" width=\"233\">Administrativo<\/td>\n<\/tr>\n<tr>\n<td style=\"width: 50.2049%\">Jos\u00e9 Manuel Navarro Conti<\/td>\n<td style=\"width: 48.7705%\">Inform\u00e1tica<\/td>\n<\/tr>\n<tr>\n<td style=\"width: 50.2049%\">Pilar Urbano M\u00e1rmol<\/td>\n<td style=\"width: 48.7705%\">Inform\u00e1tica<\/td>\n<\/tr>\n<tr>\n<td style=\"width: 50.2049%\" width=\"240\">Alicia Blanca Torres Rodr\u00edguez<\/td>\n<td style=\"width: 48.7705%\" width=\"233\">FOL<\/td>\n<\/tr>\n<tr>\n<td style=\"width: 50.2049%\" width=\"240\">Juan Jos\u00e9 P\u00e9rez<\/td>\n<td style=\"width: 48.7705%\" width=\"233\">Ingl\u00e9s<\/td>\n<\/tr>\n<\/tbody>\n<\/table>\n<p>[\/et_pb_text][\/et_pb_column][\/et_pb_row][\/et_pb_section]<\/p>\n","protected":false},"excerpt":{"rendered":"<p>PROFESORADO CURSO 2024\/2025 Isabel Ortiz Serrano Administrativo Aurora G\u00f3mez Luque Administrativo Carlos Baena Valenzuela Administrativo \u00c1ngela M\u00aa Campos Aguilera Administrativo Antonia G\u00f3mez Ariza Administrativo Rosa Isabel Pardal Castilla Administrativo M\u00aa Dolores Gonz\u00e1lez Arroyo Administrativo Francisco Jos\u00e9 Barriga Jaime Administrativo Nieves Luc\u00eda Cruz Administrativo Jos\u00e9 Manuel Navarro Conti Inform\u00e1tica Pilar Urbano M\u00e1rmol Inform\u00e1tica Alicia Blanca Torres [&hellip;]<\/p>\n","protected":false},"author":8313,"featured_media":0,"parent":0,"menu_order":0,"comment_status":"closed","ping_status":"closed","template":"","meta":{"_et_pb_use_builder":"on","_et_pb_old_content":"","_et_gb_content_width":"","ngg_post_thumbnail":0,"footnotes":""},"aioseo_notices":[],"_links":{"self":[{"href":"https:\/\/blogsaverroes.juntadeandalucia.es\/iesnuevaspoblaciones\/wp-json\/wp\/v2\/pages\/1082"}],"collection":[{"href":"https:\/\/blogsaverroes.juntadeandalucia.es\/iesnuevaspoblaciones\/wp-json\/wp\/v2\/pages"}],"about":[{"href":"https:\/\/blogsaverroes.juntadeandalucia.es\/iesnuevaspoblaciones\/wp-json\/wp\/v2\/types\/page"}],"author":[{"embeddable":true,"href":"https:\/\/blogsaverroes.juntadeandalucia.es\/iesnuevaspoblaciones\/wp-json\/wp\/v2\/users\/8313"}],"replies":[{"embeddable":true,"href":"https:\/\/blogsaverroes.juntadeandalucia.es\/iesnuevaspoblaciones\/wp-json\/wp\/v2\/comments?post=1082"}],"version-history":[{"count":4,"href":"https:\/\/blogsaverroes.juntadeandalucia.es\/iesnuevaspoblaciones\/wp-json\/wp\/v2\/pages\/1082\/revisions"}],"predecessor-version":[{"id":3570,"href":"https:\/\/blogsaverroes.juntadeandalucia.es\/iesnuevaspoblaciones\/wp-json\/wp\/v2\/pages\/1082\/revisions\/3570"}],"wp:attachment":[{"href":"https:\/\/blogsaverroes.juntadeandalucia.es\/iesnuevaspoblaciones\/wp-json\/wp\/v2\/media?parent=1082"}],"curies":[{"name":"wp","href":"https:\/\/api.w.org\/{rel}","templated":true}]}}