{"id":2906,"date":"2021-07-26T17:40:32","date_gmt":"2021-07-26T16:40:32","guid":{"rendered":"https:\/\/blogsaverroes.juntadeandalucia.es\/iespabloneruda\/?page_id=2906"},"modified":"2024-09-18T12:42:22","modified_gmt":"2024-09-18T11:42:22","slug":"frances-2","status":"publish","type":"page","link":"https:\/\/blogsaverroes.juntadeandalucia.es\/iespabloneruda\/frances-2\/","title":{"rendered":"FRANC\u00c9S"},"content":{"rendered":"<h2 style=\"text-align: center\"><strong><span style=\"color: #e11a1a\">DEPARTAMENTO DE FRANC\u00c9S<\/span><\/strong><\/h2>\n<p>&nbsp;<\/p>\n<div id=\"1660398845\" class=\"dmRespRow dmDefaultListContentRow u_1660398845\">\n<div id=\"1774546746\" class=\"dmRespColsWrapper\">\n<div id=\"1197288141\" class=\"dmRespCol small-12 medium-12 large-12\">\n<div id=\"1378754534\" class=\"dmNewParagraph\" data-dmtmpl=\"true\" data-element-type=\"paragraph\" data-version=\"5\" data-uialign=\"center\">\n<p class=\"size-18 m-size-13\"><strong><span class=\"font-size-18 m-font-size-13\" style=\"color: #5d91bf\">MIEMBROS DEL DEPARTAMENTO<\/span><\/strong><\/p>\n<ul class=\"defaultList\">\n<li><span class=\"font-size-16 m-font-size-11\" style=\"color: #5d91bf\">M\u00aa Teresa Escobar Zamora (Jefa de Departamento)<\/span><\/li>\n<li class=\"size-16 m-size-11\"><span class=\"font-size-16 m-font-size-11\" style=\"color: #5d91bf\">Asunci\u00f3n Mart\u00ednez Romero de la Osa<\/span><\/li>\n<li class=\"size-16 m-size-11\"><span class=\"font-size-16 m-font-size-11\" style=\"color: #5d91bf\">Cristina Prado Fern\u00e1ndez<\/span><\/li>\n<\/ul>\n<\/div>\n<\/div>\n<p><a title=\"LE COIN DU FRAN\u00c7AIS\" href=\"https:\/\/blogsaverroes.juntadeandalucia.es\/iespabloneruda\/le-coin-du-francais\/\" target=\"_blank\" rel=\"noopener noreferrer\"><span style=\"font-size: 14pt;color: #e11a1a\"><strong>LE COIN DU FRAN\u00c7AIS<\/strong><\/span><\/a><\/p>\n<\/div>\n<\/div>\n","protected":false},"excerpt":{"rendered":"<p>DEPARTAMENTO DE FRANC\u00c9S &nbsp; MIEMBROS DEL DEPARTAMENTO M\u00aa Teresa Escobar Zamora (Jefa de Departamento) Asunci\u00f3n Mart\u00ednez Romero de la Osa Cristina Prado Fern\u00e1ndez LE COIN DU FRAN\u00c7AIS<\/p>\n","protected":false},"author":11374,"featured_media":0,"parent":0,"menu_order":0,"comment_status":"closed","ping_status":"closed","template":"","meta":{"ngg_post_thumbnail":0,"footnotes":"","_mc_calendar":[]},"aioseo_notices":[],"_links":{"self":[{"href":"https:\/\/blogsaverroes.juntadeandalucia.es\/iespabloneruda\/wp-json\/wp\/v2\/pages\/2906"}],"collection":[{"href":"https:\/\/blogsaverroes.juntadeandalucia.es\/iespabloneruda\/wp-json\/wp\/v2\/pages"}],"about":[{"href":"https:\/\/blogsaverroes.juntadeandalucia.es\/iespabloneruda\/wp-json\/wp\/v2\/types\/page"}],"author":[{"embeddable":true,"href":"https:\/\/blogsaverroes.juntadeandalucia.es\/iespabloneruda\/wp-json\/wp\/v2\/users\/11374"}],"replies":[{"embeddable":true,"href":"https:\/\/blogsaverroes.juntadeandalucia.es\/iespabloneruda\/wp-json\/wp\/v2\/comments?post=2906"}],"version-history":[{"count":12,"href":"https:\/\/blogsaverroes.juntadeandalucia.es\/iespabloneruda\/wp-json\/wp\/v2\/pages\/2906\/revisions"}],"predecessor-version":[{"id":6672,"href":"https:\/\/blogsaverroes.juntadeandalucia.es\/iespabloneruda\/wp-json\/wp\/v2\/pages\/2906\/revisions\/6672"}],"wp:attachment":[{"href":"https:\/\/blogsaverroes.juntadeandalucia.es\/iespabloneruda\/wp-json\/wp\/v2\/media?parent=2906"}],"curies":[{"name":"wp","href":"https:\/\/api.w.org\/{rel}","templated":true}]}}