{"id":3138,"date":"2021-08-04T18:49:23","date_gmt":"2021-08-04T17:49:23","guid":{"rendered":"https:\/\/blogsaverroes.juntadeandalucia.es\/iespabloneruda\/?page_id=3138"},"modified":"2021-08-16T18:34:10","modified_gmt":"2021-08-16T17:34:10","slug":"curso-2020-2021","status":"publish","type":"page","link":"https:\/\/blogsaverroes.juntadeandalucia.es\/iespabloneruda\/curso-2020-2021\/","title":{"rendered":"CURSO 2020\/2021"},"content":{"rendered":"<p style=\"text-align: center\"><strong><span style=\"color: #e11a1a\">CURSO 2020\/2021<\/span><\/strong><\/p>\n<p>&nbsp;<\/p>\n<table style=\"border-collapse: collapse;width: 100%\">\n<tbody>\n<tr>\n<td style=\"width: 33.3333%;text-align: left\">\n<p style=\"text-align: center\"><span style=\"color: #e11a1a;font-size: 8pt\"><strong>MATR\u00cdCULAS DE HONOR DE 2\u00ba DE BACHILLERATO Y CICLOS<\/strong><\/span><\/p>\n<\/td>\n<td style=\"width: 33.3333%;text-align: center\"><span style=\"color: #e11a1a;font-size: 8pt\"><strong>DIPLOMAS DE 2\u00ba DE BACHILLERATO Y CICLOS<\/strong><\/span><\/td>\n<td style=\"width: 33.3333%;text-align: center\"><span style=\"font-size: 8pt\"><strong><span style=\"color: #e11a1a\">DIPLOMAS DE 4\u00ba ESO<\/span><\/strong><\/span><\/td>\n<\/tr>\n<tr>\n<td style=\"width: 33.3333%\">\n\t\t<style>\n\t\t\t#gallery-1 {\n\t\t\t\tmargin: auto;\n\t\t\t}\n\t\t\t#gallery-1 .gallery-item {\n\t\t\t\tfloat: left;\n\t\t\t\tmargin-top: 10px;\n\t\t\t\ttext-align: center;\n\t\t\t\twidth: 33%;\n\t\t\t}\n\t\t\t#gallery-1 img {\n\t\t\t\tborder: 2px solid #cfcfcf;\n\t\t\t}\n\t\t\t#gallery-1 .gallery-caption {\n\t\t\t\tmargin-left: 0;\n\t\t\t}\n\t\t\t\/* see gallery_shortcode() in wp-includes\/media.php *\/\n\t\t<\/style>\n\t\t<div id='gallery-1' class='gallery galleryid-3138 gallery-columns-3 gallery-size-thumbnail'><dl class='gallery-item'>\n\t\t\t<dt class='gallery-icon landscape'>\n\t\t\t\t<a href='https:\/\/blogsaverroes.juntadeandalucia.es\/iespabloneruda\/curso-2020-2021\/cruzado-rey\/'><img loading=\"lazy\" decoding=\"async\" width=\"150\" height=\"150\" src=\"https:\/\/blogsaverroes.juntadeandalucia.es\/iespabloneruda\/files\/2021\/08\/CRUZADO-REY-150x150.png\" class=\"attachment-thumbnail size-thumbnail\" alt=\"\" aria-describedby=\"gallery-1-3142\" srcset=\"https:\/\/blogsaverroes.juntadeandalucia.es\/iespabloneruda\/files\/2021\/08\/CRUZADO-REY-150x150.png 150w, https:\/\/blogsaverroes.juntadeandalucia.es\/iespabloneruda\/files\/2021\/08\/CRUZADO-REY-300x300.png 300w, https:\/\/blogsaverroes.juntadeandalucia.es\/iespabloneruda\/files\/2021\/08\/CRUZADO-REY-80x80.png 80w, https:\/\/blogsaverroes.juntadeandalucia.es\/iespabloneruda\/files\/2021\/08\/CRUZADO-REY-320x320.png 320w\" sizes=\"(max-width: 150px) 100vw, 150px\" \/><\/a>\n\t\t\t<\/dt>\n\t\t\t\t<dd class='wp-caption-text gallery-caption' id='gallery-1-3142'>\n\t\t\t\tALEJADRO CRUZADO REY (10)\n\t\t\t\t<\/dd><\/dl><dl class='gallery-item'>\n\t\t\t<dt class='gallery-icon landscape'>\n\t\t\t\t<a href='https:\/\/blogsaverroes.juntadeandalucia.es\/iespabloneruda\/curso-2020-2021\/iglesias-martinez\/'><img loading=\"lazy\" decoding=\"async\" width=\"150\" height=\"150\" src=\"https:\/\/blogsaverroes.juntadeandalucia.es\/iespabloneruda\/files\/2021\/08\/IGLESIAS-MART\u00cdNEZ-150x150.png\" class=\"attachment-thumbnail size-thumbnail\" alt=\"\" aria-describedby=\"gallery-1-3144\" srcset=\"https:\/\/blogsaverroes.juntadeandalucia.es\/iespabloneruda\/files\/2021\/08\/IGLESIAS-MART\u00cdNEZ-150x150.png 150w, https:\/\/blogsaverroes.juntadeandalucia.es\/iespabloneruda\/files\/2021\/08\/IGLESIAS-MART\u00cdNEZ-300x300.png 300w, https:\/\/blogsaverroes.juntadeandalucia.es\/iespabloneruda\/files\/2021\/08\/IGLESIAS-MART\u00cdNEZ-80x80.png 80w, https:\/\/blogsaverroes.juntadeandalucia.es\/iespabloneruda\/files\/2021\/08\/IGLESIAS-MART\u00cdNEZ-320x320.png 320w\" sizes=\"(max-width: 150px) 100vw, 150px\" \/><\/a>\n\t\t\t<\/dt>\n\t\t\t\t<dd class='wp-caption-text gallery-caption' id='gallery-1-3144'>\n\t\t\t\tMANUEL IGLESIAS MART\u00cdNEZ (9.9)\n\t\t\t\t<\/dd><\/dl><dl class='gallery-item'>\n\t\t\t<dt class='gallery-icon landscape'>\n\t\t\t\t<a href='https:\/\/blogsaverroes.juntadeandalucia.es\/iespabloneruda\/curso-2020-2021\/bedmar-correa\/'><img loading=\"lazy\" decoding=\"async\" width=\"150\" height=\"150\" src=\"https:\/\/blogsaverroes.juntadeandalucia.es\/iespabloneruda\/files\/2021\/08\/BEDMAR-CORREA-150x150.png\" class=\"attachment-thumbnail size-thumbnail\" alt=\"\" aria-describedby=\"gallery-1-3140\" srcset=\"https:\/\/blogsaverroes.juntadeandalucia.es\/iespabloneruda\/files\/2021\/08\/BEDMAR-CORREA-150x150.png 150w, https:\/\/blogsaverroes.juntadeandalucia.es\/iespabloneruda\/files\/2021\/08\/BEDMAR-CORREA-300x300.png 300w, https:\/\/blogsaverroes.juntadeandalucia.es\/iespabloneruda\/files\/2021\/08\/BEDMAR-CORREA-80x80.png 80w, https:\/\/blogsaverroes.juntadeandalucia.es\/iespabloneruda\/files\/2021\/08\/BEDMAR-CORREA-320x320.png 320w\" sizes=\"(max-width: 150px) 100vw, 150px\" \/><\/a>\n\t\t\t<\/dt>\n\t\t\t\t<dd class='wp-caption-text gallery-caption' id='gallery-1-3140'>\n\t\t\t\tALBA BEDMAR CORREA (9.8)\n\t\t\t\t<\/dd><\/dl><br style=\"clear: both\" \/><dl class='gallery-item'>\n\t\t\t<dt class='gallery-icon landscape'>\n\t\t\t\t<a href='https:\/\/blogsaverroes.juntadeandalucia.es\/iespabloneruda\/curso-2020-2021\/anarte-garcia\/'><img loading=\"lazy\" decoding=\"async\" width=\"150\" height=\"150\" src=\"https:\/\/blogsaverroes.juntadeandalucia.es\/iespabloneruda\/files\/2021\/08\/ANARTE-GARC\u00cdA-150x150.png\" class=\"attachment-thumbnail size-thumbnail\" alt=\"\" aria-describedby=\"gallery-1-3139\" srcset=\"https:\/\/blogsaverroes.juntadeandalucia.es\/iespabloneruda\/files\/2021\/08\/ANARTE-GARC\u00cdA-150x150.png 150w, https:\/\/blogsaverroes.juntadeandalucia.es\/iespabloneruda\/files\/2021\/08\/ANARTE-GARC\u00cdA-300x300.png 300w, https:\/\/blogsaverroes.juntadeandalucia.es\/iespabloneruda\/files\/2021\/08\/ANARTE-GARC\u00cdA-80x80.png 80w, https:\/\/blogsaverroes.juntadeandalucia.es\/iespabloneruda\/files\/2021\/08\/ANARTE-GARC\u00cdA-320x320.png 320w\" sizes=\"(max-width: 150px) 100vw, 150px\" \/><\/a>\n\t\t\t<\/dt>\n\t\t\t\t<dd class='wp-caption-text gallery-caption' id='gallery-1-3139'>\n\t\t\t\tPABLO ANARTE GARC\u00cdA (9.7)\n\t\t\t\t<\/dd><\/dl><dl class='gallery-item'>\n\t\t\t<dt class='gallery-icon landscape'>\n\t\t\t\t<a href='https:\/\/blogsaverroes.juntadeandalucia.es\/iespabloneruda\/curso-2020-2021\/cabezas-limon\/'><img loading=\"lazy\" decoding=\"async\" width=\"150\" height=\"150\" src=\"https:\/\/blogsaverroes.juntadeandalucia.es\/iespabloneruda\/files\/2021\/08\/CABEZAS-LIM\u00d3N-150x150.png\" class=\"attachment-thumbnail size-thumbnail\" alt=\"\" aria-describedby=\"gallery-1-3141\" srcset=\"https:\/\/blogsaverroes.juntadeandalucia.es\/iespabloneruda\/files\/2021\/08\/CABEZAS-LIM\u00d3N-150x150.png 150w, https:\/\/blogsaverroes.juntadeandalucia.es\/iespabloneruda\/files\/2021\/08\/CABEZAS-LIM\u00d3N-300x300.png 300w, https:\/\/blogsaverroes.juntadeandalucia.es\/iespabloneruda\/files\/2021\/08\/CABEZAS-LIM\u00d3N-80x80.png 80w, https:\/\/blogsaverroes.juntadeandalucia.es\/iespabloneruda\/files\/2021\/08\/CABEZAS-LIM\u00d3N-320x320.png 320w\" sizes=\"(max-width: 150px) 100vw, 150px\" \/><\/a>\n\t\t\t<\/dt>\n\t\t\t\t<dd class='wp-caption-text gallery-caption' id='gallery-1-3141'>\n\t\t\t\tALBA CABEZAS LIM\u00d3N (9.7)\n\t\t\t\t<\/dd><\/dl><dl class='gallery-item'>\n\t\t\t<dt class='gallery-icon landscape'>\n\t\t\t\t<a href='https:\/\/blogsaverroes.juntadeandalucia.es\/iespabloneruda\/curso-2020-2021\/martin-mayor\/'><img loading=\"lazy\" decoding=\"async\" width=\"150\" height=\"150\" src=\"https:\/\/blogsaverroes.juntadeandalucia.es\/iespabloneruda\/files\/2021\/08\/MART\u00cdN-MAYOR-150x150.png\" class=\"attachment-thumbnail size-thumbnail\" alt=\"\" aria-describedby=\"gallery-1-3145\" srcset=\"https:\/\/blogsaverroes.juntadeandalucia.es\/iespabloneruda\/files\/2021\/08\/MART\u00cdN-MAYOR-150x150.png 150w, https:\/\/blogsaverroes.juntadeandalucia.es\/iespabloneruda\/files\/2021\/08\/MART\u00cdN-MAYOR-300x300.png 300w, https:\/\/blogsaverroes.juntadeandalucia.es\/iespabloneruda\/files\/2021\/08\/MART\u00cdN-MAYOR-80x80.png 80w, https:\/\/blogsaverroes.juntadeandalucia.es\/iespabloneruda\/files\/2021\/08\/MART\u00cdN-MAYOR-320x320.png 320w\" sizes=\"(max-width: 150px) 100vw, 150px\" \/><\/a>\n\t\t\t<\/dt>\n\t\t\t\t<dd class='wp-caption-text gallery-caption' id='gallery-1-3145'>\n\t\t\t\tMIGUEL \u00c1NGEL MART\u00cdN MAYOR (\n\t\t\t\t<\/dd><\/dl><br style=\"clear: both\" \/><dl class='gallery-item'>\n\t\t\t<dt class='gallery-icon landscape'>\n\t\t\t\t<a href='https:\/\/blogsaverroes.juntadeandalucia.es\/iespabloneruda\/curso-2020-2021\/martin-sevillano\/'><img loading=\"lazy\" decoding=\"async\" width=\"150\" height=\"150\" src=\"https:\/\/blogsaverroes.juntadeandalucia.es\/iespabloneruda\/files\/2021\/08\/MART\u00cdN-SEVILLANO-150x150.png\" class=\"attachment-thumbnail size-thumbnail\" alt=\"\" aria-describedby=\"gallery-1-3146\" srcset=\"https:\/\/blogsaverroes.juntadeandalucia.es\/iespabloneruda\/files\/2021\/08\/MART\u00cdN-SEVILLANO-150x150.png 150w, https:\/\/blogsaverroes.juntadeandalucia.es\/iespabloneruda\/files\/2021\/08\/MART\u00cdN-SEVILLANO-300x300.png 300w, https:\/\/blogsaverroes.juntadeandalucia.es\/iespabloneruda\/files\/2021\/08\/MART\u00cdN-SEVILLANO-80x80.png 80w, https:\/\/blogsaverroes.juntadeandalucia.es\/iespabloneruda\/files\/2021\/08\/MART\u00cdN-SEVILLANO-320x320.png 320w\" sizes=\"(max-width: 150px) 100vw, 150px\" \/><\/a>\n\t\t\t<\/dt>\n\t\t\t\t<dd class='wp-caption-text gallery-caption' id='gallery-1-3146'>\n\t\t\t\tDAR\u00cdO  MART\u00cdN SEVILLANO (9.7)\n\t\t\t\t<\/dd><\/dl><dl class='gallery-item'>\n\t\t\t<dt class='gallery-icon landscape'>\n\t\t\t\t<a href='https:\/\/blogsaverroes.juntadeandalucia.es\/iespabloneruda\/curso-2020-2021\/pinteno-plaza\/'><img loading=\"lazy\" decoding=\"async\" width=\"150\" height=\"150\" src=\"https:\/\/blogsaverroes.juntadeandalucia.es\/iespabloneruda\/files\/2021\/08\/PINTE\u00d1O-PLAZA-150x150.png\" class=\"attachment-thumbnail size-thumbnail\" alt=\"\" aria-describedby=\"gallery-1-3148\" srcset=\"https:\/\/blogsaverroes.juntadeandalucia.es\/iespabloneruda\/files\/2021\/08\/PINTE\u00d1O-PLAZA-150x150.png 150w, https:\/\/blogsaverroes.juntadeandalucia.es\/iespabloneruda\/files\/2021\/08\/PINTE\u00d1O-PLAZA-300x300.png 300w, https:\/\/blogsaverroes.juntadeandalucia.es\/iespabloneruda\/files\/2021\/08\/PINTE\u00d1O-PLAZA-80x80.png 80w, https:\/\/blogsaverroes.juntadeandalucia.es\/iespabloneruda\/files\/2021\/08\/PINTE\u00d1O-PLAZA-320x320.png 320w\" sizes=\"(max-width: 150px) 100vw, 150px\" \/><\/a>\n\t\t\t<\/dt>\n\t\t\t\t<dd class='wp-caption-text gallery-caption' id='gallery-1-3148'>\n\t\t\t\tMAR\u00cdA PINTE\u00d1O PLAZA (9.7)\n\t\t\t\t<\/dd><\/dl><dl class='gallery-item'>\n\t\t\t<dt class='gallery-icon landscape'>\n\t\t\t\t<a href='https:\/\/blogsaverroes.juntadeandalucia.es\/iespabloneruda\/curso-2020-2021\/nedelcu\/'><img loading=\"lazy\" decoding=\"async\" width=\"150\" height=\"150\" src=\"https:\/\/blogsaverroes.juntadeandalucia.es\/iespabloneruda\/files\/2021\/08\/NEDELCU-150x150.png\" class=\"attachment-thumbnail size-thumbnail\" alt=\"\" aria-describedby=\"gallery-1-3147\" srcset=\"https:\/\/blogsaverroes.juntadeandalucia.es\/iespabloneruda\/files\/2021\/08\/NEDELCU-150x150.png 150w, https:\/\/blogsaverroes.juntadeandalucia.es\/iespabloneruda\/files\/2021\/08\/NEDELCU-300x300.png 300w, https:\/\/blogsaverroes.juntadeandalucia.es\/iespabloneruda\/files\/2021\/08\/NEDELCU-80x80.png 80w, https:\/\/blogsaverroes.juntadeandalucia.es\/iespabloneruda\/files\/2021\/08\/NEDELCU-320x320.png 320w\" sizes=\"(max-width: 150px) 100vw, 150px\" \/><\/a>\n\t\t\t<\/dt>\n\t\t\t\t<dd class='wp-caption-text gallery-caption' id='gallery-1-3147'>\n\t\t\t\tANDRA ANTONELA NEDELCU\n\t\t\t\t<\/dd><\/dl><br style=\"clear: both\" \/><dl class='gallery-item'>\n\t\t\t<dt class='gallery-icon landscape'>\n\t\t\t\t<a href='https:\/\/blogsaverroes.juntadeandalucia.es\/iespabloneruda\/curso-2020-2021\/garcia-carro\/'><img loading=\"lazy\" decoding=\"async\" width=\"150\" height=\"150\" src=\"https:\/\/blogsaverroes.juntadeandalucia.es\/iespabloneruda\/files\/2021\/08\/GARC\u00cdA-CARRO-150x150.png\" class=\"attachment-thumbnail size-thumbnail\" alt=\"\" aria-describedby=\"gallery-1-3143\" srcset=\"https:\/\/blogsaverroes.juntadeandalucia.es\/iespabloneruda\/files\/2021\/08\/GARC\u00cdA-CARRO-150x150.png 150w, https:\/\/blogsaverroes.juntadeandalucia.es\/iespabloneruda\/files\/2021\/08\/GARC\u00cdA-CARRO-300x300.png 300w, https:\/\/blogsaverroes.juntadeandalucia.es\/iespabloneruda\/files\/2021\/08\/GARC\u00cdA-CARRO-80x80.png 80w, https:\/\/blogsaverroes.juntadeandalucia.es\/iespabloneruda\/files\/2021\/08\/GARC\u00cdA-CARRO-320x320.png 320w\" sizes=\"(max-width: 150px) 100vw, 150px\" \/><\/a>\n\t\t\t<\/dt>\n\t\t\t\t<dd class='wp-caption-text gallery-caption' id='gallery-1-3143'>\n\t\t\t\tMIGUEL GARC\u00cdA CARRO\n\t\t\t\t<\/dd><\/dl>\n\t\t\t<br style='clear: both' \/>\n\t\t<\/div>\n<\/td>\n<td style=\"width: 33.3333%\">\n\t\t<style>\n\t\t\t#gallery-2 {\n\t\t\t\tmargin: auto;\n\t\t\t}\n\t\t\t#gallery-2 .gallery-item {\n\t\t\t\tfloat: left;\n\t\t\t\tmargin-top: 10px;\n\t\t\t\ttext-align: center;\n\t\t\t\twidth: 33%;\n\t\t\t}\n\t\t\t#gallery-2 img {\n\t\t\t\tborder: 2px solid #cfcfcf;\n\t\t\t}\n\t\t\t#gallery-2 .gallery-caption {\n\t\t\t\tmargin-left: 0;\n\t\t\t}\n\t\t\t\/* see gallery_shortcode() in wp-includes\/media.php *\/\n\t\t<\/style>\n\t\t<div id='gallery-2' class='gallery galleryid-3138 gallery-columns-3 gallery-size-thumbnail'><dl class='gallery-item'>\n\t\t\t<dt class='gallery-icon landscape'>\n\t\t\t\t<a href='https:\/\/blogsaverroes.juntadeandalucia.es\/iespabloneruda\/curso-2020-2021\/bahamonde-romero\/'><img loading=\"lazy\" decoding=\"async\" width=\"150\" height=\"150\" src=\"https:\/\/blogsaverroes.juntadeandalucia.es\/iespabloneruda\/files\/2021\/08\/BAHAMONDE-ROMERO-150x150.png\" class=\"attachment-thumbnail size-thumbnail\" alt=\"\" aria-describedby=\"gallery-2-3155\" srcset=\"https:\/\/blogsaverroes.juntadeandalucia.es\/iespabloneruda\/files\/2021\/08\/BAHAMONDE-ROMERO-150x150.png 150w, https:\/\/blogsaverroes.juntadeandalucia.es\/iespabloneruda\/files\/2021\/08\/BAHAMONDE-ROMERO-300x300.png 300w, https:\/\/blogsaverroes.juntadeandalucia.es\/iespabloneruda\/files\/2021\/08\/BAHAMONDE-ROMERO-80x80.png 80w, https:\/\/blogsaverroes.juntadeandalucia.es\/iespabloneruda\/files\/2021\/08\/BAHAMONDE-ROMERO-320x320.png 320w\" sizes=\"(max-width: 150px) 100vw, 150px\" \/><\/a>\n\t\t\t<\/dt>\n\t\t\t\t<dd class='wp-caption-text gallery-caption' id='gallery-2-3155'>\n\t\t\t\tLUIS BAHAMONDE ROMERO (2\u00ba A)\n\t\t\t\t<\/dd><\/dl><dl class='gallery-item'>\n\t\t\t<dt class='gallery-icon landscape'>\n\t\t\t\t<a href='https:\/\/blogsaverroes.juntadeandalucia.es\/iespabloneruda\/curso-2020-2021\/barrio-gonzalez\/'><img loading=\"lazy\" decoding=\"async\" width=\"150\" height=\"150\" src=\"https:\/\/blogsaverroes.juntadeandalucia.es\/iespabloneruda\/files\/2021\/08\/BARRIO-GONZ\u00c1LEZ-150x150.png\" class=\"attachment-thumbnail size-thumbnail\" alt=\"\" aria-describedby=\"gallery-2-3157\" srcset=\"https:\/\/blogsaverroes.juntadeandalucia.es\/iespabloneruda\/files\/2021\/08\/BARRIO-GONZ\u00c1LEZ-150x150.png 150w, https:\/\/blogsaverroes.juntadeandalucia.es\/iespabloneruda\/files\/2021\/08\/BARRIO-GONZ\u00c1LEZ-300x300.png 300w, https:\/\/blogsaverroes.juntadeandalucia.es\/iespabloneruda\/files\/2021\/08\/BARRIO-GONZ\u00c1LEZ-80x80.png 80w, https:\/\/blogsaverroes.juntadeandalucia.es\/iespabloneruda\/files\/2021\/08\/BARRIO-GONZ\u00c1LEZ-320x320.png 320w\" sizes=\"(max-width: 150px) 100vw, 150px\" \/><\/a>\n\t\t\t<\/dt>\n\t\t\t\t<dd class='wp-caption-text gallery-caption' id='gallery-2-3157'>\n\t\t\t\tJES\u00daS BARRIO GONZ\u00c1LEZ (2\u00ba A)\n\t\t\t\t<\/dd><\/dl><dl class='gallery-item'>\n\t\t\t<dt class='gallery-icon landscape'>\n\t\t\t\t<a href='https:\/\/blogsaverroes.juntadeandalucia.es\/iespabloneruda\/curso-2020-2021\/gallango-acevedo\/'><img loading=\"lazy\" decoding=\"async\" width=\"150\" height=\"150\" src=\"https:\/\/blogsaverroes.juntadeandalucia.es\/iespabloneruda\/files\/2021\/08\/GALLANGO-ACEVEDO-150x150.png\" class=\"attachment-thumbnail size-thumbnail\" alt=\"\" aria-describedby=\"gallery-2-3162\" srcset=\"https:\/\/blogsaverroes.juntadeandalucia.es\/iespabloneruda\/files\/2021\/08\/GALLANGO-ACEVEDO-150x150.png 150w, https:\/\/blogsaverroes.juntadeandalucia.es\/iespabloneruda\/files\/2021\/08\/GALLANGO-ACEVEDO-300x300.png 300w, https:\/\/blogsaverroes.juntadeandalucia.es\/iespabloneruda\/files\/2021\/08\/GALLANGO-ACEVEDO-80x80.png 80w, https:\/\/blogsaverroes.juntadeandalucia.es\/iespabloneruda\/files\/2021\/08\/GALLANGO-ACEVEDO-320x320.png 320w\" sizes=\"(max-width: 150px) 100vw, 150px\" \/><\/a>\n\t\t\t<\/dt>\n\t\t\t\t<dd class='wp-caption-text gallery-caption' id='gallery-2-3162'>\n\t\t\t\tLAURA GALLANGO ACEVEDO (2\u00ba A)\n\t\t\t\t<\/dd><\/dl><br style=\"clear: both\" \/><dl class='gallery-item'>\n\t\t\t<dt class='gallery-icon landscape'>\n\t\t\t\t<a href='https:\/\/blogsaverroes.juntadeandalucia.es\/iespabloneruda\/curso-2020-2021\/marcelino-lopez\/'><img loading=\"lazy\" decoding=\"async\" width=\"150\" height=\"150\" src=\"https:\/\/blogsaverroes.juntadeandalucia.es\/iespabloneruda\/files\/2021\/08\/MARCELINO-L\u00d3PEZ-150x150.png\" class=\"attachment-thumbnail size-thumbnail\" alt=\"\" aria-describedby=\"gallery-2-3166\" srcset=\"https:\/\/blogsaverroes.juntadeandalucia.es\/iespabloneruda\/files\/2021\/08\/MARCELINO-L\u00d3PEZ-150x150.png 150w, https:\/\/blogsaverroes.juntadeandalucia.es\/iespabloneruda\/files\/2021\/08\/MARCELINO-L\u00d3PEZ-300x300.png 300w, https:\/\/blogsaverroes.juntadeandalucia.es\/iespabloneruda\/files\/2021\/08\/MARCELINO-L\u00d3PEZ-80x80.png 80w, https:\/\/blogsaverroes.juntadeandalucia.es\/iespabloneruda\/files\/2021\/08\/MARCELINO-L\u00d3PEZ-320x320.png 320w\" sizes=\"(max-width: 150px) 100vw, 150px\" \/><\/a>\n\t\t\t<\/dt>\n\t\t\t\t<dd class='wp-caption-text gallery-caption' id='gallery-2-3166'>\n\t\t\t\tDAVID MARCELINO L\u00d3PEZ (2\u00ba A)\n\t\t\t\t<\/dd><\/dl><dl class='gallery-item'>\n\t\t\t<dt class='gallery-icon landscape'>\n\t\t\t\t<a href='https:\/\/blogsaverroes.juntadeandalucia.es\/iespabloneruda\/curso-2020-2021\/martinez-romero\/'><img loading=\"lazy\" decoding=\"async\" width=\"150\" height=\"150\" src=\"https:\/\/blogsaverroes.juntadeandalucia.es\/iespabloneruda\/files\/2021\/08\/MART\u00cdNEZ-ROMERO-150x150.png\" class=\"attachment-thumbnail size-thumbnail\" alt=\"\" aria-describedby=\"gallery-2-3170\" srcset=\"https:\/\/blogsaverroes.juntadeandalucia.es\/iespabloneruda\/files\/2021\/08\/MART\u00cdNEZ-ROMERO-150x150.png 150w, https:\/\/blogsaverroes.juntadeandalucia.es\/iespabloneruda\/files\/2021\/08\/MART\u00cdNEZ-ROMERO-300x300.png 300w, https:\/\/blogsaverroes.juntadeandalucia.es\/iespabloneruda\/files\/2021\/08\/MART\u00cdNEZ-ROMERO-80x80.png 80w, https:\/\/blogsaverroes.juntadeandalucia.es\/iespabloneruda\/files\/2021\/08\/MART\u00cdNEZ-ROMERO-320x320.png 320w\" sizes=\"(max-width: 150px) 100vw, 150px\" \/><\/a>\n\t\t\t<\/dt>\n\t\t\t\t<dd class='wp-caption-text gallery-caption' id='gallery-2-3170'>\n\t\t\t\tMARIO MART\u00cdNEZ ROMERO (2\u00ba A)\n\t\t\t\t<\/dd><\/dl><dl class='gallery-item'>\n\t\t\t<dt class='gallery-icon landscape'>\n\t\t\t\t<a href='https:\/\/blogsaverroes.juntadeandalucia.es\/iespabloneruda\/curso-2020-2021\/martinez-del-pozo\/'><img loading=\"lazy\" decoding=\"async\" width=\"150\" height=\"150\" src=\"https:\/\/blogsaverroes.juntadeandalucia.es\/iespabloneruda\/files\/2021\/08\/MART\u00cdNEZ-DEL-POZO-150x150.png\" class=\"attachment-thumbnail size-thumbnail\" alt=\"\" aria-describedby=\"gallery-2-3169\" srcset=\"https:\/\/blogsaverroes.juntadeandalucia.es\/iespabloneruda\/files\/2021\/08\/MART\u00cdNEZ-DEL-POZO-150x150.png 150w, https:\/\/blogsaverroes.juntadeandalucia.es\/iespabloneruda\/files\/2021\/08\/MART\u00cdNEZ-DEL-POZO-300x300.png 300w, https:\/\/blogsaverroes.juntadeandalucia.es\/iespabloneruda\/files\/2021\/08\/MART\u00cdNEZ-DEL-POZO-80x80.png 80w, https:\/\/blogsaverroes.juntadeandalucia.es\/iespabloneruda\/files\/2021\/08\/MART\u00cdNEZ-DEL-POZO-320x320.png 320w\" sizes=\"(max-width: 150px) 100vw, 150px\" \/><\/a>\n\t\t\t<\/dt>\n\t\t\t\t<dd class='wp-caption-text gallery-caption' id='gallery-2-3169'>\n\t\t\t\tPABLO MART\u00cdNEZ DEL POZO (2\u00ba A)\n\t\t\t\t<\/dd><\/dl><br style=\"clear: both\" \/><dl class='gallery-item'>\n\t\t\t<dt class='gallery-icon landscape'>\n\t\t\t\t<a href='https:\/\/blogsaverroes.juntadeandalucia.es\/iespabloneruda\/curso-2020-2021\/mata-echevarria\/'><img loading=\"lazy\" decoding=\"async\" width=\"150\" height=\"150\" src=\"https:\/\/blogsaverroes.juntadeandalucia.es\/iespabloneruda\/files\/2021\/08\/MATA-ECHEVARR\u00cdA-150x150.png\" class=\"attachment-thumbnail size-thumbnail\" alt=\"\" aria-describedby=\"gallery-2-3171\" srcset=\"https:\/\/blogsaverroes.juntadeandalucia.es\/iespabloneruda\/files\/2021\/08\/MATA-ECHEVARR\u00cdA-150x150.png 150w, https:\/\/blogsaverroes.juntadeandalucia.es\/iespabloneruda\/files\/2021\/08\/MATA-ECHEVARR\u00cdA-300x300.png 300w, https:\/\/blogsaverroes.juntadeandalucia.es\/iespabloneruda\/files\/2021\/08\/MATA-ECHEVARR\u00cdA-80x80.png 80w, https:\/\/blogsaverroes.juntadeandalucia.es\/iespabloneruda\/files\/2021\/08\/MATA-ECHEVARR\u00cdA-320x320.png 320w\" sizes=\"(max-width: 150px) 100vw, 150px\" \/><\/a>\n\t\t\t<\/dt>\n\t\t\t\t<dd class='wp-caption-text gallery-caption' id='gallery-2-3171'>\n\t\t\t\tPEDRO MATA ECHEVARR\u00cdA (2\u00ba B)\n\t\t\t\t<\/dd><\/dl><dl class='gallery-item'>\n\t\t\t<dt class='gallery-icon landscape'>\n\t\t\t\t<a href='https:\/\/blogsaverroes.juntadeandalucia.es\/iespabloneruda\/curso-2020-2021\/mata-gonzalez\/'><img loading=\"lazy\" decoding=\"async\" width=\"150\" height=\"150\" src=\"https:\/\/blogsaverroes.juntadeandalucia.es\/iespabloneruda\/files\/2021\/08\/MATA-GONZ\u00c1LEZ-150x150.png\" class=\"attachment-thumbnail size-thumbnail\" alt=\"\" aria-describedby=\"gallery-2-3172\" srcset=\"https:\/\/blogsaverroes.juntadeandalucia.es\/iespabloneruda\/files\/2021\/08\/MATA-GONZ\u00c1LEZ-150x150.png 150w, https:\/\/blogsaverroes.juntadeandalucia.es\/iespabloneruda\/files\/2021\/08\/MATA-GONZ\u00c1LEZ-300x300.png 300w, https:\/\/blogsaverroes.juntadeandalucia.es\/iespabloneruda\/files\/2021\/08\/MATA-GONZ\u00c1LEZ-80x80.png 80w, https:\/\/blogsaverroes.juntadeandalucia.es\/iespabloneruda\/files\/2021\/08\/MATA-GONZ\u00c1LEZ-320x320.png 320w\" sizes=\"(max-width: 150px) 100vw, 150px\" \/><\/a>\n\t\t\t<\/dt>\n\t\t\t\t<dd class='wp-caption-text gallery-caption' id='gallery-2-3172'>\n\t\t\t\tALBA MATA GONZ\u00c1LEZ (2\u00ba B)\n\t\t\t\t<\/dd><\/dl><dl class='gallery-item'>\n\t\t\t<dt class='gallery-icon landscape'>\n\t\t\t\t<a href='https:\/\/blogsaverroes.juntadeandalucia.es\/iespabloneruda\/curso-2020-2021\/ortega-capitan\/'><img loading=\"lazy\" decoding=\"async\" width=\"150\" height=\"150\" src=\"https:\/\/blogsaverroes.juntadeandalucia.es\/iespabloneruda\/files\/2021\/08\/ORTEGA-CAPIT\u00c1N-150x150.png\" class=\"attachment-thumbnail size-thumbnail\" alt=\"\" aria-describedby=\"gallery-2-3175\" srcset=\"https:\/\/blogsaverroes.juntadeandalucia.es\/iespabloneruda\/files\/2021\/08\/ORTEGA-CAPIT\u00c1N-150x150.png 150w, https:\/\/blogsaverroes.juntadeandalucia.es\/iespabloneruda\/files\/2021\/08\/ORTEGA-CAPIT\u00c1N-300x300.png 300w, https:\/\/blogsaverroes.juntadeandalucia.es\/iespabloneruda\/files\/2021\/08\/ORTEGA-CAPIT\u00c1N-80x80.png 80w, https:\/\/blogsaverroes.juntadeandalucia.es\/iespabloneruda\/files\/2021\/08\/ORTEGA-CAPIT\u00c1N-320x320.png 320w\" sizes=\"(max-width: 150px) 100vw, 150px\" \/><\/a>\n\t\t\t<\/dt>\n\t\t\t\t<dd class='wp-caption-text gallery-caption' id='gallery-2-3175'>\n\t\t\t\tDANIEL ORTEGA CAPIT\u00c1N (2\u00ba B)\n\t\t\t\t<\/dd><\/dl><br style=\"clear: both\" \/><dl class='gallery-item'>\n\t\t\t<dt class='gallery-icon landscape'>\n\t\t\t\t<a href='https:\/\/blogsaverroes.juntadeandalucia.es\/iespabloneruda\/curso-2020-2021\/sanchez-guerrero\/'><img loading=\"lazy\" decoding=\"async\" width=\"150\" height=\"150\" src=\"https:\/\/blogsaverroes.juntadeandalucia.es\/iespabloneruda\/files\/2021\/08\/S\u00c1NCHEZ-GUERRERO-150x150.png\" class=\"attachment-thumbnail size-thumbnail\" alt=\"\" aria-describedby=\"gallery-2-3177\" srcset=\"https:\/\/blogsaverroes.juntadeandalucia.es\/iespabloneruda\/files\/2021\/08\/S\u00c1NCHEZ-GUERRERO-150x150.png 150w, https:\/\/blogsaverroes.juntadeandalucia.es\/iespabloneruda\/files\/2021\/08\/S\u00c1NCHEZ-GUERRERO-300x300.png 300w, https:\/\/blogsaverroes.juntadeandalucia.es\/iespabloneruda\/files\/2021\/08\/S\u00c1NCHEZ-GUERRERO-80x80.png 80w, https:\/\/blogsaverroes.juntadeandalucia.es\/iespabloneruda\/files\/2021\/08\/S\u00c1NCHEZ-GUERRERO-320x320.png 320w\" sizes=\"(max-width: 150px) 100vw, 150px\" \/><\/a>\n\t\t\t<\/dt>\n\t\t\t\t<dd class='wp-caption-text gallery-caption' id='gallery-2-3177'>\n\t\t\t\tVIRGINIA S\u00c1NCHEZ GUERRERO (2\u00ba B)DIEGO \n\t\t\t\t<\/dd><\/dl><dl class='gallery-item'>\n\t\t\t<dt class='gallery-icon landscape'>\n\t\t\t\t<a href='https:\/\/blogsaverroes.juntadeandalucia.es\/iespabloneruda\/curso-2020-2021\/diaz-sancho\/'><img loading=\"lazy\" decoding=\"async\" width=\"150\" height=\"150\" src=\"https:\/\/blogsaverroes.juntadeandalucia.es\/iespabloneruda\/files\/2021\/08\/D\u00cdAZ-SANCHO-150x150.png\" class=\"attachment-thumbnail size-thumbnail\" alt=\"\" aria-describedby=\"gallery-2-3161\" srcset=\"https:\/\/blogsaverroes.juntadeandalucia.es\/iespabloneruda\/files\/2021\/08\/D\u00cdAZ-SANCHO-150x150.png 150w, https:\/\/blogsaverroes.juntadeandalucia.es\/iespabloneruda\/files\/2021\/08\/D\u00cdAZ-SANCHO-300x300.png 300w, https:\/\/blogsaverroes.juntadeandalucia.es\/iespabloneruda\/files\/2021\/08\/D\u00cdAZ-SANCHO-80x80.png 80w, https:\/\/blogsaverroes.juntadeandalucia.es\/iespabloneruda\/files\/2021\/08\/D\u00cdAZ-SANCHO-320x320.png 320w\" sizes=\"(max-width: 150px) 100vw, 150px\" \/><\/a>\n\t\t\t<\/dt>\n\t\t\t\t<dd class='wp-caption-text gallery-caption' id='gallery-2-3161'>\n\t\t\t\tDIEGO D\u00cdAZ SANCHO (2\u00ba C)\n\t\t\t\t<\/dd><\/dl><dl class='gallery-item'>\n\t\t\t<dt class='gallery-icon landscape'>\n\t\t\t\t<a href='https:\/\/blogsaverroes.juntadeandalucia.es\/iespabloneruda\/curso-2020-2021\/medero-brito\/'><img loading=\"lazy\" decoding=\"async\" width=\"150\" height=\"150\" src=\"https:\/\/blogsaverroes.juntadeandalucia.es\/iespabloneruda\/files\/2021\/08\/MEDERO-BRITO-150x150.png\" class=\"attachment-thumbnail size-thumbnail\" alt=\"\" aria-describedby=\"gallery-2-3173\" srcset=\"https:\/\/blogsaverroes.juntadeandalucia.es\/iespabloneruda\/files\/2021\/08\/MEDERO-BRITO-150x150.png 150w, https:\/\/blogsaverroes.juntadeandalucia.es\/iespabloneruda\/files\/2021\/08\/MEDERO-BRITO-300x300.png 300w, https:\/\/blogsaverroes.juntadeandalucia.es\/iespabloneruda\/files\/2021\/08\/MEDERO-BRITO-80x80.png 80w, https:\/\/blogsaverroes.juntadeandalucia.es\/iespabloneruda\/files\/2021\/08\/MEDERO-BRITO-320x320.png 320w\" sizes=\"(max-width: 150px) 100vw, 150px\" \/><\/a>\n\t\t\t<\/dt>\n\t\t\t\t<dd class='wp-caption-text gallery-caption' id='gallery-2-3173'>\n\t\t\t\tMARINA MEDERO BRITO (2\u00ba C)\n\t\t\t\t<\/dd><\/dl><br style=\"clear: both\" \/><dl class='gallery-item'>\n\t\t\t<dt class='gallery-icon landscape'>\n\t\t\t\t<a href='https:\/\/blogsaverroes.juntadeandalucia.es\/iespabloneruda\/curso-2020-2021\/alvarez-de-luna-ornedo\/'><img loading=\"lazy\" decoding=\"async\" width=\"150\" height=\"150\" src=\"https:\/\/blogsaverroes.juntadeandalucia.es\/iespabloneruda\/files\/2021\/08\/\u00c1LVAREZ-DE-LUNA-ORNEDO-150x150.png\" class=\"attachment-thumbnail size-thumbnail\" alt=\"\" aria-describedby=\"gallery-2-3154\" srcset=\"https:\/\/blogsaverroes.juntadeandalucia.es\/iespabloneruda\/files\/2021\/08\/\u00c1LVAREZ-DE-LUNA-ORNEDO-150x150.png 150w, https:\/\/blogsaverroes.juntadeandalucia.es\/iespabloneruda\/files\/2021\/08\/\u00c1LVAREZ-DE-LUNA-ORNEDO-300x300.png 300w, https:\/\/blogsaverroes.juntadeandalucia.es\/iespabloneruda\/files\/2021\/08\/\u00c1LVAREZ-DE-LUNA-ORNEDO-80x80.png 80w, https:\/\/blogsaverroes.juntadeandalucia.es\/iespabloneruda\/files\/2021\/08\/\u00c1LVAREZ-DE-LUNA-ORNEDO-320x320.png 320w\" sizes=\"(max-width: 150px) 100vw, 150px\" \/><\/a>\n\t\t\t<\/dt>\n\t\t\t\t<dd class='wp-caption-text gallery-caption' id='gallery-2-3154'>\n\t\t\t\tJOS\u00c9 MANUEL \u00c1LVAREZ DE LUNA ORNEDO (2\u00ba C)\n\t\t\t\t<\/dd><\/dl><dl class='gallery-item'>\n\t\t\t<dt class='gallery-icon landscape'>\n\t\t\t\t<a href='https:\/\/blogsaverroes.juntadeandalucia.es\/iespabloneruda\/curso-2020-2021\/acuna-aguilar\/'><img loading=\"lazy\" decoding=\"async\" width=\"150\" height=\"150\" src=\"https:\/\/blogsaverroes.juntadeandalucia.es\/iespabloneruda\/files\/2021\/08\/ACU\u00d1A-AGUILAR-150x150.png\" class=\"attachment-thumbnail size-thumbnail\" alt=\"\" aria-describedby=\"gallery-2-3152\" srcset=\"https:\/\/blogsaverroes.juntadeandalucia.es\/iespabloneruda\/files\/2021\/08\/ACU\u00d1A-AGUILAR-150x150.png 150w, https:\/\/blogsaverroes.juntadeandalucia.es\/iespabloneruda\/files\/2021\/08\/ACU\u00d1A-AGUILAR-300x300.png 300w, https:\/\/blogsaverroes.juntadeandalucia.es\/iespabloneruda\/files\/2021\/08\/ACU\u00d1A-AGUILAR-80x80.png 80w, https:\/\/blogsaverroes.juntadeandalucia.es\/iespabloneruda\/files\/2021\/08\/ACU\u00d1A-AGUILAR-320x320.png 320w\" sizes=\"(max-width: 150px) 100vw, 150px\" \/><\/a>\n\t\t\t<\/dt>\n\t\t\t\t<dd class='wp-caption-text gallery-caption' id='gallery-2-3152'>\n\t\t\t\tDANIEL ACU\u00d1A AGUILAR (2\u00ba D)\n\t\t\t\t<\/dd><\/dl><dl class='gallery-item'>\n\t\t\t<dt class='gallery-icon landscape'>\n\t\t\t\t<a href='https:\/\/blogsaverroes.juntadeandalucia.es\/iespabloneruda\/curso-2020-2021\/ballesteros-rosario\/'><img loading=\"lazy\" decoding=\"async\" width=\"150\" height=\"150\" src=\"https:\/\/blogsaverroes.juntadeandalucia.es\/iespabloneruda\/files\/2021\/08\/BALLESTEROS-ROSARIO-150x150.png\" class=\"attachment-thumbnail size-thumbnail\" alt=\"\" aria-describedby=\"gallery-2-3156\" srcset=\"https:\/\/blogsaverroes.juntadeandalucia.es\/iespabloneruda\/files\/2021\/08\/BALLESTEROS-ROSARIO-150x150.png 150w, https:\/\/blogsaverroes.juntadeandalucia.es\/iespabloneruda\/files\/2021\/08\/BALLESTEROS-ROSARIO-300x300.png 300w, https:\/\/blogsaverroes.juntadeandalucia.es\/iespabloneruda\/files\/2021\/08\/BALLESTEROS-ROSARIO-80x80.png 80w, https:\/\/blogsaverroes.juntadeandalucia.es\/iespabloneruda\/files\/2021\/08\/BALLESTEROS-ROSARIO-320x320.png 320w\" sizes=\"(max-width: 150px) 100vw, 150px\" \/><\/a>\n\t\t\t<\/dt>\n\t\t\t\t<dd class='wp-caption-text gallery-caption' id='gallery-2-3156'>\n\t\t\t\t\u00c1LVARO BALLESTEROS ROSARIO (2\u00ba C)\n\t\t\t\t<\/dd><\/dl><br style=\"clear: both\" \/><dl class='gallery-item'>\n\t\t\t<dt class='gallery-icon landscape'>\n\t\t\t\t<a href='https:\/\/blogsaverroes.juntadeandalucia.es\/iespabloneruda\/curso-2020-2021\/dabrio-diaz\/'><img loading=\"lazy\" decoding=\"async\" width=\"150\" height=\"150\" src=\"https:\/\/blogsaverroes.juntadeandalucia.es\/iespabloneruda\/files\/2021\/08\/DABRIO-D\u00cdAZ-150x150.png\" class=\"attachment-thumbnail size-thumbnail\" alt=\"\" aria-describedby=\"gallery-2-3159\" srcset=\"https:\/\/blogsaverroes.juntadeandalucia.es\/iespabloneruda\/files\/2021\/08\/DABRIO-D\u00cdAZ-150x150.png 150w, https:\/\/blogsaverroes.juntadeandalucia.es\/iespabloneruda\/files\/2021\/08\/DABRIO-D\u00cdAZ-300x300.png 300w, https:\/\/blogsaverroes.juntadeandalucia.es\/iespabloneruda\/files\/2021\/08\/DABRIO-D\u00cdAZ-80x80.png 80w, https:\/\/blogsaverroes.juntadeandalucia.es\/iespabloneruda\/files\/2021\/08\/DABRIO-D\u00cdAZ-320x320.png 320w\" sizes=\"(max-width: 150px) 100vw, 150px\" \/><\/a>\n\t\t\t<\/dt>\n\t\t\t\t<dd class='wp-caption-text gallery-caption' id='gallery-2-3159'>\n\t\t\t\tNICOL\u00c1S DABRIO D\u00cdAZ (2\u00ba D)\n\t\t\t\t<\/dd><\/dl><dl class='gallery-item'>\n\t\t\t<dt class='gallery-icon landscape'>\n\t\t\t\t<a href='https:\/\/blogsaverroes.juntadeandalucia.es\/iespabloneruda\/curso-2020-2021\/de-miguel-ramos\/'><img loading=\"lazy\" decoding=\"async\" width=\"150\" height=\"150\" src=\"https:\/\/blogsaverroes.juntadeandalucia.es\/iespabloneruda\/files\/2021\/08\/DE-MIGUEL-RAMOS-150x150.png\" class=\"attachment-thumbnail size-thumbnail\" alt=\"\" aria-describedby=\"gallery-2-3160\" srcset=\"https:\/\/blogsaverroes.juntadeandalucia.es\/iespabloneruda\/files\/2021\/08\/DE-MIGUEL-RAMOS-150x150.png 150w, https:\/\/blogsaverroes.juntadeandalucia.es\/iespabloneruda\/files\/2021\/08\/DE-MIGUEL-RAMOS-300x300.png 300w, https:\/\/blogsaverroes.juntadeandalucia.es\/iespabloneruda\/files\/2021\/08\/DE-MIGUEL-RAMOS-80x80.png 80w, https:\/\/blogsaverroes.juntadeandalucia.es\/iespabloneruda\/files\/2021\/08\/DE-MIGUEL-RAMOS-320x320.png 320w\" sizes=\"(max-width: 150px) 100vw, 150px\" \/><\/a>\n\t\t\t<\/dt>\n\t\t\t\t<dd class='wp-caption-text gallery-caption' id='gallery-2-3160'>\n\t\t\t\tMARTA DE MIGUEL RAMOS (2\u00ba D)\n\t\t\t\t<\/dd><\/dl><dl class='gallery-item'>\n\t\t\t<dt class='gallery-icon landscape'>\n\t\t\t\t<a href='https:\/\/blogsaverroes.juntadeandalucia.es\/iespabloneruda\/curso-2020-2021\/gil-lopez\/'><img loading=\"lazy\" decoding=\"async\" width=\"150\" height=\"150\" src=\"https:\/\/blogsaverroes.juntadeandalucia.es\/iespabloneruda\/files\/2021\/08\/GIL-L\u00d3PEZ-150x150.png\" class=\"attachment-thumbnail size-thumbnail\" alt=\"\" aria-describedby=\"gallery-2-3163\" srcset=\"https:\/\/blogsaverroes.juntadeandalucia.es\/iespabloneruda\/files\/2021\/08\/GIL-L\u00d3PEZ-150x150.png 150w, https:\/\/blogsaverroes.juntadeandalucia.es\/iespabloneruda\/files\/2021\/08\/GIL-L\u00d3PEZ-300x300.png 300w, https:\/\/blogsaverroes.juntadeandalucia.es\/iespabloneruda\/files\/2021\/08\/GIL-L\u00d3PEZ-80x80.png 80w, https:\/\/blogsaverroes.juntadeandalucia.es\/iespabloneruda\/files\/2021\/08\/GIL-L\u00d3PEZ-320x320.png 320w\" sizes=\"(max-width: 150px) 100vw, 150px\" \/><\/a>\n\t\t\t<\/dt>\n\t\t\t\t<dd class='wp-caption-text gallery-caption' id='gallery-2-3163'>\n\t\t\t\tLUC\u00cdA GIL L\u00d3PEZ (2\u00ba D)\n\t\t\t\t<\/dd><\/dl><br style=\"clear: both\" \/><dl class='gallery-item'>\n\t\t\t<dt class='gallery-icon landscape'>\n\t\t\t\t<a href='https:\/\/blogsaverroes.juntadeandalucia.es\/iespabloneruda\/curso-2020-2021\/gonzalez-sanchez\/'><img loading=\"lazy\" decoding=\"async\" width=\"150\" height=\"150\" src=\"https:\/\/blogsaverroes.juntadeandalucia.es\/iespabloneruda\/files\/2021\/08\/GONZ\u00c1LEZ-S\u00c1NCHEZ-150x150.png\" class=\"attachment-thumbnail size-thumbnail\" alt=\"\" aria-describedby=\"gallery-2-3165\" srcset=\"https:\/\/blogsaverroes.juntadeandalucia.es\/iespabloneruda\/files\/2021\/08\/GONZ\u00c1LEZ-S\u00c1NCHEZ-150x150.png 150w, https:\/\/blogsaverroes.juntadeandalucia.es\/iespabloneruda\/files\/2021\/08\/GONZ\u00c1LEZ-S\u00c1NCHEZ-300x300.png 300w, https:\/\/blogsaverroes.juntadeandalucia.es\/iespabloneruda\/files\/2021\/08\/GONZ\u00c1LEZ-S\u00c1NCHEZ-80x80.png 80w, https:\/\/blogsaverroes.juntadeandalucia.es\/iespabloneruda\/files\/2021\/08\/GONZ\u00c1LEZ-S\u00c1NCHEZ-320x320.png 320w\" sizes=\"(max-width: 150px) 100vw, 150px\" \/><\/a>\n\t\t\t<\/dt>\n\t\t\t\t<dd class='wp-caption-text gallery-caption' id='gallery-2-3165'>\n\t\t\t\tM\u00aa GABRIELA GONZ\u00c1LEZ S\u00c1NCHEZ (2\u00ba D)\n\t\t\t\t<\/dd><\/dl><dl class='gallery-item'>\n\t\t\t<dt class='gallery-icon landscape'>\n\t\t\t\t<a href='https:\/\/blogsaverroes.juntadeandalucia.es\/iespabloneruda\/curso-2020-2021\/martin-mayor-2\/'><img loading=\"lazy\" decoding=\"async\" width=\"150\" height=\"150\" src=\"https:\/\/blogsaverroes.juntadeandalucia.es\/iespabloneruda\/files\/2021\/08\/MART\u00cdN-MAYOR-1-150x150.png\" class=\"attachment-thumbnail size-thumbnail\" alt=\"\" aria-describedby=\"gallery-2-3168\" srcset=\"https:\/\/blogsaverroes.juntadeandalucia.es\/iespabloneruda\/files\/2021\/08\/MART\u00cdN-MAYOR-1-150x150.png 150w, https:\/\/blogsaverroes.juntadeandalucia.es\/iespabloneruda\/files\/2021\/08\/MART\u00cdN-MAYOR-1-300x300.png 300w, https:\/\/blogsaverroes.juntadeandalucia.es\/iespabloneruda\/files\/2021\/08\/MART\u00cdN-MAYOR-1-80x80.png 80w, https:\/\/blogsaverroes.juntadeandalucia.es\/iespabloneruda\/files\/2021\/08\/MART\u00cdN-MAYOR-1-320x320.png 320w\" sizes=\"(max-width: 150px) 100vw, 150px\" \/><\/a>\n\t\t\t<\/dt>\n\t\t\t\t<dd class='wp-caption-text gallery-caption' id='gallery-2-3168'>\n\t\t\t\tCARMEN MART\u00cdN MAYOR (2\u00ba D)\n\t\t\t\t<\/dd><\/dl><dl class='gallery-item'>\n\t\t\t<dt class='gallery-icon landscape'>\n\t\t\t\t<a href='https:\/\/blogsaverroes.juntadeandalucia.es\/iespabloneruda\/curso-2020-2021\/gomez-reposo\/'><img loading=\"lazy\" decoding=\"async\" width=\"150\" height=\"150\" src=\"https:\/\/blogsaverroes.juntadeandalucia.es\/iespabloneruda\/files\/2021\/08\/G\u00d3MEZ-REPOSO-150x150.png\" class=\"attachment-thumbnail size-thumbnail\" alt=\"\" aria-describedby=\"gallery-2-3164\" srcset=\"https:\/\/blogsaverroes.juntadeandalucia.es\/iespabloneruda\/files\/2021\/08\/G\u00d3MEZ-REPOSO-150x150.png 150w, https:\/\/blogsaverroes.juntadeandalucia.es\/iespabloneruda\/files\/2021\/08\/G\u00d3MEZ-REPOSO-300x300.png 300w, https:\/\/blogsaverroes.juntadeandalucia.es\/iespabloneruda\/files\/2021\/08\/G\u00d3MEZ-REPOSO-80x80.png 80w, https:\/\/blogsaverroes.juntadeandalucia.es\/iespabloneruda\/files\/2021\/08\/G\u00d3MEZ-REPOSO-320x320.png 320w\" sizes=\"(max-width: 150px) 100vw, 150px\" \/><\/a>\n\t\t\t<\/dt>\n\t\t\t\t<dd class='wp-caption-text gallery-caption' id='gallery-2-3164'>\n\t\t\t\tALEJANDRO G\u00d3MEZ REPOSO (2\u00ba VDJ Y SONIDO)\n\t\t\t\t<\/dd><\/dl><br style=\"clear: both\" \/><dl class='gallery-item'>\n\t\t\t<dt class='gallery-icon landscape'>\n\t\t\t\t<a href='https:\/\/blogsaverroes.juntadeandalucia.es\/iespabloneruda\/curso-2020-2021\/moreno-gonzalez\/'><img loading=\"lazy\" decoding=\"async\" width=\"150\" height=\"150\" src=\"https:\/\/blogsaverroes.juntadeandalucia.es\/iespabloneruda\/files\/2021\/08\/MORENO-GONZ\u00c1LEZ-150x150.png\" class=\"attachment-thumbnail size-thumbnail\" alt=\"\" aria-describedby=\"gallery-2-3174\" srcset=\"https:\/\/blogsaverroes.juntadeandalucia.es\/iespabloneruda\/files\/2021\/08\/MORENO-GONZ\u00c1LEZ-150x150.png 150w, https:\/\/blogsaverroes.juntadeandalucia.es\/iespabloneruda\/files\/2021\/08\/MORENO-GONZ\u00c1LEZ-300x300.png 300w, https:\/\/blogsaverroes.juntadeandalucia.es\/iespabloneruda\/files\/2021\/08\/MORENO-GONZ\u00c1LEZ-80x80.png 80w, https:\/\/blogsaverroes.juntadeandalucia.es\/iespabloneruda\/files\/2021\/08\/MORENO-GONZ\u00c1LEZ-320x320.png 320w\" sizes=\"(max-width: 150px) 100vw, 150px\" \/><\/a>\n\t\t\t<\/dt>\n\t\t\t\t<dd class='wp-caption-text gallery-caption' id='gallery-2-3174'>\n\t\t\t\tCONRADO MORENO GONZ\u00c1LEZ (2\u00ba VDJ Y SONIDO)\n\t\t\t\t<\/dd><\/dl><dl class='gallery-item'>\n\t\t\t<dt class='gallery-icon landscape'>\n\t\t\t\t<a href='https:\/\/blogsaverroes.juntadeandalucia.es\/iespabloneruda\/curso-2020-2021\/alonso-perez\/'><img loading=\"lazy\" decoding=\"async\" width=\"150\" height=\"150\" src=\"https:\/\/blogsaverroes.juntadeandalucia.es\/iespabloneruda\/files\/2021\/08\/ALONSO-P\u00c9REZ-150x150.png\" class=\"attachment-thumbnail size-thumbnail\" alt=\"\" aria-describedby=\"gallery-2-3153\" srcset=\"https:\/\/blogsaverroes.juntadeandalucia.es\/iespabloneruda\/files\/2021\/08\/ALONSO-P\u00c9REZ-150x150.png 150w, https:\/\/blogsaverroes.juntadeandalucia.es\/iespabloneruda\/files\/2021\/08\/ALONSO-P\u00c9REZ-300x300.png 300w, https:\/\/blogsaverroes.juntadeandalucia.es\/iespabloneruda\/files\/2021\/08\/ALONSO-P\u00c9REZ-80x80.png 80w, https:\/\/blogsaverroes.juntadeandalucia.es\/iespabloneruda\/files\/2021\/08\/ALONSO-P\u00c9REZ-320x320.png 320w\" sizes=\"(max-width: 150px) 100vw, 150px\" \/><\/a>\n\t\t\t<\/dt>\n\t\t\t\t<dd class='wp-caption-text gallery-caption' id='gallery-2-3153'>\n\t\t\t\tJOS\u00c9 MANUEL ALONSO P\u00c9REZ (2\u00ba ILUMINACI\u00d3N)\n\t\t\t\t<\/dd><\/dl><dl class='gallery-item'>\n\t\t\t<dt class='gallery-icon landscape'>\n\t\t\t\t<a href='https:\/\/blogsaverroes.juntadeandalucia.es\/iespabloneruda\/curso-2020-2021\/marin-romero\/'><img loading=\"lazy\" decoding=\"async\" width=\"150\" height=\"150\" src=\"https:\/\/blogsaverroes.juntadeandalucia.es\/iespabloneruda\/files\/2021\/08\/MAR\u00cdN-ROMERO-150x150.png\" class=\"attachment-thumbnail size-thumbnail\" alt=\"\" aria-describedby=\"gallery-2-3167\" srcset=\"https:\/\/blogsaverroes.juntadeandalucia.es\/iespabloneruda\/files\/2021\/08\/MAR\u00cdN-ROMERO-150x150.png 150w, https:\/\/blogsaverroes.juntadeandalucia.es\/iespabloneruda\/files\/2021\/08\/MAR\u00cdN-ROMERO-300x300.png 300w, https:\/\/blogsaverroes.juntadeandalucia.es\/iespabloneruda\/files\/2021\/08\/MAR\u00cdN-ROMERO-80x80.png 80w, https:\/\/blogsaverroes.juntadeandalucia.es\/iespabloneruda\/files\/2021\/08\/MAR\u00cdN-ROMERO-320x320.png 320w\" sizes=\"(max-width: 150px) 100vw, 150px\" \/><\/a>\n\t\t\t<\/dt>\n\t\t\t\t<dd class='wp-caption-text gallery-caption' id='gallery-2-3167'>\n\t\t\t\tMANUEL MAR\u00cdN ROMERO (2\u00ba ILUMINACI\u00d3N)\n\t\t\t\t<\/dd><\/dl><br style=\"clear: both\" \/><dl class='gallery-item'>\n\t\t\t<dt class='gallery-icon landscape'>\n\t\t\t\t<a href='https:\/\/blogsaverroes.juntadeandalucia.es\/iespabloneruda\/curso-2020-2021\/camacho-vergel\/'><img loading=\"lazy\" decoding=\"async\" width=\"150\" height=\"150\" src=\"https:\/\/blogsaverroes.juntadeandalucia.es\/iespabloneruda\/files\/2021\/08\/CAMACHO-VERGEL-150x150.png\" class=\"attachment-thumbnail size-thumbnail\" alt=\"\" aria-describedby=\"gallery-2-3158\" srcset=\"https:\/\/blogsaverroes.juntadeandalucia.es\/iespabloneruda\/files\/2021\/08\/CAMACHO-VERGEL-150x150.png 150w, https:\/\/blogsaverroes.juntadeandalucia.es\/iespabloneruda\/files\/2021\/08\/CAMACHO-VERGEL-300x300.png 300w, https:\/\/blogsaverroes.juntadeandalucia.es\/iespabloneruda\/files\/2021\/08\/CAMACHO-VERGEL-80x80.png 80w, https:\/\/blogsaverroes.juntadeandalucia.es\/iespabloneruda\/files\/2021\/08\/CAMACHO-VERGEL-320x320.png 320w\" sizes=\"(max-width: 150px) 100vw, 150px\" \/><\/a>\n\t\t\t<\/dt>\n\t\t\t\t<dd class='wp-caption-text gallery-caption' id='gallery-2-3158'>\n\t\t\t\tCARLOS CAMACHO VERGEL (2\u00ba REALIZACI\u00d3N)\n\t\t\t\t<\/dd><\/dl><dl class='gallery-item'>\n\t\t\t<dt class='gallery-icon landscape'>\n\t\t\t\t<a href='https:\/\/blogsaverroes.juntadeandalucia.es\/iespabloneruda\/curso-2020-2021\/ramos-carrasco\/'><img loading=\"lazy\" decoding=\"async\" width=\"150\" height=\"150\" src=\"https:\/\/blogsaverroes.juntadeandalucia.es\/iespabloneruda\/files\/2021\/08\/RAMOS-CARRASCO-150x150.png\" class=\"attachment-thumbnail size-thumbnail\" alt=\"\" aria-describedby=\"gallery-2-3176\" srcset=\"https:\/\/blogsaverroes.juntadeandalucia.es\/iespabloneruda\/files\/2021\/08\/RAMOS-CARRASCO-150x150.png 150w, https:\/\/blogsaverroes.juntadeandalucia.es\/iespabloneruda\/files\/2021\/08\/RAMOS-CARRASCO-300x300.png 300w, https:\/\/blogsaverroes.juntadeandalucia.es\/iespabloneruda\/files\/2021\/08\/RAMOS-CARRASCO-80x80.png 80w, https:\/\/blogsaverroes.juntadeandalucia.es\/iespabloneruda\/files\/2021\/08\/RAMOS-CARRASCO-320x320.png 320w\" sizes=\"(max-width: 150px) 100vw, 150px\" \/><\/a>\n\t\t\t<\/dt>\n\t\t\t\t<dd class='wp-caption-text gallery-caption' id='gallery-2-3176'>\n\t\t\t\tALEJANDRO RAMOS CARRASCO (2\u00ba REALIZACI\u00d3N)\n\t\t\t\t<\/dd><\/dl>\n\t\t\t<br style='clear: both' \/>\n\t\t<\/div>\n<\/td>\n<td style=\"width: 33.3333%\">\n\t\t<style>\n\t\t\t#gallery-3 {\n\t\t\t\tmargin: auto;\n\t\t\t}\n\t\t\t#gallery-3 .gallery-item {\n\t\t\t\tfloat: left;\n\t\t\t\tmargin-top: 10px;\n\t\t\t\ttext-align: center;\n\t\t\t\twidth: 33%;\n\t\t\t}\n\t\t\t#gallery-3 img {\n\t\t\t\tborder: 2px solid #cfcfcf;\n\t\t\t}\n\t\t\t#gallery-3 .gallery-caption {\n\t\t\t\tmargin-left: 0;\n\t\t\t}\n\t\t\t\/* see gallery_shortcode() in wp-includes\/media.php *\/\n\t\t<\/style>\n\t\t<div id='gallery-3' class='gallery galleryid-3138 gallery-columns-3 gallery-size-thumbnail'><dl class='gallery-item'>\n\t\t\t<dt class='gallery-icon landscape'>\n\t\t\t\t<a href='https:\/\/blogsaverroes.juntadeandalucia.es\/iespabloneruda\/curso-2020-2021\/ojeda-garcia\/'><img loading=\"lazy\" decoding=\"async\" width=\"150\" height=\"150\" src=\"https:\/\/blogsaverroes.juntadeandalucia.es\/iespabloneruda\/files\/2021\/08\/OJEDA-GARC\u00cdA-150x150.png\" class=\"attachment-thumbnail size-thumbnail\" alt=\"\" aria-describedby=\"gallery-3-3189\" srcset=\"https:\/\/blogsaverroes.juntadeandalucia.es\/iespabloneruda\/files\/2021\/08\/OJEDA-GARC\u00cdA-150x150.png 150w, https:\/\/blogsaverroes.juntadeandalucia.es\/iespabloneruda\/files\/2021\/08\/OJEDA-GARC\u00cdA-300x300.png 300w, https:\/\/blogsaverroes.juntadeandalucia.es\/iespabloneruda\/files\/2021\/08\/OJEDA-GARC\u00cdA-80x80.png 80w, https:\/\/blogsaverroes.juntadeandalucia.es\/iespabloneruda\/files\/2021\/08\/OJEDA-GARC\u00cdA-320x320.png 320w\" sizes=\"(max-width: 150px) 100vw, 150px\" \/><\/a>\n\t\t\t<\/dt>\n\t\t\t\t<dd class='wp-caption-text gallery-caption' id='gallery-3-3189'>\n\t\t\t\tMAR\u00cdA OJEDA GARC\u00cdA (4\u00ba A)\n\t\t\t\t<\/dd><\/dl><dl class='gallery-item'>\n\t\t\t<dt class='gallery-icon landscape'>\n\t\t\t\t<a href='https:\/\/blogsaverroes.juntadeandalucia.es\/iespabloneruda\/curso-2020-2021\/perez-gonzalez\/'><img loading=\"lazy\" decoding=\"async\" width=\"150\" height=\"150\" src=\"https:\/\/blogsaverroes.juntadeandalucia.es\/iespabloneruda\/files\/2021\/08\/P\u00c9REZ-GONZ\u00c1LEZ-150x150.png\" class=\"attachment-thumbnail size-thumbnail\" alt=\"\" aria-describedby=\"gallery-3-3191\" srcset=\"https:\/\/blogsaverroes.juntadeandalucia.es\/iespabloneruda\/files\/2021\/08\/P\u00c9REZ-GONZ\u00c1LEZ-150x150.png 150w, https:\/\/blogsaverroes.juntadeandalucia.es\/iespabloneruda\/files\/2021\/08\/P\u00c9REZ-GONZ\u00c1LEZ-300x300.png 300w, https:\/\/blogsaverroes.juntadeandalucia.es\/iespabloneruda\/files\/2021\/08\/P\u00c9REZ-GONZ\u00c1LEZ-80x80.png 80w, https:\/\/blogsaverroes.juntadeandalucia.es\/iespabloneruda\/files\/2021\/08\/P\u00c9REZ-GONZ\u00c1LEZ-320x320.png 320w\" sizes=\"(max-width: 150px) 100vw, 150px\" \/><\/a>\n\t\t\t<\/dt>\n\t\t\t\t<dd class='wp-caption-text gallery-caption' id='gallery-3-3191'>\n\t\t\t\tMIGUEL \u00c1NGEL P\u00c9REZ GONZ\u00c1LEZ (4\u00ba A)\n\t\t\t\t<\/dd><\/dl><dl class='gallery-item'>\n\t\t\t<dt class='gallery-icon landscape'>\n\t\t\t\t<a href='https:\/\/blogsaverroes.juntadeandalucia.es\/iespabloneruda\/curso-2020-2021\/sanchez-justo\/'><img loading=\"lazy\" decoding=\"async\" width=\"150\" height=\"150\" src=\"https:\/\/blogsaverroes.juntadeandalucia.es\/iespabloneruda\/files\/2021\/08\/S\u00c1NCHEZ-JUSTO-150x150.png\" class=\"attachment-thumbnail size-thumbnail\" alt=\"\" aria-describedby=\"gallery-3-3192\" srcset=\"https:\/\/blogsaverroes.juntadeandalucia.es\/iespabloneruda\/files\/2021\/08\/S\u00c1NCHEZ-JUSTO-150x150.png 150w, https:\/\/blogsaverroes.juntadeandalucia.es\/iespabloneruda\/files\/2021\/08\/S\u00c1NCHEZ-JUSTO-300x300.png 300w, https:\/\/blogsaverroes.juntadeandalucia.es\/iespabloneruda\/files\/2021\/08\/S\u00c1NCHEZ-JUSTO-80x80.png 80w, https:\/\/blogsaverroes.juntadeandalucia.es\/iespabloneruda\/files\/2021\/08\/S\u00c1NCHEZ-JUSTO-320x320.png 320w\" sizes=\"(max-width: 150px) 100vw, 150px\" \/><\/a>\n\t\t\t<\/dt>\n\t\t\t\t<dd class='wp-caption-text gallery-caption' id='gallery-3-3192'>\n\t\t\t\tM\u00aa DE LA PE\u00d1A S\u00c1NCHEZ JUSTO (4\u00ba A)\n\t\t\t\t<\/dd><\/dl><br style=\"clear: both\" \/><dl class='gallery-item'>\n\t\t\t<dt class='gallery-icon landscape'>\n\t\t\t\t<a href='https:\/\/blogsaverroes.juntadeandalucia.es\/iespabloneruda\/curso-2020-2021\/villalta-bueno\/'><img loading=\"lazy\" decoding=\"async\" width=\"150\" height=\"150\" src=\"https:\/\/blogsaverroes.juntadeandalucia.es\/iespabloneruda\/files\/2021\/08\/VILLALTA-BUENO-150x150.png\" class=\"attachment-thumbnail size-thumbnail\" alt=\"\" aria-describedby=\"gallery-3-3193\" srcset=\"https:\/\/blogsaverroes.juntadeandalucia.es\/iespabloneruda\/files\/2021\/08\/VILLALTA-BUENO-150x150.png 150w, https:\/\/blogsaverroes.juntadeandalucia.es\/iespabloneruda\/files\/2021\/08\/VILLALTA-BUENO-300x300.png 300w, https:\/\/blogsaverroes.juntadeandalucia.es\/iespabloneruda\/files\/2021\/08\/VILLALTA-BUENO-80x80.png 80w, https:\/\/blogsaverroes.juntadeandalucia.es\/iespabloneruda\/files\/2021\/08\/VILLALTA-BUENO-320x320.png 320w\" sizes=\"(max-width: 150px) 100vw, 150px\" \/><\/a>\n\t\t\t<\/dt>\n\t\t\t\t<dd class='wp-caption-text gallery-caption' id='gallery-3-3193'>\n\t\t\t\tALICIA VILLALTA BUENO (4\u00ba A)\n\t\t\t\t<\/dd><\/dl><dl class='gallery-item'>\n\t\t\t<dt class='gallery-icon landscape'>\n\t\t\t\t<a href='https:\/\/blogsaverroes.juntadeandalucia.es\/iespabloneruda\/curso-2020-2021\/carrasco-diaz\/'><img loading=\"lazy\" decoding=\"async\" width=\"150\" height=\"150\" src=\"https:\/\/blogsaverroes.juntadeandalucia.es\/iespabloneruda\/files\/2021\/08\/CARRASCO-D\u00cdAZ-150x150.png\" class=\"attachment-thumbnail size-thumbnail\" alt=\"\" aria-describedby=\"gallery-3-3182\" srcset=\"https:\/\/blogsaverroes.juntadeandalucia.es\/iespabloneruda\/files\/2021\/08\/CARRASCO-D\u00cdAZ-150x150.png 150w, https:\/\/blogsaverroes.juntadeandalucia.es\/iespabloneruda\/files\/2021\/08\/CARRASCO-D\u00cdAZ-300x300.png 300w, https:\/\/blogsaverroes.juntadeandalucia.es\/iespabloneruda\/files\/2021\/08\/CARRASCO-D\u00cdAZ-80x80.png 80w, https:\/\/blogsaverroes.juntadeandalucia.es\/iespabloneruda\/files\/2021\/08\/CARRASCO-D\u00cdAZ-320x320.png 320w\" sizes=\"(max-width: 150px) 100vw, 150px\" \/><\/a>\n\t\t\t<\/dt>\n\t\t\t\t<dd class='wp-caption-text gallery-caption' id='gallery-3-3182'>\n\t\t\t\tMARTA CARRASCO D\u00cdAZ (4\u00ba B)\n\t\t\t\t<\/dd><\/dl><dl class='gallery-item'>\n\t\t\t<dt class='gallery-icon landscape'>\n\t\t\t\t<a href='https:\/\/blogsaverroes.juntadeandalucia.es\/iespabloneruda\/curso-2020-2021\/gonzalez-martin\/'><img loading=\"lazy\" decoding=\"async\" width=\"150\" height=\"150\" src=\"https:\/\/blogsaverroes.juntadeandalucia.es\/iespabloneruda\/files\/2021\/08\/GONZ\u00c1LEZ-MART\u00cdN-150x150.png\" class=\"attachment-thumbnail size-thumbnail\" alt=\"\" aria-describedby=\"gallery-3-3187\" srcset=\"https:\/\/blogsaverroes.juntadeandalucia.es\/iespabloneruda\/files\/2021\/08\/GONZ\u00c1LEZ-MART\u00cdN-150x150.png 150w, https:\/\/blogsaverroes.juntadeandalucia.es\/iespabloneruda\/files\/2021\/08\/GONZ\u00c1LEZ-MART\u00cdN-300x300.png 300w, https:\/\/blogsaverroes.juntadeandalucia.es\/iespabloneruda\/files\/2021\/08\/GONZ\u00c1LEZ-MART\u00cdN-80x80.png 80w, https:\/\/blogsaverroes.juntadeandalucia.es\/iespabloneruda\/files\/2021\/08\/GONZ\u00c1LEZ-MART\u00cdN-320x320.png 320w\" sizes=\"(max-width: 150px) 100vw, 150px\" \/><\/a>\n\t\t\t<\/dt>\n\t\t\t\t<dd class='wp-caption-text gallery-caption' id='gallery-3-3187'>\n\t\t\t\tLAURA GONZ\u00c1LEZ MART\u00cdN (4\u00ba B)\n\t\t\t\t<\/dd><\/dl><br style=\"clear: both\" \/><dl class='gallery-item'>\n\t\t\t<dt class='gallery-icon landscape'>\n\t\t\t\t<a href='https:\/\/blogsaverroes.juntadeandalucia.es\/iespabloneruda\/curso-2020-2021\/gomez-contreras\/'><img loading=\"lazy\" decoding=\"async\" width=\"150\" height=\"150\" src=\"https:\/\/blogsaverroes.juntadeandalucia.es\/iespabloneruda\/files\/2021\/08\/G\u00d3MEZ-CONTRERAS-150x150.png\" class=\"attachment-thumbnail size-thumbnail\" alt=\"\" aria-describedby=\"gallery-3-3185\" srcset=\"https:\/\/blogsaverroes.juntadeandalucia.es\/iespabloneruda\/files\/2021\/08\/G\u00d3MEZ-CONTRERAS-150x150.png 150w, https:\/\/blogsaverroes.juntadeandalucia.es\/iespabloneruda\/files\/2021\/08\/G\u00d3MEZ-CONTRERAS-300x300.png 300w, https:\/\/blogsaverroes.juntadeandalucia.es\/iespabloneruda\/files\/2021\/08\/G\u00d3MEZ-CONTRERAS-80x80.png 80w, https:\/\/blogsaverroes.juntadeandalucia.es\/iespabloneruda\/files\/2021\/08\/G\u00d3MEZ-CONTRERAS-320x320.png 320w\" sizes=\"(max-width: 150px) 100vw, 150px\" \/><\/a>\n\t\t\t<\/dt>\n\t\t\t\t<dd class='wp-caption-text gallery-caption' id='gallery-3-3185'>\n\t\t\t\tPALOMA G\u00d3MEZ CONTRERAS (4\u00ba B)\n\t\t\t\t<\/dd><\/dl><dl class='gallery-item'>\n\t\t\t<dt class='gallery-icon landscape'>\n\t\t\t\t<a href='https:\/\/blogsaverroes.juntadeandalucia.es\/iespabloneruda\/curso-2020-2021\/perez-de-leon-martin\/'><img loading=\"lazy\" decoding=\"async\" width=\"150\" height=\"150\" src=\"https:\/\/blogsaverroes.juntadeandalucia.es\/iespabloneruda\/files\/2021\/08\/P\u00c9REZ-DE-LE\u00d3N-MART\u00cdN-150x150.png\" class=\"attachment-thumbnail size-thumbnail\" alt=\"\" aria-describedby=\"gallery-3-3190\" srcset=\"https:\/\/blogsaverroes.juntadeandalucia.es\/iespabloneruda\/files\/2021\/08\/P\u00c9REZ-DE-LE\u00d3N-MART\u00cdN-150x150.png 150w, https:\/\/blogsaverroes.juntadeandalucia.es\/iespabloneruda\/files\/2021\/08\/P\u00c9REZ-DE-LE\u00d3N-MART\u00cdN-300x300.png 300w, https:\/\/blogsaverroes.juntadeandalucia.es\/iespabloneruda\/files\/2021\/08\/P\u00c9REZ-DE-LE\u00d3N-MART\u00cdN-80x80.png 80w, https:\/\/blogsaverroes.juntadeandalucia.es\/iespabloneruda\/files\/2021\/08\/P\u00c9REZ-DE-LE\u00d3N-MART\u00cdN-320x320.png 320w\" sizes=\"(max-width: 150px) 100vw, 150px\" \/><\/a>\n\t\t\t<\/dt>\n\t\t\t\t<dd class='wp-caption-text gallery-caption' id='gallery-3-3190'>\n\t\t\t\tMIGUEL P\u00c9REZ DE LE\u00d3N MART\u00cdN (4\u00ba B)\n\t\t\t\t<\/dd><\/dl><dl class='gallery-item'>\n\t\t\t<dt class='gallery-icon landscape'>\n\t\t\t\t<a href='https:\/\/blogsaverroes.juntadeandalucia.es\/iespabloneruda\/curso-2020-2021\/aliano-garzon\/'><img loading=\"lazy\" decoding=\"async\" width=\"150\" height=\"150\" src=\"https:\/\/blogsaverroes.juntadeandalucia.es\/iespabloneruda\/files\/2021\/08\/ALIA\u00d1O-GARZ\u00d3N-150x150.png\" class=\"attachment-thumbnail size-thumbnail\" alt=\"\" aria-describedby=\"gallery-3-3181\" srcset=\"https:\/\/blogsaverroes.juntadeandalucia.es\/iespabloneruda\/files\/2021\/08\/ALIA\u00d1O-GARZ\u00d3N-150x150.png 150w, https:\/\/blogsaverroes.juntadeandalucia.es\/iespabloneruda\/files\/2021\/08\/ALIA\u00d1O-GARZ\u00d3N-300x300.png 300w, https:\/\/blogsaverroes.juntadeandalucia.es\/iespabloneruda\/files\/2021\/08\/ALIA\u00d1O-GARZ\u00d3N-80x80.png 80w, https:\/\/blogsaverroes.juntadeandalucia.es\/iespabloneruda\/files\/2021\/08\/ALIA\u00d1O-GARZ\u00d3N-320x320.png 320w\" sizes=\"(max-width: 150px) 100vw, 150px\" \/><\/a>\n\t\t\t<\/dt>\n\t\t\t\t<dd class='wp-caption-text gallery-caption' id='gallery-3-3181'>\n\t\t\t\tISMAEL ALIA\u00d1O GARZ\u00d3N (4\u00ba C)\n\t\t\t\t<\/dd><\/dl><br style=\"clear: both\" \/><dl class='gallery-item'>\n\t\t\t<dt class='gallery-icon landscape'>\n\t\t\t\t<a href='https:\/\/blogsaverroes.juntadeandalucia.es\/iespabloneruda\/curso-2020-2021\/delgado-diaz\/'><img loading=\"lazy\" decoding=\"async\" width=\"150\" height=\"150\" src=\"https:\/\/blogsaverroes.juntadeandalucia.es\/iespabloneruda\/files\/2021\/08\/DELGADO-D\u00cdAZ-150x150.png\" class=\"attachment-thumbnail size-thumbnail\" alt=\"\" aria-describedby=\"gallery-3-3183\" srcset=\"https:\/\/blogsaverroes.juntadeandalucia.es\/iespabloneruda\/files\/2021\/08\/DELGADO-D\u00cdAZ-150x150.png 150w, https:\/\/blogsaverroes.juntadeandalucia.es\/iespabloneruda\/files\/2021\/08\/DELGADO-D\u00cdAZ-300x300.png 300w, https:\/\/blogsaverroes.juntadeandalucia.es\/iespabloneruda\/files\/2021\/08\/DELGADO-D\u00cdAZ-80x80.png 80w, https:\/\/blogsaverroes.juntadeandalucia.es\/iespabloneruda\/files\/2021\/08\/DELGADO-D\u00cdAZ-320x320.png 320w\" sizes=\"(max-width: 150px) 100vw, 150px\" \/><\/a>\n\t\t\t<\/dt>\n\t\t\t\t<dd class='wp-caption-text gallery-caption' id='gallery-3-3183'>\n\t\t\t\tFRANCISCO JAVIER DELGADO D\u00cdAZ (4\u00ba C)\n\t\t\t\t<\/dd><\/dl><dl class='gallery-item'>\n\t\t\t<dt class='gallery-icon landscape'>\n\t\t\t\t<a href='https:\/\/blogsaverroes.juntadeandalucia.es\/iespabloneruda\/curso-2020-2021\/duque-delgado\/'><img loading=\"lazy\" decoding=\"async\" width=\"150\" height=\"150\" src=\"https:\/\/blogsaverroes.juntadeandalucia.es\/iespabloneruda\/files\/2021\/08\/DUQUE-DELGADO-150x150.png\" class=\"attachment-thumbnail size-thumbnail\" alt=\"\" aria-describedby=\"gallery-3-3184\" srcset=\"https:\/\/blogsaverroes.juntadeandalucia.es\/iespabloneruda\/files\/2021\/08\/DUQUE-DELGADO-150x150.png 150w, https:\/\/blogsaverroes.juntadeandalucia.es\/iespabloneruda\/files\/2021\/08\/DUQUE-DELGADO-300x300.png 300w, https:\/\/blogsaverroes.juntadeandalucia.es\/iespabloneruda\/files\/2021\/08\/DUQUE-DELGADO-80x80.png 80w, https:\/\/blogsaverroes.juntadeandalucia.es\/iespabloneruda\/files\/2021\/08\/DUQUE-DELGADO-320x320.png 320w\" sizes=\"(max-width: 150px) 100vw, 150px\" \/><\/a>\n\t\t\t<\/dt>\n\t\t\t\t<dd class='wp-caption-text gallery-caption' id='gallery-3-3184'>\n\t\t\t\tDANIEL DUQUE DELGADO (4\u00ba C)\n\t\t\t\t<\/dd><\/dl><dl class='gallery-item'>\n\t\t\t<dt class='gallery-icon landscape'>\n\t\t\t\t<a href='https:\/\/blogsaverroes.juntadeandalucia.es\/iespabloneruda\/curso-2020-2021\/gomez-cuellar\/'><img loading=\"lazy\" decoding=\"async\" width=\"150\" height=\"150\" src=\"https:\/\/blogsaverroes.juntadeandalucia.es\/iespabloneruda\/files\/2021\/08\/G\u00d3MEZ-CU\u00c9LLAR-150x150.png\" class=\"attachment-thumbnail size-thumbnail\" alt=\"\" aria-describedby=\"gallery-3-3186\" srcset=\"https:\/\/blogsaverroes.juntadeandalucia.es\/iespabloneruda\/files\/2021\/08\/G\u00d3MEZ-CU\u00c9LLAR-150x150.png 150w, https:\/\/blogsaverroes.juntadeandalucia.es\/iespabloneruda\/files\/2021\/08\/G\u00d3MEZ-CU\u00c9LLAR-300x300.png 300w, https:\/\/blogsaverroes.juntadeandalucia.es\/iespabloneruda\/files\/2021\/08\/G\u00d3MEZ-CU\u00c9LLAR-80x80.png 80w, https:\/\/blogsaverroes.juntadeandalucia.es\/iespabloneruda\/files\/2021\/08\/G\u00d3MEZ-CU\u00c9LLAR-320x320.png 320w\" sizes=\"(max-width: 150px) 100vw, 150px\" \/><\/a>\n\t\t\t<\/dt>\n\t\t\t\t<dd class='wp-caption-text gallery-caption' id='gallery-3-3186'>\n\t\t\t\tPABLO G\u00d3MEZ CU\u00c9LLAR (4\u00ba C)\n\t\t\t\t<\/dd><\/dl><br style=\"clear: both\" \/><dl class='gallery-item'>\n\t\t\t<dt class='gallery-icon landscape'>\n\t\t\t\t<a href='https:\/\/blogsaverroes.juntadeandalucia.es\/iespabloneruda\/curso-2020-2021\/munoz-delgado\/'><img loading=\"lazy\" decoding=\"async\" width=\"150\" height=\"150\" src=\"https:\/\/blogsaverroes.juntadeandalucia.es\/iespabloneruda\/files\/2021\/08\/MU\u00d1OZ-DELGADO-150x150.png\" class=\"attachment-thumbnail size-thumbnail\" alt=\"\" aria-describedby=\"gallery-3-3188\" srcset=\"https:\/\/blogsaverroes.juntadeandalucia.es\/iespabloneruda\/files\/2021\/08\/MU\u00d1OZ-DELGADO-150x150.png 150w, https:\/\/blogsaverroes.juntadeandalucia.es\/iespabloneruda\/files\/2021\/08\/MU\u00d1OZ-DELGADO-300x300.png 300w, https:\/\/blogsaverroes.juntadeandalucia.es\/iespabloneruda\/files\/2021\/08\/MU\u00d1OZ-DELGADO-80x80.png 80w, https:\/\/blogsaverroes.juntadeandalucia.es\/iespabloneruda\/files\/2021\/08\/MU\u00d1OZ-DELGADO-320x320.png 320w\" sizes=\"(max-width: 150px) 100vw, 150px\" \/><\/a>\n\t\t\t<\/dt>\n\t\t\t\t<dd class='wp-caption-text gallery-caption' id='gallery-3-3188'>\n\t\t\t\tSUSANA MU\u00d1OZ DELGADO (4\u00ba C)\n\t\t\t\t<\/dd><\/dl>\n\t\t\t<br style='clear: both' \/>\n\t\t<\/div>\n<\/td>\n<\/tr>\n<\/tbody>\n<\/table>\n<p>&nbsp;<\/p>\n<table style=\"border-collapse: collapse;width: 100%\">\n<tbody>\n<tr>\n<td style=\"width: 33.3333%;text-align: center\"><span style=\"color: #e11a1a;font-size: 8pt\"><strong>V\u00cdDEO DE LA CEREMONIA DE GRADUACI\u00d3N DE 2\u00ba DE BACHILLERATO<\/strong><\/span><\/td>\n<td style=\"width: 33.3333%;text-align: center\"><span style=\"font-size: 8pt\"><strong><span style=\"color: #e11a1a\">V\u00cdDEO RESUMEN DE LAS ACTIVIDADES REALIZADAS POR EL PROFESORADO Y EL ALUMNADO<\/span><\/strong><\/span><\/td>\n<td style=\"width: 33.3333%;text-align: center\"><span style=\"font-size: 8pt\"><strong><span style=\"color: #e11a1a\">SENCILLAMENTE GRACIAS<\/span><\/strong><\/span><\/td>\n<\/tr>\n<tr>\n<td style=\"width: 33.3333%;text-align: center\">[youtube https:\/\/www.youtube.com\/watch?v=8w3bRS7jSRs]<\/td>\n<td style=\"width: 33.3333%;text-align: center\">[youtube https:\/\/www.youtube.com\/watch?v=-_RgpG5zTM4]<\/td>\n<td style=\"width: 33.3333%;text-align: center\">[youtube https:\/\/www.youtube.com\/watch?v=MRk1zAM7E2M]<\/td>\n<\/tr>\n<\/tbody>\n<\/table>\n<p>&nbsp;<\/p>\n<hr>\n<p>&nbsp;<\/p>\n<table style=\"border-collapse: collapse;width: 100%\">\n<tbody>\n<tr>\n<td style=\"width: 50%;text-align: center\">\n<p class=\"text-align-center\"><span style=\"color: #e11a1a;font-size: 10pt\">El documental <strong>EL TIBUR\u00d3N<\/strong> realizado por Paula Fern\u00e1ndez Asensio, Paula Dom\u00ednguez Lobo y Roc\u00edo Garc\u00eda Ruiz se ha hecho con el primer premio en la categor\u00eda de Ciclos Formativos del concurso <strong>PONTE EN MI LUGAR<\/strong> organizado por la Concejal\u00eda de Pol\u00edticas Sociales e Igualdad del Ayuntamiento de Huelva&nbsp; El documental repasa la historia de superaci\u00f3n del nadador David S\u00e1nchez Sierra, antiguo alumno del IES Pablo Neruda que ha alcanzado grandes \u00e9xitos deportivos.<\/span><\/p>\n<\/td>\n<td style=\"width: 50%;text-align: center\"><span style=\"color: #e11a1a\">El corto documental <strong>EL TIBUR\u00d3N<\/strong><\/span><\/p>\n<p>[youtube https:\/\/www.youtube.com\/watch?v=e7emGAdnxY0]<\/td>\n<\/tr>\n<tr>\n<td style=\"width: 50%;text-align: center\"><a href=\"https:\/\/blogsaverroes.juntadeandalucia.es\/iespabloneruda\/files\/2021\/08\/PONTE-EN-MI-LUGAR.png\"><img loading=\"lazy\" decoding=\"async\" class=\"alignnone size-full wp-image-3198\" src=\"https:\/\/blogsaverroes.juntadeandalucia.es\/iespabloneruda\/files\/2021\/08\/PONTE-EN-MI-LUGAR.png\" alt=\"\" width=\"512\" height=\"348\" srcset=\"https:\/\/blogsaverroes.juntadeandalucia.es\/iespabloneruda\/files\/2021\/08\/PONTE-EN-MI-LUGAR.png 512w, https:\/\/blogsaverroes.juntadeandalucia.es\/iespabloneruda\/files\/2021\/08\/PONTE-EN-MI-LUGAR-300x204.png 300w\" sizes=\"(max-width: 512px) 100vw, 512px\" \/><\/a><\/td>\n<td style=\"width: 50%;text-align: center\"><span style=\"color: #e11a1a\">V\u00eddeo de la noticia en el informativo de Huelva TV<\/span><\/p>\n<p>[youtube https:\/\/www.youtube.com\/watch?v=NwoOfGqRKAU]<\/td>\n<\/tr>\n<\/tbody>\n<\/table>\n<p>&nbsp;<\/p>\n<hr>\n<p>&nbsp;<\/p>\n<table style=\"border-collapse: collapse;width: 100%\">\n<tbody>\n<tr>\n<td style=\"width: 50%;text-align: center\">\n<p class=\"text-align-center m-size-10\"><span class=\"m-font-size-10\" style=\"color: #e11a1a;font-size: 10pt\">El alumno Joao Pedro PIneda de 2\u00ba ESO C se ha clasificado para la Fase Regional de la XXXVI OLIMPIADA MATEM\u00c1TICA THALES<\/span><\/p>\n<p class=\"text-align-center m-size-10\"><span class=\"m-font-size-10\" style=\"color: #e11a1a\">\u00a1\u00a1\u00a1ENHORABUENA!!!<\/span><\/p>\n<\/td>\n<td style=\"width: 50%\">&nbsp;<\/td>\n<\/tr>\n<tr>\n<td style=\"width: 50%;text-align: center\"><a href=\"https:\/\/blogsaverroes.juntadeandalucia.es\/iespabloneruda\/files\/2021\/08\/OLIMPIADA-MATEM\u00c1TICAS-2.jpg\"><img loading=\"lazy\" decoding=\"async\" class=\"aligncenter wp-image-3202 size-medium\" src=\"https:\/\/blogsaverroes.juntadeandalucia.es\/iespabloneruda\/files\/2021\/08\/OLIMPIADA-MATEM\u00c1TICAS-2-225x300.jpg\" alt=\"\" width=\"225\" height=\"300\" srcset=\"https:\/\/blogsaverroes.juntadeandalucia.es\/iespabloneruda\/files\/2021\/08\/OLIMPIADA-MATEM\u00c1TICAS-2-225x300.jpg 225w, https:\/\/blogsaverroes.juntadeandalucia.es\/iespabloneruda\/files\/2021\/08\/OLIMPIADA-MATEM\u00c1TICAS-2-768x1024.jpg 768w, https:\/\/blogsaverroes.juntadeandalucia.es\/iespabloneruda\/files\/2021\/08\/OLIMPIADA-MATEM\u00c1TICAS-2-300x400.jpg 300w, https:\/\/blogsaverroes.juntadeandalucia.es\/iespabloneruda\/files\/2021\/08\/OLIMPIADA-MATEM\u00c1TICAS-2-1152x1536.jpg 1152w, https:\/\/blogsaverroes.juntadeandalucia.es\/iespabloneruda\/files\/2021\/08\/OLIMPIADA-MATEM\u00c1TICAS-2.jpg 1200w\" sizes=\"(max-width: 225px) 100vw, 225px\" \/><\/a><\/td>\n<td style=\"width: 50%;text-align: center\"><a href=\"https:\/\/blogsaverroes.juntadeandalucia.es\/iespabloneruda\/files\/2021\/08\/OLIMPIADA-MATEM\u00c1TICAS-1.jpg\"><img loading=\"lazy\" decoding=\"async\" class=\"aligncenter wp-image-3203 size-full\" src=\"https:\/\/blogsaverroes.juntadeandalucia.es\/iespabloneruda\/files\/2021\/08\/OLIMPIADA-MATEM\u00c1TICAS-1.jpg\" alt=\"\" width=\"1600\" height=\"1200\" srcset=\"https:\/\/blogsaverroes.juntadeandalucia.es\/iespabloneruda\/files\/2021\/08\/OLIMPIADA-MATEM\u00c1TICAS-1.jpg 1600w, https:\/\/blogsaverroes.juntadeandalucia.es\/iespabloneruda\/files\/2021\/08\/OLIMPIADA-MATEM\u00c1TICAS-1-300x225.jpg 300w, https:\/\/blogsaverroes.juntadeandalucia.es\/iespabloneruda\/files\/2021\/08\/OLIMPIADA-MATEM\u00c1TICAS-1-1024x768.jpg 1024w, https:\/\/blogsaverroes.juntadeandalucia.es\/iespabloneruda\/files\/2021\/08\/OLIMPIADA-MATEM\u00c1TICAS-1-768x576.jpg 768w, https:\/\/blogsaverroes.juntadeandalucia.es\/iespabloneruda\/files\/2021\/08\/OLIMPIADA-MATEM\u00c1TICAS-1-1536x1152.jpg 1536w\" sizes=\"(max-width: 1600px) 100vw, 1600px\" \/><\/a><\/td>\n<\/tr>\n<\/tbody>\n<\/table>\n<p>&nbsp;<\/p>\n<hr>\n<p style=\"text-align: center\"><strong><span class=\"font-size-22 m-font-size-15\" style=\"color: #e11a1a\">FALLO DEL IV CONCURSO DE FOTOGRAF\u00cdA IES PABLO NERUDA<\/span><\/strong><\/p>\nngg_shortcode_0_placeholder\n<hr>\n<p style=\"text-align: center\"><span style=\"color: #e11a1a\"><strong><span class=\"m-font-size-15 font-size-21\">FALLO DEL CONCURSO DEL DIBUJO DE LA MASCOTA DE LA REVISTA CON-CIENCIA<\/span> <\/strong><\/span><\/p>\n<table style=\"border-collapse: collapse;width: 100%\">\n<tbody>\n<tr>\n<td style=\"width: 40.9696%\"><a href=\"https:\/\/blogsaverroes.juntadeandalucia.es\/iespabloneruda\/files\/2021\/08\/DOGUI.png\"><img loading=\"lazy\" decoding=\"async\" class=\"aligncenter wp-image-3229 size-medium\" src=\"https:\/\/blogsaverroes.juntadeandalucia.es\/iespabloneruda\/files\/2021\/08\/DOGUI-300x225.png\" alt=\"\" width=\"300\" height=\"225\" srcset=\"https:\/\/blogsaverroes.juntadeandalucia.es\/iespabloneruda\/files\/2021\/08\/DOGUI-300x225.png 300w, https:\/\/blogsaverroes.juntadeandalucia.es\/iespabloneruda\/files\/2021\/08\/DOGUI.png 640w\" sizes=\"(max-width: 300px) 100vw, 300px\" \/><\/a><\/td>\n<td style=\"width: 59.0304%;text-align: center\">\n<div data-contents=\"true\">\n<div class=\"\" data-block=\"true\" data-editor=\"7t7q5\" data-offset-key=\"2hcdd-0-0\">\n<div class=\"public-DraftStyleDefault-block public-DraftStyleDefault-ltr\" data-offset-key=\"2hcdd-0-0\"><span style=\"color: #e11a1a;font-size: 10pt\" data-offset-key=\"2hcdd-0-0\">El ganador es el alumno Agust\u00edn Soler Soler de&nbsp;2\u00ba A Video Dj y Sonido<\/span><\/div>\n<\/div>\n<div class=\"\" data-block=\"true\" data-editor=\"7t7q5\" data-offset-key=\"9a836-0-0\">\n<div class=\"public-DraftStyleDefault-block public-DraftStyleDefault-ltr\" data-offset-key=\"9a836-0-0\"><span style=\"color: #e11a1a;font-size: 10pt\" data-offset-key=\"9a836-0-0\">Nombre de la Mascota: Dogui<\/span><\/div>\n<\/div>\n<div class=\"\" data-block=\"true\" data-editor=\"7t7q5\" data-offset-key=\"k8k4-0-0\">\n<div class=\"public-DraftStyleDefault-block public-DraftStyleDefault-ltr\" data-offset-key=\"k8k4-0-0\"><span style=\"color: #e11a1a;font-size: 10pt\" data-offset-key=\"k8k4-0-0\">Figura representada: Lince Ib\u00e9rico<\/span><\/div>\n<\/div>\n<div class=\"\" data-block=\"true\" data-editor=\"7t7q5\" data-offset-key=\"3srgv-0-0\">\n<div class=\"public-DraftStyleDefault-block public-DraftStyleDefault-ltr\" data-offset-key=\"3srgv-0-0\"><span style=\"color: #e11a1a;font-size: 10pt\" data-offset-key=\"3srgv-0-0\">Explicaci\u00f3n: Dogui representa a todo el Pablo Neruda. Representa que somos fuertes, listos, independientes y que somos incapaces de extinguirnos. He escogido este animal porque el lince me parece precioso, me parece un animal que actualmente tiene muy poca visibilidad y ser\u00eda un orgullo que nuestro centro se la diera.<\/span><\/div>\n<\/div>\n<\/div>\n<\/td>\n<\/tr>\n<\/tbody>\n<\/table>\n<p>&nbsp;<\/p>\n<hr>\n<p style=\"text-align: center\"><strong><span class=\"m-font-size-15 font-size-22\" style=\"color: #e11a1a\">CELEBRACI\u00d3N DEL D\u00cdA INTERNACIONAL DE LA MUJER<\/span><\/strong><\/p>\n<table style=\"border-collapse: collapse;width: 100%\">\n<tbody>\n<tr>\n<td style=\"width: 33.3333%;text-align: center\"><span style=\"font-size: 8pt\"><a href=\"https:\/\/blogsaverroes.juntadeandalucia.es\/iespabloneruda\/files\/2021\/08\/DIA-INETRNACIONAL-DE-LA-MUJER-2.png\"><img loading=\"lazy\" decoding=\"async\" class=\"size-full wp-image-3236 aligncenter\" src=\"https:\/\/blogsaverroes.juntadeandalucia.es\/iespabloneruda\/files\/2021\/08\/DIA-INETRNACIONAL-DE-LA-MUJER-2.png\" alt=\"\" width=\"594\" height=\"313\" srcset=\"https:\/\/blogsaverroes.juntadeandalucia.es\/iespabloneruda\/files\/2021\/08\/DIA-INETRNACIONAL-DE-LA-MUJER-2.png 594w, https:\/\/blogsaverroes.juntadeandalucia.es\/iespabloneruda\/files\/2021\/08\/DIA-INETRNACIONAL-DE-LA-MUJER-2-300x158.png 300w\" sizes=\"(max-width: 594px) 100vw, 594px\" \/><\/a><\/span><\/p>\n<p><span style=\"color: #e11a1a;font-size: 10pt\"><strong>\u00a1\u00a1\u00a1FELICIDADES 2\u00ba ESO B!!!<\/strong><\/span><\/td>\n<td style=\"width: 33.3333%\"><a href=\"https:\/\/blogsaverroes.juntadeandalucia.es\/iespabloneruda\/files\/2021\/08\/LAZO-MORADO.jpg\"><img loading=\"lazy\" decoding=\"async\" class=\"size-full wp-image-3238 aligncenter\" src=\"https:\/\/blogsaverroes.juntadeandalucia.es\/iespabloneruda\/files\/2021\/08\/LAZO-MORADO.jpg\" alt=\"\" width=\"137\" height=\"195\"><\/a><\/td>\n<td style=\"width: 33.3333%\">[youtube https:\/\/www.youtube.com\/watch?v=KQKhbhROxDA]<\/td>\n<\/tr>\n<\/tbody>\n<\/table>\n<p>&nbsp;<\/p>\n<hr>\n<p style=\"text-align: center\"><strong><span class=\"m-font-size-10 font-size-14\" style=\"color: #ecc512\">FALLO DEL XVIII CONCURSO DE CARTAS Y POEMAS DE AMOR \u00abEL CORAZ\u00d3N AMARILLO\u00bb<\/span><\/strong><\/p>\n<table style=\"border-collapse: collapse;width: 100%\">\n<tbody>\n<tr>\n<td style=\"width: 13.7516%\"><a href=\"https:\/\/blogsaverroes.juntadeandalucia.es\/iespabloneruda\/files\/2021\/08\/CORAZ\u00d3N-AMARILLO.png\"><img loading=\"lazy\" decoding=\"async\" class=\"wp-image-3240 size-full aligncenter\" src=\"https:\/\/blogsaverroes.juntadeandalucia.es\/iespabloneruda\/files\/2021\/08\/CORAZ\u00d3N-AMARILLO.png\" alt=\"\" width=\"189\" height=\"173\"><\/a><\/td>\n<td style=\"width: 56.8123%\">\n<ul class=\"defaultList\" style=\"list-style-type: circle\">\n<li class=\"text-align-left m-size-8 size-12\">\n<p style=\"text-align: left\"><span style=\"font-size: 8pt\"><strong><span class=\"font-size-12 m-font-size-8\" style=\"color: #ecc512\">\u00abMi amor hacia ti\u00bb de Lara Bravo Olivares (2\u00ba ESO A)<\/span><\/strong><\/span><\/p>\n<\/li>\n<li class=\"text-align-left m-size-8 size-12\">\n<p style=\"text-align: left\"><span style=\"font-size: 8pt\"><strong><span class=\"font-size-12 m-font-size-8\" style=\"color: #ecc512\">\u00abRecuerdos inolvidables\u00bb de Alejandro Quintero Vergara (4\u00ba ESO B)<\/span><\/strong><\/span><\/p>\n<\/li>\n<li class=\"text-align-left m-size-8 size-12\">\n<p style=\"text-align: left\"><span style=\"font-size: 8pt\"><strong><span class=\"font-size-12 m-font-size-8\" style=\"color: #ecc512\">\u00abTal vez fue causa y efecto\u00bb de Felisa Ruiz P\u00e9rez (1\u00ba RPAE)<\/span><\/strong><\/span><\/p>\n<\/li>\n<\/ul>\n<\/td>\n<\/tr>\n<\/tbody>\n<\/table>\n<p>&nbsp;<\/p>\n<hr>\n<p class=\"text-align-center m-size-15 size-22\" style=\"text-align: center\"><strong><span class=\"font-size-22 m-font-size-15\" style=\"color: #e11a1a\">V JORNADAS AUDIOVISUALES<\/span><\/strong><\/p>\n<p class=\"text-align-center\"><span style=\"color: #5d91bf;font-size: 10pt\">El alumnado de 2\u00ba curso de Realizaci\u00f3n de Proyectos Audiovisuales y Espect\u00e1culos lleva poniendo en pie estas jornadas desde el curso 2016-17 y por primera vez no contar\u00e1n con el calor del p\u00fablico. Ser\u00e1n unas jornadas menguadas que podr\u00e1n seguirse a trav\u00e9s del canal de YouTube de las propias jornadas (el contenido seguir\u00e1 disponible en el canal por si alguien quisiera verlo posteriormente)<\/span><\/p>\n<table style=\"border-collapse: collapse;width: 100%\">\n<tbody>\n<tr>\n<td style=\"width: 25%\">\n<p style=\"text-align: center\"><strong><span class=\"m-font-size-4 font-size-4\" style=\"color: #e11a1a;font-size: 8pt\">Inauguraci\u00f3n de las Jornadas con la presencia de la directora del instituto Cristina Jaureguiberr\u00eda, y el reportero gr\u00e1fico de RTVE, Manuel Ovalle<\/span><\/strong><\/p>\n<\/td>\n<td style=\"width: 25%\">&nbsp;<\/td>\n<\/tr>\n<tr>\n<td style=\"width: 25%;text-align: center\">[youtube https:\/\/www.youtube.com\/watch?v=OPgrETrfk2s]<\/td>\n<td style=\"width: 25%\">\n<p class=\"text-align-center\" style=\"text-align: left\"><span style=\"font-size: 10pt;color: #e11a1a\">En los siguientes enlaces pod\u00e9is ver las actividades de cada d\u00eda<\/span><\/p>\n<ul class=\"defaultList\">\n<li class=\"text-align-left\" style=\"text-align: left\"><span style=\"font-size: 10pt;color: #e11a1a\"><a style=\"color: #e11a1a\" href=\"https:\/\/www.youtube.com\/playlist?list=PL9w3y1hS2p5IxcFBeo2nrRYyTtTfGc7NG\" target=\"_blank\" rel=\"noopener noreferrer\">Martes 2 de febrero<\/a><\/span><\/li>\n<li class=\"text-align-left\" style=\"text-align: left\"><span style=\"font-size: 10pt;color: #e11a1a\"><a style=\"color: #e11a1a\" href=\"https:\/\/www.youtube.com\/playlist?list=PL9w3y1hS2p5L-ACR1SUj7nbtEYZHtxAKq\" target=\"_blank\" rel=\"noopener noreferrer\">Mi\u00e9rcoles 3 de febrero<\/a><\/span><\/li>\n<\/ul>\n<\/td>\n<\/tr>\n<\/tbody>\n<\/table>\n<p>&nbsp;<\/p>\n<table style=\"border-collapse: collapse;width: 100%\">\n<tbody>\n<tr>\n<td style=\"width: 50%;text-align: center\">\n<p class=\"text-align-center m-size-7 size-10\"><span style=\"font-size: 8pt;color: #e11a1a\"><strong><span class=\"font-size-10 m-font-size-7\">Trailer del documental El Camino de Juan Manuel Col\u00f3n Armario<\/span><\/strong><\/span><\/p>\n<\/td>\n<td style=\"width: 50%;text-align: center\"><strong><span class=\"m-font-size-7 font-size-10\" style=\"font-size: 10pt;color: #e11a1a\">Talent Show 2021<\/span><\/strong><\/td>\n<\/tr>\n<tr>\n<td style=\"width: 50%;text-align: center\">[vimeo 340871407 w=425 h=350]<\/td>\n<td style=\"width: 50%;text-align: center\">[youtube https:\/\/www.youtube.com\/watch?v=7iF4a7TfCwA]<\/td>\n<\/tr>\n<\/tbody>\n<\/table>\n<p>&nbsp;<\/p>\n<hr>\n<table style=\"border-collapse: collapse;width: 100%\">\n<tbody>\n<tr>\n<td style=\"width: 50%;text-align: center\" colspan=\"2\"><span style=\"color: #e11a1a\"><strong><span class=\"m-font-size-15 font-size-22\">V\u00cdDEO DE LA CELEBRACI\u00d3N DEL D\u00cdA ESCOLAR DE LA NO VIOLENCIA Y LA PAZ<\/span><\/strong><\/span><\/td>\n<\/tr>\n<tr>\n<td style=\"width: 50%\"><a href=\"https:\/\/blogsaverroes.juntadeandalucia.es\/iespabloneruda\/files\/2021\/08\/MURO-DE-LA-PAZ.png\"><img loading=\"lazy\" decoding=\"async\" class=\"size-full wp-image-3265 aligncenter\" src=\"https:\/\/blogsaverroes.juntadeandalucia.es\/iespabloneruda\/files\/2021\/08\/MURO-DE-LA-PAZ.png\" alt=\"\" width=\"640\" height=\"327\" srcset=\"https:\/\/blogsaverroes.juntadeandalucia.es\/iespabloneruda\/files\/2021\/08\/MURO-DE-LA-PAZ.png 640w, https:\/\/blogsaverroes.juntadeandalucia.es\/iespabloneruda\/files\/2021\/08\/MURO-DE-LA-PAZ-300x153.png 300w\" sizes=\"(max-width: 640px) 100vw, 640px\" \/><\/a><\/td>\n<td style=\"width: 50%;text-align: center\">[youtube https:\/\/www.youtube.com\/watch?v=o74gTqvzMoA]<\/td>\n<\/tr>\n<\/tbody>\n<\/table>\n<p>&nbsp;<\/p>\n<hr>\n<p style=\"text-align: center\"><span style=\"color: #993366\"><strong>D\u00cdA INTERNACIONAL DE LA ELIMINACI\u00d3N DE LA VIOLENCIA CONTRA LA MUJER<\/strong><\/span><\/p>\n<p style=\"text-align: center\"><span style=\"color: #993366\"><strong>25 de noviembre<\/strong><\/span><\/p>\n<p style=\"text-align: center\"><a href=\"https:\/\/blogsaverroes.juntadeandalucia.es\/iespabloneruda\/files\/2021\/08\/BOCAS-TAPADAS-PERO-NO-CALLADAS.png\"><img loading=\"lazy\" decoding=\"async\" class=\"alignnone size-full wp-image-3268\" src=\"https:\/\/blogsaverroes.juntadeandalucia.es\/iespabloneruda\/files\/2021\/08\/BOCAS-TAPADAS-PERO-NO-CALLADAS.png\" alt=\"\" width=\"899\" height=\"359\" srcset=\"https:\/\/blogsaverroes.juntadeandalucia.es\/iespabloneruda\/files\/2021\/08\/BOCAS-TAPADAS-PERO-NO-CALLADAS.png 899w, https:\/\/blogsaverroes.juntadeandalucia.es\/iespabloneruda\/files\/2021\/08\/BOCAS-TAPADAS-PERO-NO-CALLADAS-300x120.png 300w, https:\/\/blogsaverroes.juntadeandalucia.es\/iespabloneruda\/files\/2021\/08\/BOCAS-TAPADAS-PERO-NO-CALLADAS-768x307.png 768w\" sizes=\"(max-width: 899px) 100vw, 899px\" \/><\/a><\/p>\n<p style=\"text-align: center\"><span style=\"color: #993366\"><b>Slogan creado por la alumna de 3\u00ba B Elvira Moreno Echevarr\u00eda<\/b><\/span><\/p>\n<table style=\"border-collapse: collapse;width: 100%\">\n<tbody>\n<tr>\n<td style=\"width: 50%\">\n<p class=\"m-size-8 text-align-center size-12\" style=\"text-align: center\"><span class=\"font-size-12 m-font-size-8\" style=\"font-family: arial, helvetica, sans-serif\"><span style=\"color: #993366\"><strong><span style=\"font-size: 10pt\">2\u00ba de ESO pone en escena una versi\u00f3n teatral de First Dates en Creaci\u00f3n Audiovisual<\/span><\/strong><\/span><br \/>\n<\/span><\/p>\n<p class=\"m-size-8 size-12\"><span class=\"font-size-12 m-font-size-8\" style=\"font-size: 8pt;color: #993366\">El alumnado de 2\u00ba curso de la asignatura Creaci\u00f3n Audiovisual ha creado esta obra de teatro con motivo del 25N en la que analizan y recrean uno de los formatos televisivos m\u00e1s controvertidos. El alumnado ha elaborado el dialogo y construido los personajes y se ha sumergido por primera vez en la narrativa audiovisual.<\/span><\/p>\n<p class=\"m-size-8 size-12\"><span class=\"font-size-12 m-font-size-8\" style=\"font-size: 8pt;color: #993366\">Por otra parte, el alumnado de 1\u00ba de ICTI se ha encargado de la realizaci\u00f3n del mismo. Podemos decir por tanto que se ha llevado a cabo un proyecto integrador en sus diferentes etapas educativas (alumnado de la ESO y de Ciclo), a trav\u00e9s de esta nueva asignatura: Creaci\u00f3n Audiovisual<\/span><\/p>\n<p class=\"m-size-8 size-12\"><span class=\"font-size-12 m-font-size-8\" style=\"font-size: 8pt;color: #993366\">La profesora de la asignatura, Ana B. Blanqui\u00f1o afirma que la experiencia ha sido muy gratificante en todos los sentidos.<\/span><\/p>\n<\/td>\n<td style=\"width: 50%;text-align: center\">[youtube https:\/\/www.youtube.com\/watch?v=JpmT-uPY8hY]<\/td>\n<\/tr>\n<\/tbody>\n<\/table>\n<p style=\"text-align: center\"><strong><span class=\"lh-1 font-size-14\" style=\"color: #993366\"><span class=\"font-size-12 lh-1\">Seis spots para luchar contra la violencia de g\u00e9nero<\/span><\/span><\/strong><\/p>\n<p><span class=\"font-size-12 lh-1\" style=\"font-size: 10pt;color: #993366\">El alumnado de 2\u00ba curso de Realizaci\u00f3n de Realizaci\u00f3n de Proyectos Audiovisuales y Espect\u00e1culos ha puesto en escena un a\u00f1o m\u00e1s la campa\u00f1a contra la violencia de g\u00e9nero con la que pretenden concienciar sobre este problema social.<\/span><\/p>\n<ul class=\"defaultList\">\n<li class=\"m-size-8 size-12\"><span style=\"font-size: 10pt\"><strong><span class=\"m-font-size-8 font-size-12\" style=\"color: #993366\">Mami y la ventana<\/span><\/strong><span class=\"m-font-size-8 font-size-12\"><span style=\"color: #993366\">, realizado por Andr\u00e9s Jes\u00fas, Pablo Landero, Juan Carlos Oca\u00f1a y Juli\u00e1n Sanchez<\/span><\/span><\/span><\/li>\n<li class=\"m-size-8 size-12\"><span style=\"font-size: 10pt;color: #993366\"><strong><span class=\"m-font-size-8 font-size-12\">D\u00edas de Alejandra<\/span><\/strong><span class=\"m-font-size-8 font-size-12\">, realizado por Carlos Camacho, Andr\u00e9s Fidalgo y Miguel Garc\u00eda<\/span><\/span><\/li>\n<li class=\"m-size-8 size-12\"><span style=\"font-size: 10pt;color: #993366\"><strong><span class=\"m-font-size-8 font-size-12\">Camino<\/span><\/strong><span class=\"m-font-size-8 font-size-12\">, video de la campa\u00f1a realizado por Noelia L\u00f3pez, Javier Mart\u00edn y Pablo Moya<\/span><\/span><\/li>\n<li class=\"m-size-8 size-12\"><span style=\"font-size: 10pt;color: #993366\"><strong><span class=\"font-size-12 m-font-size-8\">Carla<\/span><\/strong><span class=\"font-size-12 m-font-size-8\">, de Patricia Escudero, Alejandro Jim\u00e9nez y Alberto Ponce<\/span><\/span><\/li>\n<li class=\"m-size-8 size-12\"><span style=\"font-size: 10pt;color: #993366\"><strong><span class=\"font-size-12 m-font-size-8\">Flores<\/span><\/strong><span class=\"font-size-12 m-font-size-8\">, realizado por Natalia Quintero, Lidia Pascual y Javiera B. P\u00e9rez<\/span><\/span><\/li>\n<li class=\"m-size-8 size-12\"><span style=\"font-size: 10pt;color: #993366\"><strong><span class=\"font-size-12 m-font-size-8\">No subas el volumen<\/span><\/strong><span class=\"font-size-12 m-font-size-8\">, de Jos\u00e9 Manuel Barradas, V\u00edctor Hern\u00e1ndez y Emilio Jos\u00e9 Moreno<\/span><\/span><\/li>\n<\/ul>\n<table style=\"border-collapse: collapse;width: 100%\">\n<tbody>\n<tr>\n<td style=\"width: 33.3333%;text-align: center\">[youtube https:\/\/www.youtube.com\/watch?v=uAF1FKwl0LY]<\/td>\n<td style=\"width: 33.3333%;text-align: center\">[youtube https:\/\/www.youtube.com\/watch?v=7ewd5JEWVug]<\/td>\n<td style=\"width: 33.3333%;text-align: center\">[youtube https:\/\/www.youtube.com\/watch?v=G_MewWqyEyo]<\/td>\n<\/tr>\n<tr>\n<td style=\"width: 33.3333%;text-align: center\">[youtube https:\/\/www.youtube.com\/watch?v=Xp6IIS0mp5U]<\/td>\n<td style=\"width: 33.3333%;text-align: center\">[youtube https:\/\/www.youtube.com\/watch?v=vU45wWYpB3c]<\/td>\n<td style=\"width: 33.3333%;text-align: center\">[youtube https:\/\/www.youtube.com\/watch?v=D5ewGOCug5k]<\/td>\n<\/tr>\n<\/tbody>\n<\/table>\n<p>&nbsp;<\/p>\n<hr>\n<p class=\"m-size-13 text-align-center size-18\" style=\"text-align: center\"><span style=\"color: #e11a1a\"><strong><span class=\"font-size-18 m-font-size-13\">GANADORES DEL I CONCURSO DE FLAMENCO<\/span><\/strong><\/span><\/p>\n<ul class=\"defaultList\">\n<li class=\"m-size-13 text-align-left size-18\"><span class=\"font-size-18 m-font-size-13\" style=\"font-size: 10pt;color: #e11a1a\">Enrique Lobo Rubio<\/span><\/li>\n<li class=\"m-size-13 text-align-left size-18\"><span class=\"font-size-18 m-font-size-13\" style=\"font-size: 10pt;color: #e11a1a\">Luc\u00eda G\u00f3mez Mora<\/span><\/li>\n<li class=\"m-size-13 text-align-left size-18\"><span class=\"font-size-18 m-font-size-13\" style=\"font-size: 10pt;color: #e11a1a\">Rafael Ram\u00edrez Gonz\u00e1lez<\/span><\/li>\n<\/ul>\n<p class=\"text-align-center m-size-13 size-18\" style=\"text-align: center\"><span class=\"font-size-18 m-font-size-13\" style=\"color: #e11a1a\">\u00a1\u00a1\u00a1GRACIAS A TODOS POR PARTICIPAR!!!<\/span><\/p>\n","protected":false},"excerpt":{"rendered":"<p>CURSO 2020\/2021 &nbsp; MATR\u00cdCULAS DE HONOR DE 2\u00ba DE BACHILLERATO Y CICLOS DIPLOMAS DE 2\u00ba DE BACHILLERATO Y CICLOS DIPLOMAS DE 4\u00ba ESO &nbsp; V\u00cdDEO DE LA CEREMONIA DE GRADUACI\u00d3N DE 2\u00ba DE BACHILLERATO&#46;&#46;&#46;<\/p>\n","protected":false},"author":11374,"featured_media":0,"parent":0,"menu_order":0,"comment_status":"closed","ping_status":"closed","template":"","meta":{"ngg_post_thumbnail":0,"footnotes":"","_mc_calendar":[]},"aioseo_notices":[],"_links":{"self":[{"href":"https:\/\/blogsaverroes.juntadeandalucia.es\/iespabloneruda\/wp-json\/wp\/v2\/pages\/3138"}],"collection":[{"href":"https:\/\/blogsaverroes.juntadeandalucia.es\/iespabloneruda\/wp-json\/wp\/v2\/pages"}],"about":[{"href":"https:\/\/blogsaverroes.juntadeandalucia.es\/iespabloneruda\/wp-json\/wp\/v2\/types\/page"}],"author":[{"embeddable":true,"href":"https:\/\/blogsaverroes.juntadeandalucia.es\/iespabloneruda\/wp-json\/wp\/v2\/users\/11374"}],"replies":[{"embeddable":true,"href":"https:\/\/blogsaverroes.juntadeandalucia.es\/iespabloneruda\/wp-json\/wp\/v2\/comments?post=3138"}],"version-history":[{"count":57,"href":"https:\/\/blogsaverroes.juntadeandalucia.es\/iespabloneruda\/wp-json\/wp\/v2\/pages\/3138\/revisions"}],"predecessor-version":[{"id":3277,"href":"https:\/\/blogsaverroes.juntadeandalucia.es\/iespabloneruda\/wp-json\/wp\/v2\/pages\/3138\/revisions\/3277"}],"wp:attachment":[{"href":"https:\/\/blogsaverroes.juntadeandalucia.es\/iespabloneruda\/wp-json\/wp\/v2\/media?parent=3138"}],"curies":[{"name":"wp","href":"https:\/\/api.w.org\/{rel}","templated":true}]}}