{"id":7320,"date":"2025-04-27T20:46:38","date_gmt":"2025-04-27T19:46:38","guid":{"rendered":"https:\/\/blogsaverroes.juntadeandalucia.es\/iespabloneruda\/?page_id=7320"},"modified":"2025-06-26T21:46:35","modified_gmt":"2025-06-26T20:46:35","slug":"noticias-erasmus","status":"publish","type":"page","link":"https:\/\/blogsaverroes.juntadeandalucia.es\/iespabloneruda\/noticias-erasmus\/","title":{"rendered":"NOTICIAS"},"content":{"rendered":"<p><strong>Profesorado del I.E.S Pablo Neruda de Huelva participa en un curso para conocer el sistema educativo finland\u00e9s.<\/strong><\/p>\n<p>Porvoo (Finlandia), mayo de 2025.<\/p>\n<p align=\"justify\">Dentro del proyector Erasmus+ KA 122VET, se ha llevado a cabo una movilidad basada en un curso de formaci\u00f3n para conocer el sistema educativo finland\u00e9s enfocado en la FP. Profesorado del Dpto. de Imagen y Sonido ha tenido la oportunidad de realizar esta movilidad cuyo objetivo principal era conocer de forma general el funcionamiento de la formaci\u00f3n profesional finlandesa, intercambiar conocimiento con el equipo de direcci\u00f3n, profesorado y alumnado.<\/p>\n<p align=\"justify\">Adem\u00e1s, el curso ha permitido reunir a compa\u00f1eros de FP de otras Familias Profesionales y comunidades aut\u00f3nomas a fin de fomentar nuevos proyectos entre los centros participantes.<\/p>\n<p align=\"justify\">Aprender nuevas pr\u00e1cticas, recopilar nuevas ideas, realizar mesas de trabajo y debates, conocer la naturaleza, cultura e idiosincrasia finlandesa han completado un programa formativo enriquecedor y estimulante.<\/p>\n<p align=\"justify\">Por un lado, las visitas a institutos de FP nivel EQF 3-5 en Helsinki y Borg\u00e5 de diferentes familias profesionales ha dotado a los participantes de diversas herramientas, tanto de car\u00e1cter pedag\u00f3gico como organizativo y de funcionamiento, para reflexionar e intentar ponerlas en pr\u00e1ctica a la vuelta. Por otro lado, resulta imprescindible conocer y entender la cultura finlandesa para comprender el enfoque de su sistema educativo. Para ello, se desarrollaron una serie de visitas culturales con el objetivo de conocer la historia, costumbres e idiosincrasia del pueblo finland\u00e9s (Borg\u00e5 ciudad medieval, Helsinki monumental, rutas de senderismo, sauna finlandesa, Oodi mejor biblioteca del mundo 2019\u2026).<\/p>\n<p align=\"justify\">Una gran experiencia la vivida por nuestro profesorado y que est\u00e1n dispuestos a compartir con el resto de la comunidad educativa con el objetivo de mejorar en nuestra pr\u00e1ctica docente y como centro educativo.<\/p>\n<p align=\"justify\"><span style=\"color: #0563c1\"><u><a href=\"https:\/\/www.calameo.com\/read\/00732647898fb70071249\">https:\/\/www.calameo.com\/read\/00732647898fb70071249<\/a><\/u><\/span> (p\u00e1g.51).<\/p>\nngg_shortcode_0_placeholder\n<p><span style=\"font-weight: 400\"><strong>Alumnos del I.E.S. Pablo Neruda de Huelva viven una experiencia \u00fanica en Lisboa durante su Erasmus.<\/strong><\/span><\/p>\n<p><span style=\"font-weight: 400\">Lisboa, marzo de 2025.&nbsp;<\/span><\/p>\n<p style=\"text-align: justify\"><span style=\"font-weight: 400\">Un grupo de estudiantes del T\u00e9cnico de Grado Medio en Video Dj y Sonido del I.E.S. Pablo Neruda de Huelva junto con sus profesoras Reme Rico y Tamara Ben\u00edtez, vivieron una experiencia muy enriquecedora entre el 9 y el 22 de marzo, durante su Erasmus en la capital portuguesa. Los j\u00f3venes tuvieron la oportunidad de enriquecer su formaci\u00f3n profesional y cultural a trav\u00e9s de diversas actividades que combinaron la pr\u00e1ctica en el \u00e1mbito del dise\u00f1o y la producci\u00f3n sonora con el disfrute de la historia y la belleza de Lisboa.<\/span><\/p>\n<p style=\"text-align: justify\"><span style=\"font-weight: 400\">Una de los objetivos del Erasmus era la visita a Ritmo para A M\u00fasica, una de las empresas m\u00e1s reconocidas en el campo del sonido en Lisboa. Los estudiantes pudieron conocer las instalaciones y participar en pr\u00e1cticas y demostraciones, donde aplicaron sus conocimientos sobre dise\u00f1o de sonido y producci\u00f3n musical. \u00abFue una experiencia enriquecedora, nos permiti\u00f3 ver de primera mano c\u00f3mo se trabaja en la industria del sonido y aprender de los profesionales\u00bb, afirma Manuel Jes\u00fas \u00c9vora, estudiante de segundo del ciclo.<\/span><\/p>\n<p style=\"text-align: justify\"><span style=\"font-weight: 400\">Adem\u00e1s, la visita al casco antiguo de Lisboa fue otro de los momentos m\u00e1s especiales del viaje. Acompa\u00f1ados de gu\u00edas locales, los estudiantes recorrieron el hist\u00f3rico barrio de Alfama, uno de los m\u00e1s emblem\u00e1ticos de la ciudad. En su recorrido, descubrieron las estrechas calles empedradas, los miradores panor\u00e1micos y los edificios adornados con los caracter\u00edsticos azulejos. \u00abLisboa tiene un encanto \u00fanico, cada rinc\u00f3n est\u00e1 lleno de historia y belleza\u00bb, coment\u00f3 Yanira C\u00f3zar, estudiante de segundo de VDJ.<\/span><\/p>\n<p style=\"text-align: justify\"><span style=\"font-weight: 400\">El grupo tambi\u00e9n tuvo la oportunidad de visitar el <\/span><b>Ocean\u00e1rio de Lisboa<\/b><span style=\"font-weight: 400\">, uno de los acuarios m\u00e1s grandes y fascinantes del mundo. Durante esta visita, los estudiantes pudieron explorar la biodiversidad marina, aprender sobre la conservaci\u00f3n de los oc\u00e9anos y observar de cerca una amplia variedad de especies marinas.&nbsp; \u00abFue una experiencia tanto educativa como visualmente espectacular\u00bb, destac\u00f3 \u00c1ngel Rodr\u00edguez, estudiante de primero de VDJ.<\/span><\/p>\n<p style=\"text-align: justify\"><span style=\"font-weight: 400\">El Erasmus en Lisboa no solo permiti\u00f3 a los alumnos del I.E.S. Pablo Neruda mejorar sus conocimientos en el \u00e1mbito profesional, sino que tambi\u00e9n les brind\u00f3 una valiosa oportunidad para ampliar sus horizontes culturales y personales, todo mientras disfrutaban de una ciudad vibrante y llena de vida.<\/span><\/p>\n<p style=\"text-align: justify\"><span style=\"font-weight: 400\">\u00abHa sido una experiencia que nos ha permitido aprender de una manera distinta, tanto en lo profesional como en lo personal. Adem\u00e1s, hemos vivido momentos inolvidables y formado nuevas amistades\u00bb, coment\u00f3 Alejandro Mej\u00edas, estudiante de 2\u00ba de VDJ.<\/span><\/p>\n<p style=\"text-align: justify\"><span style=\"font-weight: 400\">El Erasmus en Lisboa ha sido una experiencia clave para el desarrollo de los estudiantes del I.E.S. Pablo Neruda, quienes regresan con una visi\u00f3n m\u00e1s amplia de su futuro profesional y con el deseo de seguir explorando nuevas oportunidades y horizontes.<\/span><\/p>\nngg_shortcode_1_placeholder\n","protected":false},"excerpt":{"rendered":"<p>Profesorado del I.E.S Pablo Neruda de Huelva participa en un curso para conocer el sistema educativo finland\u00e9s. Porvoo (Finlandia), mayo de 2025. Dentro del proyector Erasmus+ KA 122VET, se ha llevado a cabo una&#46;&#46;&#46;<\/p>\n","protected":false},"author":11374,"featured_media":0,"parent":0,"menu_order":0,"comment_status":"closed","ping_status":"closed","template":"","meta":{"ngg_post_thumbnail":0,"footnotes":"","_mc_calendar":[]},"aioseo_notices":[],"_links":{"self":[{"href":"https:\/\/blogsaverroes.juntadeandalucia.es\/iespabloneruda\/wp-json\/wp\/v2\/pages\/7320"}],"collection":[{"href":"https:\/\/blogsaverroes.juntadeandalucia.es\/iespabloneruda\/wp-json\/wp\/v2\/pages"}],"about":[{"href":"https:\/\/blogsaverroes.juntadeandalucia.es\/iespabloneruda\/wp-json\/wp\/v2\/types\/page"}],"author":[{"embeddable":true,"href":"https:\/\/blogsaverroes.juntadeandalucia.es\/iespabloneruda\/wp-json\/wp\/v2\/users\/11374"}],"replies":[{"embeddable":true,"href":"https:\/\/blogsaverroes.juntadeandalucia.es\/iespabloneruda\/wp-json\/wp\/v2\/comments?post=7320"}],"version-history":[{"count":12,"href":"https:\/\/blogsaverroes.juntadeandalucia.es\/iespabloneruda\/wp-json\/wp\/v2\/pages\/7320\/revisions"}],"predecessor-version":[{"id":7548,"href":"https:\/\/blogsaverroes.juntadeandalucia.es\/iespabloneruda\/wp-json\/wp\/v2\/pages\/7320\/revisions\/7548"}],"wp:attachment":[{"href":"https:\/\/blogsaverroes.juntadeandalucia.es\/iespabloneruda\/wp-json\/wp\/v2\/media?parent=7320"}],"curies":[{"name":"wp","href":"https:\/\/api.w.org\/{rel}","templated":true}]}}