{"id":2528,"date":"2017-02-04T17:19:08","date_gmt":"2017-02-04T17:19:08","guid":{"rendered":"http:\/\/blogsaverroes.juntadeandalucia.es\/iespeperuizvela\/?page_id=2528"},"modified":"2020-06-27T21:05:36","modified_gmt":"2020-06-27T21:05:36","slug":"programaciones","status":"publish","type":"page","link":"https:\/\/blogsaverroes.juntadeandalucia.es\/iespeperuizvela\/programaciones\/","title":{"rendered":"Programaciones Curso 2019-2020"},"content":{"rendered":"<h1><strong><span style=\"color: #800000\">BIOLOG\u00cdA Y GEOLOG\u00cdA <\/span><br \/>\n<\/strong><\/h1>\n<p><a href=\"https:\/\/blogsaverroes.juntadeandalucia.es\/iespeperuizvela\/files\/2020\/06\/PD-BYG-ESO-MODIFICADA.pdf\">PD BYG ESO MODIFICADA<\/a><\/p>\n<p><a href=\"https:\/\/blogsaverroes.juntadeandalucia.es\/iespeperuizvela\/files\/2020\/06\/PD-BYG-1\u00ba-BACH-MODIFICADA.pdf\">PD BYG 1\u00ba BACH MODIFICADA<\/a><\/p>\n<p><a href=\"https:\/\/blogsaverroes.juntadeandalucia.es\/iespeperuizvela\/files\/2020\/06\/PD-ANATOMIA-MODIFICADA.pdf\">PD ANATOMIA MODIFICADA<\/a><\/p>\n<p><a href=\"https:\/\/blogsaverroes.juntadeandalucia.es\/iespeperuizvela\/files\/2020\/06\/PD-BIO-2\u00ba-BACH-MODIFICADA.pdf\">PD BIO 2\u00ba BACH MODIFICADA<\/a><\/p>\n<p><a href=\"https:\/\/blogsaverroes.juntadeandalucia.es\/iespeperuizvela\/files\/2020\/06\/PD-CTMA-MODIFICADA.pdf\">PD CTMA MODIFICADA<\/a><\/p>\n<p>&nbsp;<\/p>\n<h1><strong><span style=\"color: #800000\">CIENCIAS SOCIALES, GEOGRAF\u00cdA E HISTORIA&nbsp;<\/span> <\/strong><\/h1>\n<p><a href=\"https:\/\/blogsaverroes.juntadeandalucia.es\/iespeperuizvela\/files\/2020\/01\/Programaci\u00f3n-ESO.pdf\">Programaci\u00f3n ESO<\/a><\/p>\n<p><a href=\"https:\/\/blogsaverroes.juntadeandalucia.es\/iespeperuizvela\/files\/2020\/06\/Adaptaci\u00f3n-programaci\u00f3n-ESO-tercer-trimestre.pdf\">Adaptaci\u00f3n programaci\u00f3n ESO tercer trimestre<\/a><\/p>\n<p><a href=\"https:\/\/blogsaverroes.juntadeandalucia.es\/iespeperuizvela\/files\/2020\/01\/Programaci\u00f3n-Geograf\u00eda-Bachillerato.pdf\">Programaci\u00f3n Geograf\u00eda Bachillerato<\/a><\/p>\n<p><a href=\"https:\/\/blogsaverroes.juntadeandalucia.es\/iespeperuizvela\/files\/2020\/05\/Adaptaci\u00f3n-Bachillerato-Geograf\u00eda-tercer-trimestre.pdf\">Adaptaci\u00f3n Bachillerato Geograf\u00eda tercer trimestre<\/a><\/p>\n<p><a href=\"https:\/\/blogsaverroes.juntadeandalucia.es\/iespeperuizvela\/files\/2020\/01\/Programaci\u00f3n-Historia-Arte-Bachillerato.pdf\">Programaci\u00f3n Historia Arte Bachillerato<\/a><\/p>\n<p><a href=\"https:\/\/blogsaverroes.juntadeandalucia.es\/iespeperuizvela\/files\/2020\/05\/Adaptaci\u00f3n-Bachillerato-Historia-del-Arte-tercer-trimestre.pdf\">Adaptaci\u00f3n Bachillerato Historia del Arte tercer trimestre<\/a><\/p>\n<p><a href=\"https:\/\/blogsaverroes.juntadeandalucia.es\/iespeperuizvela\/files\/2020\/01\/Programaci\u00f3n-Historia-de-Espa\u00f1a-Bachillerato.pdf\">Programaci\u00f3n Historia de Espa\u00f1a Bachillerato<\/a><\/p>\n<p><a href=\"https:\/\/blogsaverroes.juntadeandalucia.es\/iespeperuizvela\/files\/2020\/05\/Adaptaci\u00f3n-Bachillerato-Historia-de-Espa\u00f1a-tercer-trimestre.pdf\">Adaptaci\u00f3n Bachillerato Historia de Espa\u00f1a tercer trimestre<\/a><\/p>\n<p><a href=\"https:\/\/blogsaverroes.juntadeandalucia.es\/iespeperuizvela\/files\/2020\/01\/Programaci\u00f3n-Historia-del-Mundo-Contempor\u00e1neo-Bachillerato.pdf\">Programaci\u00f3n Historia del Mundo Contempor\u00e1neo Bachillerato<\/a><\/p>\n<p><a href=\"https:\/\/blogsaverroes.juntadeandalucia.es\/iespeperuizvela\/files\/2020\/06\/Adaptaci\u00f3n-Bachillerato-Historia-del-Mundo-Contempor\u00e1neo-tercer-trimestre.pdf\">Adaptaci\u00f3n Bachillerato Historia del Mundo Contempor\u00e1neo tercer trimestre<\/a><\/p>\n<p>&nbsp;<\/p>\n<h1><span style=\"color: #800000\"><strong>DIBUJO (EDUCACI\u00d3N PL\u00c1STICA)<br \/>\n<\/strong><\/span><\/h1>\n<p><a href=\"https:\/\/blogsaverroes.juntadeandalucia.es\/iespeperuizvela\/files\/2020\/01\/PROGRAMACI\u00d3N-1920-EPVA-DEPARTAMENTO-DE-DIBUJO.pdf\">PROGRAMACI\u00d3N 1920 EPVA DEPARTAMENTO DE DIBUJO<\/a><\/p>\n<p><a href=\"https:\/\/blogsaverroes.juntadeandalucia.es\/iespeperuizvela\/files\/2020\/01\/PROGRAMACI\u00d3N-1920-DIBUJO-T\u00c9CNICO-II-Departamento-de-Dibujo.pdf\">PROGRAMACI\u00d3N 1920 DIBUJO T\u00c9CNICO II Departamento de Dibujo<\/a><\/p>\n<p><a href=\"https:\/\/blogsaverroes.juntadeandalucia.es\/iespeperuizvela\/files\/2020\/05\/CRITERIOS-DE-CALIFICACI\u00d3N-EPVA-.pdf\">CRITERIOS DE CALIFICACI\u00d3N EPVA<\/a><\/p>\n<p>&nbsp;<\/p>\n<h1><strong><span style=\"color: #800000\">ECONOM\u00cdA Y FOL <\/span><br \/>\n<\/strong><\/h1>\n<p><a href=\"https:\/\/blogsaverroes.juntadeandalucia.es\/iespeperuizvela\/files\/2020\/01\/PD-19-20-CEYE-1\u00ba-Bach.pdf\">PD 19-20 CEYE 1\u00ba Bach<\/a><\/p>\n<p><a href=\"https:\/\/blogsaverroes.juntadeandalucia.es\/iespeperuizvela\/files\/2020\/01\/PD-19-20-Economia-4\u00ba-ESO.pdf\">PD 19-20 Economia 4\u00ba ESO<\/a><\/p>\n<p><a href=\"https:\/\/blogsaverroes.juntadeandalucia.es\/iespeperuizvela\/files\/2020\/01\/PD-19-20-Econom\u00eda-1\u00ba-Bach.pdf\">PD 19-20 Econom\u00eda 1\u00ba Bach<\/a><\/p>\n<p><a href=\"https:\/\/blogsaverroes.juntadeandalucia.es\/iespeperuizvela\/files\/2020\/01\/PD-19-20-Economia-de-la-Empresa-2\u00ba-Bach.pdf\">PD 19-20 Economia de la Empresa 2\u00ba Bach<\/a><\/p>\n<p><a href=\"https:\/\/blogsaverroes.juntadeandalucia.es\/iespeperuizvela\/files\/2020\/01\/PD-19-20-EIE-2\u00ba-C.F..pdf\">PD 19-20 EIE 2\u00ba C.F.<\/a><\/p>\n<p><a href=\"https:\/\/blogsaverroes.juntadeandalucia.es\/iespeperuizvela\/files\/2020\/01\/PD-19-20-FOL-1\u00ba-CF.pdf\">PD 19-20 FOL 1\u00ba CF<\/a><\/p>\n<p>&nbsp;<\/p>\n<h1><strong><span style=\"color: #800000\">EDUCACI\u00d3N F\u00cdSICA<\/span><br \/>\n<\/strong><\/h1>\n<p><a href=\"https:\/\/blogsaverroes.juntadeandalucia.es\/iespeperuizvela\/files\/2020\/05\/PD.-EF-ESO-IES-PRV-2019-20-v2.0.pdf\">PD. EF ESO IES PRV 2019-20 (v2.0)<\/a><\/p>\n<p><a href=\"https:\/\/blogsaverroes.juntadeandalucia.es\/iespeperuizvela\/files\/2020\/05\/PD.-EF-BACH-IES-PRV-2019-20-v2.0.pdf\">PD. EF BACH IES PRV 2019-20 (v2.0)<\/a><\/p>\n<h1>&nbsp;<\/h1>\n<h1><span style=\"color: #993300\"><strong>ELECTRICIDAD<\/strong><\/span><\/h1>\n<p><a href=\"https:\/\/blogsaverroes.juntadeandalucia.es\/iespeperuizvela\/files\/2020\/06\/prog-electri-19_20.pdf\">prog electri 19_20<\/a><\/p>\n<p><a href=\"https:\/\/blogsaverroes.juntadeandalucia.es\/iespeperuizvela\/files\/2020\/06\/anexo-programaciones-didacticas-covid19.pdf\">anexo programaciones did\u00e1cticas covid19<\/a><\/p>\n<h1>&nbsp;<\/h1>\n<h1><strong><span style=\"color: #993300\">FILOSOF\u00cdA<\/span><br \/>\n<\/strong><\/h1>\n<p><a href=\"https:\/\/blogsaverroes.juntadeandalucia.es\/iespeperuizvela\/files\/2020\/01\/prog-cambiosgenero.pdf\">prog cambiosgenero<\/a><\/p>\n<p><a href=\"https:\/\/blogsaverroes.juntadeandalucia.es\/iespeperuizvela\/files\/2020\/01\/prog-ECDH.pdf\">prog ECDH<\/a><\/p>\n<p><a href=\"https:\/\/blogsaverroes.juntadeandalucia.es\/iespeperuizvela\/files\/2020\/01\/prog-fil.pdf\">prog fil<\/a><\/p>\n<p><a href=\"https:\/\/blogsaverroes.juntadeandalucia.es\/iespeperuizvela\/files\/2020\/01\/prog-hfil.pdf\">prog hfil<\/a><\/p>\n<p><a href=\"https:\/\/blogsaverroes.juntadeandalucia.es\/iespeperuizvela\/files\/2020\/01\/prog-psicologia.pdf\">prog psicologia<\/a><\/p>\n<p><a href=\"https:\/\/blogsaverroes.juntadeandalucia.es\/iespeperuizvela\/files\/2020\/01\/prog-VE.pdf\">prog VE<\/a><\/p>\n<h1>&nbsp;<\/h1>\n<h1><span style=\"color: #800000\"><strong>F\u00cdSICA Y QU\u00cdMICA<\/strong><\/span><\/h1>\n<p><a href=\"https:\/\/blogsaverroes.juntadeandalucia.es\/iespeperuizvela\/files\/2020\/01\/Ciencias-Aplicadas-a-la-Actividad-Profesional-4\u00ba-ESO.pdf\">Ciencias Aplicadas a la Actividad Profesional 4\u00ba ESO<\/a><\/p>\n<p><a href=\"https:\/\/blogsaverroes.juntadeandalucia.es\/iespeperuizvela\/files\/2020\/01\/Cultura-Cient\u00edfica-4\u00ba-ESO.pdf\">Cultura Cient\u00edfica 4\u00ba ESO<\/a><\/p>\n<p><a href=\"https:\/\/blogsaverroes.juntadeandalucia.es\/iespeperuizvela\/files\/2020\/01\/F\u00cdSICA-2\u00ba-BACH.pdf\">F\u00cdSICA 2\u00ba BACH<\/a><\/p>\n<p><a href=\"https:\/\/blogsaverroes.juntadeandalucia.es\/iespeperuizvela\/files\/2020\/01\/F\u00edsica-y-Qu\u00edmica-1\u00ba-BACH.pdf\">F\u00edsica y Qu\u00edmica 1\u00ba BACH<\/a><\/p>\n<p><a href=\"https:\/\/blogsaverroes.juntadeandalucia.es\/iespeperuizvela\/files\/2020\/01\/F\u00edsica-y-Qu\u00edmica-2\u00ba-3\u00ba-y-4\u00ba-ESO.pdf\">F\u00edsica y Qu\u00edmica 2\u00ba 3\u00ba y 4\u00ba ESO<\/a><\/p>\n<p><a href=\"https:\/\/blogsaverroes.juntadeandalucia.es\/iespeperuizvela\/files\/2020\/01\/M\u00e9todos-de-las-Ciencias-2\u00ba-y-3\u00ba-ESO.pdf\">M\u00e9todos de las Ciencias 2\u00ba y 3\u00ba ESO<\/a><\/p>\n<p><a href=\"https:\/\/blogsaverroes.juntadeandalucia.es\/iespeperuizvela\/files\/2020\/01\/QU\u00cdMICA-2\u00ba-BACH.pdf\">QU\u00cdMICA 2\u00ba BACH<\/a><\/p>\n<p><a href=\"https:\/\/blogsaverroes.juntadeandalucia.es\/iespeperuizvela\/files\/2020\/05\/MODIFICACIONES-PROGRAMACI\u00d3N-FQ-19-20.pdf\">MODIFICACIONES PROGRAMACI\u00d3N FQ 19-20<\/a><\/p>\n<p>&nbsp;<\/p>\n<h1><strong><span style=\"color: #800000\">FRANC\u00c9S<\/span><br \/>\n<\/strong><\/h1>\n<p><a href=\"https:\/\/blogsaverroes.juntadeandalucia.es\/iespeperuizvela\/files\/2020\/01\/programaci\u00f3n_ESO.pdf\">programaci\u00f3n_ESO<\/a><\/p>\n<p><a href=\"https:\/\/blogsaverroes.juntadeandalucia.es\/iespeperuizvela\/files\/2020\/01\/programaci\u00f3n_Bachillerato.pdf\">programaci\u00f3n_Bachillerato<\/a><\/p>\n<p>&nbsp;<\/p>\n<h1><strong><span style=\"color: #800000\">INGL\u00c9S<\/span><br \/>\n<\/strong><\/h1>\n<p><a href=\"https:\/\/blogsaverroes.juntadeandalucia.es\/iespeperuizvela\/files\/2020\/05\/Programaciones_didacticas_ESO.pdf\">Programaciones_did\u00e1cticas_ESO<\/a><\/p>\n<p><a href=\"https:\/\/blogsaverroes.juntadeandalucia.es\/iespeperuizvela\/files\/2020\/05\/Programaciones_didacticas_Bachillerato.pdf\">Programaciones_did\u00e1cticas_Bachillerato<\/a><\/p>\n<p>&nbsp;<\/p>\n<h1><strong><span style=\"color: #800000\">LENGUA CASTELLANA Y LITERATURA<\/span><br \/>\n<\/strong><\/h1>\n<p><a href=\"https:\/\/blogsaverroes.juntadeandalucia.es\/iespeperuizvela\/files\/2020\/01\/PROGRAMACI\u00d3N-SENECA-ESO-19.pdf\">PROGRAMACI\u00d3N SENECA ESO &#8217;19<\/a><\/p>\n<p><a href=\"https:\/\/blogsaverroes.juntadeandalucia.es\/iespeperuizvela\/files\/2020\/01\/PROGRAMACI\u00d3N-SENECA-BACHILLERATO-19.pdf\">PROGRAMACI\u00d3N SENECA BACHILLERATO &#8217;19<\/a><\/p>\n<p><a href=\"https:\/\/blogsaverroes.juntadeandalucia.es\/iespeperuizvela\/files\/2020\/01\/PROGRAMACI\u00d3N-SENECA-LITERATURA-UNIVERSAL-19.pdf\">PROGRAMACI\u00d3N SENECA LITERATURA UNIVERSAL &#8217;19<\/a><\/p>\n<p><a href=\"https:\/\/blogsaverroes.juntadeandalucia.es\/iespeperuizvela\/files\/2020\/06\/MODIFICACI\u00d3N-PROGRAMACI\u00d3N-DEPARTAMENTO-LENGUA.pdf\">MODIFICACI\u00d3N PROGRAMACI\u00d3N DEPARTAMENTO LENGUA<\/a><\/p>\n<p>&nbsp;<\/p>\n<h1><span style=\"color: #800000\"><strong>LENGUAS CL\u00c1SICAS<\/strong><\/span><\/h1>\n<p><a href=\"https:\/\/blogsaverroes.juntadeandalucia.es\/iespeperuizvela\/files\/2020\/06\/PD-Lat\u00edn-4-ESO.pdf\">PD Lat\u00edn 4 ESO<\/a><\/p>\n<p><a href=\"https:\/\/blogsaverroes.juntadeandalucia.es\/iespeperuizvela\/files\/2020\/06\/PD-Lat\u00edn-Bachillerato.pdf\">PD Lat\u00edn Bachillerato<\/a><\/p>\n<p><a href=\"https:\/\/blogsaverroes.juntadeandalucia.es\/iespeperuizvela\/files\/2020\/06\/Anexo-Programaci\u00f3n-Did\u00e1ctica-Lenguas-Cl\u00e1sicas.pdf\">Anexo Programaci\u00f3n Did\u00e1ctica Lenguas Cl\u00e1sicas<\/a><\/p>\n<p>&nbsp;<\/p>\n<h1><strong><span style=\"color: #800000\">MATEM\u00c1TICAS<\/span><br \/>\n<\/strong><\/h1>\n<h3><strong><span style=\"color: #008000\">PROGRAMACIONES:<\/span><\/strong><\/h3>\n<p><a href=\"https:\/\/blogsaverroes.juntadeandalucia.es\/iespeperuizvela\/files\/2020\/05\/MODIFICACIONES-PROGRAMACI\u00d3N-MATEM\u00c1TICAS.pdf\">MODIFICACIONES PROGRAMACI\u00d3N MATEM\u00c1TICAS<\/a><\/p>\n<p><a href=\"https:\/\/blogsaverroes.juntadeandalucia.es\/iespeperuizvela\/files\/2020\/05\/Matem\u00e1ticas-1\u00ba-y-2\u00ba-ESOm.pdf\">Matem\u00e1ticas 1\u00ba y 2\u00ba ESO(m)<\/a><\/p>\n<p><a href=\"https:\/\/blogsaverroes.juntadeandalucia.es\/iespeperuizvela\/files\/2020\/05\/Matem\u00e1ticas-acad\u00e9micas-3\u00ba-y-4\u00bam.pdf\">Matem\u00e1ticas acad\u00e9micas 3\u00ba y 4\u00ba(m)<\/a><\/p>\n<p><a href=\"https:\/\/blogsaverroes.juntadeandalucia.es\/iespeperuizvela\/files\/2020\/05\/Matem\u00e1ticas-aplicadas-3\u00ba-y-4\u00ba-ESOm.pdf\">Matem\u00e1ticas aplicadas 3\u00ba y 4\u00ba ESO(m)<\/a><\/p>\n<p><a href=\"https:\/\/blogsaverroes.juntadeandalucia.es\/iespeperuizvela\/files\/2020\/05\/Matem\u00e1ticas-Aplicadas-a-las-Ciencias-Sociales.pdf\">Matem\u00e1ticas Aplicadas a las Ciencias Sociales<\/a><\/p>\n<p><a href=\"https:\/\/blogsaverroes.juntadeandalucia.es\/iespeperuizvela\/files\/2020\/06\/Programaci\u00f3n-Matem\u00e1ticas-Bachillerato-Ciencias.pdf\">Matem\u00e1ticas Bachillerato (Ciencias)<\/a><\/p>\n<p><a href=\"https:\/\/blogsaverroes.juntadeandalucia.es\/iespeperuizvela\/files\/2020\/05\/Estad\u00edsticam.pdf\">Estad\u00edstica(m)<\/a><\/p>\n<p>&nbsp;<\/p>\n<h3><span style=\"color: #008000\"><strong>PONDERACI\u00d3N DE CRITERIOS DE EVALUACI\u00d3N:<\/strong><\/span><\/h3>\n<p><a href=\"https:\/\/blogsaverroes.juntadeandalucia.es\/iespeperuizvela\/files\/2020\/01\/ponderaci\u00f3n-criterios-matem\u00e1ticas-1\u00ba-ESO.pdf\">ponderaci\u00f3n criterios matem\u00e1ticas 1\u00ba ESO<\/a><\/p>\n<p><a href=\"https:\/\/blogsaverroes.juntadeandalucia.es\/iespeperuizvela\/files\/2020\/01\/ponderaci\u00f3n-criterios-matem\u00e1ticas-2\u00ba-ESO.pdf\">ponderaci\u00f3n criterios matem\u00e1ticas 2\u00ba ESO<\/a><\/p>\n<p><a href=\"https:\/\/blogsaverroes.juntadeandalucia.es\/iespeperuizvela\/files\/2020\/01\/ponderaci\u00f3n-criterios-matem\u00e1ticas-acad\u00e9micas-3\u00ba-ESO.pdf\">ponderaci\u00f3n criterios matem\u00e1ticas acad\u00e9micas 3\u00ba ESO<\/a><\/p>\n<p><a href=\"https:\/\/blogsaverroes.juntadeandalucia.es\/iespeperuizvela\/files\/2020\/01\/ponderaci\u00f3n-criterios-matem\u00e1ticas-acad\u00e9micas-4\u00ba-ESO.pdf\">ponderaci\u00f3n criterios matem\u00e1ticas acad\u00e9micas 4\u00ba ESO<\/a><\/p>\n<p><a href=\"https:\/\/blogsaverroes.juntadeandalucia.es\/iespeperuizvela\/files\/2020\/01\/ponderaci\u00f3n-criterios-matem\u00e1ticas-aplicadas-3\u00ba-ESO.pdf\">ponderaci\u00f3n criterios matem\u00e1ticas aplicadas 3\u00ba ESO<\/a><\/p>\n<p><a href=\"https:\/\/blogsaverroes.juntadeandalucia.es\/iespeperuizvela\/files\/2020\/01\/ponderaci\u00f3n-criterios-matem\u00e1ticas-aplicadas-4\u00ba-ESO.pdf\">ponderaci\u00f3n criterios matem\u00e1ticas aplicadas 4\u00ba ESO<\/a><\/p>\n<p><a href=\"https:\/\/blogsaverroes.juntadeandalucia.es\/iespeperuizvela\/files\/2020\/01\/ponderaci\u00f3n-criterios-matem\u00e1ticas-I-.pdf\">ponderaci\u00f3n criterios matem\u00e1ticas I<\/a><\/p>\n<p><a href=\"https:\/\/blogsaverroes.juntadeandalucia.es\/iespeperuizvela\/files\/2020\/01\/ponderaci\u00f3n-criterios-matem\u00e1ticas-II-.pdf\">ponderaci\u00f3n criterios matem\u00e1ticas II<\/a><\/p>\n<p><a href=\"https:\/\/blogsaverroes.juntadeandalucia.es\/iespeperuizvela\/files\/2020\/01\/ponderaci\u00f3n-criterios-MCS-I.pdf\">ponderaci\u00f3n criterios MCS I<\/a><\/p>\n<p><a href=\"https:\/\/blogsaverroes.juntadeandalucia.es\/iespeperuizvela\/files\/2020\/01\/ponderaci\u00f3n-criterios-MCS-II.pdf\">ponderaci\u00f3n criterios MCS II<\/a><\/p>\n<p>&nbsp;<\/p>\n<h1><strong><span style=\"color: #800000\">M\u00daSICA<\/span><br \/>\n<\/strong><\/h1>\n<p><a href=\"https:\/\/blogsaverroes.juntadeandalucia.es\/iespeperuizvela\/files\/2020\/02\/M\u00daSICA_PROGRAMACI\u00d3N-DID\u00c1CTICA.pdf\">M\u00daSICA_PROGRAMACI\u00d3N DID\u00c1CTICA<\/a><\/p>\n<p>&nbsp;<\/p>\n<h1><strong><span style=\"color: #993300\">RELIGI\u00d3N Y MORAL CAT\u00d3LICA<\/span><br \/>\n<\/strong><\/h1>\n<p><a href=\"https:\/\/blogsaverroes.juntadeandalucia.es\/iespeperuizvela\/files\/2020\/02\/Prog-de-religi\u00f3n-Cat\u00f3lica-2019-20.-Antonia-Rodr\u00edguez.pdf\">Programaci\u00f3n de Religi\u00f3n Cat\u00f3lica<\/a><\/p>\n<h1>&nbsp;<\/h1>\n<h1><strong><span style=\"color: #800000\">TECNOLOG\u00cdA<\/span><br \/>\n<\/strong><\/h1>\n<p><a href=\"https:\/\/blogsaverroes.juntadeandalucia.es\/iespeperuizvela\/files\/2020\/01\/Tecnolog\u00eda_Aplicada_ESO.pdf\">Tecnolog\u00eda_Aplicada_ESO<\/a><\/p>\n<p><a href=\"https:\/\/blogsaverroes.juntadeandalucia.es\/iespeperuizvela\/files\/2020\/01\/Tecnolog\u00eda_ESO.pdf\">Tecnolog\u00eda_ESO<\/a><\/p>\n<p><a href=\"https:\/\/blogsaverroes.juntadeandalucia.es\/iespeperuizvela\/files\/2020\/01\/Tecnolog\u00eda_Industrial_2_bachillerato.pdf\">Tecnolog\u00eda_Industrial_2_bachillerato<\/a><\/p>\n<p><a href=\"https:\/\/blogsaverroes.juntadeandalucia.es\/iespeperuizvela\/files\/2020\/01\/TIC_ESO.pdf\">TIC_ESO<\/a><\/p>\n<p><a href=\"https:\/\/blogsaverroes.juntadeandalucia.es\/iespeperuizvela\/files\/2020\/01\/TIC_1_bachillerato.pdf\">TIC_1_bachillerato<\/a><\/p>\n<p><a href=\"https:\/\/blogsaverroes.juntadeandalucia.es\/iespeperuizvela\/files\/2020\/01\/TIC_2_bachillerato.pdf\">TIC_2_bachillerato<\/a><\/p>\n<p><a href=\"https:\/\/blogsaverroes.juntadeandalucia.es\/iespeperuizvela\/files\/2020\/06\/anexo_programaci\u00f3n_19_20_Dpto_Tecnolog\u00eda.pdf\">Anexo_programaci\u00f3n<\/a><\/p>\n","protected":false},"excerpt":{"rendered":"<p>BIOLOG\u00cdA Y GEOLOG\u00cdA PD BYG ESO MODIFICADA PD BYG 1\u00ba BACH MODIFICADA PD ANATOMIA MODIFICADA PD BIO 2\u00ba BACH MODIFICADA PD CTMA MODIFICADA &nbsp; CIENCIAS SOCIALES, GEOGRAF\u00cdA E HISTORIA&nbsp; Programaci\u00f3n ESO Adaptaci\u00f3n programaci\u00f3n ESO&#46;&#46;&#46;<\/p>\n","protected":false},"author":4694,"featured_media":0,"parent":0,"menu_order":0,"comment_status":"open","ping_status":"open","template":"","meta":{"ngg_post_thumbnail":0,"footnotes":"","_mc_calendar":[]},"aioseo_notices":[],"_links":{"self":[{"href":"https:\/\/blogsaverroes.juntadeandalucia.es\/iespeperuizvela\/wp-json\/wp\/v2\/pages\/2528"}],"collection":[{"href":"https:\/\/blogsaverroes.juntadeandalucia.es\/iespeperuizvela\/wp-json\/wp\/v2\/pages"}],"about":[{"href":"https:\/\/blogsaverroes.juntadeandalucia.es\/iespeperuizvela\/wp-json\/wp\/v2\/types\/page"}],"author":[{"embeddable":true,"href":"https:\/\/blogsaverroes.juntadeandalucia.es\/iespeperuizvela\/wp-json\/wp\/v2\/users\/4694"}],"replies":[{"embeddable":true,"href":"https:\/\/blogsaverroes.juntadeandalucia.es\/iespeperuizvela\/wp-json\/wp\/v2\/comments?post=2528"}],"version-history":[{"count":52,"href":"https:\/\/blogsaverroes.juntadeandalucia.es\/iespeperuizvela\/wp-json\/wp\/v2\/pages\/2528\/revisions"}],"predecessor-version":[{"id":4467,"href":"https:\/\/blogsaverroes.juntadeandalucia.es\/iespeperuizvela\/wp-json\/wp\/v2\/pages\/2528\/revisions\/4467"}],"wp:attachment":[{"href":"https:\/\/blogsaverroes.juntadeandalucia.es\/iespeperuizvela\/wp-json\/wp\/v2\/media?parent=2528"}],"curies":[{"name":"wp","href":"https:\/\/api.w.org\/{rel}","templated":true}]}}