{"id":2534,"date":"2017-02-04T17:40:58","date_gmt":"2017-02-04T17:40:58","guid":{"rendered":"http:\/\/blogsaverroes.juntadeandalucia.es\/iespeperuizvela\/?page_id=2534"},"modified":"2020-06-24T12:46:51","modified_gmt":"2020-06-24T12:46:51","slug":"tecnologia-2o-eso","status":"publish","type":"page","link":"https:\/\/blogsaverroes.juntadeandalucia.es\/iespeperuizvela\/tecnologia-2o-eso\/","title":{"rendered":"Tecnolog\u00eda 2\u00ba ESO"},"content":{"rendered":"<h1><span style=\"color: #ff0000\"><strong>RECUPERACI\u00d3N PARA SEPTIEMBRE<\/strong><\/span><\/h1>\n<h2><span style=\"color: #0000ff\"><strong>UDI 1 &#8211; EL PROCESO TECNOL\u00d3GICO<\/strong><\/span><\/h2>\n<p><a href=\"https:\/\/blogsaverroes.juntadeandalucia.es\/iespeperuizvela\/files\/2017\/02\/proceso_tecnologico.pdf\">El Proceso_Tecnol\u00f3gico<\/a><\/p>\n<p><a href=\"https:\/\/blogsaverroes.juntadeandalucia.es\/iespeperuizvela\/files\/2017\/02\/FICHA_APOYO_introduccion_a_la_tecnologia.pdf\">El Proceso Tecnol\u00f3gico (FICHA DE ADAPTACI\u00d3N)<\/a><\/p>\n<p>&nbsp;<\/p>\n<h2><strong><span style=\"color: #0000ff\">UDI 2 &#8211; SISTEMAS MATERIALES<\/span><br \/>\n<\/strong><\/h2>\n<p><a href=\"https:\/\/blogsaverroes.juntadeandalucia.es\/iespeperuizvela\/files\/2017\/02\/materiales.pdf\">Materiales<\/a><\/p>\n<p><a href=\"https:\/\/blogsaverroes.juntadeandalucia.es\/iespeperuizvela\/files\/2017\/02\/1_materiales.pdf\">Materiales (FICHA DE ADAPTACI\u00d3N)<\/a><\/p>\n<p><a href=\"https:\/\/blogsaverroes.juntadeandalucia.es\/iespeperuizvela\/files\/2017\/02\/maderas.pdf\">Maderas<\/a><\/p>\n<p><a href=\"https:\/\/blogsaverroes.juntadeandalucia.es\/iespeperuizvela\/files\/2017\/02\/fichas_adaptacion_maderas.pdf\">Maderas (FICHAS DE ADAPTACI\u00d3N)<\/a><\/p>\n<p><a href=\"https:\/\/blogsaverroes.juntadeandalucia.es\/iespeperuizvela\/files\/2017\/02\/metales.pdf\">Metales<\/a><\/p>\n<p><a href=\"https:\/\/blogsaverroes.juntadeandalucia.es\/iespeperuizvela\/files\/2017\/02\/fichas_adaptacion_metales.pdf\">Metales (FICHAS DE ADAPTACI\u00d3N)<\/a><\/p>\n<p><a href=\"https:\/\/blogsaverroes.juntadeandalucia.es\/iespeperuizvela\/files\/2017\/02\/UDI_4_dibujo_tecnico.pdf\">Dibujo_T\u00e9cnico<\/a><\/p>\n<p><a href=\"https:\/\/blogsaverroes.juntadeandalucia.es\/iespeperuizvela\/files\/2017\/02\/actividades_dibujo_tecnico.pdf\">Actividades de Dibujo T\u00e9cnico<\/a><\/p>\n<p><a href=\"http:\/\/ntic.educacion.es\/w3\/\/eos\/MaterialesEducativos\/mem2002\/geometria_vistas\/index2.htm\">P\u00e1gina web sobre VISTAS<\/a><\/p>\n<p>&nbsp;<\/p>\n<p><iframe loading=\"lazy\" title=\"Alzado Planta y Perfil de una Pieza 14  Ejercicios de Vistas de dibujo t\u00e9cnico   Sistema europeo\" width=\"500\" height=\"281\" src=\"https:\/\/www.youtube.com\/embed\/3-oPjfrtuAk?feature=oembed&#038;wmode=opaque\" frameborder=\"0\" allow=\"accelerometer; autoplay; clipboard-write; encrypted-media; gyroscope; picture-in-picture; web-share\" referrerpolicy=\"strict-origin-when-cross-origin\" allowfullscreen><\/iframe><\/p>\n<p>&nbsp;<\/p>\n<p><iframe loading=\"lazy\" title=\"Normas de acotaci\u00f3n b\u00e1sicas\" width=\"500\" height=\"375\" src=\"https:\/\/www.youtube.com\/embed\/YCssCLAe-80?feature=oembed&#038;wmode=opaque\" frameborder=\"0\" allow=\"accelerometer; autoplay; clipboard-write; encrypted-media; gyroscope; picture-in-picture; web-share\" referrerpolicy=\"strict-origin-when-cross-origin\" allowfullscreen><\/iframe><\/p>\n<p>&nbsp;<\/p>\n","protected":false},"excerpt":{"rendered":"<p>RECUPERACI\u00d3N PARA SEPTIEMBRE UDI 1 &#8211; EL PROCESO TECNOL\u00d3GICO El Proceso_Tecnol\u00f3gico El Proceso Tecnol\u00f3gico (FICHA DE ADAPTACI\u00d3N) &nbsp; UDI 2 &#8211; SISTEMAS MATERIALES Materiales Materiales (FICHA DE ADAPTACI\u00d3N) Maderas Maderas (FICHAS DE ADAPTACI\u00d3N) Metales&#46;&#46;&#46;<\/p>\n","protected":false},"author":4694,"featured_media":0,"parent":0,"menu_order":0,"comment_status":"open","ping_status":"open","template":"","meta":{"ngg_post_thumbnail":0,"footnotes":"","_mc_calendar":[]},"aioseo_notices":[],"_links":{"self":[{"href":"https:\/\/blogsaverroes.juntadeandalucia.es\/iespeperuizvela\/wp-json\/wp\/v2\/pages\/2534"}],"collection":[{"href":"https:\/\/blogsaverroes.juntadeandalucia.es\/iespeperuizvela\/wp-json\/wp\/v2\/pages"}],"about":[{"href":"https:\/\/blogsaverroes.juntadeandalucia.es\/iespeperuizvela\/wp-json\/wp\/v2\/types\/page"}],"author":[{"embeddable":true,"href":"https:\/\/blogsaverroes.juntadeandalucia.es\/iespeperuizvela\/wp-json\/wp\/v2\/users\/4694"}],"replies":[{"embeddable":true,"href":"https:\/\/blogsaverroes.juntadeandalucia.es\/iespeperuizvela\/wp-json\/wp\/v2\/comments?post=2534"}],"version-history":[{"count":10,"href":"https:\/\/blogsaverroes.juntadeandalucia.es\/iespeperuizvela\/wp-json\/wp\/v2\/pages\/2534\/revisions"}],"predecessor-version":[{"id":4439,"href":"https:\/\/blogsaverroes.juntadeandalucia.es\/iespeperuizvela\/wp-json\/wp\/v2\/pages\/2534\/revisions\/4439"}],"wp:attachment":[{"href":"https:\/\/blogsaverroes.juntadeandalucia.es\/iespeperuizvela\/wp-json\/wp\/v2\/media?parent=2534"}],"curies":[{"name":"wp","href":"https:\/\/api.w.org\/{rel}","templated":true}]}}