{"id":2702,"date":"2020-11-08T11:33:23","date_gmt":"2020-11-08T11:33:23","guid":{"rendered":"https:\/\/blogsaverroes.juntadeandalucia.es\/iespintorjosemariafernandez\/?page_id=2702"},"modified":"2021-11-26T07:53:24","modified_gmt":"2021-11-26T07:53:24","slug":"2702-2","status":"publish","type":"page","link":"https:\/\/blogsaverroes.juntadeandalucia.es\/iespintorjosemariafernandez\/2702-2\/","title":{"rendered":"Equipo de Coordinaci\u00f3n TDE"},"content":{"rendered":"<p>&nbsp;<\/p>\n<p style=\"text-align: center\"><span style=\"font-size: 18pt;color: #0000ff\">EQUIPO DE COORDINACI\u00d3N TRANSFORMACI\u00d3N DIGITAL EDUCATIVA (<\/span><span style=\"color: #0000ff;font-size: 18pt\">TDE)<\/span><\/p>\n<p style=\"text-align: center\"><span style=\"font-size: 8pt;color: #0000ff\">&nbsp;<\/span><\/p>\n<p><span style=\"font-size: 14pt\">&nbsp; &nbsp; <strong>COORDINADOR:<span style=\"color: #ffffff\">&#8230;&#8230;&#8230;&#8230;&#8230;&#8230;&#8230;..&nbsp; &nbsp; &nbsp; &nbsp; &nbsp; &nbsp; &nbsp; &nbsp; &nbsp;.&nbsp; &nbsp; &nbsp; &nbsp;<\/span>Jos\u00e9 Virgilio Mata Casado<\/strong><\/span><\/p>\n<ul>\n<li><span style=\"font-size: 14pt;color: #000000\">Miembro equipo directivo:&nbsp; &nbsp; &nbsp; &nbsp; &nbsp; &nbsp; &nbsp; &nbsp; &nbsp; &nbsp; &nbsp; &nbsp; &nbsp; &nbsp; &nbsp;Teresa de la Cruz Zurita B\u00e1ez<\/span><\/li>\n<li><span style=\"font-size: 14pt;color: #000000\">Miembro departamento de Orientaci\u00f3n:&nbsp; &nbsp;Pablo Jos\u00e9 M\u00e9rida Garc\u00eda<br \/>\n<\/span><\/li>\n<li><span style=\"font-size: 14pt;color: #000000\">Jefe departamento FEI:&nbsp; &nbsp; &nbsp; &nbsp; &nbsp; &nbsp; &nbsp; &nbsp; &nbsp; &nbsp; &nbsp; &nbsp; &nbsp; &nbsp; &nbsp; &nbsp; &nbsp; &nbsp;Javier Garc\u00eda Pulido<\/span><\/li>\n<\/ul>\n<p><span style=\"color: #000000\">&nbsp;&nbsp;<\/span><\/p>\n<p>&nbsp; &nbsp; <span style=\"color: #000000\">&nbsp;<span style=\"font-size: 14pt\">APOYO TIC<\/span><\/span><\/p>\n<ul>\n<li><span style=\"font-size: 14pt\">Juan Jos\u00e9 Angulo Borrego<\/span><\/li>\n<li><span style=\"font-size: 14pt\">Miguel Ruiz Ochoa<\/span><\/li>\n<li><span style=\"font-size: 14pt\">Antonio Serrano Guti\u00e9rrez<\/span><\/li>\n<\/ul>\n","protected":false},"excerpt":{"rendered":"<p>&nbsp; EQUIPO DE COORDINACI\u00d3N TRANSFORMACI\u00d3N DIGITAL EDUCATIVA (TDE) &nbsp; &nbsp; &nbsp; COORDINADOR:&#8230;&#8230;&#8230;&#8230;&#8230;&#8230;&#8230;..&nbsp; &nbsp; &nbsp; &nbsp; &nbsp; &nbsp; &nbsp; &nbsp; &nbsp;.&nbsp; &nbsp; &nbsp; &nbsp;Jos\u00e9 Virgilio Mata Casado Miembro equipo directivo:&nbsp; &nbsp; &nbsp; &nbsp; &nbsp; &nbsp;&#46;&#46;&#46;<\/p>\n","protected":false},"author":10413,"featured_media":0,"parent":0,"menu_order":0,"comment_status":"closed","ping_status":"closed","template":"","meta":{"ngg_post_thumbnail":0,"footnotes":"","_mc_calendar":[]},"aioseo_notices":[],"_links":{"self":[{"href":"https:\/\/blogsaverroes.juntadeandalucia.es\/iespintorjosemariafernandez\/wp-json\/wp\/v2\/pages\/2702"}],"collection":[{"href":"https:\/\/blogsaverroes.juntadeandalucia.es\/iespintorjosemariafernandez\/wp-json\/wp\/v2\/pages"}],"about":[{"href":"https:\/\/blogsaverroes.juntadeandalucia.es\/iespintorjosemariafernandez\/wp-json\/wp\/v2\/types\/page"}],"author":[{"embeddable":true,"href":"https:\/\/blogsaverroes.juntadeandalucia.es\/iespintorjosemariafernandez\/wp-json\/wp\/v2\/users\/10413"}],"replies":[{"embeddable":true,"href":"https:\/\/blogsaverroes.juntadeandalucia.es\/iespintorjosemariafernandez\/wp-json\/wp\/v2\/comments?post=2702"}],"version-history":[{"count":12,"href":"https:\/\/blogsaverroes.juntadeandalucia.es\/iespintorjosemariafernandez\/wp-json\/wp\/v2\/pages\/2702\/revisions"}],"predecessor-version":[{"id":3331,"href":"https:\/\/blogsaverroes.juntadeandalucia.es\/iespintorjosemariafernandez\/wp-json\/wp\/v2\/pages\/2702\/revisions\/3331"}],"wp:attachment":[{"href":"https:\/\/blogsaverroes.juntadeandalucia.es\/iespintorjosemariafernandez\/wp-json\/wp\/v2\/media?parent=2702"}],"curies":[{"name":"wp","href":"https:\/\/api.w.org\/{rel}","templated":true}]}}