{"id":2820,"date":"2020-11-23T18:49:17","date_gmt":"2020-11-23T18:49:17","guid":{"rendered":"https:\/\/blogsaverroes.juntadeandalucia.es\/iespintorjosemariafernandez\/?page_id=2820"},"modified":"2020-12-24T10:54:32","modified_gmt":"2020-12-24T10:54:32","slug":"tutoriales-y-videotutoriales-seneca","status":"publish","type":"page","link":"https:\/\/blogsaverroes.juntadeandalucia.es\/iespintorjosemariafernandez\/tutoriales-y-videotutoriales-seneca\/","title":{"rendered":"V\u00eddeo\/Tutoriales S\u00e9neca"},"content":{"rendered":"<p><a href=\"https:\/\/blogsaverroes.juntadeandalucia.es\/iespintorjosemariafernandez\/files\/2020\/12\/manual-seneca.png\"><img loading=\"lazy\" decoding=\"async\" class=\"alignnone wp-image-2995\" src=\"https:\/\/blogsaverroes.juntadeandalucia.es\/iespintorjosemariafernandez\/files\/2020\/12\/manual-seneca.png\" alt=\"\" width=\"470\" height=\"159\" srcset=\"https:\/\/blogsaverroes.juntadeandalucia.es\/iespintorjosemariafernandez\/files\/2020\/12\/manual-seneca.png 639w, https:\/\/blogsaverroes.juntadeandalucia.es\/iespintorjosemariafernandez\/files\/2020\/12\/manual-seneca-300x101.png 300w, https:\/\/blogsaverroes.juntadeandalucia.es\/iespintorjosemariafernandez\/files\/2020\/12\/manual-seneca-24x8.png 24w, https:\/\/blogsaverroes.juntadeandalucia.es\/iespintorjosemariafernandez\/files\/2020\/12\/manual-seneca-36x12.png 36w, https:\/\/blogsaverroes.juntadeandalucia.es\/iespintorjosemariafernandez\/files\/2020\/12\/manual-seneca-48x16.png 48w\" sizes=\"(max-width: 470px) 100vw, 470px\" \/><\/a><\/p>\n<ol>\n<li><a href=\"https:\/\/youtu.be\/qOctDRoydkk\" target=\"_blank\" rel=\"noopener noreferrer\">Actualizaci\u00f3n datos alumnado PROFESORADO TUTOR<\/a><\/li>\n<li><a href=\"https:\/\/youtu.be\/jQlF3SHCtfU\">Grabaci\u00f3n horario profesorado Secundaria en S\u00e9nec<\/a>a<\/li>\n<li><a href=\"https:\/\/youtu.be\/OYFlaoha7Yo\">Creaci\u00f3n de grupos de alumnado<\/a><\/li>\n<li><a href=\"https:\/\/youtu.be\/EROO73xPMtg\">Grabaci\u00f3n padre\/madre delegada<\/a><\/li>\n<li><a href=\"https:\/\/youtu.be\/7-dWqoWtZ1s\">Comunicaci\u00f3n interna S\u00e9neca<\/a><\/li>\n<li><a href=\"https:\/\/youtu.be\/quRKfEQs0T8\">Comunicaci\u00f3n con familias iSeneca<\/a><\/li>\n<li><a href=\"https:\/\/youtu.be\/XZDUVTBZ_tw\">Comunicaci\u00f3n con comunidad educativa con S\u00e9neca<\/a><\/li>\n<li><a href=\"https:\/\/youtu.be\/pksGbCwLEFk\">Realizar observaciones compartidas con S\u00e9neca<\/a><\/li>\n<li><a href=\"https:\/\/youtu.be\/TT2A1HBMUgQ\">Realizar observaciones compartidas con iS\u00e9neca<\/a><\/li>\n<li><a href=\"https:\/\/youtu.be\/nUT9vt8MpZQ\">Cambiar datos personales en S\u00e9neca<\/a><\/li>\n<li><a href=\"https:\/\/youtu.be\/9ItJPjUlxog\">Agenda personal de S\u00e9neca<\/a><\/li>\n<li><a href=\"https:\/\/youtu.be\/-8CNglYVynM\">Gesti\u00f3n credenciales PASEN alumnado por tutor<\/a><\/li>\n<li><a href=\"https:\/\/youtu.be\/V-UyPkKhCHU\">Generar, cumplimentar y firmar actas sesi\u00f3n evaluaci\u00f3n<\/a><\/li>\n<li><a href=\"https:\/\/youtu.be\/c7XbCVQlNM0\">Realizar autorizaci\u00f3n de actividades<\/a><\/li>\n<li><a href=\"https:\/\/youtu.be\/tIp6H6WasH4\">Ausencias alumnado y justificaci\u00f3n faltas con iS\u00e9neca<\/a><\/li>\n<li><a href=\"https:\/\/youtu.be\/KeLkb8QyuK4\">Grabaci\u00f3n absentismo escolar en S\u00e9neca<\/a><\/li>\n<li><a href=\"https:\/\/youtu.be\/yg_0y9MPu5Q\">Ponderaci\u00f3n Perfil por \u00c1rea\/Materia<\/a><\/li>\n<li><a href=\"https:\/\/youtu.be\/8oxQE7R2XhA\">Copiar ponderaciones indicadores o instrumentos de evaluaci\u00f3n<\/a><\/li>\n<li><a href=\"https:\/\/youtu.be\/w0-d9zz377k\">Grabaci\u00f3n instrumentos de evaluaci\u00f3n<\/a><\/li>\n<li><a href=\"https:\/\/youtu.be\/Bvk8Rc01YAs\">Realizar programaciones did\u00e1cticas<\/a><\/li>\n<li><a href=\"https:\/\/youtu.be\/2aktfUz5atg\">Nuevo cuaderno del profesor S\u00e9neca<\/a><\/li>\n<li><a href=\"https:\/\/youtu.be\/DQi3QB1Iaxw\">Configuraci\u00f3n Cuaderno del Profesorado en S\u00e9neca<\/a><\/li>\n<li><a href=\"https:\/\/youtu.be\/20l9X5zEx34\">Cuaderno del profesor con iS\u00e9neca<\/a><\/li>\n<li><a href=\"https:\/\/youtu.be\/iFY7TDywgMM\">Calificaci\u00f3n, visi\u00f3n global por \u00e1rea y nivel competencial<\/a><\/li>\n<li><a href=\"https:\/\/youtu.be\/h6mUp5AbKKg\">Copia de actividades evaluables, cuaderno y resumen del cuaderno<\/a><\/li>\n<li><a href=\"https:\/\/youtu.be\/voX8O0xmUdw\">Funcionalidades Cuaderno del Profesorado de S\u00e9neca<\/a><\/li>\n<li><a href=\"https:\/\/youtu.be\/VsxDyMkZtTw\">Cuaderno del Profesorado desde iS\u00e9neca y registro de actitud<\/a><\/li>\n<li><a href=\"https:\/\/www.youtube.com\/watch?v=8UfVdWBLD4M\">Nuevas funcionalidades iS\u00e9neca<\/a><\/li>\n<li><a href=\"https:\/\/www.youtube.com\/watch?v=EAvCq9Sv8cI&amp;feature=emb_logo\">Nuevas funcionalidades 2 iS\u00e9neca<\/a><\/li>\n<\/ol>\n<p>&nbsp;<\/p>\n<p>&nbsp;<\/p>\n<ul>\n<li><a class=\"LinkModi\" title=\"http:\/\/www.juntadeandalucia.es\/averroes\/centros-tic\/29010857\/helvia\/aula\/archivos\/repositorio\/1500\/1560\/Manual_envio_mensajes_Seneca.pdf\" href=\"http:\/\/www.juntadeandalucia.es\/averroes\/centros-tic\/29010857\/helvia\/aula\/archivos\/repositorio\/1500\/1560\/Manual_envio_mensajes_Seneca.pdf\" target=\"_NEW\" rel=\"noopener noreferrer\">Env\u00edo de mensajes v\u00eda S\u00e9neca al profesorado de un equipo educativo<\/a><\/li>\n<li><a class=\"LinkModi\" title=\"http:\/\/www.juntadeandalucia.es\/averroes\/centros-tic\/29010857\/helvia\/aula\/archivos\/repositorio\/1500\/1561\/Manual_compartir_observaciones.pdf\" href=\"http:\/\/www.juntadeandalucia.es\/averroes\/centros-tic\/29010857\/helvia\/aula\/archivos\/repositorio\/1500\/1561\/Manual_compartir_observaciones.pdf\" target=\"_NEW\" rel=\"noopener noreferrer\">Compartir observaciones<\/a><\/li>\n<li><span class=\"LinkModi\"><a class=\"LinkModi\" title=\"http:\/\/www.juntadeandalucia.es\/averroes\/centros-tic\/29010857\/helvia\/aula\/archivos\/repositorio\/1500\/1599\/Manual_envio_notificaciones.pdf\" href=\"http:\/\/www.juntadeandalucia.es\/averroes\/centros-tic\/29010857\/helvia\/aula\/archivos\/repositorio\/1500\/1599\/Manual_envio_notificaciones.pdf\" target=\"_NEW\" rel=\"noopener noreferrer\">Pasos a aseguir para que lo tutores legales puedan recibir avisos de faltas y otras notificaciones<\/a><\/span><\/li>\n<\/ul>\n","protected":false},"excerpt":{"rendered":"<p>Actualizaci\u00f3n datos alumnado PROFESORADO TUTOR Grabaci\u00f3n horario profesorado Secundaria en S\u00e9neca Creaci\u00f3n de grupos de alumnado Grabaci\u00f3n padre\/madre delegada Comunicaci\u00f3n interna S\u00e9neca Comunicaci\u00f3n con familias iSeneca Comunicaci\u00f3n con comunidad educativa con S\u00e9neca Realizar observaciones&#46;&#46;&#46;<\/p>\n","protected":false},"author":10413,"featured_media":0,"parent":0,"menu_order":0,"comment_status":"closed","ping_status":"closed","template":"","meta":{"ngg_post_thumbnail":0,"footnotes":"","_mc_calendar":[]},"aioseo_notices":[],"_links":{"self":[{"href":"https:\/\/blogsaverroes.juntadeandalucia.es\/iespintorjosemariafernandez\/wp-json\/wp\/v2\/pages\/2820"}],"collection":[{"href":"https:\/\/blogsaverroes.juntadeandalucia.es\/iespintorjosemariafernandez\/wp-json\/wp\/v2\/pages"}],"about":[{"href":"https:\/\/blogsaverroes.juntadeandalucia.es\/iespintorjosemariafernandez\/wp-json\/wp\/v2\/types\/page"}],"author":[{"embeddable":true,"href":"https:\/\/blogsaverroes.juntadeandalucia.es\/iespintorjosemariafernandez\/wp-json\/wp\/v2\/users\/10413"}],"replies":[{"embeddable":true,"href":"https:\/\/blogsaverroes.juntadeandalucia.es\/iespintorjosemariafernandez\/wp-json\/wp\/v2\/comments?post=2820"}],"version-history":[{"count":4,"href":"https:\/\/blogsaverroes.juntadeandalucia.es\/iespintorjosemariafernandez\/wp-json\/wp\/v2\/pages\/2820\/revisions"}],"predecessor-version":[{"id":3020,"href":"https:\/\/blogsaverroes.juntadeandalucia.es\/iespintorjosemariafernandez\/wp-json\/wp\/v2\/pages\/2820\/revisions\/3020"}],"wp:attachment":[{"href":"https:\/\/blogsaverroes.juntadeandalucia.es\/iespintorjosemariafernandez\/wp-json\/wp\/v2\/media?parent=2820"}],"curies":[{"name":"wp","href":"https:\/\/api.w.org\/{rel}","templated":true}]}}