{"id":3133,"date":"2021-02-04T10:55:20","date_gmt":"2021-02-04T10:55:20","guid":{"rendered":"https:\/\/blogsaverroes.juntadeandalucia.es\/iespintorjosemariafernandez\/?page_id=3133"},"modified":"2021-06-24T09:50:31","modified_gmt":"2021-06-24T09:50:31","slug":"oferta-educativa","status":"publish","type":"page","link":"https:\/\/blogsaverroes.juntadeandalucia.es\/iespintorjosemariafernandez\/oferta-educativa\/","title":{"rendered":"Oferta educativa"},"content":{"rendered":"<h2 style=\"text-align: left\"><span style=\"color: #008000\">Oferta educativa<\/span><\/h2>\n<hr size=\"1\">\n<ol style=\"text-align: left\">\n<li><span style=\"color: #339966\"><strong>Educaci\u00f3n B\u00e1sica Especial<\/strong><\/span>\n<ul>\n<li><img decoding=\"async\" src=\"http:\/\/www.juntadeandalucia.es\/educacion\/vscripts\/centros\/datoscuract\/archivos\/bullet03.gif\" alt=\"\">&nbsp;Educaci\u00f3n especial unidad espec\u00edfica<\/li>\n<\/ul>\n<\/li>\n<li><strong><span style=\"color: #339966\">Primer y Segundo cursos de Educaci\u00f3n Secundaria Obligatoria<\/span><\/strong><\/li>\n<li><strong><span style=\"color: #339966\">Tercer y Cuarto cursos de Educaci\u00f3n Secundaria Obligatoria<\/span><\/strong><\/li>\n<li><strong><span style=\"color: #339966\">Formaci\u00f3n Profesional B\u00e1sica<\/span><\/strong>\n<ul>\n<li><img decoding=\"async\" src=\"http:\/\/www.juntadeandalucia.es\/educacion\/vscripts\/centros\/datoscuract\/archivos\/bullet03.gif\" alt=\"\">&nbsp;Servicios administrativos<\/li>\n<\/ul>\n<\/li>\n<li><strong><span style=\"color: #339966\">Formaci\u00f3n Profesional Inicial de Grado Medio<\/span><\/strong>\n<ul>\n<li><img decoding=\"async\" src=\"http:\/\/www.juntadeandalucia.es\/educacion\/vscripts\/centros\/datoscuract\/archivos\/bullet03.gif\" alt=\"\">&nbsp;Gesti\u00f3n administrativa<\/li>\n<\/ul>\n<\/li>\n<li><strong><span style=\"color: #339966\">Bachillerato<\/span><\/strong>\n<ul>\n<li><img decoding=\"async\" src=\"http:\/\/www.juntadeandalucia.es\/educacion\/vscripts\/centros\/datoscuract\/archivos\/bullet03.gif\" alt=\"\">&nbsp;Humanidades y ciencias sociales<\/li>\n<li><img decoding=\"async\" src=\"http:\/\/www.juntadeandalucia.es\/educacion\/vscripts\/centros\/datoscuract\/archivos\/bullet03.gif\" alt=\"\">&nbsp;Ciencias<\/li>\n<\/ul>\n<\/li>\n<li><strong><span style=\"color: #339966\">Formaci\u00f3n Profesional Inicial de Grado Superior<\/span><\/strong>\n<ul>\n<li><img decoding=\"async\" src=\"http:\/\/www.juntadeandalucia.es\/educacion\/vscripts\/centros\/datoscuract\/archivos\/bullet03.gif\" alt=\"\">&nbsp;Educaci\u00f3n infantil<\/li>\n<li><img decoding=\"async\" src=\"http:\/\/www.juntadeandalucia.es\/educacion\/vscripts\/centros\/datoscuract\/archivos\/bullet03.gif\" alt=\"\"> Integraci\u00f3n social<\/li>\n<li><img decoding=\"async\" src=\"http:\/\/www.juntadeandalucia.es\/educacion\/vscripts\/centros\/datoscuract\/archivos\/bullet03.gif\" alt=\"\">&nbsp;Administraci\u00f3n y finanzas<\/li>\n<\/ul>\n<\/li>\n<\/ol>\n<p style=\"text-align: left\"><a href=\"https:\/\/blogsaverroes.juntadeandalucia.es\/iespintorjosemariafernandez\/oferta-educativa\/2-triptico-josemariafernandez_mesa-de-trabajo-1\/\" rel=\"attachment wp-att-3134\"><img loading=\"lazy\" decoding=\"async\" class=\"alignnone size-large wp-image-3134\" src=\"https:\/\/blogsaverroes.juntadeandalucia.es\/iespintorjosemariafernandez\/files\/2021\/02\/2-triptico-josemariafernandez_Mesa-de-trabajo-1-1024x725.jpg\" alt=\"\" width=\"1024\" height=\"725\" srcset=\"https:\/\/blogsaverroes.juntadeandalucia.es\/iespintorjosemariafernandez\/files\/2021\/02\/2-triptico-josemariafernandez_Mesa-de-trabajo-1-1024x725.jpg 1024w, https:\/\/blogsaverroes.juntadeandalucia.es\/iespintorjosemariafernandez\/files\/2021\/02\/2-triptico-josemariafernandez_Mesa-de-trabajo-1-300x212.jpg 300w, https:\/\/blogsaverroes.juntadeandalucia.es\/iespintorjosemariafernandez\/files\/2021\/02\/2-triptico-josemariafernandez_Mesa-de-trabajo-1-768x543.jpg 768w, https:\/\/blogsaverroes.juntadeandalucia.es\/iespintorjosemariafernandez\/files\/2021\/02\/2-triptico-josemariafernandez_Mesa-de-trabajo-1-1536x1087.jpg 1536w, https:\/\/blogsaverroes.juntadeandalucia.es\/iespintorjosemariafernandez\/files\/2021\/02\/2-triptico-josemariafernandez_Mesa-de-trabajo-1-24x17.jpg 24w, https:\/\/blogsaverroes.juntadeandalucia.es\/iespintorjosemariafernandez\/files\/2021\/02\/2-triptico-josemariafernandez_Mesa-de-trabajo-1-36x25.jpg 36w, https:\/\/blogsaverroes.juntadeandalucia.es\/iespintorjosemariafernandez\/files\/2021\/02\/2-triptico-josemariafernandez_Mesa-de-trabajo-1-48x34.jpg 48w, https:\/\/blogsaverroes.juntadeandalucia.es\/iespintorjosemariafernandez\/files\/2021\/02\/2-triptico-josemariafernandez_Mesa-de-trabajo-1.jpg 1600w\" sizes=\"(max-width: 1024px) 100vw, 1024px\" \/><\/a> <a href=\"https:\/\/blogsaverroes.juntadeandalucia.es\/iespintorjosemariafernandez\/oferta-educativa\/1-triptico-josemariafernandez_mesa-de-trabajo-1-copia-1\/\" rel=\"attachment wp-att-3135\"><img loading=\"lazy\" decoding=\"async\" class=\"alignnone size-large wp-image-3135\" src=\"https:\/\/blogsaverroes.juntadeandalucia.es\/iespintorjosemariafernandez\/files\/2021\/02\/1-triptico-josemariafernandez_Mesa-de-trabajo-1-copia-1-1024x724.jpg\" alt=\"\" width=\"1024\" height=\"724\" srcset=\"https:\/\/blogsaverroes.juntadeandalucia.es\/iespintorjosemariafernandez\/files\/2021\/02\/1-triptico-josemariafernandez_Mesa-de-trabajo-1-copia-1-1024x724.jpg 1024w, https:\/\/blogsaverroes.juntadeandalucia.es\/iespintorjosemariafernandez\/files\/2021\/02\/1-triptico-josemariafernandez_Mesa-de-trabajo-1-copia-1-300x212.jpg 300w, https:\/\/blogsaverroes.juntadeandalucia.es\/iespintorjosemariafernandez\/files\/2021\/02\/1-triptico-josemariafernandez_Mesa-de-trabajo-1-copia-1-768x543.jpg 768w, https:\/\/blogsaverroes.juntadeandalucia.es\/iespintorjosemariafernandez\/files\/2021\/02\/1-triptico-josemariafernandez_Mesa-de-trabajo-1-copia-1-1536x1086.jpg 1536w, https:\/\/blogsaverroes.juntadeandalucia.es\/iespintorjosemariafernandez\/files\/2021\/02\/1-triptico-josemariafernandez_Mesa-de-trabajo-1-copia-1-24x17.jpg 24w, https:\/\/blogsaverroes.juntadeandalucia.es\/iespintorjosemariafernandez\/files\/2021\/02\/1-triptico-josemariafernandez_Mesa-de-trabajo-1-copia-1-36x25.jpg 36w, https:\/\/blogsaverroes.juntadeandalucia.es\/iespintorjosemariafernandez\/files\/2021\/02\/1-triptico-josemariafernandez_Mesa-de-trabajo-1-copia-1-48x34.jpg 48w, https:\/\/blogsaverroes.juntadeandalucia.es\/iespintorjosemariafernandez\/files\/2021\/02\/1-triptico-josemariafernandez_Mesa-de-trabajo-1-copia-1.jpg 1600w\" sizes=\"(max-width: 1024px) 100vw, 1024px\" \/><\/a><\/p>\n<p>https:\/\/blogsaverroes.juntadeandalucia.es\/iespintorjosemariafernandez\/files\/2021\/02\/ITINERARIOS_OFERTA-FORMATIVA-2021.pdf<\/p>\n<p>&nbsp;<\/p>\n","protected":false},"excerpt":{"rendered":"<p>Oferta educativa Educaci\u00f3n B\u00e1sica Especial &nbsp;Educaci\u00f3n especial unidad espec\u00edfica Primer y Segundo cursos de Educaci\u00f3n Secundaria Obligatoria Tercer y Cuarto cursos de Educaci\u00f3n Secundaria Obligatoria Formaci\u00f3n Profesional B\u00e1sica &nbsp;Servicios administrativos Formaci\u00f3n Profesional Inicial de&#46;&#46;&#46;<\/p>\n","protected":false},"author":10413,"featured_media":0,"parent":0,"menu_order":0,"comment_status":"closed","ping_status":"closed","template":"page-templates\/child-menu.php","meta":{"ngg_post_thumbnail":0,"footnotes":"","_mc_calendar":[]},"aioseo_notices":[],"_links":{"self":[{"href":"https:\/\/blogsaverroes.juntadeandalucia.es\/iespintorjosemariafernandez\/wp-json\/wp\/v2\/pages\/3133"}],"collection":[{"href":"https:\/\/blogsaverroes.juntadeandalucia.es\/iespintorjosemariafernandez\/wp-json\/wp\/v2\/pages"}],"about":[{"href":"https:\/\/blogsaverroes.juntadeandalucia.es\/iespintorjosemariafernandez\/wp-json\/wp\/v2\/types\/page"}],"author":[{"embeddable":true,"href":"https:\/\/blogsaverroes.juntadeandalucia.es\/iespintorjosemariafernandez\/wp-json\/wp\/v2\/users\/10413"}],"replies":[{"embeddable":true,"href":"https:\/\/blogsaverroes.juntadeandalucia.es\/iespintorjosemariafernandez\/wp-json\/wp\/v2\/comments?post=3133"}],"version-history":[{"count":7,"href":"https:\/\/blogsaverroes.juntadeandalucia.es\/iespintorjosemariafernandez\/wp-json\/wp\/v2\/pages\/3133\/revisions"}],"predecessor-version":[{"id":3257,"href":"https:\/\/blogsaverroes.juntadeandalucia.es\/iespintorjosemariafernandez\/wp-json\/wp\/v2\/pages\/3133\/revisions\/3257"}],"wp:attachment":[{"href":"https:\/\/blogsaverroes.juntadeandalucia.es\/iespintorjosemariafernandez\/wp-json\/wp\/v2\/media?parent=3133"}],"curies":[{"name":"wp","href":"https:\/\/api.w.org\/{rel}","templated":true}]}}