{"id":1113,"date":"2015-03-12T11:00:55","date_gmt":"2015-03-12T11:00:55","guid":{"rendered":"http:\/\/blogsaverroes.juntadeandalucia.es\/pre\/ceip\/?page_id=2"},"modified":"2020-04-27T09:29:01","modified_gmt":"2020-04-27T09:29:01","slug":"pagina-ejemplo-2","status":"publish","type":"page","link":"https:\/\/blogsaverroes.juntadeandalucia.es\/iesprofesorgonzalohuesa\/","title":{"rendered":"Inicio"},"content":{"rendered":"<!-- This slideshow output is generated with Advanced post slider a multipurpose responsive WordPress slideshow plugin - http:\/\/www.wpcue.com\/wordpress-plugins\/advanced-post-slider\/ -->\r\n<style>\r\n#advps_container1 .bx-wrapper .bx-viewport {\r\n\t\t-moz-box-shadow: 0px 1px 4px #000000;\r\n\t-webkit-box-shadow: 0px 1px 4px #000000;\r\n\tbox-shadow: 0px 1px 4px #000000;\r\n\t\tborder: 1px solid #444444;\r\n\t\tbackground:#ffffff;\r\n}\r\n#advps_container1 .bx-wrapper .bx-pager{\r\n\ttext-align: center;\r\n\t;\r\n}\r\n#advps_container1 .bx-wrapper .bx-pager\r\n{\r\n\tbottom:-35px;\r\n\tz-index:999;\r\n}\r\n#advps_container1 .bx-wrapper .bx-controls-auto\r\n{\r\n\tbottom:6px;\r\n}\r\n#advps_container1 .bx-wrapper .bx-controls.bx-has-controls-auto.bx-has-pager .bx-pager {\r\n\ttext-align: center;\r\n}\r\n#advps_container1 .bx-wrapper .bx-controls-auto {\r\n\tz-index:99999;\r\n\tleft:5px;width:35px;}\r\n\r\n\r\n\/* thumbnail pager*\/\r\n#advps_container1 #bx-pager\r\n{\r\n\twidth:100%;\r\n\tposition:absolute;\r\n\tbottom:-35px;\r\n    text-align: center;\r\n\tz-index: 9999;\r\n}\r\n#advps_container1 #bx-pager a img\r\n{\r\n\tborder: 1px solid #CCCCCC;\r\n    padding: 3px;\r\n}\r\n#advps_container1 #bx-pager a:hover img, #advps_container1 #bx-pager a.active img\r\n{\r\n\tborder: 1px solid #666666;\r\n}\r\n\/* medai queries *\/\r\n#advps_container1 .advs-title,#advps_container1 .advs-title a\r\n{\r\n\tfont-size:20px;\r\n\tline-height:20px;\r\n}\r\n#advps_container1 .advps-slide p\r\n{\r\n\tfont-size:14px;\r\n\tline-height:14px;\r\n}\r\n@media screen and (max-width: 1024px){\r\n\t#advps_container1 .advs-title,#advps_container1 .advs-title a\r\n\t{\r\n\t\tfont-size:18px;\r\n\t\tline-height:18px;\r\n\t}\r\n\t#advps_container1 .advps-slide p\r\n\t{\r\n\t\tfont-size:12px;\r\n\t\tline-height:12px;\r\n\t}\r\n}\r\n@media screen and (max-width: 768px){\r\n\t#advps_container1 h2.advs-title, #advps_container1 h2.advs-title a\r\n\t{\r\n\t\tfont-size:16px;\r\n\t\tline-height:16px;\r\n\t}\r\n\t#advps_container1 .advps-slide p\r\n\t{\r\n\t\tfont-size:12px;\r\n\t\tline-height:12px;\r\n\t}\r\n}\r\n@media screen and (max-width: 650px){\r\n\t#advps_container1 h2.advs-title, #advps_container1 h2.advs-title a\r\n\t{\r\n\t\tfont-size:15px;\r\n\t\tline-height:15px;\r\n\t}\r\n\t#advps_container1 .advps-slide p\r\n\t{\r\n\t\tfont-size:12px;\r\n\t\tline-height:12px;\r\n\t}\r\n}\r\n@media screen and (max-width: 480px){\r\n\t#advps_container1 h2.advs-title, #advps_container1 h2.advs-title a\r\n\t{\r\n\t\tfont-size:15px;\r\n\t\tline-height:15px;\r\n\t}\r\n\t#advps_container1 .advps-slide p\r\n\t{\r\n\t\tfont-size:12px;\r\n\t\tline-height:12px;\r\n\t}\r\n}\r\n@media screen and (max-width: 320px){\r\n\t#advps_container1 h2.advs-title, #advps_container1 h2.advs-title a\r\n\t{\r\n\t\tfont-size:15px;\r\n\t\tline-height:15px;\r\n\t}\r\n\t#advps_container1 .advps-slide p\r\n\t{\r\n\t\tfont-size:12px;\r\n\t\tline-height:12px;\r\n\t}\r\n}\r\n<\/style>\r\n<script type=\"text\/javascript\">\r\n\t\tjQuery(document).ready(function($){\r\n\t\t\t$('#advpsslideshow_1').bxSlider({\r\n\t\t\t\tuseCSS:1,\r\n\t\t\t\tslideMargin: 0,\r\n\t\t\t\tspeed: 5,\t\t\t\t\r\n\t\t\t\t\t\t\t\tmode: 'fade',\r\n\t\t\t\t\t\t\t\t\t\t\t\tauto: 1,\r\n\t\t\t\tautoHover: 1,\r\n\t\t\t\tpause: 3000,\r\n\t\t\t\teasing: 'linear',\r\n\t\t\t\tcontrols: 1,\r\n\t\t\t\tpager: 0,\r\n  \t\t\t\tautoControls: 0\t\t\t\t\t\t\t});\r\n\t\t\t\t\t\t\t$(\"#advpsslideshow_1 .advs-title a\").hover(function(){\r\n\t\t\t\t\t$(this).css('color','#c9c9c9');\r\n\t\t\t\t},function(){\r\n\t\t\t\t\t$(this).css('color','#FFFFFF');\r\n\t\t\t\t});\r\n\t\t\t\t\t\t$(\"#advpsslideshow_1 .advps-slide\").hover(function(){\r\n\t\t\t\t  \t\t\t},function(){\r\n\t\t\t\t\t\t\t});\r\n\t\t});\r\n\t<\/script>\r\n<div id=\"advps_container1\" class=\"advps-slide-container\" style=\"overflow:hidden;max-width:1024px;\">\r\n \r\n  <div id=\"advpsslideshow_1\">\r\n        <div class=\"advps-slide\">\r\n\t<a target=\"_self\" href=\"https:\/\/blogsaverroes.juntadeandalucia.es\/iesprofesorgonzalohuesa\/2016\/03\/14\/prueba\/\" >      <img loading=\"lazy\" decoding=\"async\" width=\"276\" height=\"182\" src=\"https:\/\/blogsaverroes.juntadeandalucia.es\/iesprofesorgonzalohuesa\/files\/2016\/03\/lapiz2.jpg\" class=\"attachment-full size-full wp-post-image\" alt=\"\" \/>      <\/a>       \r\n      <div class=\"advps-excerpt-one\" style=\"width:30%;height:100%;top:0; right:0;\">\r\n      \t<div class=\"advps-overlay-one\" style=\"background-color:#000000; -moz-opacity:0.6;filter:alpha(opacity=60);opacity:0.6;\"><\/div>\r\n        <div class=\"advps-excerpt-block-one\" style=\"text-align:left;color:#FFFFFF;-moz-opacity:1;filter:alpha(opacity=100);opacity:1;\">        \r\n        <h2 class=\"advs-title\" style=\"margin:5px 0px 10px 0px;color:#FFFFFF\"><a target=\"_self\" href=\"https:\/\/blogsaverroes.juntadeandalucia.es\/iesprofesorgonzalohuesa\/2016\/03\/14\/prueba\/\" style=\"margin:5px 0px 10px 0px;color:#FFFFFF\" >Prueba<\/a><\/h2>\r\n          \r\n                    <\/div>\r\n      <\/div>\r\n    <\/div>\r\n        <div class=\"advps-slide\">\r\n\t<a target=\"_self\" href=\"https:\/\/blogsaverroes.juntadeandalucia.es\/iesprofesorgonzalohuesa\/2015\/06\/18\/concurso-nacional-de-dibujo-2013\/\" >      <img loading=\"lazy\" decoding=\"async\" width=\"630\" height=\"300\" src=\"https:\/\/blogsaverroes.juntadeandalucia.es\/iesprofesorgonzalohuesa\/files\/2015\/06\/dibujo_not.jpg\" class=\"attachment-full size-full wp-post-image\" alt=\"\" srcset=\"https:\/\/blogsaverroes.juntadeandalucia.es\/iesprofesorgonzalohuesa\/files\/2015\/06\/dibujo_not.jpg 630w, https:\/\/blogsaverroes.juntadeandalucia.es\/iesprofesorgonzalohuesa\/files\/2015\/06\/dibujo_not-300x143.jpg 300w\" sizes=\"(max-width: 630px) 100vw, 630px\" \/>      <\/a>       \r\n      <div class=\"advps-excerpt-one\" style=\"width:30%;height:100%;top:0; right:0;\">\r\n      \t<div class=\"advps-overlay-one\" style=\"background-color:#000000; -moz-opacity:0.6;filter:alpha(opacity=60);opacity:0.6;\"><\/div>\r\n        <div class=\"advps-excerpt-block-one\" style=\"text-align:left;color:#FFFFFF;-moz-opacity:1;filter:alpha(opacity=100);opacity:1;\">        \r\n        <h2 class=\"advs-title\" style=\"margin:5px 0px 10px 0px;color:#FFFFFF\"><a target=\"_self\" href=\"https:\/\/blogsaverroes.juntadeandalucia.es\/iesprofesorgonzalohuesa\/2015\/06\/18\/concurso-nacional-de-dibujo-2013\/\" style=\"margin:5px 0px 10px 0px;color:#FFFFFF\" >Concurso Nacional de Dibujo 2013<\/a><\/h2>\r\n          \r\n            <p>&nbsp; Concurso Nacional de Dibujo 2013 La Fundaci\u00f3n Eduardo Torroja convoca un Concurso de Dibujo para ni\u00f1os de Primero de la ESO. El tema del dibujo es \u201cmi Casa del&#46;&#46;&#46;<\/p>\n        <\/div>\r\n      <\/div>\r\n    <\/div>\r\n        <div class=\"advps-slide\">\r\n\t<a target=\"_self\" href=\"https:\/\/blogsaverroes.juntadeandalucia.es\/iesprofesorgonzalohuesa\/2015\/06\/18\/la-atencion-al-alumnado-con-dislexia\/\" >            <\/a>       \r\n      <div class=\"advps-excerpt-one\" style=\"width:30%;height:100%;top:0; right:0;\">\r\n      \t<div class=\"advps-overlay-one\" style=\"background-color:#000000; -moz-opacity:0.6;filter:alpha(opacity=60);opacity:0.6;\"><\/div>\r\n        <div class=\"advps-excerpt-block-one\" style=\"text-align:left;color:#FFFFFF;-moz-opacity:1;filter:alpha(opacity=100);opacity:1;\">        \r\n        <h2 class=\"advs-title\" style=\"margin:5px 0px 10px 0px;color:#FFFFFF\"><a target=\"_self\" href=\"https:\/\/blogsaverroes.juntadeandalucia.es\/iesprofesorgonzalohuesa\/2015\/06\/18\/la-atencion-al-alumnado-con-dislexia\/\" style=\"margin:5px 0px 10px 0px;color:#FFFFFF\" >La atenci\u00f3n al alumnado con dislexia<\/a><\/h2>\r\n          \r\n            <p>\u201cLa atenci\u00f3n al alumnado con dislexia en el sistema educativo en el contexto de las necesidades espec\u00edficas de apoyo educativo\u201d Se ha publicado recientemente, en la web Eurydice Espa\u00f1a-REDIE, el&#46;&#46;&#46;<\/p>\n        <\/div>\r\n      <\/div>\r\n    <\/div>\r\n        <div class=\"advps-slide\">\r\n\t<a target=\"_self\" href=\"https:\/\/blogsaverroes.juntadeandalucia.es\/iesprofesorgonzalohuesa\/2015\/06\/18\/te-estresan-las-matematicas\/\" >      <img loading=\"lazy\" decoding=\"async\" width=\"699\" height=\"526\" src=\"https:\/\/blogsaverroes.juntadeandalucia.es\/iesprofesorgonzalohuesa\/files\/2015\/06\/matematicas_not1.jpg\" class=\"attachment-full size-full wp-post-image\" alt=\"\" srcset=\"https:\/\/blogsaverroes.juntadeandalucia.es\/iesprofesorgonzalohuesa\/files\/2015\/06\/matematicas_not1.jpg 699w, https:\/\/blogsaverroes.juntadeandalucia.es\/iesprofesorgonzalohuesa\/files\/2015\/06\/matematicas_not1-300x226.jpg 300w\" sizes=\"(max-width: 699px) 100vw, 699px\" \/>      <\/a>       \r\n      <div class=\"advps-excerpt-one\" style=\"width:30%;height:100%;top:0; right:0;\">\r\n      \t<div class=\"advps-overlay-one\" style=\"background-color:#000000; -moz-opacity:0.6;filter:alpha(opacity=60);opacity:0.6;\"><\/div>\r\n        <div class=\"advps-excerpt-block-one\" style=\"text-align:left;color:#FFFFFF;-moz-opacity:1;filter:alpha(opacity=100);opacity:1;\">        \r\n        <h2 class=\"advs-title\" style=\"margin:5px 0px 10px 0px;color:#FFFFFF\"><a target=\"_self\" href=\"https:\/\/blogsaverroes.juntadeandalucia.es\/iesprofesorgonzalohuesa\/2015\/06\/18\/te-estresan-las-matematicas\/\" style=\"margin:5px 0px 10px 0px;color:#FFFFFF\" >\u00bfTe estresan las matem\u00e1ticas?<\/a><\/h2>\r\n          \r\n            <p>\u00bfTe estresan las matem\u00e1ticas? La OCDE en su \u00faltimo n\u00famero de PISA in Focus analiza la relaci\u00f3n entre el grado de ansiedad que suscitan las matem\u00e1ticas entre los alumnos de&#46;&#46;&#46;<\/p>\n        <\/div>\r\n      <\/div>\r\n    <\/div>\r\n        <div class=\"advps-slide\">\r\n\t<a target=\"_self\" href=\"https:\/\/blogsaverroes.juntadeandalucia.es\/iesprofesorgonzalohuesa\/2015\/06\/18\/edicion-en-frances-del-informe-de-eurydice-cifras-clave\/\" >      <img loading=\"lazy\" decoding=\"async\" width=\"600\" height=\"300\" src=\"https:\/\/blogsaverroes.juntadeandalucia.es\/iesprofesorgonzalohuesa\/files\/2015\/06\/frances_not.png\" class=\"attachment-full size-full wp-post-image\" alt=\"\" srcset=\"https:\/\/blogsaverroes.juntadeandalucia.es\/iesprofesorgonzalohuesa\/files\/2015\/06\/frances_not.png 600w, https:\/\/blogsaverroes.juntadeandalucia.es\/iesprofesorgonzalohuesa\/files\/2015\/06\/frances_not-300x150.png 300w\" sizes=\"(max-width: 600px) 100vw, 600px\" \/>      <\/a>       \r\n      <div class=\"advps-excerpt-one\" style=\"width:30%;height:100%;top:0; right:0;\">\r\n      \t<div class=\"advps-overlay-one\" style=\"background-color:#000000; -moz-opacity:0.6;filter:alpha(opacity=60);opacity:0.6;\"><\/div>\r\n        <div class=\"advps-excerpt-block-one\" style=\"text-align:left;color:#FFFFFF;-moz-opacity:1;filter:alpha(opacity=100);opacity:1;\">        \r\n        <h2 class=\"advs-title\" style=\"margin:5px 0px 10px 0px;color:#FFFFFF\"><a target=\"_self\" href=\"https:\/\/blogsaverroes.juntadeandalucia.es\/iesprofesorgonzalohuesa\/2015\/06\/18\/edicion-en-frances-del-informe-de-eurydice-cifras-clave\/\" style=\"margin:5px 0px 10px 0px;color:#FFFFFF\" >Edici\u00f3n en franc\u00e9s del informe de Eurydice Cifras Clave<\/a><\/h2>\r\n          \r\n            <p>Edici\u00f3n en franc\u00e9s del informe de Eurydice Cifras Clave sobre el Profesorado y los Directores en Europa Acaba de publicarse la versi\u00f3n en franc\u00e9s del informe Cifras clave sobre el&#46;&#46;&#46;<\/p>\n        <\/div>\r\n      <\/div>\r\n    <\/div>\r\n        <div class=\"advps-slide\">\r\n\t<a target=\"_self\" href=\"https:\/\/blogsaverroes.juntadeandalucia.es\/iesprofesorgonzalohuesa\/2015\/06\/18\/ii-congreso-nacional-de-educacion-musical\/\" >      <img loading=\"lazy\" decoding=\"async\" width=\"332\" height=\"469\" src=\"https:\/\/blogsaverroes.juntadeandalucia.es\/iesprofesorgonzalohuesa\/files\/2015\/06\/musica_not.jpg\" class=\"attachment-full size-full wp-post-image\" alt=\"\" srcset=\"https:\/\/blogsaverroes.juntadeandalucia.es\/iesprofesorgonzalohuesa\/files\/2015\/06\/musica_not.jpg 332w, https:\/\/blogsaverroes.juntadeandalucia.es\/iesprofesorgonzalohuesa\/files\/2015\/06\/musica_not-212x300.jpg 212w\" sizes=\"(max-width: 332px) 100vw, 332px\" \/>      <\/a>       \r\n      <div class=\"advps-excerpt-one\" style=\"width:30%;height:100%;top:0; right:0;\">\r\n      \t<div class=\"advps-overlay-one\" style=\"background-color:#000000; -moz-opacity:0.6;filter:alpha(opacity=60);opacity:0.6;\"><\/div>\r\n        <div class=\"advps-excerpt-block-one\" style=\"text-align:left;color:#FFFFFF;-moz-opacity:1;filter:alpha(opacity=100);opacity:1;\">        \r\n        <h2 class=\"advs-title\" style=\"margin:5px 0px 10px 0px;color:#FFFFFF\"><a target=\"_self\" href=\"https:\/\/blogsaverroes.juntadeandalucia.es\/iesprofesorgonzalohuesa\/2015\/06\/18\/ii-congreso-nacional-de-educacion-musical\/\" style=\"margin:5px 0px 10px 0px;color:#FFFFFF\" >II Congreso Nacional de Educaci\u00f3n Musical<\/a><\/h2>\r\n          \r\n            <p>II Congreso Nacional de Educaci\u00f3n Musical El 29, 30 y 31 de mayo se celebrar\u00e1 en Sanl\u00facar de Barrameda (C\u00e1diz) el II Congreso Nacional de Educaci\u00f3n Musical\u00a0 \u00abCon Euterpe\u00bb. El&#46;&#46;&#46;<\/p>\n        <\/div>\r\n      <\/div>\r\n    <\/div>\r\n        <div class=\"advps-slide\">\r\n\t<a target=\"_self\" href=\"https:\/\/blogsaverroes.juntadeandalucia.es\/iesprofesorgonzalohuesa\/2015\/06\/18\/un-alumno-andaluz-ha-obtenido-el-primer-premio-en-las-olimpiadas\/\" >      <img loading=\"lazy\" decoding=\"async\" width=\"960\" height=\"250\" src=\"https:\/\/blogsaverroes.juntadeandalucia.es\/iesprofesorgonzalohuesa\/files\/2015\/06\/filosofia_not2.jpg\" class=\"attachment-full size-full wp-post-image\" alt=\"\" srcset=\"https:\/\/blogsaverroes.juntadeandalucia.es\/iesprofesorgonzalohuesa\/files\/2015\/06\/filosofia_not2.jpg 960w, https:\/\/blogsaverroes.juntadeandalucia.es\/iesprofesorgonzalohuesa\/files\/2015\/06\/filosofia_not2-300x78.jpg 300w\" sizes=\"(max-width: 960px) 100vw, 960px\" \/>      <\/a>       \r\n      <div class=\"advps-excerpt-one\" style=\"width:30%;height:100%;top:0; right:0;\">\r\n      \t<div class=\"advps-overlay-one\" style=\"background-color:#000000; -moz-opacity:0.6;filter:alpha(opacity=60);opacity:0.6;\"><\/div>\r\n        <div class=\"advps-excerpt-block-one\" style=\"text-align:left;color:#FFFFFF;-moz-opacity:1;filter:alpha(opacity=100);opacity:1;\">        \r\n        <h2 class=\"advs-title\" style=\"margin:5px 0px 10px 0px;color:#FFFFFF\"><a target=\"_self\" href=\"https:\/\/blogsaverroes.juntadeandalucia.es\/iesprofesorgonzalohuesa\/2015\/06\/18\/un-alumno-andaluz-ha-obtenido-el-primer-premio-en-las-olimpiadas\/\" style=\"margin:5px 0px 10px 0px;color:#FFFFFF\" >Un alumno andaluz ha obtenido el primer premio en las Olimpiadas<\/a><\/h2>\r\n          \r\n            <p>Un alumno andaluz ha obtenido el primer premio en las Olimpiadas\u00a0 Filos\u00f3ficas de Espa\u00f1a El alumno de Bachillerato del Colegio Compa\u00f1\u00eda de Mar\u00eda de San Fernando (C\u00e1diz) Eloy M\u00f3sig Garc\u00eda&#46;&#46;&#46;<\/p>\n        <\/div>\r\n      <\/div>\r\n    <\/div>\r\n        <div class=\"advps-slide\">\r\n\t<a target=\"_self\" href=\"https:\/\/blogsaverroes.juntadeandalucia.es\/iesprofesorgonzalohuesa\/2015\/06\/18\/concurso-hispanoamericano-de-ortografia\/\" >      <img loading=\"lazy\" decoding=\"async\" width=\"630\" height=\"300\" src=\"https:\/\/blogsaverroes.juntadeandalucia.es\/iesprofesorgonzalohuesa\/files\/2015\/06\/lengua_not2.jpg\" class=\"attachment-full size-full wp-post-image\" alt=\"\" srcset=\"https:\/\/blogsaverroes.juntadeandalucia.es\/iesprofesorgonzalohuesa\/files\/2015\/06\/lengua_not2.jpg 630w, https:\/\/blogsaverroes.juntadeandalucia.es\/iesprofesorgonzalohuesa\/files\/2015\/06\/lengua_not2-300x143.jpg 300w\" sizes=\"(max-width: 630px) 100vw, 630px\" \/>      <\/a>       \r\n      <div class=\"advps-excerpt-one\" style=\"width:30%;height:100%;top:0; right:0;\">\r\n      \t<div class=\"advps-overlay-one\" style=\"background-color:#000000; -moz-opacity:0.6;filter:alpha(opacity=60);opacity:0.6;\"><\/div>\r\n        <div class=\"advps-excerpt-block-one\" style=\"text-align:left;color:#FFFFFF;-moz-opacity:1;filter:alpha(opacity=100);opacity:1;\">        \r\n        <h2 class=\"advs-title\" style=\"margin:5px 0px 10px 0px;color:#FFFFFF\"><a target=\"_self\" href=\"https:\/\/blogsaverroes.juntadeandalucia.es\/iesprofesorgonzalohuesa\/2015\/06\/18\/concurso-hispanoamericano-de-ortografia\/\" style=\"margin:5px 0px 10px 0px;color:#FFFFFF\" >Concurso Hispanoamericano de Ortograf\u00eda<\/a><\/h2>\r\n          \r\n            <p>Concurso Hispanoamericano de Ortograf\u00eda Convocatoria 2015 \u00a0El objeto de estos premios es el reconocimiento al especial aprovechamiento del alumnado que haya cursado cualquiera de las ense\u00f1anzas establecidas en la Ley&#46;&#46;&#46;<\/p>\n        <\/div>\r\n      <\/div>\r\n    <\/div>\r\n        <div class=\"advps-slide\">\r\n\t<a target=\"_self\" href=\"https:\/\/blogsaverroes.juntadeandalucia.es\/iesprofesorgonzalohuesa\/2015\/06\/18\/curso-de-verano-la-oralidad-en-el-siglo-xxi\/\" >      <img loading=\"lazy\" decoding=\"async\" width=\"631\" height=\"301\" src=\"https:\/\/blogsaverroes.juntadeandalucia.es\/iesprofesorgonzalohuesa\/files\/2015\/06\/lengua_not.jpg\" class=\"attachment-full size-full wp-post-image\" alt=\"\" srcset=\"https:\/\/blogsaverroes.juntadeandalucia.es\/iesprofesorgonzalohuesa\/files\/2015\/06\/lengua_not.jpg 631w, https:\/\/blogsaverroes.juntadeandalucia.es\/iesprofesorgonzalohuesa\/files\/2015\/06\/lengua_not-300x143.jpg 300w\" sizes=\"(max-width: 631px) 100vw, 631px\" \/>      <\/a>       \r\n      <div class=\"advps-excerpt-one\" style=\"width:30%;height:100%;top:0; right:0;\">\r\n      \t<div class=\"advps-overlay-one\" style=\"background-color:#000000; -moz-opacity:0.6;filter:alpha(opacity=60);opacity:0.6;\"><\/div>\r\n        <div class=\"advps-excerpt-block-one\" style=\"text-align:left;color:#FFFFFF;-moz-opacity:1;filter:alpha(opacity=100);opacity:1;\">        \r\n        <h2 class=\"advs-title\" style=\"margin:5px 0px 10px 0px;color:#FFFFFF\"><a target=\"_self\" href=\"https:\/\/blogsaverroes.juntadeandalucia.es\/iesprofesorgonzalohuesa\/2015\/06\/18\/curso-de-verano-la-oralidad-en-el-siglo-xxi\/\" style=\"margin:5px 0px 10px 0px;color:#FFFFFF\" >Curso de verano. La oralidad en el siglo XXI<\/a><\/h2>\r\n          \r\n            <p>Curso de verano. La oralidad en el siglo XXI: de las calles a las aulas pasando por la red En una sociedad tecnificada e hiperconectada, la oralidad parece haber perdido&#46;&#46;&#46;<\/p>\n        <\/div>\r\n      <\/div>\r\n    <\/div>\r\n        <div class=\"advps-slide\">\r\n\t<a target=\"_self\" href=\"https:\/\/blogsaverroes.juntadeandalucia.es\/iesprofesorgonzalohuesa\/2015\/06\/18\/proyecto-geo-schools\/\" >      <img loading=\"lazy\" decoding=\"async\" width=\"843\" height=\"392\" src=\"https:\/\/blogsaverroes.juntadeandalucia.es\/iesprofesorgonzalohuesa\/files\/2015\/06\/biologia_geologia_not.png\" class=\"attachment-full size-full wp-post-image\" alt=\"\" srcset=\"https:\/\/blogsaverroes.juntadeandalucia.es\/iesprofesorgonzalohuesa\/files\/2015\/06\/biologia_geologia_not.png 843w, https:\/\/blogsaverroes.juntadeandalucia.es\/iesprofesorgonzalohuesa\/files\/2015\/06\/biologia_geologia_not-300x140.png 300w\" sizes=\"(max-width: 843px) 100vw, 843px\" \/>      <\/a>       \r\n      <div class=\"advps-excerpt-one\" style=\"width:30%;height:100%;top:0; right:0;\">\r\n      \t<div class=\"advps-overlay-one\" style=\"background-color:#000000; -moz-opacity:0.6;filter:alpha(opacity=60);opacity:0.6;\"><\/div>\r\n        <div class=\"advps-excerpt-block-one\" style=\"text-align:left;color:#FFFFFF;-moz-opacity:1;filter:alpha(opacity=100);opacity:1;\">        \r\n        <h2 class=\"advs-title\" style=\"margin:5px 0px 10px 0px;color:#FFFFFF\"><a target=\"_self\" href=\"https:\/\/blogsaverroes.juntadeandalucia.es\/iesprofesorgonzalohuesa\/2015\/06\/18\/proyecto-geo-schools\/\" style=\"margin:5px 0px 10px 0px;color:#FFFFFF\" >Proyecto GEO-Schools<\/a><\/h2>\r\n          \r\n            <p>Proyecto GEO-Schools GEO-Schools es un proyecto de la Uni\u00f3n Europea financiado por Los programas de Educaci\u00f3n permanente (Lifelong Learning Programme) cuyo objetivo es el de reunir a ge\u00f3logos de distintas&#46;&#46;&#46;<\/p>\n        <\/div>\r\n      <\/div>\r\n    <\/div>\r\n      <\/div>\r\n  <\/div><!-- end advps-slide-container -->\r\n<!-- \/ Advanced post slider a multipurpose responsive slideshow plugin -->\r\n\n<p><div class=\"osc-res-tab tabbable   osc-tabs-left\"><div style=\"clear:both;width: 100%;\"><ul class=\"nav osc-res-nav nav-tabs osc-tabs-left-ul\" id=\"oscitas-restabs-1-proyecto-geo-schools-32244\"><li class=\"active\"><a href=\"#ert_pane1-0\" data-toggle=\"tab\">Blogs Averroes<\/a><\/li><li class=\"\"><a href=\"#ert_pane1-1\" data-toggle=\"tab\">Wordpress<\/a><\/li><li class=\"\"><a href=\"#ert_pane1-2\" data-toggle=\"tab\">P\u00e1ginas y Men\u00fas<\/a><\/li><li class=\"\"><a href=\"#ert_pane1-3\" data-toggle=\"tab\">Categor\u00edas y Entradas<\/a><\/li><\/ul><\/div><div style=\"clear:both;width: 100%;\"><ul class=\"tab-content\" id=\"oscitas-restabcontent-1-proyecto-geo-schools-32244\"><li class=\"tab-pane active\" id=\"ert_pane1-0\"><\/p>\n<p>La granja de Blogs Averroes es un servicio gratuito de la Consejer\u00eda de Educaci\u00f3n de la Junta de Andaluc\u00eda, que tiene como finalidad proporcionar a toda la Comunidad Educativa (docentes, centros educativos, AMPAS) un espacio propio para la creaci\u00f3n, administraci\u00f3n y publicaci\u00f3n de blogs y sitios web utilizando WordPress, de manera que les permita difundir sus experiencias educativas, publicar contenidos y actividades educativas o utilizarlo como recurso did\u00e1ctico en el aula.<\/p>\n<p>El contenido que se muestra estas p\u00e1ginas simula, con car\u00e1cter general, la apariencia Web de un centro educativo. Cada centro debe adaptar a sus necesidades la informaci\u00f3n que se ofrece, a\u00f1adiendo, modificando o eliminando los diferentes men\u00fas, p\u00e1ginas y entradas.<\/p>\n<p><\/li><li class=\"tab-pane \" id=\"ert_pane1-1\"><br \/>\nEs sofware libre, se distribuye bajo licencia GNU General Public License.<\/p>\n<p>Puede incorporar multitud de Temas (plantillas), plugins y widgets, que permiten personalizar f\u00e1cilmente nuestro blog o nuestro sitio web. Actualmente existen m\u00e1s de 2.700 temas y 38.000 plugins gratuitos, aunque en Blogs Averroes solo est\u00e1n disponibles algunos de ellos.<\/p>\n<p>Es muy f\u00e1cil de usar. Dispone de una interfaz amigable e intuitiva y no requiere conocimientos de programaci\u00f3n o lenguaje HTML.<\/p>\n<p>Se adapta a los dispositivos desde el que se visualiza, tabletas, smartphone, PC, port\u00e1tiles,\u2026<\/p>\n<p>Permite la participaci\u00f3n de distintos usuarios con distintos permisos:<\/p>\n<p>Administrador \u2013 Quien tiene acceso a todas las caracter\u00edsticas de administraci\u00f3n de un sitio en particular.<br \/>\nEditor \u2013 Quien puede publicar y editar entradas, propias y de otros usuarios.<br \/>\nAutor \u2013 Quien puede publicar y editar sus propias entradas.<br \/>\nColaborador \u2013 Quien puede escribir y editar sus propias entradas pero no publicarlas.<br \/>\nSubscriptor \u2013 Quien solamente puede editar su perfil.<\/p>\n<p>Tiene una gran comunidad de usuarios que ofrecen soporte.<\/p>\n<p><\/li><li class=\"tab-pane \" id=\"ert_pane1-2\"><\/p>\n<p>Al iniciar la construcci\u00f3n de un sitio Web, es necesario un proceso de reflexi\u00f3n sobre la informaci\u00f3n que un centro muestra sobre s\u00ed mismo en cuanto a las ense\u00f1anzas que imparte, profesorado, secretar\u00eda, servicios que oferta, ubicaci\u00f3n, etc. Es decir, todo aquello que tiene un car\u00e1cter m\u00e1s o menos general e institucional y que permite al visitante que accede a la Web hacerse una idea del centro, su funcionamiento y sus caracter\u00edsticas principales. Por esta raz\u00f3n, su contenido ser\u00eda fundamentalmente de tipo est\u00e1tico, ya que la informaci\u00f3n no precisar\u00eda de modificaciones continuas, siendo el concepto P\u00e1ginas el formato mas aconsejable para su construcci\u00f3n. Las p\u00e1ginas as\u00ed creadas deben ser organizadas en Men\u00fas coherentes y comprensibles para el visitante de la Web.<\/p>\n<p><\/li><li class=\"tab-pane \" id=\"ert_pane1-3\"><\/p>\n<p>Por otro lado, en todo centro se producen noticias y eventos, asociados a su funcionamiento, cuyo rasgo esencial es el car\u00e1cter din\u00e1mico de la informaci\u00f3n. Para estos contenidos el formato m\u00e1s apropiado es el de Entradas que, organizadas en Categor\u00edas, mantienen a la comunidad educativa informada de la vida del centro y de las actividades, acontecimientos o novedades de inter\u00e9s, posibilitando al mismo tiempo interactuar con los mismos y crear una red social.<\/p>\n<p><\/li><\/ul><\/div><\/div><br \/>\n[portfolio display_types=false showposts=4 display_tags=false include_type=Departamentos columns=4 display_content=false]<\/p>\n","protected":false},"excerpt":{"rendered":"<p>[portfolio display_types=false showposts=4 display_tags=false include_type=Departamentos columns=4 display_content=false]<\/p>\n","protected":false},"author":1,"featured_media":0,"parent":0,"menu_order":0,"comment_status":"closed","ping_status":"open","template":"template-portfolio-right-sidebar.php","meta":{"ngg_post_thumbnail":0,"footnotes":"","_mc_calendar":[]},"aioseo_notices":[],"_links":{"self":[{"href":"https:\/\/blogsaverroes.juntadeandalucia.es\/iesprofesorgonzalohuesa\/wp-json\/wp\/v2\/pages\/1113"}],"collection":[{"href":"https:\/\/blogsaverroes.juntadeandalucia.es\/iesprofesorgonzalohuesa\/wp-json\/wp\/v2\/pages"}],"about":[{"href":"https:\/\/blogsaverroes.juntadeandalucia.es\/iesprofesorgonzalohuesa\/wp-json\/wp\/v2\/types\/page"}],"author":[{"embeddable":true,"href":"https:\/\/blogsaverroes.juntadeandalucia.es\/iesprofesorgonzalohuesa\/wp-json\/wp\/v2\/users\/1"}],"replies":[{"embeddable":true,"href":"https:\/\/blogsaverroes.juntadeandalucia.es\/iesprofesorgonzalohuesa\/wp-json\/wp\/v2\/comments?post=1113"}],"version-history":[{"count":26,"href":"https:\/\/blogsaverroes.juntadeandalucia.es\/iesprofesorgonzalohuesa\/wp-json\/wp\/v2\/pages\/1113\/revisions"}],"predecessor-version":[{"id":2433,"href":"https:\/\/blogsaverroes.juntadeandalucia.es\/iesprofesorgonzalohuesa\/wp-json\/wp\/v2\/pages\/1113\/revisions\/2433"}],"wp:attachment":[{"href":"https:\/\/blogsaverroes.juntadeandalucia.es\/iesprofesorgonzalohuesa\/wp-json\/wp\/v2\/media?parent=1113"}],"curies":[{"name":"wp","href":"https:\/\/api.w.org\/{rel}","templated":true}]}}