{"id":619,"date":"2024-06-18T17:27:10","date_gmt":"2024-06-18T16:27:10","guid":{"rendered":"https:\/\/blogsaverroes.juntadeandalucia.es\/iespuentedealcolea\/?page_id=619"},"modified":"2025-10-31T10:13:32","modified_gmt":"2025-10-31T09:13:32","slug":"orientacion","status":"publish","type":"page","link":"https:\/\/blogsaverroes.juntadeandalucia.es\/iespuentedealcolea\/orientacion\/","title":{"rendered":"Orientaci\u00f3n"},"content":{"rendered":"<p>[et_pb_section fb_built=&#8221;1&#8243; _builder_version=&#8221;4.24.2&#8243; _module_preset=&#8221;default&#8221; global_colors_info=&#8221;{}&#8221;][et_pb_row _builder_version=&#8221;4.24.2&#8243; _module_preset=&#8221;default&#8221; global_colors_info=&#8221;{}&#8221;][et_pb_column type=&#8221;4_4&#8243; _builder_version=&#8221;4.24.2&#8243; _module_preset=&#8221;default&#8221; global_colors_info=&#8221;{}&#8221;][et_pb_text _builder_version=&#8221;4.24.2&#8243; _module_preset=&#8221;default&#8221; custom_margin=&#8221;||1px|||&#8221; global_colors_info=&#8221;{}&#8221;]<\/p>\n<h1>Departamento de Orientaci\u00f3n<\/h1>\n<p>[\/et_pb_text][\/et_pb_column][\/et_pb_row][et_pb_row _builder_version=&#8221;4.24.2&#8243; _module_preset=&#8221;default&#8221; global_colors_info=&#8221;{}&#8221;][et_pb_column type=&#8221;4_4&#8243; _builder_version=&#8221;4.24.2&#8243; _module_preset=&#8221;default&#8221; global_colors_info=&#8221;{}&#8221;][et_pb_text _builder_version=&#8221;4.24.2&#8243; _module_preset=&#8221;default&#8221; custom_margin=&#8221;||1px|||&#8221; hover_enabled=&#8221;0&#8243; global_colors_info=&#8221;{}&#8221; sticky_enabled=&#8221;0&#8243;]<\/p>\n<h4><span>Durante el curso 2025-2026, el departamento queda compuesto por:<\/span><span><\/span><\/h4>\n<ul>\n<li dir=\"ltr\" role=\"presentation\">\n<h4><span>Marina Navarro Suanes (Orientadora y Jefa de Departamento)<\/span><\/h4>\n<\/li>\n<li dir=\"ltr\" role=\"presentation\">\n<h4><span>Carmen Mar\u00eda Fraile Mesa (Aula de apoyo)<\/span><\/h4>\n<\/li>\n<li dir=\"ltr\" role=\"presentation\">\n<h4><span>Mar\u00eda Soledad Garc\u00eda Zafra<\/span><\/h4>\n<\/li>\n<li dir=\"ltr\" role=\"presentation\">\n<h4><span>Mar\u00eda Jos\u00e9 Secilla Guti\u00e9rrez (FBO)<\/span><\/h4>\n<\/li>\n<li dir=\"ltr\" role=\"presentation\">\n<h4><span>Elo\u00edsa Garrido Flores (Audici\u00f3n y lenguaje)<\/span><span><\/span><span><\/span><span><\/span><\/h4>\n<\/li>\n<\/ul>\n<p><span><\/span><\/p>\n<p><span><\/span><\/p>\n<h4 dir=\"ltr\" style=\"text-align: justify\"><span>Visita nuestros blogs y la p\u00e1gina web\u00a0 de nuestro PTVAL:<\/span><\/h4>\n<ul>\n<li dir=\"ltr\" style=\"text-align: justify\">\n<h4 dir=\"ltr\" role=\"presentation\"><a href=\"https:\/\/ptvalalcolea.jimdofree.com\/\"><span>PTVAL Agraria IES Puente de Alcolea<\/span><\/a><\/h4>\n<\/li>\n<li dir=\"ltr\" style=\"text-align: justify\">\n<h4 dir=\"ltr\" role=\"presentation\"><a href=\"https:\/\/ecoindea.blogspot.com\/\"><span>Ecoindea<\/span><\/a><\/h4>\n<\/li>\n<li dir=\"ltr\">\n<h4 dir=\"ltr\" role=\"presentation\" style=\"text-align: justify\"><a href=\"https:\/\/educando-en-positivo.blogspot.com\/\"><span>Educando en Positivo<\/span><\/a><\/h4>\n<\/li>\n<\/ul>\n<ul>\n<li style=\"list-style-type: none\">\n<ul><\/ul>\n<\/li>\n<\/ul>\n<p>[\/et_pb_text][\/et_pb_column][\/et_pb_row][\/et_pb_section]<\/p>\n","protected":false},"excerpt":{"rendered":"<p>Departamento de Orientaci\u00f3nDurante el curso 2025-2026, el departamento queda compuesto por: Marina Navarro Suanes (Orientadora y Jefa de Departamento) Carmen Mar\u00eda Fraile Mesa (Aula de apoyo) Mar\u00eda Soledad Garc\u00eda Zafra Mar\u00eda Jos\u00e9 Secilla Guti\u00e9rrez (FBO) Elo\u00edsa Garrido Flores (Audici\u00f3n y lenguaje) Visita nuestros blogs y la p\u00e1gina web\u00a0 de nuestro PTVAL: PTVAL Agraria IES Puente [&hellip;]<\/p>\n","protected":false},"author":17573,"featured_media":0,"parent":0,"menu_order":0,"comment_status":"closed","ping_status":"closed","template":"","meta":{"_et_pb_use_builder":"on","_et_pb_old_content":"","_et_gb_content_width":"","ngg_post_thumbnail":0,"footnotes":""},"aioseo_notices":[],"_links":{"self":[{"href":"https:\/\/blogsaverroes.juntadeandalucia.es\/iespuentedealcolea\/wp-json\/wp\/v2\/pages\/619"}],"collection":[{"href":"https:\/\/blogsaverroes.juntadeandalucia.es\/iespuentedealcolea\/wp-json\/wp\/v2\/pages"}],"about":[{"href":"https:\/\/blogsaverroes.juntadeandalucia.es\/iespuentedealcolea\/wp-json\/wp\/v2\/types\/page"}],"author":[{"embeddable":true,"href":"https:\/\/blogsaverroes.juntadeandalucia.es\/iespuentedealcolea\/wp-json\/wp\/v2\/users\/17573"}],"replies":[{"embeddable":true,"href":"https:\/\/blogsaverroes.juntadeandalucia.es\/iespuentedealcolea\/wp-json\/wp\/v2\/comments?post=619"}],"version-history":[{"count":5,"href":"https:\/\/blogsaverroes.juntadeandalucia.es\/iespuentedealcolea\/wp-json\/wp\/v2\/pages\/619\/revisions"}],"predecessor-version":[{"id":1008,"href":"https:\/\/blogsaverroes.juntadeandalucia.es\/iespuentedealcolea\/wp-json\/wp\/v2\/pages\/619\/revisions\/1008"}],"wp:attachment":[{"href":"https:\/\/blogsaverroes.juntadeandalucia.es\/iespuentedealcolea\/wp-json\/wp\/v2\/media?parent=619"}],"curies":[{"name":"wp","href":"https:\/\/api.w.org\/{rel}","templated":true}]}}