{"id":616,"date":"2021-12-09T18:00:30","date_gmt":"2021-12-09T17:00:30","guid":{"rendered":"https:\/\/blogsaverroes.juntadeandalucia.es\/iespuertadelandevalo\/?page_id=616"},"modified":"2025-12-15T17:18:29","modified_gmt":"2025-12-15T16:18:29","slug":"fpb","status":"publish","type":"page","link":"https:\/\/blogsaverroes.juntadeandalucia.es\/iespuertadelandevalo\/fpb\/","title":{"rendered":"CICLO FORMATIVO DE GRADO B\u00c1SICO"},"content":{"rendered":"<p><strong><span style=\"font-size: 18pt;color: #000080\"><img loading=\"lazy\" decoding=\"async\" class=\"wp-image-2198 alignright\" src=\"https:\/\/blogsaverroes.juntadeandalucia.es\/iespuertadelandevalo\/files\/2024\/12\/WhatsApp-Image-2024-05-22-at-09.17.54.jpg\" alt=\"\" width=\"476\" height=\"268\" srcset=\"https:\/\/blogsaverroes.juntadeandalucia.es\/iespuertadelandevalo\/files\/2024\/12\/WhatsApp-Image-2024-05-22-at-09.17.54.jpg 2048w, https:\/\/blogsaverroes.juntadeandalucia.es\/iespuertadelandevalo\/files\/2024\/12\/WhatsApp-Image-2024-05-22-at-09.17.54-300x169.jpg 300w, https:\/\/blogsaverroes.juntadeandalucia.es\/iespuertadelandevalo\/files\/2024\/12\/WhatsApp-Image-2024-05-22-at-09.17.54-1024x576.jpg 1024w, https:\/\/blogsaverroes.juntadeandalucia.es\/iespuertadelandevalo\/files\/2024\/12\/WhatsApp-Image-2024-05-22-at-09.17.54-768x432.jpg 768w, https:\/\/blogsaverroes.juntadeandalucia.es\/iespuertadelandevalo\/files\/2024\/12\/WhatsApp-Image-2024-05-22-at-09.17.54-1536x864.jpg 1536w\" sizes=\"(max-width: 476px) 100vw, 476px\" \/>CFGB DUAL DE ACTIVIDADES AGROPECUARIAS<\/span><\/strong><\/p>\n<p class=\"Standard\">El Ciclo que se imparte en el IES Puerta del And\u00e9valo es de <strong>Ciclo Formativo de Grado B\u00e1sico (CFGB) en Actividades Agropecuarias<\/strong>&nbsp;. Con este Ciclo se obtiene la competencia necesaria para trabajar en cualquier explotaci\u00f3n tanto&nbsp;<strong>agr\u00edcola como ganadera.<\/strong><\/p>\n<p class=\"Standard\">El Ciclo tiene dos cursos (1\u00ba y 2\u00ba) donde el alumnado se formar\u00e1 \u00edntegramente en el instituto, menos en el tercer trimestre de 2\u00ba curso que ser\u00e1 cuando comenzar\u00e1n la FCT (Formaci\u00f3n en Centros de Trabajo) donde pondr\u00e1n en pr\u00e1ctica todo lo aprendido en una empresa.<\/p>\n<p><strong>El alumnado del IES Puerta estudia el CFBG en modalidad dual.<\/strong><\/p>\n<p align=\"JUSTIFY\">San Bartolom\u00e9 de la Torre es una localidad ligada a la agricultura intensiva, donde destacan los cultivos de frutos rojos y c\u00edtricos. En este sector productivo, cada vez m\u00e1s tecnificado e industrializado, se requiere una mano de obra cualificada y especializada.<\/p>\n<p align=\"JUSTIFY\">La Formaci\u00f3n Profesional en nuestro centro surge como respuesta a esta necesidad de formar a los futuros profesionales cualificados que se demandan en el sector agr\u00edcola y ganadero, al mismo tiempo que se ofrece la posibilidad de titular en una formaci\u00f3n profesional b\u00e1sica al alumnado de la localidad, sin tener que desplazarse a otras localidades.<\/p>\n<p align=\"JUSTIFY\">Por lo tanto, este proyecto, a trav\u00e9s de sus finalidades pretende dar respuesta a las demandas de los sectores implicados (Ayuntamiento, Educaci\u00f3n y Empresa):<\/p>\n<p align=\"JUSTIFY\">1. Diversificar la oferta formativa de la localidad y de la provincia.<\/p>\n<p align=\"JUSTIFY\">2. Facilitar el acceso a la cualificaci\u00f3n profesional.<\/p>\n<p align=\"JUSTIFY\">3. Formar mano de obra cualificada.<\/p>\n<p align=\"JUSTIFY\">4. Mejorar el retorno de mano de obra cualificada al municipio.<\/p>\n<p class=\"Standard\">La diferencia entre la modalidad Dual y la normal es que, en la normal los alumnos se forman en el instituto y el tercer trimestre de 2\u00ba curso ponen en pr\u00e1ctica lo aprendido en una empresa. En la modalidad Dual el alumno comparte su tiempo de formaci\u00f3n entre el instituto y la empresa, es decir no pone en pr\u00e1ctica lo aprendido sino que aprende en la empresa.<\/p>\n<p><b>CFGB Actividades Agropecuarias<\/b><\/p>\n<p align=\"JUSTIFY\">San Bartolom\u00e9 de la Torre es una localidad ligada a la agricultura intensiva, donde destacan los cultivos de frutos rojos y c\u00edtricos. En este sector productivo, cada vez m\u00e1s tecnificado e industrializado, se requiere una mano de obra cualificada y especializada.<\/p>\n<p align=\"JUSTIFY\">La Formaci\u00f3n Profesional Dual en nuestro centro surge como respuesta a esta necesidad de formar a los futuros profesionales cualificados que se demandan en el sector agr\u00edcola y ganadero, al mismo tiempo que se ofrece la posibilidad de titular en una formaci\u00f3n profesional b\u00e1sica al alumnado de la localidad, sin tener que desplazarse a otras localidades.<\/p>\n<p align=\"JUSTIFY\">Por lo tanto, este proyecto, a trav\u00e9s de sus finalidades pretende dar respuesta a las demandas de los sectores implicados (Ayuntamiento, Educaci\u00f3n y Empresa):<\/p>\n<p align=\"JUSTIFY\">1. Diversificar la oferta formativa de la localidad y de la provincia.<\/p>\n<p align=\"JUSTIFY\">2. Facilitar el acceso a la cualificaci\u00f3n profesional.<\/p>\n<p align=\"JUSTIFY\">3. Formar mano de obra cualificada.<\/p>\n<p align=\"JUSTIFY\">4. Mejorar el retorno de mano de obra cualificada al municipio.<\/p>\n<p><a href=\"https:\/\/drive.google.com\/file\/d\/1EYmW9dEtMoC1fqtpFIo6aT01yYLParAU\/view?usp=sharing\" target=\"_blank\" rel=\"noopener noreferrer\"><span style=\"color: #ff00ff\">VIDEO 2021-2022&nbsp;<\/span><\/a><\/p>\n<p><a href=\"https:\/\/blogsaverroes.juntadeandalucia.es\/iespuertadelandevalo\/periodo-de-admision-fp-basica-dual-del-15-al-30-de-junio\/\">V\u00cdDEO 2022-2023&nbsp;<\/a><\/p>\n<p>&nbsp;<\/p>\n","protected":false},"excerpt":{"rendered":"<p>CFGB DUAL DE ACTIVIDADES AGROPECUARIAS El Ciclo que se imparte en el IES Puerta del And\u00e9valo es de Ciclo Formativo de Grado B\u00e1sico (CFGB) en Actividades Agropecuarias&nbsp;. Con este Ciclo se obtiene la competencia&#46;&#46;&#46;<\/p>\n","protected":false},"author":12609,"featured_media":0,"parent":0,"menu_order":0,"comment_status":"closed","ping_status":"closed","template":"","meta":{"ngg_post_thumbnail":0,"footnotes":""},"aioseo_notices":[],"_links":{"self":[{"href":"https:\/\/blogsaverroes.juntadeandalucia.es\/iespuertadelandevalo\/wp-json\/wp\/v2\/pages\/616"}],"collection":[{"href":"https:\/\/blogsaverroes.juntadeandalucia.es\/iespuertadelandevalo\/wp-json\/wp\/v2\/pages"}],"about":[{"href":"https:\/\/blogsaverroes.juntadeandalucia.es\/iespuertadelandevalo\/wp-json\/wp\/v2\/types\/page"}],"author":[{"embeddable":true,"href":"https:\/\/blogsaverroes.juntadeandalucia.es\/iespuertadelandevalo\/wp-json\/wp\/v2\/users\/12609"}],"replies":[{"embeddable":true,"href":"https:\/\/blogsaverroes.juntadeandalucia.es\/iespuertadelandevalo\/wp-json\/wp\/v2\/comments?post=616"}],"version-history":[{"count":28,"href":"https:\/\/blogsaverroes.juntadeandalucia.es\/iespuertadelandevalo\/wp-json\/wp\/v2\/pages\/616\/revisions"}],"predecessor-version":[{"id":2386,"href":"https:\/\/blogsaverroes.juntadeandalucia.es\/iespuertadelandevalo\/wp-json\/wp\/v2\/pages\/616\/revisions\/2386"}],"wp:attachment":[{"href":"https:\/\/blogsaverroes.juntadeandalucia.es\/iespuertadelandevalo\/wp-json\/wp\/v2\/media?parent=616"}],"curies":[{"name":"wp","href":"https:\/\/api.w.org\/{rel}","templated":true}]}}