{"id":150,"date":"2015-03-17T07:48:04","date_gmt":"2015-03-17T07:48:04","guid":{"rendered":"http:\/\/blogsaverroes.juntadeandalucia.es\/pre\/ceip\/?page_id=150"},"modified":"2024-11-03T16:41:25","modified_gmt":"2024-11-03T16:41:25","slug":"frances","status":"publish","type":"page","link":"https:\/\/blogsaverroes.juntadeandalucia.es\/iespuertadelmar\/frances\/","title":{"rendered":"Franc\u00e9s"},"content":{"rendered":"\t\t<div data-elementor-type=\"wp-page\" data-elementor-id=\"150\" class=\"elementor elementor-150\">\n\t\t\t\t\t\t<section class=\"elementor-section elementor-top-section elementor-element elementor-element-a567880 elementor-section-boxed elementor-section-height-default elementor-section-height-default\" data-id=\"a567880\" data-element_type=\"section\">\n\t\t\t\t\t\t<div class=\"elementor-container elementor-column-gap-default\">\n\t\t\t\t\t<div class=\"elementor-column elementor-col-100 elementor-top-column elementor-element elementor-element-63fdfe5\" data-id=\"63fdfe5\" data-element_type=\"column\">\n\t\t\t<div class=\"elementor-widget-wrap elementor-element-populated\">\n\t\t\t\t\t\t<div class=\"elementor-element elementor-element-6bd7010a elementor-tabs-alignment-center elementor-tabs-view-horizontal elementor-widget elementor-widget-tabs\" data-id=\"6bd7010a\" data-element_type=\"widget\" data-widget_type=\"tabs.default\">\n\t\t\t\t<div class=\"elementor-widget-container\">\n\t\t\t\t\t\t\t<div class=\"elementor-tabs\">\n\t\t\t<div class=\"elementor-tabs-wrapper\" role=\"tablist\" >\n\t\t\t\t\t\t\t\t\t<div id=\"elementor-tab-title-1801\" class=\"elementor-tab-title elementor-tab-desktop-title\" aria-selected=\"true\" data-tab=\"1\" role=\"tab\" tabindex=\"0\" aria-controls=\"elementor-tab-content-1801\" aria-expanded=\"false\">Presentaci\u00f3n<\/div>\n\t\t\t\t\t\t\t\t\t<div id=\"elementor-tab-title-1802\" class=\"elementor-tab-title elementor-tab-desktop-title\" aria-selected=\"false\" data-tab=\"2\" role=\"tab\" tabindex=\"-1\" aria-controls=\"elementor-tab-content-1802\" aria-expanded=\"false\">Criterios de evaluaci\u00f3n<\/div>\n\t\t\t\t\t\t\t\t\t<div id=\"elementor-tab-title-1803\" class=\"elementor-tab-title elementor-tab-desktop-title\" aria-selected=\"false\" data-tab=\"3\" role=\"tab\" tabindex=\"-1\" aria-controls=\"elementor-tab-content-1803\" aria-expanded=\"false\">Recuperaci\u00f3n de pendientes<\/div>\n\t\t\t\t\t\t\t<\/div>\n\t\t\t<div class=\"elementor-tabs-content-wrapper\" role=\"tablist\" aria-orientation=\"vertical\">\n\t\t\t\t\t\t\t\t\t<div class=\"elementor-tab-title elementor-tab-mobile-title\" aria-selected=\"true\" data-tab=\"1\" role=\"tab\" tabindex=\"0\" aria-controls=\"elementor-tab-content-1801\" aria-expanded=\"false\">Presentaci\u00f3n<\/div>\n\t\t\t\t\t<div id=\"elementor-tab-content-1801\" class=\"elementor-tab-content elementor-clearfix\" data-tab=\"1\" role=\"tabpanel\" aria-labelledby=\"elementor-tab-title-1801\" tabindex=\"0\" hidden=\"false\"><p><a href=\"https:\/\/blogsaverroes.juntadeandalucia.es\/iespuertadelmar\/files\/2024\/10\/Bandera-francia.jpg\"><img fetchpriority=\"high\" decoding=\"async\" class=\"aligncenter wp-image-4200 size-full\" src=\"https:\/\/blogsaverroes.juntadeandalucia.es\/iespuertadelmar\/files\/2024\/10\/Bandera-francia.jpg\" alt=\"\" width=\"612\" height=\"401\" srcset=\"https:\/\/blogsaverroes.juntadeandalucia.es\/iespuertadelmar\/files\/2024\/10\/Bandera-francia.jpg 612w, https:\/\/blogsaverroes.juntadeandalucia.es\/iespuertadelmar\/files\/2024\/10\/Bandera-francia-300x197.jpg 300w\" sizes=\"(max-width: 612px) 100vw, 612px\" \/><\/a>\u00a0<\/p><div>\u00a0<\/div><div><h3 class=\"MsoNormal\"><span style=\"color: #000000\"><strong>DEPARTAMENTO DE FRANC\u00c9S<\/strong><\/span><\/h3><h4 class=\"MsoNormal\" style=\"text-align: center\" align=\"center\"><span style=\"color: #0000ff\"><i>\u00abUn idioma te coloca en <\/i><i>un pasillo de por vida.<\/i> <i>Dos idiomas te abren todas las puertas del recorrido\u00bb<\/i><\/span><\/h4><p class=\"MsoNormal\" style=\"text-align: justify\"><span style=\"color: #000000\">Las lenguas extranjeras son actualmente un elemento clave en la construcci\u00f3n de la identidad europea: una identidad pluriling\u00fce y multicultural, as\u00ed como uno de los factores que favorece la libre circulaci\u00f3n de personas y facilita la cooperaci\u00f3n cultural, econ\u00f3mica, t\u00e9cnica y cient\u00edfica entre los pa\u00edses. La necesidad de conocer varias lenguas extranjeras adquiere cada vez m\u00e1s importancia para poder participar en los campos de las relaciones internacionales, de la cultura, de las ciencias, de la t\u00e9cnica y del trabajo. Tener la oportunidad de conocer otras lenguas permite situarse en un plano de igualdad con personas de otros pa\u00edses y prepararse para un espacio geogr\u00e1fico en el que el dominio de varias lenguas, al convertirse en un hecho habitual, contribuir\u00e1 sin ninguna duda a un mayor entendimiento entre los pueblos.<\/span><\/p><p class=\"MsoNormal\" style=\"text-align: justify\"><span style=\"color: #000000\">El aprendizaje de una Segunda Lengua Extranjera como la lengua francesa incide en la formaci\u00f3n general y contribuye espec\u00edficamente a desarrollar las capacidades del lenguaje y de la comunicaci\u00f3n. Prepara al alumnado para comunicarse con personas de habla francesa, para conocer nuevas culturas, ampliar sus \u00a0conocimientos, viajar a pa\u00edses de habla francesa, deleitarse con las mejores lecturas, disfrutar de cine en versi\u00f3n original , comprender canciones , al fin de cuentas ; abrir la mente y por tanto su mundo.<\/span><\/p><p class=\"MsoNormal\" style=\"text-align: justify\"><span style=\"color: #000000\">Actualmente, la materia de franc\u00e9s es obligatoria en 1\u00ba ESO y tiene la ventaja de ser una de las pocas optativas ofertadas con una continuidad en todos los niveles, desde 2\u00ba de ESO a 4\u00ba de ESO y en 1\u00ba y 2\u00ba de Bachillerato. Esto supondr\u00eda una ventaja para el alumnado dado que podr\u00eda terminar bachillerato con hasta 3 t\u00edtulos: bachillerato, B1\/B2 de ingl\u00e9s a trav\u00e9s de las pruebas Trinity y por \u00faltimo el certificado DELF B1 de franc\u00e9s.<\/span><\/p><p class=\"MsoNormal\" style=\"text-align: justify\"><span style=\"color: #000000\">\u201c<b>M\u00e1s all\u00e1 de nuestro centro escolar\u201d<\/b><\/span><\/p><p class=\"MsoNormal\" style=\"text-align: justify\"><span style=\"color: #000000\">Cada a\u00f1o el departamento de franc\u00e9s pone en marcha dos proyectos:<\/span><\/p><p class=\"MsoNormal\" style=\"text-align: justify\"><span style=\"color: #000000\">En primer lugar, hemos puesto en marcha un\u00a0<b>intercambio ling\u00fc\u00edstico<\/b>\u00a0con un centro de secundaria de Francia, el\u00a0<b>Lyc\u00e9e<\/b>\u00a0<b>Saint-Fran\u00e7ois-Xavier<\/b>, situado en Vannes, en la regi\u00f3n de\u00a0<b>Bretagne.\u00a0<\/b><\/span><\/p><p><a href=\"https:\/\/blogsaverroes.juntadeandalucia.es\/iespuertadelmar\/files\/2024\/10\/college-prive-saint-francois-xavier-vannes-56000-ET056-35_PF.jpg\"><img decoding=\"async\" class=\" wp-image-4216 aligncenter\" src=\"https:\/\/blogsaverroes.juntadeandalucia.es\/iespuertadelmar\/files\/2024\/10\/college-prive-saint-francois-xavier-vannes-56000-ET056-35_PF-300x136.jpg\" alt=\"\" width=\"402\" height=\"182\" srcset=\"https:\/\/blogsaverroes.juntadeandalucia.es\/iespuertadelmar\/files\/2024\/10\/college-prive-saint-francois-xavier-vannes-56000-ET056-35_PF-300x136.jpg 300w, https:\/\/blogsaverroes.juntadeandalucia.es\/iespuertadelmar\/files\/2024\/10\/college-prive-saint-francois-xavier-vannes-56000-ET056-35_PF-768x347.jpg 768w, https:\/\/blogsaverroes.juntadeandalucia.es\/iespuertadelmar\/files\/2024\/10\/college-prive-saint-francois-xavier-vannes-56000-ET056-35_PF.jpg 940w\" sizes=\"(max-width: 402px) 100vw, 402px\" \/><\/a><\/p><p><a href=\"https:\/\/blogsaverroes.juntadeandalucia.es\/iespuertadelmar\/files\/2024\/10\/20230926_144233.jpg\"><img decoding=\"async\" class=\"wp-image-4215 alignleft\" src=\"https:\/\/blogsaverroes.juntadeandalucia.es\/iespuertadelmar\/files\/2024\/10\/20230926_144233-300x210.jpg\" alt=\"\" width=\"323\" height=\"226\" srcset=\"https:\/\/blogsaverroes.juntadeandalucia.es\/iespuertadelmar\/files\/2024\/10\/20230926_144233-300x210.jpg 300w, https:\/\/blogsaverroes.juntadeandalucia.es\/iespuertadelmar\/files\/2024\/10\/20230926_144233-1024x717.jpg 1024w, https:\/\/blogsaverroes.juntadeandalucia.es\/iespuertadelmar\/files\/2024\/10\/20230926_144233-768x538.jpg 768w, https:\/\/blogsaverroes.juntadeandalucia.es\/iespuertadelmar\/files\/2024\/10\/20230926_144233-1536x1075.jpg 1536w, https:\/\/blogsaverroes.juntadeandalucia.es\/iespuertadelmar\/files\/2024\/10\/20230926_144233-2048x1434.jpg 2048w, https:\/\/blogsaverroes.juntadeandalucia.es\/iespuertadelmar\/files\/2024\/10\/20230926_144233.jpg 1600w\" sizes=\"(max-width: 323px) 100vw, 323px\" \/><\/a><a href=\"https:\/\/blogsaverroes.juntadeandalucia.es\/iespuertadelmar\/files\/2024\/10\/20230922_082155.jpg\"><img loading=\"lazy\" decoding=\"async\" class=\"wp-image-4214 alignleft\" src=\"https:\/\/blogsaverroes.juntadeandalucia.es\/iespuertadelmar\/files\/2024\/10\/20230922_082155-300x225.jpg\" alt=\"\" width=\"315\" height=\"236\" srcset=\"https:\/\/blogsaverroes.juntadeandalucia.es\/iespuertadelmar\/files\/2024\/10\/20230922_082155-300x225.jpg 300w, https:\/\/blogsaverroes.juntadeandalucia.es\/iespuertadelmar\/files\/2024\/10\/20230922_082155-1024x768.jpg 1024w, https:\/\/blogsaverroes.juntadeandalucia.es\/iespuertadelmar\/files\/2024\/10\/20230922_082155-768x576.jpg 768w, https:\/\/blogsaverroes.juntadeandalucia.es\/iespuertadelmar\/files\/2024\/10\/20230922_082155-1536x1152.jpg 1536w, https:\/\/blogsaverroes.juntadeandalucia.es\/iespuertadelmar\/files\/2024\/10\/20230922_082155-2048x1536.jpg 2048w, https:\/\/blogsaverroes.juntadeandalucia.es\/iespuertadelmar\/files\/2024\/10\/20230922_082155.jpg 1600w\" sizes=\"(max-width: 315px) 100vw, 315px\" \/><\/a><\/p><p class=\"MsoNormal\" style=\"text-align: justify\"><span style=\"color: #000000\">\u00a0<\/span><\/p><p class=\"MsoNormal\" style=\"text-align: justify\"><span style=\"color: #000000\">\u00a0<\/span><\/p><p class=\"MsoNormal\" style=\"text-align: justify\"><span style=\"color: #000000\">\u00a0<\/span><\/p><p class=\"MsoNormal\" style=\"text-align: justify\"><span style=\"color: #000000\">\u00a0<\/span><\/p><p class=\"MsoNormal\" style=\"text-align: justify\"><span style=\"color: #000000\">\u00a0<\/span><\/p><p class=\"MsoNormal\" style=\"text-align: justify\"><span style=\"color: #000000\">\u00a0<\/span><\/p><p>\u00a0<\/p><p class=\"MsoNormal\" style=\"text-align: justify\"><span style=\"color: #000000\">Se pretende dar un enfoque m\u00e1s cultural y comunicativo a la materia, proponiendo al alumnado una serie de proyectos orientados a una situaci\u00f3n real como es la comunicaci\u00f3n con otros alumnos de edades similares, con las mismos gustos e \u00a0inquietudes. Vamos a trabajar con los alumnos de 1\u00baESO, 2\u00ba ESO y 3\u00ba ESO, alumnos que empiezan con ilusi\u00f3n el aprendizaje la lengua francesa y adem\u00e1s muy motivados por participar en este nuevo proyecto.<\/span><\/p><p class=\"MsoNormal\" style=\"text-align: justify\"><span style=\"color: #000000\">En segundo lugar, desde el curso 22-23 estamos realizando un\u00a0<b>campamento de inmersi\u00f3n ling\u00fc\u00edstica<\/b>: es una gran experiencia personal y permite a nuestros alumnos mejorar sus destrezas en el idioma a trav\u00e9s de actividades l\u00fadicas y deportivas. Tras el \u00e9xito logrado en cursos pasados, seguiremos apostando por este tipo de actividades.<\/span><\/p><p class=\"MsoNormal\" style=\"text-align: justify\"><span style=\"color: #000000\"><a href=\"https:\/\/blogsaverroes.juntadeandalucia.es\/iespuertadelmar\/files\/2024\/10\/20230213_173634-rotated.jpg\"><img loading=\"lazy\" decoding=\"async\" class=\"alignnone size-medium wp-image-4227\" src=\"https:\/\/blogsaverroes.juntadeandalucia.es\/iespuertadelmar\/files\/2024\/10\/20230213_173634-225x300.jpg\" alt=\"\" width=\"225\" height=\"300\" srcset=\"https:\/\/blogsaverroes.juntadeandalucia.es\/iespuertadelmar\/files\/2024\/10\/20230213_173634-225x300.jpg 225w, https:\/\/blogsaverroes.juntadeandalucia.es\/iespuertadelmar\/files\/2024\/10\/20230213_173634-768x1024.jpg 768w, https:\/\/blogsaverroes.juntadeandalucia.es\/iespuertadelmar\/files\/2024\/10\/20230213_173634-1152x1536.jpg 1152w, https:\/\/blogsaverroes.juntadeandalucia.es\/iespuertadelmar\/files\/2024\/10\/20230213_173634-1536x2048.jpg 1536w, https:\/\/blogsaverroes.juntadeandalucia.es\/iespuertadelmar\/files\/2024\/10\/20230213_173634-rotated.jpg 1200w\" sizes=\"(max-width: 225px) 100vw, 225px\" \/><\/a> <a href=\"https:\/\/blogsaverroes.juntadeandalucia.es\/iespuertadelmar\/files\/2024\/10\/20230214_103056-rotated.jpg\"><img loading=\"lazy\" decoding=\"async\" class=\"alignnone size-medium wp-image-4228\" src=\"https:\/\/blogsaverroes.juntadeandalucia.es\/iespuertadelmar\/files\/2024\/10\/20230214_103056-225x300.jpg\" alt=\"\" width=\"225\" height=\"300\" srcset=\"https:\/\/blogsaverroes.juntadeandalucia.es\/iespuertadelmar\/files\/2024\/10\/20230214_103056-225x300.jpg 225w, https:\/\/blogsaverroes.juntadeandalucia.es\/iespuertadelmar\/files\/2024\/10\/20230214_103056-768x1024.jpg 768w, https:\/\/blogsaverroes.juntadeandalucia.es\/iespuertadelmar\/files\/2024\/10\/20230214_103056-1152x1536.jpg 1152w, https:\/\/blogsaverroes.juntadeandalucia.es\/iespuertadelmar\/files\/2024\/10\/20230214_103056-1536x2048.jpg 1536w, https:\/\/blogsaverroes.juntadeandalucia.es\/iespuertadelmar\/files\/2024\/10\/20230214_103056-rotated.jpg 1200w\" sizes=\"(max-width: 225px) 100vw, 225px\" \/><\/a> <a href=\"https:\/\/blogsaverroes.juntadeandalucia.es\/iespuertadelmar\/files\/2024\/10\/20230214_122913.jpg\"><img loading=\"lazy\" decoding=\"async\" class=\"alignnone size-medium wp-image-4229\" src=\"https:\/\/blogsaverroes.juntadeandalucia.es\/iespuertadelmar\/files\/2024\/10\/20230214_122913-289x300.jpg\" alt=\"\" width=\"289\" height=\"300\" srcset=\"https:\/\/blogsaverroes.juntadeandalucia.es\/iespuertadelmar\/files\/2024\/10\/20230214_122913-289x300.jpg 289w, https:\/\/blogsaverroes.juntadeandalucia.es\/iespuertadelmar\/files\/2024\/10\/20230214_122913-988x1024.jpg 988w, https:\/\/blogsaverroes.juntadeandalucia.es\/iespuertadelmar\/files\/2024\/10\/20230214_122913-768x796.jpg 768w, https:\/\/blogsaverroes.juntadeandalucia.es\/iespuertadelmar\/files\/2024\/10\/20230214_122913-1482x1536.jpg 1482w, https:\/\/blogsaverroes.juntadeandalucia.es\/iespuertadelmar\/files\/2024\/10\/20230214_122913-1975x2048.jpg 1975w, https:\/\/blogsaverroes.juntadeandalucia.es\/iespuertadelmar\/files\/2024\/10\/20230214_122913.jpg 1543w\" sizes=\"(max-width: 289px) 100vw, 289px\" \/><\/a> <a href=\"https:\/\/blogsaverroes.juntadeandalucia.es\/iespuertadelmar\/files\/2024\/10\/20230215_174851-rotated.jpg\"><img loading=\"lazy\" decoding=\"async\" class=\"alignnone size-medium wp-image-4230\" src=\"https:\/\/blogsaverroes.juntadeandalucia.es\/iespuertadelmar\/files\/2024\/10\/20230215_174851-225x300.jpg\" alt=\"\" width=\"225\" height=\"300\" srcset=\"https:\/\/blogsaverroes.juntadeandalucia.es\/iespuertadelmar\/files\/2024\/10\/20230215_174851-225x300.jpg 225w, https:\/\/blogsaverroes.juntadeandalucia.es\/iespuertadelmar\/files\/2024\/10\/20230215_174851-768x1024.jpg 768w, https:\/\/blogsaverroes.juntadeandalucia.es\/iespuertadelmar\/files\/2024\/10\/20230215_174851-1152x1536.jpg 1152w, https:\/\/blogsaverroes.juntadeandalucia.es\/iespuertadelmar\/files\/2024\/10\/20230215_174851-1536x2048.jpg 1536w, https:\/\/blogsaverroes.juntadeandalucia.es\/iespuertadelmar\/files\/2024\/10\/20230215_174851-rotated.jpg 1200w\" sizes=\"(max-width: 225px) 100vw, 225px\" \/><\/a> <a href=\"https:\/\/blogsaverroes.juntadeandalucia.es\/iespuertadelmar\/files\/2024\/10\/IMG-20240312-WA0085.jpg\"><img loading=\"lazy\" decoding=\"async\" class=\"alignnone size-medium wp-image-4231\" src=\"https:\/\/blogsaverroes.juntadeandalucia.es\/iespuertadelmar\/files\/2024\/10\/IMG-20240312-WA0085-300x225.jpg\" alt=\"\" width=\"300\" height=\"225\" srcset=\"https:\/\/blogsaverroes.juntadeandalucia.es\/iespuertadelmar\/files\/2024\/10\/IMG-20240312-WA0085-300x225.jpg 300w, https:\/\/blogsaverroes.juntadeandalucia.es\/iespuertadelmar\/files\/2024\/10\/IMG-20240312-WA0085-1024x768.jpg 1024w, https:\/\/blogsaverroes.juntadeandalucia.es\/iespuertadelmar\/files\/2024\/10\/IMG-20240312-WA0085-768x576.jpg 768w, https:\/\/blogsaverroes.juntadeandalucia.es\/iespuertadelmar\/files\/2024\/10\/IMG-20240312-WA0085-1536x1152.jpg 1536w, https:\/\/blogsaverroes.juntadeandalucia.es\/iespuertadelmar\/files\/2024\/10\/IMG-20240312-WA0085.jpg 1600w\" sizes=\"(max-width: 300px) 100vw, 300px\" \/><\/a><a href=\"https:\/\/blogsaverroes.juntadeandalucia.es\/iespuertadelmar\/files\/2024\/11\/20230216_175518.jpg\"><img loading=\"lazy\" decoding=\"async\" class=\"alignnone size-medium wp-image-4256\" src=\"https:\/\/blogsaverroes.juntadeandalucia.es\/iespuertadelmar\/files\/2024\/11\/20230216_175518-300x225.jpg\" alt=\"\" width=\"300\" height=\"225\" srcset=\"https:\/\/blogsaverroes.juntadeandalucia.es\/iespuertadelmar\/files\/2024\/11\/20230216_175518-300x225.jpg 300w, https:\/\/blogsaverroes.juntadeandalucia.es\/iespuertadelmar\/files\/2024\/11\/20230216_175518-1024x768.jpg 1024w, https:\/\/blogsaverroes.juntadeandalucia.es\/iespuertadelmar\/files\/2024\/11\/20230216_175518-768x576.jpg 768w, https:\/\/blogsaverroes.juntadeandalucia.es\/iespuertadelmar\/files\/2024\/11\/20230216_175518-1536x1152.jpg 1536w, https:\/\/blogsaverroes.juntadeandalucia.es\/iespuertadelmar\/files\/2024\/11\/20230216_175518-2048x1536.jpg 2048w, https:\/\/blogsaverroes.juntadeandalucia.es\/iespuertadelmar\/files\/2024\/11\/20230216_175518.jpg 1600w\" sizes=\"(max-width: 300px) 100vw, 300px\" \/><\/a><\/span><\/p><p class=\"MsoNormal\" style=\"text-align: justify\"><span style=\"color: #000000\">Para descubrir m\u00e1s de la lengua y como apoyo al estudio y aprendizaje del idioma, el Departamento de franc\u00e9s utiliza la plataforma\u00a0<b>Moodle<\/b>.<\/span><\/p><\/div><\/div>\n\t\t\t\t\t\t\t\t\t<div class=\"elementor-tab-title elementor-tab-mobile-title\" aria-selected=\"false\" data-tab=\"2\" role=\"tab\" tabindex=\"-1\" aria-controls=\"elementor-tab-content-1802\" aria-expanded=\"false\">Criterios de evaluaci\u00f3n<\/div>\n\t\t\t\t\t<div id=\"elementor-tab-content-1802\" class=\"elementor-tab-content elementor-clearfix\" data-tab=\"2\" role=\"tabpanel\" aria-labelledby=\"elementor-tab-title-1802\" tabindex=\"0\" hidden=\"hidden\"><p><span style=\"color: #000000\">Durante el presente curso la evaluaci\u00f3n ser\u00e1 por&nbsp;<strong>competencias<\/strong>.<\/span><\/p>\n<p style=\"margin: 0cm 0cm 0cm 36pt;text-align: justify;background-image: initial;background-position: initial;background-size: initial;background-attachment: initial\"><strong><span style=\"color: black\">COMPETENCIA ESPEC\u00cdFICA 1<\/span><\/strong><span style=\"color: black\"><strong>.<\/strong> (Criterios: 1.1, 1.2, 1.3)<\/span><\/p>\n<p style=\"margin: 0cm 0cm 0cm 36pt;text-align: justify;background-image: initial;background-position: initial;background-size: initial;background-attachment: initial\"><span style=\"color: black\">Comprensi\u00f3n de textos escritos: lecturas en clase, comprensi\u00f3n escrita en ex\u00e1menes, documentos reales trabajados en clase (revistas, peri\u00f3dicos, documentos online).<\/span><\/p><p style=\"margin: 0cm 0cm 0cm 36pt;text-align: justify;background-image: initial;background-position: initial;background-size: initial;background-attachment: initial\"><span style=\"color: black\"><br><\/span><\/p>\n<p style=\"margin: 0cm 0cm 0cm 36pt;text-align: justify;background-image: initial;background-position: initial;background-size: initial;background-attachment: initial\">\n<\/p><p style=\"margin: 0cm 0cm 0cm 36pt;text-align: justify;background-image: initial;background-position: initial;background-size: initial;background-attachment: initial\"><strong><span style=\"color: black\">COMPETENCIA ESPEC\u00cdFICA 1 <\/span><\/strong><span style=\"color: black\">. (Criterios: 1.1, 1.2, 1.3)<\/span><\/p>\n<p style=\"margin: 0cm 0cm 0cm 36pt;text-align: justify;background-image: initial;background-position: initial;background-size: initial;background-attachment: initial\"><span style=\"color: black\">Comprensi\u00f3n de textos orales: indicaciones del profesor en clase, escuchas en el examen, escuchas realizadas en clase.<\/span><\/p><p style=\"margin: 0cm 0cm 0cm 36pt;text-align: justify;background-image: initial;background-position: initial;background-size: initial;background-attachment: initial\"><span style=\"color: black\"><br><\/span><\/p>\n<p style=\"margin: 0cm 0cm 0cm 36pt;text-align: justify;background-image: initial;background-position: initial;background-size: initial;background-attachment: initial\">\n<\/p><p style=\"margin: 0cm 0cm 0cm 36pt;text-align: justify;background-image: initial;background-position: initial;background-size: initial;background-attachment: initial\"><strong><span style=\"color: black\">COMPETENCIA ESPEC\u00cdFICA 2 y 3<\/span><\/strong><span style=\"color: black\">. (Criterios: 2.1, 2.2, 2.3, 3.1, 3.2)<\/span><\/p>\n<p style=\"margin: 0cm 0cm 0cm 36pt;text-align: justify;background-image: initial;background-position: initial;background-size: initial;background-attachment: initial\"><span style=\"color: black\">Producci\u00f3n oral: exposiciones en clase, participaci\u00f3n activa durante las clases, realizaci\u00f3n de v\u00eddeos, trabajo oral en grupo y en clase.<\/span><\/p>\n<p style=\"margin: 0cm 0cm 0cm 36pt;text-align: justify;background-image: initial;background-position: initial;background-size: initial;background-attachment: initial\"><span style=\"color: black\">&nbsp;<\/span><\/p>\n<p style=\"margin: 0cm 0cm 0cm 36pt;text-align: justify;background-image: initial;background-position: initial;background-size: initial;background-attachment: initial\"><strong><span style=\"color: black\">COMPETENCIA ESPEC\u00cdFICA 2<\/span><\/strong><b><span style=\"color: black\">.<\/span><\/b><span style=\"color: black\"> (Criterios: 2.1, 2.2, 2.3)<\/span><\/p>\n<p style=\"margin: 0cm 0cm 0cm 36pt;text-align: justify;background-image: initial;background-position: initial;background-size: initial;background-attachment: initial\"><span style=\"color: black\">Producci\u00f3n escrita: textos elaborados en clase, redacciones hechas en casa, tareas, importancia del cuaderno de clase, realizaci\u00f3n de tareas (en clase, casa, moodle)<\/span><\/p>\n<p style=\"margin: 0cm 0cm 0cm 36pt;text-align: justify;background-image: initial;background-position: initial;background-size: initial;background-attachment: initial\"><b>&nbsp;<\/b><\/p>\n<p style=\"margin: 0cm 0cm 0cm 36pt;text-align: justify;background-image: initial;background-position: initial;background-size: initial;background-attachment: initial\"><strong><span style=\"color: black\">COMPETENCIA ESPEC\u00cdFICA 4<\/span><\/strong><b><span style=\"color: black\">.<\/span><\/b><span style=\"color: black\"> (Criterios: 4.1, 4.2)<\/span><\/p>\n<p style=\"margin: 0cm 0cm 0cm 36pt;text-align: justify;background-image: initial;background-position: initial;background-size: initial;background-attachment: initial\"><span style=\"color: black\">Mediaci\u00f3n: juegos de rol, saber explicar algo a los compa\u00f1eros, realizaci\u00f3n de debates, lecturas y escuchas.<\/span><\/p><p style=\"margin: 0cm 0cm 0cm 36pt;text-align: justify;background-image: initial;background-position: initial;background-size: initial;background-attachment: initial\"><span style=\"color: black\"><br><\/span><\/p>\n<p style=\"margin: 0cm 0cm 0cm 36pt;text-align: justify;background-image: initial;background-position: initial;background-size: initial;background-attachment: initial\">\n<\/p><p style=\"margin: 0cm 0cm 0cm 36pt;text-align: justify;background-image: initial;background-position: initial;background-size: initial;background-attachment: initial\"><strong><span style=\"color: black\">COMPETENCIA ESPEC\u00cdFICA 5. <\/span><\/strong><span style=\"color: black\">(Criterios: 5.1, 5.2, 5.3).<\/span><\/p>\n<p style=\"margin: 0cm 0cm 0cm 36pt;text-align: justify;background-image: initial;background-position: initial;background-size: initial;background-attachment: initial\"><span style=\"color: black\">Ampliaci\u00f3n de gram\u00e1tica y vocabulario.<\/span><\/p><p style=\"margin: 0cm 0cm 0cm 36pt;text-align: justify;background-image: initial;background-position: initial;background-size: initial;background-attachment: initial\"><span style=\"color: black\"><br><\/span><\/p>\n<p style=\"margin: 0cm 0cm 0cm 36pt;text-align: justify;background-image: initial;background-position: initial;background-size: initial;background-attachment: initial\">\n<\/p><p style=\"margin: 0cm 0cm 0cm 36pt;text-align: justify;background-image: initial;background-position: initial;background-size: initial;background-attachment: initial\"><span style=\"color: #000000\"><strong>COMPETENCIA ESPEC\u00cdFICA 6<\/strong><\/span><b><span style=\"color: black\">.<\/span><\/b><span style=\"color: black\"> (Criterios: 6.1, 6.2, 6.3)<\/span><\/p>\n<p style=\"margin: 0cm 0cm 0cm 36pt;text-align: justify;background-image: initial;background-position: initial;background-size: initial;background-attachment: initial\"><span style=\"color: black\">Diversidad ling\u00fc\u00edstica, cultural y art\u00edstica a partir de la LE: Actividades de cultura franc\u00f3fona.<\/span><\/p><p style=\"margin: 0cm 0cm 0cm 36pt;text-align: justify;background-image: initial;background-position: initial;background-size: initial;background-attachment: initial\"><span style=\"color: black\"><br><\/span><\/p>\n<p style=\"margin: 0cm;background-image: initial;background-position: initial;background-size: initial;background-attachment: initial\">\n<\/p><p style=\"margin: 0cm;background-image: initial;background-position: initial;background-size: initial;background-attachment: initial\"><span style=\"color: black\">Se tendr\u00e1 en cuenta la actitud del alumnado hacia la materia y hacia la diversidad tan presente e importante en nuestra sociedad. As\u00ed mismo, se evaluar\u00e1 su actitud en clase, teniendo en cuenta valores tales como la tolerancia, el respeto y la solidaridad hacia el resto de los miembros de la comunidad educativa.<\/span><\/p>\n<p style=\"margin-left: 36.0pt\"><br><\/p><\/div>\n\t\t\t\t\t\t\t\t\t<div class=\"elementor-tab-title elementor-tab-mobile-title\" aria-selected=\"false\" data-tab=\"3\" role=\"tab\" tabindex=\"-1\" aria-controls=\"elementor-tab-content-1803\" aria-expanded=\"false\">Recuperaci\u00f3n de pendientes<\/div>\n\t\t\t\t\t<div id=\"elementor-tab-content-1803\" class=\"elementor-tab-content elementor-clearfix\" data-tab=\"3\" role=\"tabpanel\" aria-labelledby=\"elementor-tab-title-1803\" tabindex=\"0\" hidden=\"hidden\"><p><span style=\"color: #000000\"><b><u>Plan de recuperaci\u00f3n de franc\u00e9s pendiente<\/u><\/b>\u00a0<b><u>2024-2025<\/u><\/b><\/span><\/p><p>\u00a0<\/p><p><span style=\"color: #000000\">Para todos aquellos alumnos que tienen la asignatura de franc\u00e9s pendiente de otros a\u00f1os se propone el siguiente plan de recuperaci\u00f3n:<\/span><\/p><p><span style=\"color: #000000\"> \u2022 Realizaci\u00f3n de un cuadernillo de ejercicios de los contenidos de la materia del curso correspondiente.\u00a0<\/span><\/p><p><span style=\"color: #000000\">Al alumno con la materia pendiente adem\u00e1s del cuadernillo de ejercicios se le entregar\u00e1 un libro de texto para ayudarle a realizar los ejercicios propuestos. Tambi\u00e9n tendr\u00e1n material de apoyo en la plataforma moodle. Las fechas de entrega se especificar\u00e1n en el material del alumno.<\/span><\/p><\/div>\n\t\t\t\t\t\t\t<\/div>\n\t\t<\/div>\n\t\t\t\t\t\t<\/div>\n\t\t\t\t<\/div>\n\t\t\t\t\t<\/div>\n\t\t<\/div>\n\t\t\t\t\t<\/div>\n\t\t<\/section>\n\t\t\t\t<section class=\"elementor-section elementor-top-section elementor-element elementor-element-5e2d8bfa elementor-section-boxed elementor-section-height-default elementor-section-height-default\" data-id=\"5e2d8bfa\" data-element_type=\"section\">\n\t\t\t\t\t\t<div class=\"elementor-container elementor-column-gap-default\">\n\t\t\t\t\t<div class=\"elementor-column elementor-col-100 elementor-top-column elementor-element elementor-element-3bacf272\" data-id=\"3bacf272\" data-element_type=\"column\">\n\t\t\t<div class=\"elementor-widget-wrap elementor-element-populated\">\n\t\t\t\t\t\t<div class=\"elementor-element elementor-element-225b4a8 elementor-widget elementor-widget-contentviews_widget_scrollable\" data-id=\"225b4a8\" data-element_type=\"widget\" data-widget_type=\"contentviews_widget_scrollable.default\">\n\t\t\t\t<div class=\"elementor-widget-container\">\n\t\t\t\t\t<div class='pt-cv-wrapper'> <h1 class='pt-cv-heading-container heading1' data-blockid='225b4a8'><span class='pt-cv-heading'> Noticias <\/span><\/h1><div class=\"pt-cv-view pt-cv-scrollable pt-cv-colsys iscvblock iscvelementor scrollable layout1\" id=\"pt-cv-view-225b4a8\"><div data-id=\"pt-cv-page-1\" class=\"pt-cv-page\" data-cvc=\"2\"><div id=\"fd3f7c7cmn\" class=\"pt-cv-carousel pt-cv-slide\" data-ride=\"cvcarousel\" data-interval=false><ol class=\"pt-cv-carousel-indicators\"><li data-target=\"#fd3f7c7cmn\" data-cvslide-to=\"0\" class=\"active\"><\/li>\n<li data-target=\"#fd3f7c7cmn\" data-cvslide-to=\"1\" class=\"\"><\/li>\n<li data-target=\"#fd3f7c7cmn\" data-cvslide-to=\"2\" class=\"\"><\/li><\/ol>\n<div class=\"carousel-inner\"><div class=\"item active\"><div class=\"row\"><div class=\"col-md-6 pt-cv-content-item pt-cv-1-col\" ><div class=\"pt-cv-thumb-wrapper  \"><a href=\"https:\/\/blogsaverroes.juntadeandalucia.es\/iespuertadelmar\/2026\/04\/22\/iv-feria-de-fp-de-motril\/\" class=\"_self pt-cv-href-thumbnail pt-cv-thumb-default\" target=\"_self\" ><img loading=\"lazy\" decoding=\"async\" width=\"724\" height=\"1024\" src=\"https:\/\/blogsaverroes.juntadeandalucia.es\/iespuertadelmar\/files\/2026\/04\/WhatsApp-Image-2026-04-22-at-12.56.15-724x1024.jpeg\" class=\"pt-cv-thumbnail\" alt=\"\" \/><\/a><\/div>\n<div class=\"pt-cv-carousel-caption pt-cv-cap-w-img\"><div class=\"pt-cv-taxoterm above_title\"><a href='https:\/\/blogsaverroes.juntadeandalucia.es\/iespuertadelmar\/category\/actividades-complementarias\/' title='Actividades complementarias' class='pt-cv-tax-actividades-complementarias'>Actividades complementarias<\/a><\/div>\n<h4 class=\"pt-cv-title\"><a href=\"https:\/\/blogsaverroes.juntadeandalucia.es\/iespuertadelmar\/2026\/04\/22\/iv-feria-de-fp-de-motril\/\" class=\"_self\" target=\"_self\" >IV FERIA DE FP DE MOTRIL<\/a><\/h4>\n<div class=\"pt-cv-content\">El pasado 16 de Abril, , nuestros ciclos formativos de grado b\u00e1sico-b\u00e1sico espec\u00edfico (Inform\u00e1tica y Comunicaciones y grado medio (Construcci\u00f3n); ...<\/div>\n<div class=\"pt-cv-rmwrap\"><a href=\"https:\/\/blogsaverroes.juntadeandalucia.es\/iespuertadelmar\/2026\/04\/22\/iv-feria-de-fp-de-motril\/\" class=\"_self pt-cv-readmore btn btn-success\" target=\"_self\" >Leer M\u00e1s<\/a><\/div>\n<div class=\"pt-cv-meta-fields\"><span class=\"entry-date\"> <time datetime=\"2026-04-22T11:01:58+00:00\">22 abril, 2026<\/time><\/span><span> \/ <\/span><span class=\"author\"> <a href=\"https:\/\/blogsaverroes.juntadeandalucia.es\/iespuertadelmar\/author\/yolanda-martinez-leon\/\" rel=\"author\">Yolanda Mart\u00ednez Le\u00f3n<\/a><\/span><\/div><\/div><\/div>\n<div class=\"col-md-6 pt-cv-content-item pt-cv-1-col\" ><div class=\"pt-cv-thumb-wrapper  \"><a href=\"https:\/\/blogsaverroes.juntadeandalucia.es\/iespuertadelmar\/2026\/04\/13\/convocatotia-de-becas-y-ayudas\/\" class=\"_self pt-cv-href-thumbnail pt-cv-thumb-default\" target=\"_self\" ><img loading=\"lazy\" decoding=\"async\" width=\"574\" height=\"420\" src=\"https:\/\/blogsaverroes.juntadeandalucia.es\/iespuertadelmar\/files\/2026\/04\/becas-andalucia.jpg\" class=\"pt-cv-thumbnail\" alt=\"\" \/><\/a><\/div>\n<div class=\"pt-cv-carousel-caption pt-cv-cap-w-img\"><div class=\"pt-cv-taxoterm above_title\"><a href='https:\/\/blogsaverroes.juntadeandalucia.es\/iespuertadelmar\/category\/informacion-del-ies-puerta-del-mar\/' title='Informaci\u00f3n IES Puerta del Mar' class='pt-cv-tax-informacion-del-ies-puerta-del-mar'>Informaci\u00f3n IES Puerta del Mar<\/a><\/div>\n<h4 class=\"pt-cv-title\"><a href=\"https:\/\/blogsaverroes.juntadeandalucia.es\/iespuertadelmar\/2026\/04\/13\/convocatotia-de-becas-y-ayudas\/\" class=\"_self\" target=\"_self\" >CONVOCATOTIA DE BECAS Y AYUDAS<\/a><\/h4>\n<div class=\"pt-cv-content\"> ...<\/div>\n<div class=\"pt-cv-rmwrap\"><a href=\"https:\/\/blogsaverroes.juntadeandalucia.es\/iespuertadelmar\/2026\/04\/13\/convocatotia-de-becas-y-ayudas\/\" class=\"_self pt-cv-readmore btn btn-success\" target=\"_self\" >Leer M\u00e1s<\/a><\/div>\n<div class=\"pt-cv-meta-fields\"><span class=\"entry-date\"> <time datetime=\"2026-04-13T12:28:22+00:00\">13 abril, 2026<\/time><\/span><span> \/ <\/span><span class=\"author\"> <a href=\"https:\/\/blogsaverroes.juntadeandalucia.es\/iespuertadelmar\/author\/yolanda-martinez-leon\/\" rel=\"author\">Yolanda Mart\u00ednez Le\u00f3n<\/a><\/span><\/div><\/div><\/div><\/div><\/div>\n<div class=\"item\"><div class=\"row\"><div class=\"col-md-6 pt-cv-content-item pt-cv-1-col\" ><div class=\"pt-cv-thumb-wrapper  \"><a href=\"https:\/\/blogsaverroes.juntadeandalucia.es\/iespuertadelmar\/2026\/04\/09\/elementor-6463\/\" class=\"_self pt-cv-href-thumbnail pt-cv-thumb-default\" target=\"_self\" ><img decoding=\"async\" src=\"https:\/\/blogsaverroes.juntadeandalucia.es\/iespuertadelmar\/wp-content\/plugins\/content-views-query-and-display-post-page\/public\/assets\/images\/default_image.png\" class=\"pt-cv-thumbnail cv-default-img\" alt=\"Elementor #6463\" title=\"\" \/><\/a><\/div>\n<div class=\"pt-cv-carousel-caption pt-cv-cap-w-img\"><div class=\"pt-cv-taxoterm above_title\"><a href='https:\/\/blogsaverroes.juntadeandalucia.es\/iespuertadelmar\/category\/sin-categoria\/' title='Sin categor\u00eda' class='pt-cv-tax-sin-categoria'>Sin categor\u00eda<\/a><\/div>\n<h4 class=\"pt-cv-title\"><a href=\"https:\/\/blogsaverroes.juntadeandalucia.es\/iespuertadelmar\/2026\/04\/09\/elementor-6463\/\" class=\"_self\" target=\"_self\" >Elementor #6463<\/a><\/h4>\n<div class=\"pt-cv-content\">https:\/\/www.calameo.com\/read\/0064373219558630f2be0\u00a0Volumen I\u00a0https:\/\/www.calameo.com\/read\/0064373213706818c37abVolumen II ...<\/div>\n<div class=\"pt-cv-rmwrap\"><a href=\"https:\/\/blogsaverroes.juntadeandalucia.es\/iespuertadelmar\/2026\/04\/09\/elementor-6463\/\" class=\"_self pt-cv-readmore btn btn-success\" target=\"_self\" >Leer M\u00e1s<\/a><\/div>\n<div class=\"pt-cv-meta-fields\"><span class=\"entry-date\"> <time datetime=\"2026-04-09T10:32:54+00:00\">9 abril, 2026<\/time><\/span><span> \/ <\/span><span class=\"author\"> <a href=\"https:\/\/blogsaverroes.juntadeandalucia.es\/iespuertadelmar\/author\/yolanda-martinez-leon\/\" rel=\"author\">Yolanda Mart\u00ednez Le\u00f3n<\/a><\/span><\/div><\/div><\/div>\n<div class=\"col-md-6 pt-cv-content-item pt-cv-1-col\" ><div class=\"pt-cv-thumb-wrapper  \"><a href=\"https:\/\/blogsaverroes.juntadeandalucia.es\/iespuertadelmar\/2026\/04\/08\/examenes-orales-certificacion-b2\/\" class=\"_self pt-cv-href-thumbnail pt-cv-thumb-default\" target=\"_self\" ><img decoding=\"async\" src=\"https:\/\/blogsaverroes.juntadeandalucia.es\/iespuertadelmar\/wp-content\/plugins\/content-views-query-and-display-post-page\/public\/assets\/images\/default_image.png\" class=\"pt-cv-thumbnail cv-default-img\" alt=\"EX\u00c1MENES ORALES CERTIFICACI\u00d3N B2\" title=\"\" \/><\/a><\/div>\n<div class=\"pt-cv-carousel-caption pt-cv-cap-w-img\"><div class=\"pt-cv-taxoterm above_title\"><a href='https:\/\/blogsaverroes.juntadeandalucia.es\/iespuertadelmar\/category\/departamentos\/ingles-noticias\/' title='Ingl\u00e9s Noticias' class='pt-cv-tax-ingles-noticias'>Ingl\u00e9s Noticias<\/a><\/div>\n<h4 class=\"pt-cv-title\"><a href=\"https:\/\/blogsaverroes.juntadeandalucia.es\/iespuertadelmar\/2026\/04\/08\/examenes-orales-certificacion-b2\/\" class=\"_self\" target=\"_self\" >EX\u00c1MENES ORALES CERTIFICACI\u00d3N B2<\/a><\/h4>\n<div class=\"pt-cv-content\"> ...<\/div>\n<div class=\"pt-cv-rmwrap\"><a href=\"https:\/\/blogsaverroes.juntadeandalucia.es\/iespuertadelmar\/2026\/04\/08\/examenes-orales-certificacion-b2\/\" class=\"_self pt-cv-readmore btn btn-success\" target=\"_self\" >Leer M\u00e1s<\/a><\/div>\n<div class=\"pt-cv-meta-fields\"><span class=\"entry-date\"> <time datetime=\"2026-04-08T12:40:07+00:00\">8 abril, 2026<\/time><\/span><span> \/ <\/span><span class=\"author\"> <a href=\"https:\/\/blogsaverroes.juntadeandalucia.es\/iespuertadelmar\/author\/yolanda-martinez-leon\/\" rel=\"author\">Yolanda Mart\u00ednez Le\u00f3n<\/a><\/span><\/div><\/div><\/div><\/div><\/div>\n<div class=\"item\"><div class=\"row\"><div class=\"col-md-6 pt-cv-content-item pt-cv-1-col\" ><div class=\"pt-cv-thumb-wrapper  \"><a href=\"https:\/\/blogsaverroes.juntadeandalucia.es\/iespuertadelmar\/2026\/03\/23\/dia-mundial-de-la-poesia-y-dia-mundial-del-agua\/\" class=\"_self pt-cv-href-thumbnail pt-cv-thumb-default\" target=\"_self\" ><img loading=\"lazy\" decoding=\"async\" width=\"768\" height=\"1024\" src=\"https:\/\/blogsaverroes.juntadeandalucia.es\/iespuertadelmar\/files\/2026\/03\/IMG_5270-768x1024.jpeg\" class=\"pt-cv-thumbnail\" alt=\"\" \/><\/a><\/div>\n<div class=\"pt-cv-carousel-caption pt-cv-cap-w-img\"><div class=\"pt-cv-taxoterm above_title\"><a href='https:\/\/blogsaverroes.juntadeandalucia.es\/iespuertadelmar\/category\/biblioteca\/' title='Biblioteca' class='pt-cv-tax-biblioteca'>Biblioteca<\/a><a href='https:\/\/blogsaverroes.juntadeandalucia.es\/iespuertadelmar\/category\/sin-categoria\/' title='Sin categor\u00eda' class='pt-cv-tax-sin-categoria'>Sin categor\u00eda<\/a><\/div>\n<h4 class=\"pt-cv-title\"><a href=\"https:\/\/blogsaverroes.juntadeandalucia.es\/iespuertadelmar\/2026\/03\/23\/dia-mundial-de-la-poesia-y-dia-mundial-del-agua\/\" class=\"_self\" target=\"_self\" >D\u00eda Mundial de la Poes\u00eda y D\u00eda Mundial del Agua<\/a><\/h4>\n<div class=\"pt-cv-content\">Con motivo de la celebraci\u00f3n del D\u00eda Mundial de la Poes\u00eda y del D\u00eda Mundial del Agua, el alumnado de ...<\/div>\n<div class=\"pt-cv-rmwrap\"><a href=\"https:\/\/blogsaverroes.juntadeandalucia.es\/iespuertadelmar\/2026\/03\/23\/dia-mundial-de-la-poesia-y-dia-mundial-del-agua\/\" class=\"_self pt-cv-readmore btn btn-success\" target=\"_self\" >Leer M\u00e1s<\/a><\/div>\n<div class=\"pt-cv-meta-fields\"><span class=\"entry-date\"> <time datetime=\"2026-03-23T10:05:29+00:00\">23 marzo, 2026<\/time><\/span><span> \/ <\/span><span class=\"author\"> <a href=\"https:\/\/blogsaverroes.juntadeandalucia.es\/iespuertadelmar\/author\/ana-enriquez-molina\/\" rel=\"author\">Ana Enr\u00edquez Molina<\/a><\/span><\/div><\/div><\/div>\n<div class=\"col-md-6 pt-cv-content-item pt-cv-1-col\" ><div class=\"pt-cv-thumb-wrapper  \"><a href=\"https:\/\/blogsaverroes.juntadeandalucia.es\/iespuertadelmar\/2026\/03\/16\/taller-de-resolucion-de-problemas-con-motivo-del-dia-de-las-matematicas\/\" class=\"_self pt-cv-href-thumbnail pt-cv-thumb-default\" target=\"_self\" ><img loading=\"lazy\" decoding=\"async\" width=\"1024\" height=\"768\" src=\"https:\/\/blogsaverroes.juntadeandalucia.es\/iespuertadelmar\/files\/2026\/03\/6c55bdc3-190a-4811-96cc-612060ff2fd0-1024x768.jpg\" class=\"pt-cv-thumbnail\" alt=\"\" \/><\/a><\/div>\n<div class=\"pt-cv-carousel-caption pt-cv-cap-w-img\"><div class=\"pt-cv-taxoterm above_title\"><a href='https:\/\/blogsaverroes.juntadeandalucia.es\/iespuertadelmar\/category\/departamentos\/matematicas-noticias\/' title='Matem\u00e1ticas Noticias' class='pt-cv-tax-matematicas-noticias'>Matem\u00e1ticas Noticias<\/a><\/div>\n<h4 class=\"pt-cv-title\"><a href=\"https:\/\/blogsaverroes.juntadeandalucia.es\/iespuertadelmar\/2026\/03\/16\/taller-de-resolucion-de-problemas-con-motivo-del-dia-de-las-matematicas\/\" class=\"_self\" target=\"_self\" >Taller de resoluci\u00f3n de problemas con motivo del D\u00eda de las Matem\u00e1ticas<\/a><\/h4>\n<div class=\"pt-cv-content\">Con motivo de la celebraci\u00f3n del D\u00eda Internacional de las Matem\u00e1ticas (14 de marzo), el alumnado de 1\u00ba de ESO ...<\/div>\n<div class=\"pt-cv-rmwrap\"><a href=\"https:\/\/blogsaverroes.juntadeandalucia.es\/iespuertadelmar\/2026\/03\/16\/taller-de-resolucion-de-problemas-con-motivo-del-dia-de-las-matematicas\/\" class=\"_self pt-cv-readmore btn btn-success\" target=\"_self\" >Leer M\u00e1s<\/a><\/div>\n<div class=\"pt-cv-meta-fields\"><span class=\"entry-date\"> <time datetime=\"2026-03-16T10:08:10+00:00\">16 marzo, 2026<\/time><\/span><span> \/ <\/span><span class=\"author\"> <a href=\"https:\/\/blogsaverroes.juntadeandalucia.es\/iespuertadelmar\/author\/ana-enriquez-molina\/\" rel=\"author\">Ana Enr\u00edquez Molina<\/a><\/span><\/div><\/div><\/div><\/div><\/div><\/div>\n<a class=\"left carousel-control\" data-target=\"#fd3f7c7cmn\" data-cvslide=\"prev\">\r\n\t\t\t\t\t\t<span class=\"glyphicon glyphicon-chevron-left\"><\/span>\r\n\t\t\t\t\t<\/a>\r\n\t\t\t\t\t<a class=\"right carousel-control\" data-target=\"#fd3f7c7cmn\" data-cvslide=\"next\">\r\n\t\t\t\t\t\t<span class=\"glyphicon glyphicon-chevron-right\"><\/span>\r\n\t\t\t\t\t<\/a><\/div><\/div><\/div> <\/div> \t\t\t\t<\/div>\n\t\t\t\t<\/div>\n\t\t\t\t\t<\/div>\n\t\t<\/div>\n\t\t\t\t\t<\/div>\n\t\t<\/section>\n\t\t\t\t<section class=\"elementor-section elementor-top-section elementor-element elementor-element-700fa83b elementor-section-boxed elementor-section-height-default elementor-section-height-default\" data-id=\"700fa83b\" data-element_type=\"section\">\n\t\t\t\t\t\t<div class=\"elementor-container elementor-column-gap-default\">\n\t\t\t\t\t<div class=\"elementor-column elementor-col-100 elementor-top-column elementor-element elementor-element-5210821d\" data-id=\"5210821d\" data-element_type=\"column\">\n\t\t\t<div class=\"elementor-widget-wrap elementor-element-populated\">\n\t\t\t\t\t\t<div class=\"elementor-element elementor-element-6a5dc6e8 elementor-widget elementor-widget-contentviews_widget_scrollable\" data-id=\"6a5dc6e8\" data-element_type=\"widget\" data-widget_type=\"contentviews_widget_scrollable.default\">\n\t\t\t\t<div class=\"elementor-widget-container\">\n\t\t\t\t\t<div class='pt-cv-wrapper'> <h1 class='pt-cv-heading-container heading1' data-blockid='6a5dc6e8'><span class='pt-cv-heading'> Noticias <\/span><\/h1><div class=\"pt-cv-view pt-cv-scrollable pt-cv-colsys iscvblock iscvelementor scrollable layout1\" id=\"pt-cv-view-6a5dc6e8\"><div data-id=\"pt-cv-page-1\" class=\"pt-cv-page\" data-cvc=\"2\"><div id=\"3ee80d77j0\" class=\"pt-cv-carousel pt-cv-slide\" data-ride=\"cvcarousel\" data-interval=false><ol class=\"pt-cv-carousel-indicators\"><li data-target=\"#3ee80d77j0\" data-cvslide-to=\"0\" class=\"active\"><\/li>\n<li data-target=\"#3ee80d77j0\" data-cvslide-to=\"1\" class=\"\"><\/li><\/ol>\n<div class=\"carousel-inner\"><div class=\"item active\"><div class=\"row\"><div class=\"col-md-6 pt-cv-content-item pt-cv-1-col\" ><div class=\"pt-cv-thumb-wrapper  \"><a href=\"https:\/\/blogsaverroes.juntadeandalucia.es\/iespuertadelmar\/2025\/02\/07\/la-chandeleur\/\" class=\"_self pt-cv-href-thumbnail pt-cv-thumb-default\" target=\"_self\" ><img loading=\"lazy\" decoding=\"async\" width=\"768\" height=\"1024\" src=\"https:\/\/blogsaverroes.juntadeandalucia.es\/iespuertadelmar\/files\/2025\/02\/Imagen-de-WhatsApp-2025-02-07-a-las-12.13.11_8476cdd8-768x1024.jpg\" class=\"pt-cv-thumbnail\" alt=\"\" \/><\/a><\/div>\n<div class=\"pt-cv-carousel-caption pt-cv-cap-w-img\"><div class=\"pt-cv-taxoterm above_title\"><a href='https:\/\/blogsaverroes.juntadeandalucia.es\/iespuertadelmar\/category\/departamentos\/frances-noticias\/' title='Franc\u00e9s Noticias' class='pt-cv-tax-frances-noticias'>Franc\u00e9s Noticias<\/a><\/div>\n<h4 class=\"pt-cv-title\"><a href=\"https:\/\/blogsaverroes.juntadeandalucia.es\/iespuertadelmar\/2025\/02\/07\/la-chandeleur\/\" class=\"_self\" target=\"_self\" >LA CHANDELEUR<\/a><\/h4>\n<div class=\"pt-cv-content\">Esta semana hemos celebrado con los alumnos la tradici\u00f3n francesa de La Chandeleur, el d\u00eda de los cr\u00eapes. Muchas gracias ...<\/div>\n<div class=\"pt-cv-rmwrap\"><a href=\"https:\/\/blogsaverroes.juntadeandalucia.es\/iespuertadelmar\/2025\/02\/07\/la-chandeleur\/\" class=\"_self pt-cv-readmore btn btn-success\" target=\"_self\" >Leer M\u00e1s<\/a><\/div>\n<div class=\"pt-cv-meta-fields\"><span class=\"entry-date\"> <time datetime=\"2025-02-07T13:24:43+00:00\">7 febrero, 2025<\/time><\/span><span> \/ <\/span><span class=\"author\"> <a href=\"https:\/\/blogsaverroes.juntadeandalucia.es\/iespuertadelmar\/author\/yolanda-martinez-leon\/\" rel=\"author\">Yolanda Mart\u00ednez Le\u00f3n<\/a><\/span><\/div><\/div><\/div>\n<div class=\"col-md-6 pt-cv-content-item pt-cv-1-col\" ><div class=\"pt-cv-thumb-wrapper  \"><a href=\"https:\/\/blogsaverroes.juntadeandalucia.es\/iespuertadelmar\/2024\/03\/13\/campamento-de-frances-2o-y-3o-eso\/\" class=\"_self pt-cv-href-thumbnail pt-cv-thumb-default\" target=\"_self\" ><img loading=\"lazy\" decoding=\"async\" width=\"768\" height=\"1024\" src=\"https:\/\/blogsaverroes.juntadeandalucia.es\/iespuertadelmar\/files\/2024\/03\/WhatsApp-Image-2024-03-12-at-13.51.25-768x1024.jpeg\" class=\"pt-cv-thumbnail\" alt=\"\" \/><\/a><\/div>\n<div class=\"pt-cv-carousel-caption pt-cv-cap-w-img\"><div class=\"pt-cv-taxoterm above_title\"><a href='https:\/\/blogsaverroes.juntadeandalucia.es\/iespuertadelmar\/category\/actividades-extraescolares\/' title='Actividades extraescolares' class='pt-cv-tax-actividades-extraescolares'>Actividades extraescolares<\/a><a href='https:\/\/blogsaverroes.juntadeandalucia.es\/iespuertadelmar\/category\/departamentos\/frances-noticias\/' title='Franc\u00e9s Noticias' class='pt-cv-tax-frances-noticias'>Franc\u00e9s Noticias<\/a><\/div>\n<h4 class=\"pt-cv-title\"><a href=\"https:\/\/blogsaverroes.juntadeandalucia.es\/iespuertadelmar\/2024\/03\/13\/campamento-de-frances-2o-y-3o-eso\/\" class=\"_self\" target=\"_self\" >CAMPAMENTO DE FRANC\u00c9S 2\u00ba Y 3\u00ba ESO<\/a><\/h4>\n<div class=\"pt-cv-content\">II CAMPAMENTO DE INMERSI\u00d3N LING\u00dc\u00cdSTICA Por segundo a\u00f1o consecutivo Departamento de franc\u00e9s ha puesto en marcha el campamento de inmersi\u00f3n ...<\/div>\n<div class=\"pt-cv-rmwrap\"><a href=\"https:\/\/blogsaverroes.juntadeandalucia.es\/iespuertadelmar\/2024\/03\/13\/campamento-de-frances-2o-y-3o-eso\/\" class=\"_self pt-cv-readmore btn btn-success\" target=\"_self\" >Leer M\u00e1s<\/a><\/div>\n<div class=\"pt-cv-meta-fields\"><span class=\"entry-date\"> <time datetime=\"2024-03-13T07:42:00+00:00\">13 marzo, 2024<\/time><\/span><span> \/ <\/span><span class=\"author\"> <a href=\"https:\/\/blogsaverroes.juntadeandalucia.es\/iespuertadelmar\/author\/yolanda-martinez-leon\/\" rel=\"author\">Yolanda Mart\u00ednez Le\u00f3n<\/a><\/span><\/div><\/div><\/div><\/div><\/div>\n<div class=\"item\"><div class=\"row\"><div class=\"col-md-6 pt-cv-content-item pt-cv-1-col\" ><div class=\"pt-cv-thumb-wrapper  \"><a href=\"https:\/\/blogsaverroes.juntadeandalucia.es\/iespuertadelmar\/2024\/02\/13\/chandeleur\/\" class=\"_self pt-cv-href-thumbnail pt-cv-thumb-default\" target=\"_self\" ><img loading=\"lazy\" decoding=\"async\" width=\"1024\" height=\"1024\" src=\"https:\/\/blogsaverroes.juntadeandalucia.es\/iespuertadelmar\/files\/2024\/02\/WhatsApp-Image-2024-02-13-at-12.15.00-1024x1024.jpeg\" class=\"pt-cv-thumbnail\" alt=\"\" \/><\/a><\/div>\n<div class=\"pt-cv-carousel-caption pt-cv-cap-w-img\"><div class=\"pt-cv-taxoterm above_title\"><a href='https:\/\/blogsaverroes.juntadeandalucia.es\/iespuertadelmar\/category\/departamentos\/frances-noticias\/' title='Franc\u00e9s Noticias' class='pt-cv-tax-frances-noticias'>Franc\u00e9s Noticias<\/a><\/div>\n<h4 class=\"pt-cv-title\"><a href=\"https:\/\/blogsaverroes.juntadeandalucia.es\/iespuertadelmar\/2024\/02\/13\/chandeleur\/\" class=\"_self\" target=\"_self\" >CHANDELEUR<\/a><\/h4>\n<div class=\"pt-cv-content\">A lo largo de la semana pasada celebramos con los alumnos la tradici\u00f3n francesa de La Chandeleur, el d\u00eda de ...<\/div>\n<div class=\"pt-cv-rmwrap\"><a href=\"https:\/\/blogsaverroes.juntadeandalucia.es\/iespuertadelmar\/2024\/02\/13\/chandeleur\/\" class=\"_self pt-cv-readmore btn btn-success\" target=\"_self\" >Leer M\u00e1s<\/a><\/div>\n<div class=\"pt-cv-meta-fields\"><span class=\"entry-date\"> <time datetime=\"2024-02-13T12:12:27+00:00\">13 febrero, 2024<\/time><\/span><span> \/ <\/span><span class=\"author\"> <a href=\"https:\/\/blogsaverroes.juntadeandalucia.es\/iespuertadelmar\/author\/yolanda-martinez-leon\/\" rel=\"author\">Yolanda Mart\u00ednez Le\u00f3n<\/a><\/span><\/div><\/div><\/div><\/div><\/div><\/div>\n<a class=\"left carousel-control\" data-target=\"#3ee80d77j0\" data-cvslide=\"prev\">\r\n\t\t\t\t\t\t<span class=\"glyphicon glyphicon-chevron-left\"><\/span>\r\n\t\t\t\t\t<\/a>\r\n\t\t\t\t\t<a class=\"right carousel-control\" data-target=\"#3ee80d77j0\" data-cvslide=\"next\">\r\n\t\t\t\t\t\t<span class=\"glyphicon glyphicon-chevron-right\"><\/span>\r\n\t\t\t\t\t<\/a><\/div><\/div><\/div> <\/div> \t\t\t\t<\/div>\n\t\t\t\t<\/div>\n\t\t\t\t\t<\/div>\n\t\t<\/div>\n\t\t\t\t\t<\/div>\n\t\t<\/section>\n\t\t\t\t<section class=\"elementor-section elementor-top-section elementor-element elementor-element-fd71d67 elementor-section-boxed elementor-section-height-default elementor-section-height-default\" data-id=\"fd71d67\" data-element_type=\"section\">\n\t\t\t\t\t\t<div class=\"elementor-container elementor-column-gap-default\">\n\t\t\t\t\t<div class=\"elementor-column elementor-col-100 elementor-top-column elementor-element elementor-element-4e0f89b\" data-id=\"4e0f89b\" data-element_type=\"column\">\n\t\t\t<div class=\"elementor-widget-wrap elementor-element-populated\">\n\t\t\t\t\t\t<div class=\"elementor-element elementor-element-b8dca88 elementor-widget elementor-widget-contentviews_widget_grid1\" data-id=\"b8dca88\" data-element_type=\"widget\" data-widget_type=\"contentviews_widget_grid1.default\">\n\t\t\t\t<div class=\"elementor-widget-container\">\n\t\t\t\t\t<div class='pt-cv-wrapper'> <h1 class='pt-cv-heading-container heading1' data-blockid='b8dca88'><span class='pt-cv-heading'> Heading <\/span><\/h1><div class=\"pt-cv-view pt-cv-blockgrid iscvblock iscvelementor grid1 layout1\" id=\"pt-cv-view-b8dca88\"><div data-id=\"pt-cv-page-1\" class=\"pt-cv-page\" data-cvc=\"1\"><div class=\" pt-cv-content-item pt-cv-1-col\" ><div class=\"pt-cv-thumb-wrapper  \"><a href=\"https:\/\/blogsaverroes.juntadeandalucia.es\/iespuertadelmar\/2026\/04\/22\/iv-feria-de-fp-de-motril\/\" class=\"_self pt-cv-href-thumbnail pt-cv-thumb-default\" target=\"_self\" ><img loading=\"lazy\" decoding=\"async\" width=\"724\" height=\"1024\" src=\"https:\/\/blogsaverroes.juntadeandalucia.es\/iespuertadelmar\/files\/2026\/04\/WhatsApp-Image-2026-04-22-at-12.56.15-724x1024.jpeg\" class=\"pt-cv-thumbnail\" alt=\"\" \/><\/a><\/div>\n<div class=\"pt-cv-taxoterm above_title\"><a href='https:\/\/blogsaverroes.juntadeandalucia.es\/iespuertadelmar\/category\/actividades-complementarias\/' title='Actividades complementarias' class='pt-cv-tax-actividades-complementarias'>Actividades complementarias<\/a><\/div>\n<h4 class=\"pt-cv-title\"><a href=\"https:\/\/blogsaverroes.juntadeandalucia.es\/iespuertadelmar\/2026\/04\/22\/iv-feria-de-fp-de-motril\/\" class=\"_self\" target=\"_self\" >IV FERIA DE FP DE MOTRIL<\/a><\/h4>\n<div class=\"pt-cv-content\">El pasado 16 de Abril, , nuestros ciclos formativos de grado b\u00e1sico-b\u00e1sico espec\u00edfico (Inform\u00e1tica y Comunicaciones y grado medio (Construcci\u00f3n); ...<\/div>\n<div class=\"pt-cv-rmwrap\"><a href=\"https:\/\/blogsaverroes.juntadeandalucia.es\/iespuertadelmar\/2026\/04\/22\/iv-feria-de-fp-de-motril\/\" class=\"_self pt-cv-readmore btn btn-success\" target=\"_self\" >Leer M\u00e1s<\/a><\/div>\n<div class=\"pt-cv-meta-fields\"><span class=\"entry-date\"> <time datetime=\"2026-04-22T11:01:58+00:00\">22 abril, 2026<\/time><\/span><span> \/ <\/span><span class=\"author\"> <a href=\"https:\/\/blogsaverroes.juntadeandalucia.es\/iespuertadelmar\/author\/yolanda-martinez-leon\/\" rel=\"author\">Yolanda Mart\u00ednez Le\u00f3n<\/a><\/span><\/div><\/div>\n<div class=\" pt-cv-content-item pt-cv-1-col\" ><div class=\"pt-cv-thumb-wrapper  \"><a href=\"https:\/\/blogsaverroes.juntadeandalucia.es\/iespuertadelmar\/2026\/04\/13\/convocatotia-de-becas-y-ayudas\/\" class=\"_self pt-cv-href-thumbnail pt-cv-thumb-default\" target=\"_self\" ><img loading=\"lazy\" decoding=\"async\" width=\"574\" height=\"420\" src=\"https:\/\/blogsaverroes.juntadeandalucia.es\/iespuertadelmar\/files\/2026\/04\/becas-andalucia.jpg\" class=\"pt-cv-thumbnail\" alt=\"\" \/><\/a><\/div>\n<div class=\"pt-cv-taxoterm above_title\"><a href='https:\/\/blogsaverroes.juntadeandalucia.es\/iespuertadelmar\/category\/informacion-del-ies-puerta-del-mar\/' title='Informaci\u00f3n IES Puerta del Mar' class='pt-cv-tax-informacion-del-ies-puerta-del-mar'>Informaci\u00f3n IES Puerta del Mar<\/a><\/div>\n<h4 class=\"pt-cv-title\"><a href=\"https:\/\/blogsaverroes.juntadeandalucia.es\/iespuertadelmar\/2026\/04\/13\/convocatotia-de-becas-y-ayudas\/\" class=\"_self\" target=\"_self\" >CONVOCATOTIA DE BECAS Y AYUDAS<\/a><\/h4>\n<div class=\"pt-cv-content\"> ...<\/div>\n<div class=\"pt-cv-rmwrap\"><a href=\"https:\/\/blogsaverroes.juntadeandalucia.es\/iespuertadelmar\/2026\/04\/13\/convocatotia-de-becas-y-ayudas\/\" class=\"_self pt-cv-readmore btn btn-success\" target=\"_self\" >Leer M\u00e1s<\/a><\/div>\n<div class=\"pt-cv-meta-fields\"><span class=\"entry-date\"> <time datetime=\"2026-04-13T12:28:22+00:00\">13 abril, 2026<\/time><\/span><span> \/ <\/span><span class=\"author\"> <a href=\"https:\/\/blogsaverroes.juntadeandalucia.es\/iespuertadelmar\/author\/yolanda-martinez-leon\/\" rel=\"author\">Yolanda Mart\u00ednez Le\u00f3n<\/a><\/span><\/div><\/div>\n<div class=\" pt-cv-content-item pt-cv-1-col\" ><div class=\"pt-cv-thumb-wrapper  \"><a href=\"https:\/\/blogsaverroes.juntadeandalucia.es\/iespuertadelmar\/2026\/04\/09\/elementor-6463\/\" class=\"_self pt-cv-href-thumbnail pt-cv-thumb-default\" target=\"_self\" ><img decoding=\"async\" src=\"https:\/\/blogsaverroes.juntadeandalucia.es\/iespuertadelmar\/wp-content\/plugins\/content-views-query-and-display-post-page\/public\/assets\/images\/default_image.png\" class=\"pt-cv-thumbnail cv-default-img\" alt=\"Elementor #6463\" title=\"\" \/><\/a><\/div>\n<div class=\"pt-cv-taxoterm above_title\"><a href='https:\/\/blogsaverroes.juntadeandalucia.es\/iespuertadelmar\/category\/sin-categoria\/' title='Sin categor\u00eda' class='pt-cv-tax-sin-categoria'>Sin categor\u00eda<\/a><\/div>\n<h4 class=\"pt-cv-title\"><a href=\"https:\/\/blogsaverroes.juntadeandalucia.es\/iespuertadelmar\/2026\/04\/09\/elementor-6463\/\" class=\"_self\" target=\"_self\" >Elementor #6463<\/a><\/h4>\n<div class=\"pt-cv-content\">https:\/\/www.calameo.com\/read\/0064373219558630f2be0\u00a0Volumen I\u00a0https:\/\/www.calameo.com\/read\/0064373213706818c37abVolumen II ...<\/div>\n<div class=\"pt-cv-rmwrap\"><a href=\"https:\/\/blogsaverroes.juntadeandalucia.es\/iespuertadelmar\/2026\/04\/09\/elementor-6463\/\" class=\"_self pt-cv-readmore btn btn-success\" target=\"_self\" >Leer M\u00e1s<\/a><\/div>\n<div class=\"pt-cv-meta-fields\"><span class=\"entry-date\"> <time datetime=\"2026-04-09T10:32:54+00:00\">9 abril, 2026<\/time><\/span><span> \/ <\/span><span class=\"author\"> <a href=\"https:\/\/blogsaverroes.juntadeandalucia.es\/iespuertadelmar\/author\/yolanda-martinez-leon\/\" rel=\"author\">Yolanda Mart\u00ednez Le\u00f3n<\/a><\/span><\/div><\/div>\n<div class=\" pt-cv-content-item pt-cv-1-col\" ><div class=\"pt-cv-thumb-wrapper  \"><a href=\"https:\/\/blogsaverroes.juntadeandalucia.es\/iespuertadelmar\/2026\/04\/08\/examenes-orales-certificacion-b2\/\" class=\"_self pt-cv-href-thumbnail pt-cv-thumb-default\" target=\"_self\" ><img decoding=\"async\" src=\"https:\/\/blogsaverroes.juntadeandalucia.es\/iespuertadelmar\/wp-content\/plugins\/content-views-query-and-display-post-page\/public\/assets\/images\/default_image.png\" class=\"pt-cv-thumbnail cv-default-img\" alt=\"EX\u00c1MENES ORALES CERTIFICACI\u00d3N B2\" title=\"\" \/><\/a><\/div>\n<div class=\"pt-cv-taxoterm above_title\"><a href='https:\/\/blogsaverroes.juntadeandalucia.es\/iespuertadelmar\/category\/departamentos\/ingles-noticias\/' title='Ingl\u00e9s Noticias' class='pt-cv-tax-ingles-noticias'>Ingl\u00e9s Noticias<\/a><\/div>\n<h4 class=\"pt-cv-title\"><a href=\"https:\/\/blogsaverroes.juntadeandalucia.es\/iespuertadelmar\/2026\/04\/08\/examenes-orales-certificacion-b2\/\" class=\"_self\" target=\"_self\" >EX\u00c1MENES ORALES CERTIFICACI\u00d3N B2<\/a><\/h4>\n<div class=\"pt-cv-content\"> ...<\/div>\n<div class=\"pt-cv-rmwrap\"><a href=\"https:\/\/blogsaverroes.juntadeandalucia.es\/iespuertadelmar\/2026\/04\/08\/examenes-orales-certificacion-b2\/\" class=\"_self pt-cv-readmore btn btn-success\" target=\"_self\" >Leer M\u00e1s<\/a><\/div>\n<div class=\"pt-cv-meta-fields\"><span class=\"entry-date\"> <time datetime=\"2026-04-08T12:40:07+00:00\">8 abril, 2026<\/time><\/span><span> \/ <\/span><span class=\"author\"> <a href=\"https:\/\/blogsaverroes.juntadeandalucia.es\/iespuertadelmar\/author\/yolanda-martinez-leon\/\" rel=\"author\">Yolanda Mart\u00ednez Le\u00f3n<\/a><\/span><\/div><\/div>\n<div class=\" pt-cv-content-item pt-cv-1-col\" ><div class=\"pt-cv-thumb-wrapper  \"><a href=\"https:\/\/blogsaverroes.juntadeandalucia.es\/iespuertadelmar\/2026\/03\/23\/dia-mundial-de-la-poesia-y-dia-mundial-del-agua\/\" class=\"_self pt-cv-href-thumbnail pt-cv-thumb-default\" target=\"_self\" ><img loading=\"lazy\" decoding=\"async\" width=\"768\" height=\"1024\" src=\"https:\/\/blogsaverroes.juntadeandalucia.es\/iespuertadelmar\/files\/2026\/03\/IMG_5270-768x1024.jpeg\" class=\"pt-cv-thumbnail\" alt=\"\" \/><\/a><\/div>\n<div class=\"pt-cv-taxoterm above_title\"><a href='https:\/\/blogsaverroes.juntadeandalucia.es\/iespuertadelmar\/category\/biblioteca\/' title='Biblioteca' class='pt-cv-tax-biblioteca'>Biblioteca<\/a><a href='https:\/\/blogsaverroes.juntadeandalucia.es\/iespuertadelmar\/category\/sin-categoria\/' title='Sin categor\u00eda' class='pt-cv-tax-sin-categoria'>Sin categor\u00eda<\/a><\/div>\n<h4 class=\"pt-cv-title\"><a href=\"https:\/\/blogsaverroes.juntadeandalucia.es\/iespuertadelmar\/2026\/03\/23\/dia-mundial-de-la-poesia-y-dia-mundial-del-agua\/\" class=\"_self\" target=\"_self\" >D\u00eda Mundial de la Poes\u00eda y D\u00eda Mundial del Agua<\/a><\/h4>\n<div class=\"pt-cv-content\">Con motivo de la celebraci\u00f3n del D\u00eda Mundial de la Poes\u00eda y del D\u00eda Mundial del Agua, el alumnado de ...<\/div>\n<div class=\"pt-cv-rmwrap\"><a href=\"https:\/\/blogsaverroes.juntadeandalucia.es\/iespuertadelmar\/2026\/03\/23\/dia-mundial-de-la-poesia-y-dia-mundial-del-agua\/\" class=\"_self pt-cv-readmore btn btn-success\" target=\"_self\" >Leer M\u00e1s<\/a><\/div>\n<div class=\"pt-cv-meta-fields\"><span class=\"entry-date\"> <time datetime=\"2026-03-23T10:05:29+00:00\">23 marzo, 2026<\/time><\/span><span> \/ <\/span><span class=\"author\"> <a href=\"https:\/\/blogsaverroes.juntadeandalucia.es\/iespuertadelmar\/author\/ana-enriquez-molina\/\" rel=\"author\">Ana Enr\u00edquez Molina<\/a><\/span><\/div><\/div>\n<div class=\" pt-cv-content-item pt-cv-1-col\" ><div class=\"pt-cv-thumb-wrapper  \"><a href=\"https:\/\/blogsaverroes.juntadeandalucia.es\/iespuertadelmar\/2026\/03\/16\/taller-de-resolucion-de-problemas-con-motivo-del-dia-de-las-matematicas\/\" class=\"_self pt-cv-href-thumbnail pt-cv-thumb-default\" target=\"_self\" ><img loading=\"lazy\" decoding=\"async\" width=\"1024\" height=\"768\" src=\"https:\/\/blogsaverroes.juntadeandalucia.es\/iespuertadelmar\/files\/2026\/03\/6c55bdc3-190a-4811-96cc-612060ff2fd0-1024x768.jpg\" class=\"pt-cv-thumbnail\" alt=\"\" \/><\/a><\/div>\n<div class=\"pt-cv-taxoterm above_title\"><a href='https:\/\/blogsaverroes.juntadeandalucia.es\/iespuertadelmar\/category\/departamentos\/matematicas-noticias\/' title='Matem\u00e1ticas Noticias' class='pt-cv-tax-matematicas-noticias'>Matem\u00e1ticas Noticias<\/a><\/div>\n<h4 class=\"pt-cv-title\"><a href=\"https:\/\/blogsaverroes.juntadeandalucia.es\/iespuertadelmar\/2026\/03\/16\/taller-de-resolucion-de-problemas-con-motivo-del-dia-de-las-matematicas\/\" class=\"_self\" target=\"_self\" >Taller de resoluci\u00f3n de problemas con motivo del D\u00eda de las Matem\u00e1ticas<\/a><\/h4>\n<div class=\"pt-cv-content\">Con motivo de la celebraci\u00f3n del D\u00eda Internacional de las Matem\u00e1ticas (14 de marzo), el alumnado de 1\u00ba de ESO ...<\/div>\n<div class=\"pt-cv-rmwrap\"><a href=\"https:\/\/blogsaverroes.juntadeandalucia.es\/iespuertadelmar\/2026\/03\/16\/taller-de-resolucion-de-problemas-con-motivo-del-dia-de-las-matematicas\/\" class=\"_self pt-cv-readmore btn btn-success\" target=\"_self\" >Leer M\u00e1s<\/a><\/div>\n<div class=\"pt-cv-meta-fields\"><span class=\"entry-date\"> <time datetime=\"2026-03-16T10:08:10+00:00\">16 marzo, 2026<\/time><\/span><span> \/ <\/span><span class=\"author\"> <a href=\"https:\/\/blogsaverroes.juntadeandalucia.es\/iespuertadelmar\/author\/ana-enriquez-molina\/\" rel=\"author\">Ana Enr\u00edquez Molina<\/a><\/span><\/div><\/div><\/div><\/div> <\/div> \t\t\t\t<\/div>\n\t\t\t\t<\/div>\n\t\t\t\t\t<\/div>\n\t\t<\/div>\n\t\t\t\t\t<\/div>\n\t\t<\/section>\n\t\t\t\t<\/div>\n\t\t","protected":false},"excerpt":{"rendered":"<p>Presentaci\u00f3n Criterios de evaluaci\u00f3n Recuperaci\u00f3n de pendientes Presentaci\u00f3n \u00a0 \u00a0 DEPARTAMENTO DE FRANC\u00c9S \u00abUn idioma te coloca en un pasillo de por vida. Dos idiomas te abren todas las puertas&#46;&#46;&#46;<\/p>\n","protected":false},"author":1,"featured_media":0,"parent":0,"menu_order":0,"comment_status":"open","ping_status":"open","template":"page-templates\/child-menu.php","meta":{"ngg_post_thumbnail":0,"footnotes":"","_mc_calendar":[]},"aioseo_notices":[],"_links":{"self":[{"href":"https:\/\/blogsaverroes.juntadeandalucia.es\/iespuertadelmar\/wp-json\/wp\/v2\/pages\/150"}],"collection":[{"href":"https:\/\/blogsaverroes.juntadeandalucia.es\/iespuertadelmar\/wp-json\/wp\/v2\/pages"}],"about":[{"href":"https:\/\/blogsaverroes.juntadeandalucia.es\/iespuertadelmar\/wp-json\/wp\/v2\/types\/page"}],"author":[{"embeddable":true,"href":"https:\/\/blogsaverroes.juntadeandalucia.es\/iespuertadelmar\/wp-json\/wp\/v2\/users\/1"}],"replies":[{"embeddable":true,"href":"https:\/\/blogsaverroes.juntadeandalucia.es\/iespuertadelmar\/wp-json\/wp\/v2\/comments?post=150"}],"version-history":[{"count":57,"href":"https:\/\/blogsaverroes.juntadeandalucia.es\/iespuertadelmar\/wp-json\/wp\/v2\/pages\/150\/revisions"}],"predecessor-version":[{"id":4271,"href":"https:\/\/blogsaverroes.juntadeandalucia.es\/iespuertadelmar\/wp-json\/wp\/v2\/pages\/150\/revisions\/4271"}],"wp:attachment":[{"href":"https:\/\/blogsaverroes.juntadeandalucia.es\/iespuertadelmar\/wp-json\/wp\/v2\/media?parent=150"}],"curies":[{"name":"wp","href":"https:\/\/api.w.org\/{rel}","templated":true}]}}