{"id":3125,"date":"2024-09-14T14:26:31","date_gmt":"2024-09-14T14:26:31","guid":{"rendered":"https:\/\/blogsaverroes.juntadeandalucia.es\/iespuertadelmar\/?page_id=3125"},"modified":"2024-09-28T18:18:08","modified_gmt":"2024-09-28T18:18:08","slug":"area-sociolinguistica","status":"publish","type":"page","link":"https:\/\/blogsaverroes.juntadeandalucia.es\/iespuertadelmar\/area-sociolinguistica\/","title":{"rendered":"\u00c1rea Socioling\u00fc\u00edstica"},"content":{"rendered":"<p>El <strong>\u00c1rea Socioling\u00fc\u00edstica<\/strong> en nuestro instituto juega un papel fundamental en la formaci\u00f3n integral del alumnado, promoviendo el desarrollo de competencias ling\u00fc\u00edsticas, sociales y culturales. A trav\u00e9s de un enfoque transversal y multidisciplinar, esta \u00e1rea busca no solo el dominio de las lenguas, sino tambi\u00e9n la comprensi\u00f3n cr\u00edtica de la sociedad y su evoluci\u00f3n.<\/p>\n<h3>Departamentos del \u00c1rea Socioling\u00fc\u00edstica:<\/h3>\n<ol>\n<li><strong>Lengua Castellana y Literatura<\/strong>: En su asignatura fomenta el desarrollo de las habilidades comunicativas, la comprensi\u00f3n lectora y la expresi\u00f3n escrita. A trav\u00e9s del estudio de textos literarios y no literarios, se potencia la capacidad de an\u00e1lisis cr\u00edtico, interpretaci\u00f3n y producci\u00f3n de discursos variados.<\/li>\n<li><strong>Ingl\u00e9s y Franc\u00e9s<\/strong>: Se enfocan los dos departamentos en la adquisici\u00f3n de competencias comunicativas en idiomas extranjeros, haciendo especial hincapi\u00e9 en el uso pr\u00e1ctico del lenguaje. El aprendizaje de una lengua extranjera abre la puerta al conocimiento de otras culturas, facilitando la comunicaci\u00f3n en un mundo globalizado.<\/li>\n<li><strong>Geograf\u00eda e Historia y Econom\u00eda<\/strong>: En sus asignaturas se abordan los fen\u00f3menos hist\u00f3ricos, geogr\u00e1ficos, pol\u00edticos y econ\u00f3micos que han configurado la sociedad actual. El objetivo es que el alumnado desarrolle una comprensi\u00f3n cr\u00edtica de su entorno, para que pueda actuar de manera informada y responsable como ciudadano.&nbsp;<\/li>\n<li><strong>Cultura Cl\u00e1sica<\/strong>: Esta asignatura permite al alumnado adentrarse en las ra\u00edces de la civilizaci\u00f3n occidental a trav\u00e9s del estudio de la historia, mitolog\u00eda, lengua y legado de las culturas griega y romana. Se analiza su influencia en el arte, la filosof\u00eda, el lenguaje y las instituciones actuales, desarrollando una comprensi\u00f3n profunda de c\u00f3mo el pasado sigue moldeando nuestro presente.<\/li>\n<li><strong>Filosof\u00eda<\/strong>: A trav\u00e9s de sus asignaturas, el alumnado explora los grandes temas del pensamiento humano, como la \u00e9tica, la metaf\u00edsica, la l\u00f3gica y la teor\u00eda del conocimiento. Se fomenta el desarrollo del pensamiento cr\u00edtico, la reflexi\u00f3n sobre cuestiones fundamentales de la existencia y la capacidad de argumentaci\u00f3n. La filosof\u00eda ayuda a comprender las bases del razonamiento y promueve una actitud abierta y cuestionadora ante el mundo.<\/li>\n<li><strong>Religi\u00f3n: <\/strong>Esta asignatura ofrece una formaci\u00f3n en valores espirituales, \u00e9ticos y culturales, proporcionando al alumnado una comprensi\u00f3n m\u00e1s profunda de las tradiciones religiosas, especialmente desde la perspectiva del cristianismo. Tambi\u00e9n se reflexiona sobre el sentido de la vida, la \u00e9tica y los valores humanos, promoviendo el respeto por la diversidad y el di\u00e1logo interreligioso.<\/li>\n<\/ol>\n<p>El <strong>\u00c1rea Socioling\u00fc\u00edstica<\/strong> tiene como objetivo desarrollar el pensamiento cr\u00edtico, la capacidad de comunicaci\u00f3n efectiva y el conocimiento del mundo en el que vivimos, formando a nuestros estudiantes para que puedan integrarse y participar activamente en la sociedad actual.<\/p>\n","protected":false},"excerpt":{"rendered":"<p>El \u00c1rea Socioling\u00fc\u00edstica en nuestro instituto juega un papel fundamental en la formaci\u00f3n integral del alumnado, promoviendo el desarrollo de competencias ling\u00fc\u00edsticas, sociales y culturales. A trav\u00e9s de un enfoque&#46;&#46;&#46;<\/p>\n","protected":false},"author":19232,"featured_media":0,"parent":0,"menu_order":0,"comment_status":"closed","ping_status":"closed","template":"","meta":{"ngg_post_thumbnail":0,"footnotes":"","_mc_calendar":[]},"aioseo_notices":[],"_links":{"self":[{"href":"https:\/\/blogsaverroes.juntadeandalucia.es\/iespuertadelmar\/wp-json\/wp\/v2\/pages\/3125"}],"collection":[{"href":"https:\/\/blogsaverroes.juntadeandalucia.es\/iespuertadelmar\/wp-json\/wp\/v2\/pages"}],"about":[{"href":"https:\/\/blogsaverroes.juntadeandalucia.es\/iespuertadelmar\/wp-json\/wp\/v2\/types\/page"}],"author":[{"embeddable":true,"href":"https:\/\/blogsaverroes.juntadeandalucia.es\/iespuertadelmar\/wp-json\/wp\/v2\/users\/19232"}],"replies":[{"embeddable":true,"href":"https:\/\/blogsaverroes.juntadeandalucia.es\/iespuertadelmar\/wp-json\/wp\/v2\/comments?post=3125"}],"version-history":[{"count":4,"href":"https:\/\/blogsaverroes.juntadeandalucia.es\/iespuertadelmar\/wp-json\/wp\/v2\/pages\/3125\/revisions"}],"predecessor-version":[{"id":3163,"href":"https:\/\/blogsaverroes.juntadeandalucia.es\/iespuertadelmar\/wp-json\/wp\/v2\/pages\/3125\/revisions\/3163"}],"wp:attachment":[{"href":"https:\/\/blogsaverroes.juntadeandalucia.es\/iespuertadelmar\/wp-json\/wp\/v2\/media?parent=3125"}],"curies":[{"name":"wp","href":"https:\/\/api.w.org\/{rel}","templated":true}]}}