{"id":44,"date":"2015-03-13T08:42:15","date_gmt":"2015-03-13T08:42:15","guid":{"rendered":"http:\/\/blogsaverroes.juntadeandalucia.es\/pre\/ceip\/?page_id=44"},"modified":"2024-11-06T17:30:30","modified_gmt":"2024-11-06T17:30:30","slug":"blogs-del-centro","status":"publish","type":"page","link":"https:\/\/blogsaverroes.juntadeandalucia.es\/iesramonycajaltocina\/blogs-del-centro\/","title":{"rendered":"Blogs y p\u00e1ginas del centro"},"content":{"rendered":"<p>A continuaci\u00f3n se muestra una relaci\u00f3n de diferentes p\u00e1ginas y blogs tem\u00e1ticos, de departamentos, de \u00e1reas y\/o de programas creados y actualizados por profesorado y alumnado del I.E.S. Ram\u00f3n y Cajal:<\/p>\n<ul>\n<li><a href=\"http:\/\/igualdad.iesramonycajaltocina.es\/\" target=\"_blank\" rel=\"noopener noreferrer\">Blog de Igualdad<\/a><\/li>\n<li><a href=\"https:\/\/blogsaverroes.juntadeandalucia.es\/omelocuentas\/\" target=\"_blank\" rel=\"noopener\">Blog de lectura y escritura creativa<\/a><\/li>\n<li><a href=\"https:\/\/ciclo.iesramonycajaltocina.es\/\" target=\"_blank\" rel=\"noopener noreferrer\">Blog del Ciclo Formativo de Grado Medio T\u00e9cnico en Sistemas Microinform\u00e1ticos y Redes<\/a><\/li>\n<li><a href=\"http:\/\/orientacion.iesramonycajaltocina.es\/\" target=\"_blank\" rel=\"noopener noreferrer\">Blog de Orientaci\u00f3n<\/a><\/li>\n<li><a href=\"https:\/\/programaaldeatocina.blogspot.com\/\" target=\"_blank\" rel=\"noopener noreferrer\">Blog reciclaje y sostenibilidad (antiguo programa Aldea)<\/a><\/li>\n<li><a href=\"https:\/\/patrimoniotoro.blogspot.com\/\" target=\"_blank\" rel=\"noopener noreferrer\">Blog tareas sobre el patrimonio de Tocina-Los Rosales IES Ram\u00f3n y Cajal (Banco de actividades del antiguo programa Vivir y sentir el Patrimonio)<\/a><\/li>\n<li><a href=\"https:\/\/blogsaverroes.juntadeandalucia.es\/erasmusplusiesramonycajaltocina\/\" target=\"_blank\" rel=\"noopener\">Erasmus + en el IES Ram\u00f3n y Cajal<\/a><\/li>\n<li><a href=\"https:\/\/sites.google.com\/classroom.iesramonycajaltocina.es\/etwinning\/inicio\" target=\"_blank\" rel=\"noopener noreferrer\">Etwinning en el IES Ram\u00f3n y Cajal<\/a><\/li>\n<li><a href=\"https:\/\/www.youtube.com\/channel\/UC6PxGR7E2dWsbaQcKEIegKA\" target=\"_blank\" rel=\"noopener noreferrer\">Canal Youtube Departamento de M\u00fasica<\/a><\/li>\n<li><a href=\"https:\/\/tic.iesramonycajaltocina.es\/\" target=\"_blank\" rel=\"noopener noreferrer\">Portal TIC<\/a><\/li>\n<li><a href=\"https:\/\/wakelet.com\/@feieiesramonycajaltocina\" target=\"_blank\" rel=\"noopener noreferrer\">Recursos, materiales y herramientas para el profesorado<\/a><\/li>\n<li><a href=\"https:\/\/blogsaverroes.juntadeandalucia.es\/ramonycajalbilingualprogram\/\">Blog de Biling\u00fcismo<\/a><\/li>\n<\/ul>\n<p>&nbsp;<\/p>\n","protected":false},"excerpt":{"rendered":"<p>A continuaci\u00f3n se muestra una relaci\u00f3n de diferentes p\u00e1ginas y blogs tem\u00e1ticos, de departamentos, de \u00e1reas y\/o de programas creados y actualizados por profesorado y alumnado del I.E.S. Ram\u00f3n y Cajal: Blog de Igualdad&#46;&#46;&#46;<\/p>\n","protected":false},"author":1,"featured_media":0,"parent":0,"menu_order":0,"comment_status":"open","ping_status":"closed","template":"page-templates\/child-menu.php","meta":{"ngg_post_thumbnail":0,"footnotes":"","_mc_calendar":[]},"aioseo_notices":[],"_links":{"self":[{"href":"https:\/\/blogsaverroes.juntadeandalucia.es\/iesramonycajaltocina\/wp-json\/wp\/v2\/pages\/44"}],"collection":[{"href":"https:\/\/blogsaverroes.juntadeandalucia.es\/iesramonycajaltocina\/wp-json\/wp\/v2\/pages"}],"about":[{"href":"https:\/\/blogsaverroes.juntadeandalucia.es\/iesramonycajaltocina\/wp-json\/wp\/v2\/types\/page"}],"author":[{"embeddable":true,"href":"https:\/\/blogsaverroes.juntadeandalucia.es\/iesramonycajaltocina\/wp-json\/wp\/v2\/users\/1"}],"replies":[{"embeddable":true,"href":"https:\/\/blogsaverroes.juntadeandalucia.es\/iesramonycajaltocina\/wp-json\/wp\/v2\/comments?post=44"}],"version-history":[{"count":22,"href":"https:\/\/blogsaverroes.juntadeandalucia.es\/iesramonycajaltocina\/wp-json\/wp\/v2\/pages\/44\/revisions"}],"predecessor-version":[{"id":2871,"href":"https:\/\/blogsaverroes.juntadeandalucia.es\/iesramonycajaltocina\/wp-json\/wp\/v2\/pages\/44\/revisions\/2871"}],"wp:attachment":[{"href":"https:\/\/blogsaverroes.juntadeandalucia.es\/iesramonycajaltocina\/wp-json\/wp\/v2\/media?parent=44"}],"curies":[{"name":"wp","href":"https:\/\/api.w.org\/{rel}","templated":true}]}}