{"id":1246,"date":"2021-10-15T19:35:13","date_gmt":"2021-10-15T18:35:13","guid":{"rendered":"https:\/\/blogsaverroes.juntadeandalucia.es\/iesreyalabez\/?page_id=1246"},"modified":"2025-11-09T08:09:37","modified_gmt":"2025-11-09T07:09:37","slug":"programacion-general-anual-2024-25","status":"publish","type":"page","link":"https:\/\/blogsaverroes.juntadeandalucia.es\/iesreyalabez\/programacion-general-anual-2024-25\/","title":{"rendered":"Programaci\u00f3n General Anual 2025\/26"},"content":{"rendered":"<p><strong>1.<a href=\"https:\/\/blogsaverroes.juntadeandalucia.es\/iesreyalabez\/files\/2025\/10\/0-PORTADA-25-26.pdf\"> PROGRAMACI\u00d3N GENERAL ANUAL 2025\/26<\/a><\/strong><\/p>\n<p>&nbsp; &nbsp; &nbsp; &nbsp; &nbsp;<strong> &nbsp; &nbsp; &nbsp; <a href=\"https:\/\/blogsaverroes.juntadeandalucia.es\/iesreyalabez\/files\/2025\/10\/1-INTRODUCCION.pdf\">&nbsp; INTRODUCCI\u00d3N<\/a><\/strong><\/p>\n<p><strong>&nbsp; &nbsp; &nbsp; &nbsp; &nbsp; &nbsp; &nbsp; &nbsp; &nbsp; <a href=\"https:\/\/blogsaverroes.juntadeandalucia.es\/iesreyalabez\/files\/2025\/10\/a-datos-centro.pdf\">DATOS GENERALES DEL CENTRO<\/a><\/strong><\/p>\n<p><strong>&nbsp; &nbsp; &nbsp; &nbsp; &nbsp; &nbsp; &nbsp; &nbsp; <a href=\"https:\/\/blogsaverroes.juntadeandalucia.es\/iesreyalabez\/files\/2025\/10\/b-ORGANIGRAMA.pdf\">ORGANIGRAMA DEL CENTRO<\/a><\/strong><\/p>\n<p><strong>&nbsp; &nbsp; &nbsp; &nbsp; &nbsp; &nbsp; &nbsp; &nbsp; &nbsp; <a href=\"https:\/\/blogsaverroes.juntadeandalucia.es\/iesreyalabez\/files\/2025\/10\/c-objetivos-2526.pdf\">OBJETIVOS GENERALES DEL CENTRO, CURSO 2025\/26<\/a><\/strong><\/p>\n<p><strong>&nbsp; &nbsp; &nbsp; &nbsp; &nbsp; &nbsp; &nbsp; &nbsp; &nbsp; <a href=\"https:\/\/blogsaverroes.juntadeandalucia.es\/iesreyalabez\/files\/2025\/10\/d-HORARIO.pdf\">HORARIO Y CALENDARIO GENERAL DEL CENTRO<\/a><\/strong><\/p>\n<p><strong>&nbsp; &nbsp; &nbsp; &nbsp; &nbsp; &nbsp; &nbsp; &nbsp; &nbsp;<a href=\"https:\/\/blogsaverroes.juntadeandalucia.es\/iesreyalabez\/files\/2025\/10\/g-SERVICIOS-COMPLEMENTARIOS.pdf\"> SERVICIOS COMPLEMENTARIOS<\/a><\/strong><\/p>\n<p><strong>&nbsp; &nbsp; &nbsp; &nbsp; &nbsp; &nbsp; &nbsp; &nbsp; &nbsp; <a href=\"https:\/\/blogsaverroes.juntadeandalucia.es\/iesreyalabez\/files\/2025\/10\/f-acuerdos-y-convenios.pdf\">CONVENIOS Y ACUERDOS DE COLABORACI\u00d3N CON OTRAS INSTITUCIONES<\/a><\/strong><\/p>\n<p><strong>&nbsp; &nbsp; &nbsp; &nbsp; &nbsp; &nbsp; &nbsp; &nbsp;<a href=\"https:\/\/blogsaverroes.juntadeandalucia.es\/iesreyalabez\/files\/2025\/10\/i-PLAN-DE-REUNIONES.pdf\">PLAN DE REUNIONES DE LOS \u00d3RGANOS COLEGIADOS DE GOBIERNO<\/a><\/strong><\/p>\n<p><strong>2. PRESUPUESTO DEL CENTRO.<\/strong><\/p>\n<p>&nbsp; &nbsp; &nbsp; &nbsp; &nbsp; &nbsp; &nbsp; &nbsp; <strong>&nbsp; <a href=\"https:\/\/blogsaverroes.juntadeandalucia.es\/iesreyalabez\/files\/2025\/11\/presupuesto-ingresos-2025-26.pdf\">PRESUPUESTO DE INGRESOS 2025\/26<\/a> (Aprobaci\u00f3n 27\/10\/2025)<\/strong><br \/>\n<strong>&nbsp; &nbsp; &nbsp; &nbsp; &nbsp; &nbsp; &nbsp; &nbsp; &nbsp; <a href=\"https:\/\/blogsaverroes.juntadeandalucia.es\/iesreyalabez\/files\/2025\/11\/PRESUPUESTO-GASTOS-25-26.pdf\">PRESUPUESTO DE GASTOS 2025\/26<\/a> (Aprobaci\u00f3n 27\/10\/2025)<\/strong><\/p>\n<p><strong>3. PLAN DE MEJORA 2025\/26.<\/strong><\/p>\n<p>&nbsp; &nbsp; &nbsp; &nbsp; &nbsp; &nbsp; &nbsp; &nbsp;<strong> &nbsp; <a href=\"https:\/\/blogsaverroes.juntadeandalucia.es\/iesreyalabez\/files\/2025\/11\/Plan_de_Mejora._Propuestas_de_mejora.-Seneca.pdf\">PLAN DE MEJORA.<\/a><\/strong><\/p>\n<p><strong>&nbsp; &nbsp; &nbsp; &nbsp; &nbsp; &nbsp; &nbsp; <a href=\"https:\/\/blogsaverroes.juntadeandalucia.es\/iesreyalabez\/files\/2025\/11\/PLAN-DE-MEJORA-2025_26_-actuaciones-y-responsables.pdf\">&nbsp;PLAN DE ACTUACI\u00d3N<\/a><a href=\"https:\/\/blogsaverroes.juntadeandalucia.es\/iesreyalabez\/files\/2025\/11\/PLAN-DE-MEJORA-2025_26_-actuaciones-desarrolladas.pdf\">.<\/a><\/strong><\/p>\n<p><strong>4. PLANES, PROGRAMAS Y PROYECTOS EDUCATIVOS.<\/strong><\/p>\n<p>&nbsp; &nbsp; &nbsp; &nbsp; &nbsp; &nbsp; &nbsp; &nbsp; &nbsp;<span style=\"color: #333333\"><strong> Participaci\u00f3n de oficio:<\/strong><\/span><\/p>\n<p><strong>\u2714 PLAN DE IGUALDAD DE G\u00c9NERO EN EDUCACI\u00d3N EN ANDALUCIA<br \/>\n\u2714 <a href=\"https:\/\/blogsaverroes.juntadeandalucia.es\/iesreyalabez\/files\/2025\/10\/programa-bienestar-emocional.pdf\">BIENESTAR EMOCIONAL<\/a><br \/>\n\u2714<a href=\"https:\/\/blogsaverroes.juntadeandalucia.es\/iesreyalabez\/files\/2025\/11\/Plan-trabajo-biblioteca-25_26.pdf\"> BIBLIOTECAS ESCOLARES<\/a><br \/>\n\u2714 <a href=\"https:\/\/blogsaverroes.juntadeandalucia.es\/iesreyalabez\/files\/2025\/11\/PLAN-DE-ACTUACION-DIGITAL-25_26.pdf\">TRANSFORMACI\u00d3N DIGITAL EDUCATIVA<\/a>( Plan de Actuaci\u00f3n Digital &#8211; C\u00f3digo Escuela 4.0). <a href=\"https:\/\/blogsaverroes.juntadeandalucia.es\/iesreyalabez\/files\/2025\/11\/PROGRAMA-STEAM-4_0.pdf\">STEAM 4.0<\/a><\/strong><\/p>\n<p><strong>&nbsp;&nbsp;&nbsp;&nbsp;&nbsp;&nbsp;&nbsp;&nbsp;&nbsp;&nbsp;&nbsp;&nbsp;&nbsp;&nbsp; <span style=\"color: #333333\">Procedimiento tipo B: Con convocatoria general:<\/span><\/strong><\/p>\n<p><strong>\u2714<a href=\"https:\/\/blogsaverroes.juntadeandalucia.es\/iesreyalabez\/files\/2025\/11\/Proyecto-Escuela-Paz-25_26.pdf\"> RED ANDALUZA: ESCUELA ESPACIO DE PAZ.<\/a><br \/>\n\u2714<a href=\"https:\/\/blogsaverroes.juntadeandalucia.es\/iesreyalabez\/files\/2025\/10\/Instruccion-practicum_25_26F.pdf\">PR\u00c1CTICUM M\u00c1STER SECUNDARIA<\/a>&nbsp;&nbsp;<\/strong><\/p>\n<p><strong>&nbsp; &nbsp; &nbsp; &nbsp; &nbsp; &nbsp; &nbsp; <span style=\"color: #333333\">Procedimiento tipo C: Programas de participaci\u00f3n con Convocatoria espec\u00edfica<\/span><\/strong><\/p>\n<p><strong>\u2714<a href=\"https:\/\/blogsaverroes.juntadeandalucia.es\/iesreyalabez\/files\/2025\/10\/Resolucion-27_05_2025-programa-de-cooperacion-territorial-de-refuerzo-de-la-competencia-lectora.pdf\">Plan de Cooperaci\u00f3n Territorial en Refuerzo de la Competencia Lectora<\/a><br \/>\n\u2714<a href=\"https:\/\/blogsaverroes.juntadeandalucia.es\/iesreyalabez\/files\/2025\/10\/Resolucion-27_05_2025-programa-de-cooperacion-territorial-de-refuerzo-de-la-competencia-matema\u00bftica.pdf\">Plan de Cooperaci\u00f3n Territorial en Refuerzo de la Competencia Matem\u00e1tica<\/a><\/strong><\/p>\n<p><strong>&nbsp; &nbsp; &nbsp; &nbsp; &nbsp; &nbsp; &nbsp; &nbsp; <span style=\"color: #333333\">Otros planes y programas:<\/span><br \/>\n\u2714 <a href=\"https:\/\/blogsaverroes.juntadeandalucia.es\/iesreyalabez\/files\/2025\/10\/PLAN-DE-PREVENCION-RIESGOS-LABORALES-25-26.pdf\">PLAN DE SALUD LABORAL Y P.R.L.<\/a><br \/>\n\u2714AGRUPACIONES CENTROS EDUCATIVOS 2024\/25-2025\/26 (MEC): <a href=\"https:\/\/blogsaverroes.juntadeandalucia.es\/iesreyalabez\/files\/2024\/11\/MODALIDAD-A-ANEXO-I-A-proyecto-comun.pdf\">PROYECTO COM\u00daN,<\/a> <a href=\"https:\/\/blogsaverroes.juntadeandalucia.es\/iesreyalabez\/files\/2024\/11\/MODALIDAD-A-ANEXO-I-B-proyecto-especifico-IES-REY-ALABEZ-1.pdf\">PROYECTO CENTRO<\/a><br \/>\n\u2714<a href=\"https:\/\/blogsaverroes.juntadeandalucia.es\/iesreyalabez\/files\/2025\/10\/EXTRACTO-RESOLUCION-24-DE-MARZO-DE-2025.pdf\">AULA ATECA<\/a><\/strong><\/p>\n<p>&nbsp; &nbsp; &nbsp; &nbsp; &nbsp;<strong>Programa entidad local (Ayuntamiento de Moj\u00e1car) en colaboraci\u00f3n con el IES REY ALABEZ:<\/strong><\/p>\n<p><strong>\u2714<a href=\"https:\/\/blogsaverroes.juntadeandalucia.es\/iesreyalabez\/files\/2025\/10\/Extracto-Proyecto-de-absentismo-2025_26.pdf\">PROYECTO PREVENCI\u00d3N DEL ABSENTISMO ESCOLAR (MOJ\u00c1CAR)<\/a><\/strong><\/p>\n<p>&nbsp;<\/p>\n<p><strong>5. ACTIVIDADES COMPLEMENTARIAS Y EXTRAESCOLARES. (RECOGIDA EN CADA DEPARTAMENTO DID\u00c1CTICO Y PROGRAMAS)<br \/>\n<\/strong><\/p>\n<p>6. <a href=\"https:\/\/blogsaverroes.juntadeandalucia.es\/iesreyalabez\/files\/2025\/11\/Programacio\u00bfn-FEIE-2025-26.pdf\"><strong>PROGRAMACI\u00d3N DEL DEPARTAMENTO DE FORMACI\u00d3N, INNOVACI\u00d3N Y EVALUACI\u00d3N EDUCATIVA.<\/strong><\/a><\/p>\n<p>7.<strong> PROGRAMAS DE TR\u00c1NSITO.<\/strong><\/p>\n<p>&nbsp;&nbsp;&nbsp;&nbsp;&nbsp;&nbsp;&nbsp;&nbsp;&nbsp;&nbsp;&nbsp;&nbsp;&nbsp; <a href=\"https:\/\/blogsaverroes.juntadeandalucia.es\/iesreyalabez\/files\/2025\/10\/Programa-de-Transito-Mojacar-2025_26.pdf\">CEIP MAR\u00cdA CACHO CASTRILLO (TURRE)<\/a><\/p>\n<p>&nbsp;&nbsp;&nbsp;&nbsp;&nbsp;&nbsp;&nbsp;&nbsp;&nbsp;&nbsp;&nbsp;&nbsp;&nbsp; <a href=\"https:\/\/blogsaverroes.juntadeandalucia.es\/iesreyalabez\/files\/2025\/10\/Programa-de-Transito-Mojacar-2025_26-1.pdf\">CEIP BARTOLOM\u00c9 FLORES (MOJ\u00c1CAR)<\/a><\/p>\n","protected":false},"excerpt":{"rendered":"<p>1. PROGRAMACI\u00d3N GENERAL ANUAL 2025\/26 &nbsp; &nbsp; &nbsp; &nbsp; &nbsp; &nbsp; &nbsp; &nbsp; &nbsp; INTRODUCCI\u00d3N &nbsp; &nbsp; &nbsp; &nbsp; &nbsp; &nbsp; &nbsp; &nbsp; &nbsp; DATOS GENERALES DEL CENTRO &nbsp; &nbsp; &nbsp; &nbsp; &nbsp; &nbsp; &nbsp; &nbsp; ORGANIGRAMA DEL CENTRO &nbsp; &nbsp; &nbsp; &nbsp; &nbsp; &nbsp; &nbsp; &nbsp; &nbsp; OBJETIVOS GENERALES DEL CENTRO, CURSO 2025\/26 &nbsp; [&hellip;]<\/p>\n","protected":false},"author":13258,"featured_media":0,"parent":0,"menu_order":0,"comment_status":"closed","ping_status":"closed","template":"","meta":{"_et_pb_use_builder":"","_et_pb_old_content":"","_et_gb_content_width":"","ngg_post_thumbnail":0,"footnotes":""},"aioseo_notices":[],"_links":{"self":[{"href":"https:\/\/blogsaverroes.juntadeandalucia.es\/iesreyalabez\/wp-json\/wp\/v2\/pages\/1246"}],"collection":[{"href":"https:\/\/blogsaverroes.juntadeandalucia.es\/iesreyalabez\/wp-json\/wp\/v2\/pages"}],"about":[{"href":"https:\/\/blogsaverroes.juntadeandalucia.es\/iesreyalabez\/wp-json\/wp\/v2\/types\/page"}],"author":[{"embeddable":true,"href":"https:\/\/blogsaverroes.juntadeandalucia.es\/iesreyalabez\/wp-json\/wp\/v2\/users\/13258"}],"replies":[{"embeddable":true,"href":"https:\/\/blogsaverroes.juntadeandalucia.es\/iesreyalabez\/wp-json\/wp\/v2\/comments?post=1246"}],"version-history":[{"count":110,"href":"https:\/\/blogsaverroes.juntadeandalucia.es\/iesreyalabez\/wp-json\/wp\/v2\/pages\/1246\/revisions"}],"predecessor-version":[{"id":3064,"href":"https:\/\/blogsaverroes.juntadeandalucia.es\/iesreyalabez\/wp-json\/wp\/v2\/pages\/1246\/revisions\/3064"}],"wp:attachment":[{"href":"https:\/\/blogsaverroes.juntadeandalucia.es\/iesreyalabez\/wp-json\/wp\/v2\/media?parent=1246"}],"curies":[{"name":"wp","href":"https:\/\/api.w.org\/{rel}","templated":true}]}}