{"id":2430,"date":"2016-04-07T17:55:32","date_gmt":"2016-04-07T17:55:32","guid":{"rendered":"http:\/\/blogsaverroes.juntadeandalucia.es\/iesriberadelfardes\/?page_id=2430"},"modified":"2016-04-07T18:30:32","modified_gmt":"2016-04-07T18:30:32","slug":"consejo-escolar","status":"publish","type":"page","link":"https:\/\/blogsaverroes.juntadeandalucia.es\/iesriberadelfardes\/curso-escolar\/consejo-escolar\/","title":{"rendered":"Consejo Escolar 15\/16"},"content":{"rendered":"<p><span style=\"text-decoration: underline\"><strong>Equipo Directivo<\/strong><\/span><\/p>\n<p>Cecilia D\u00edaz Mar\u00edn (Directora)<\/p>\n<p>Francisco M. Mart\u00edn Sierra (Jefe de Estudios)<\/p>\n<p>Ra\u00fal Galera Mart\u00ednez (Secretario)<\/p>\n<p><span style=\"text-decoration: underline\"><strong>Sector Profesorado<\/strong><\/span><\/p>\n<p>Ana Isabel \u00c1lvarez Reza<\/p>\n<p>Purificaci\u00f3n Fern\u00e1ndez Segura<\/p>\n<p>Montserrat Rodr\u00edguez Maldonado<\/p>\n<p>Mar\u00eda Jes\u00fas Romero Hern\u00e1ndez<\/p>\n<p><span style=\"text-decoration: underline\"><strong>Sector Madres\/Padres<\/strong><\/span><\/p>\n<p>Encarnaci\u00f3n Romero Torrecillas<\/p>\n<p>Yolanda Villalba Ruiz<\/p>\n<p><span style=\"text-decoration: underline\"><strong>Sector Alumnado<\/strong><\/span><\/p>\n<p>Mar\u00eda del Mar Huertas L\u00f3pez<\/p>\n<p>Braulio Romero Hern\u00e1ndez<\/p>\n<p>Jos\u00e9 Luis Tejada Higueras<\/p>\n<p><span style=\"text-decoration: underline\"><strong>Sector del personal de administraci\u00f3n y servicios (PAS)<\/strong><\/span><\/p>\n<p>Dolorez Vilar Gonz\u00e1lez<\/p>\n<p><span style=\"text-decoration: underline\"><strong>Representante designada por el AMPA \u00abEl Aguaero\u00bb<\/strong><\/span><\/p>\n<p>Antonia Nevado Rosales<\/p>\n<p><span style=\"text-decoration: underline\"><strong>Representante designada por el Ayuntamiento de Purullena<\/strong><\/span><\/p>\n<p>Mar\u00eda Isabel Espigares Garc\u00eda<\/p>\n","protected":false},"excerpt":{"rendered":"<p>Equipo Directivo Cecilia D\u00edaz Mar\u00edn (Directora) Francisco M. Mart\u00edn Sierra (Jefe de Estudios) Ra\u00fal Galera Mart\u00ednez (Secretario) Sector Profesorado Ana Isabel \u00c1lvarez Reza Purificaci\u00f3n Fern\u00e1ndez Segura Montserrat Rodr\u00edguez Maldonado Mar\u00eda Jes\u00fas Romero Hern\u00e1ndez Sector Madres\/Padres Encarnaci\u00f3n Romero Torrecillas Yolanda Villalba Ruiz Sector Alumnado Mar\u00eda del Mar Huertas L\u00f3pez Braulio Romero Hern\u00e1ndez Jos\u00e9 Luis Tejada Higueras &hellip; <\/p>\n<p><a class=\"more-link btn\" href=\"https:\/\/blogsaverroes.juntadeandalucia.es\/iesriberadelfardes\/curso-escolar\/consejo-escolar\/\">Seguir leyendo<\/a><\/p>\n","protected":false},"author":3251,"featured_media":0,"parent":80,"menu_order":0,"comment_status":"open","ping_status":"open","template":"","meta":{"ngg_post_thumbnail":0,"footnotes":"","_mc_calendar":[]},"aioseo_notices":[],"_links":{"self":[{"href":"https:\/\/blogsaverroes.juntadeandalucia.es\/iesriberadelfardes\/wp-json\/wp\/v2\/pages\/2430"}],"collection":[{"href":"https:\/\/blogsaverroes.juntadeandalucia.es\/iesriberadelfardes\/wp-json\/wp\/v2\/pages"}],"about":[{"href":"https:\/\/blogsaverroes.juntadeandalucia.es\/iesriberadelfardes\/wp-json\/wp\/v2\/types\/page"}],"author":[{"embeddable":true,"href":"https:\/\/blogsaverroes.juntadeandalucia.es\/iesriberadelfardes\/wp-json\/wp\/v2\/users\/3251"}],"replies":[{"embeddable":true,"href":"https:\/\/blogsaverroes.juntadeandalucia.es\/iesriberadelfardes\/wp-json\/wp\/v2\/comments?post=2430"}],"version-history":[{"count":3,"href":"https:\/\/blogsaverroes.juntadeandalucia.es\/iesriberadelfardes\/wp-json\/wp\/v2\/pages\/2430\/revisions"}],"predecessor-version":[{"id":2448,"href":"https:\/\/blogsaverroes.juntadeandalucia.es\/iesriberadelfardes\/wp-json\/wp\/v2\/pages\/2430\/revisions\/2448"}],"up":[{"embeddable":true,"href":"https:\/\/blogsaverroes.juntadeandalucia.es\/iesriberadelfardes\/wp-json\/wp\/v2\/pages\/80"}],"wp:attachment":[{"href":"https:\/\/blogsaverroes.juntadeandalucia.es\/iesriberadelfardes\/wp-json\/wp\/v2\/media?parent=2430"}],"curies":[{"name":"wp","href":"https:\/\/api.w.org\/{rel}","templated":true}]}}