{"id":2470,"date":"2016-04-11T18:13:24","date_gmt":"2016-04-11T18:13:24","guid":{"rendered":"http:\/\/blogsaverroes.juntadeandalucia.es\/iesriberadelfardes\/?page_id=2470"},"modified":"2025-09-28T16:38:32","modified_gmt":"2025-09-28T16:38:32","slug":"profesorado","status":"publish","type":"page","link":"https:\/\/blogsaverroes.juntadeandalucia.es\/iesriberadelfardes\/profesorado\/","title":{"rendered":"Profesorado 2025-2026"},"content":{"rendered":"<p>&nbsp;<\/p>\n<table style=\"border-color: #032440;background-color: #d7e3f5;height: 114px;width: 70.8723%\" width=\"556\">\n<tbody>\n<tr style=\"height: 24px\">\n<td style=\"width: 50%;height: 24px\" colspan=\"2\"><strong>Departamento de Ciencias Naturales<\/strong><\/td>\n<\/tr>\n<tr style=\"height: 24px\">\n<td style=\"width: 50%;height: 24px\">Jos\u00e9 Antonio L\u00f3pez Contreras<\/td>\n<td style=\"width: 50%;height: 24px\">Jefe de Departamento<\/td>\n<\/tr>\n<tr style=\"height: 24px\">\n<td style=\"width: 50%;height: 24px\" colspan=\"2\">Patricia Rold\u00e1n Mu\u00f1oz&nbsp;<\/td>\n<\/tr>\n<tr style=\"height: 24px\">\n<td style=\"width: 50%;height: 24px\" colspan=\"2\">Iv\u00e1n Fern\u00e1ndez Bail\u00f3n<\/td>\n<\/tr>\n<tr style=\"height: 24px\">\n<td style=\"height: 24px\" colspan=\"2\">Cristina S\u00e1nchez Pe\u00f1a (FPB)<\/td>\n<\/tr>\n<tr>\n<td colspan=\"2\">Mar\u00eda Dolores P\u00e9rez \u00c1lvarez (FPB)<\/td>\n<\/tr>\n<tr>\n<td style=\"width: 50%\" colspan=\"2\">&nbsp;<\/td>\n<\/tr>\n<\/tbody>\n<\/table>\n<p>&nbsp;<\/p>\n<table style=\"border-color: #032440;background-color: #d7e3f5;height: 114px;width: 70.8723%\" width=\"556\">\n<tbody>\n<tr style=\"height: 24px\">\n<td style=\"width: 50%;height: 24px\" colspan=\"2\"><strong>Departamento de Dibujo<\/strong><\/td>\n<\/tr>\n<tr style=\"height: 24px\">\n<td style=\"width: 50%;height: 24px\">\u00c1lvaro Santamar\u00eda Mart\u00ednez<\/td>\n<td style=\"width: 50%;height: 24px\">Jefe de Departamento<\/td>\n<\/tr>\n<\/tbody>\n<\/table>\n<p>&nbsp;<\/p>\n<table style=\"border-color: #032440;background-color: #d7e3f5;height: 114px;width: 70.8723%\">\n<tbody>\n<tr style=\"height: 24px\">\n<td style=\"width: 50%;height: 24px\" colspan=\"2\"><strong>Departamento de <b>Educaci\u00f3n F\u00edsica<\/b><\/strong><\/td>\n<\/tr>\n<tr style=\"height: 24px\">\n<td style=\"width: 50%;height: 24px\"><span style=\"font-weight: 400\">Olmo R\u00edos Enr\u00edquez<\/span><\/td>\n<td style=\"width: 50%;height: 24px\">Jefe de Departamento<\/td>\n<\/tr>\n<tr style=\"height: 24px\">\n<td style=\"width: 50%;height: 24px\" colspan=\"2\"><span style=\"font-weight: 400\">Alberto Mezcua Hidalgo<\/span><\/td>\n<\/tr>\n<\/tbody>\n<\/table>\n<p>&nbsp;<\/p>\n<table style=\"border-color: #032440;background-color: #d7e3f5;height: 114px;width: 70.8723%\">\n<tbody>\n<tr style=\"height: 24px\">\n<td style=\"width: 50%;height: 24px\" colspan=\"2\"><strong>Departamento de Franc\u00e9s<\/strong><\/td>\n<\/tr>\n<tr style=\"height: 24px\">\n<td style=\"width: 50%;height: 24px\"><span style=\"font-weight: 400\">Mar\u00eda Jos\u00e9 Ca\u00f1izares Trist\u00e1n<\/span><\/td>\n<td style=\"width: 50%;height: 24px\">Jefa de Departamento<\/td>\n<\/tr>\n<\/tbody>\n<\/table>\n<p>&nbsp;<\/p>\n<table style=\"border-color: #032440;background-color: #d7e3f5;height: 168px;width: 70.8723%\">\n<tbody>\n<tr style=\"height: 24px\">\n<td style=\"width: 50%;height: 24px\" colspan=\"2\"><strong>Departamento de Geograf\u00eda e Historia<\/strong><\/td>\n<\/tr>\n<tr style=\"height: 24px\">\n<td style=\"width: 50%;height: 24px\"><span style=\"font-weight: 400\">Laura S\u00e1nchez Linares<\/span><\/td>\n<td style=\"width: 50%;height: 24px\">&nbsp;<\/td>\n<\/tr>\n<tr style=\"height: 24px\">\n<td style=\"width: 50%;height: 24px\" colspan=\"2\"><span style=\"font-weight: 400\">Laura Vera Mart\u00edn &nbsp; Jefa de Departamento &nbsp;&nbsp; (Coordinadora Igualdad)<\/span><\/td>\n<\/tr>\n<tr style=\"height: 24px\">\n<td style=\"width: 50%;height: 24px\" colspan=\"2\"><span style=\"font-weight: 400\">Yolanda Tapia Redondo<br \/>\n<\/span><\/td>\n<\/tr>\n<tr style=\"height: 24px\">\n<td style=\"height: 24px\" colspan=\"2\"><span style=\"font-weight: 400\">Francisco Javier Garc\u00eda Quintana (Coordinador TDE)<\/span><\/td>\n<\/tr>\n<\/tbody>\n<\/table>\n<p>&nbsp;<\/p>\n<table style=\"border-color: #032440;background-color: #d7e3f5;height: 168px;width: 80.0636%\">\n<tbody>\n<tr style=\"height: 24px\">\n<td style=\"width: 14.8496%;height: 24px\" colspan=\"2\"><strong>Departamento de&nbsp; Ingl\u00e9s<\/strong><\/td>\n<\/tr>\n<tr style=\"height: 24px\">\n<td style=\"width: 14.8496%;height: 24px\" colspan=\"2\"><span style=\"font-weight: 400\">Mar\u00eda Victoria Madrid Salas (Jefa de Departamento, Coordinadora Biling\u00fce)<br \/>\n<\/span><\/td>\n<\/tr>\n<tr style=\"height: 24px\">\n<td style=\"width: 14.8496%;height: 24px\" colspan=\"2\">Alicia Reguera Lozano<\/td>\n<\/tr>\n<tr style=\"height: 24px\">\n<td style=\"height: 24px;width: 14.8496%\" colspan=\"2\"><span style=\"font-weight: 400\">Emily Lauren Stewart<\/span><\/td>\n<\/tr>\n<\/tbody>\n<\/table>\n<p>&nbsp;<\/p>\n<table style=\"border-color: #032440;background-color: #d7e3f5;height: 168px;width: 70.8723%\">\n<tbody>\n<tr style=\"height: 24px\">\n<td style=\"width: 50%;height: 24px\" colspan=\"2\"><strong>Departamento de Lengua<\/strong><\/td>\n<\/tr>\n<tr style=\"height: 24px\">\n<td style=\"width: 50%;height: 24px\"><span style=\"font-weight: 400\">Laura Molina Fern\u00e1ndez<\/span><\/td>\n<td style=\"width: 50%;height: 24px\">Jefa de Departamento<\/td>\n<\/tr>\n<tr style=\"height: 24px\">\n<td style=\"width: 50%;height: 24px\" colspan=\"2\"><span style=\"font-weight: 400\">Marta Ariza Carmona<\/span><\/td>\n<\/tr>\n<tr style=\"height: 24px\">\n<td style=\"width: 50%;height: 24px\" colspan=\"2\"><span style=\"font-weight: 400\">Roberto Alonso Fern\u00e1ndez Alonso (Coordinador Biblioteca)<\/span><\/td>\n<\/tr>\n<tr style=\"height: 24px\">\n<td style=\"height: 24px\" colspan=\"2\"><span style=\"font-weight: 400\">Eva Cristina S\u00e1nchez Rodr\u00edguez<\/span><\/td>\n<\/tr>\n<\/tbody>\n<\/table>\n<p>&nbsp;<\/p>\n<table style=\"border-color: #032440;background-color: #d7e3f5;height: 159px;width: 70.8723%\">\n<tbody>\n<tr style=\"height: 24px\">\n<td style=\"width: 100%;height: 24px\" colspan=\"2\"><strong>Departamento de <b>Matem\u00e1ticas<\/b><\/strong><\/td>\n<\/tr>\n<tr style=\"height: 24px\">\n<td style=\"width: 50%;height: 24px\">Mar\u00eda Dolores Hern\u00e1ndez L\u00f3pez<\/td>\n<td style=\"width: 50%;height: 24px\">Jefa de Departamento<\/td>\n<\/tr>\n<tr style=\"height: 24px\">\n<td style=\"width: 100%;height: 24px\" colspan=\"2\"><span style=\"font-weight: 400\">Enrique Mart\u00edn Fern\u00e1ndez (Director)<\/span><\/td>\n<\/tr>\n<tr style=\"height: 24px\">\n<td style=\"width: 100%;height: 24px\" colspan=\"2\"><span style=\"font-weight: 400\">Antonio Fern\u00e1ndez-Baillo N\u00fa\u00f1ez<\/span><\/td>\n<\/tr>\n<tr style=\"height: 24px\">\n<td style=\"height: 24px;width: 100%\" colspan=\"2\">Mar\u00eda Mart\u00edn Rodr\u00edguez&nbsp;&nbsp;&nbsp;&nbsp;&nbsp;&nbsp;&nbsp;&nbsp;&nbsp;&nbsp;&nbsp;&nbsp;&nbsp;&nbsp;&nbsp;&nbsp;&nbsp;&nbsp;&nbsp;&nbsp;&nbsp;&nbsp;&nbsp;&nbsp;&nbsp;&nbsp;&nbsp;&nbsp;&nbsp;&nbsp; Coordinadora de Formaci\u00f3n<\/p>\n<p>Mar\u00eda Espinosa Arnau<\/td>\n<\/tr>\n<tr style=\"height: 39px\">\n<td style=\"width: 100%;height: 39px\" colspan=\"2\"><span style=\"font-weight: 400\">&nbsp;<\/span><\/td>\n<\/tr>\n<\/tbody>\n<\/table>\n<p>&nbsp;<\/p>\n<table style=\"border-color: #032440;background-color: #d7e3f5;height: 114px;width: 70.8723%\">\n<tbody>\n<tr style=\"height: 24px\">\n<td style=\"width: 50%;height: 24px\" colspan=\"2\"><strong>Departamento de M\u00fasica<\/strong><\/td>\n<\/tr>\n<tr style=\"height: 24px\">\n<td style=\"width: 50%;height: 24px\" colspan=\"2\"><span style=\"font-weight: 400\">Mar\u00eda Jos\u00e9 Garc\u00eda Trav\u00e9&nbsp;&nbsp;&nbsp;&nbsp;&nbsp;&nbsp;&nbsp;&nbsp;&nbsp;&nbsp;&nbsp;&nbsp;&nbsp;&nbsp;&nbsp;&nbsp;&nbsp;&nbsp;&nbsp;&nbsp;&nbsp;&nbsp;&nbsp;&nbsp;&nbsp;&nbsp;&nbsp;&nbsp;&nbsp;&nbsp;&nbsp;&nbsp;&nbsp;&nbsp;&nbsp;&nbsp;&nbsp;&nbsp;&nbsp; Jefa de Departamento<br \/>\n<\/span><\/td>\n<\/tr>\n<\/tbody>\n<\/table>\n<p>&nbsp;<\/p>\n<table style=\"border-color: #032440;background-color: #d7e3f5;width: 86.5249%;height: 148px\">\n<tbody>\n<tr style=\"height: 24px\">\n<td style=\"width: 90.3864%;height: 28px\" colspan=\"2\"><strong>Departamento de Orientaci\u00f3n&nbsp;<\/strong><\/td>\n<\/tr>\n<tr style=\"height: 24px\">\n<td style=\"width: 50%;height: 24px\"><span style=\"font-weight: 400\">Olga Escudero Calder\u00f3n<\/span><\/td>\n<td style=\"width: 40.3864%;height: 24px\">Jefa de Departamento<\/td>\n<\/tr>\n<tr style=\"height: 24px\">\n<td style=\"width: 90.3864%;height: 24px\" colspan=\"2\"><span style=\"font-weight: 400\">\u00c1ngeles Poyatos Lorente (Audici\u00f3n y Lenguaje, Coordinadora Act. Extraescolares)<\/span><\/td>\n<\/tr>\n<tr style=\"height: 24px\">\n<td style=\"width: 90.3864%;height: 24px\" colspan=\"2\"><span style=\"font-weight: 400\">Sof\u00eda Zafra Jim\u00e9nez&nbsp;&nbsp;&nbsp; (Apoyo al \u00c1rea Cient\u00edfica o Tecnol\u00f3gica, Compensatoria)<br \/>\n<\/span><\/td>\n<\/tr>\n<tr style=\"height: 24px\">\n<td style=\"height: 24px;width: 90.3864%\" colspan=\"2\"><span style=\"font-weight: 400\">Susana Mar\u00eda Fern\u00e1ndez Palma&nbsp;&nbsp;&nbsp;&nbsp;&nbsp;&nbsp;&nbsp;&nbsp;&nbsp;&nbsp;&nbsp;&nbsp;&nbsp;&nbsp;&nbsp;&nbsp;&nbsp;&nbsp;&nbsp; (Orientadora)<br \/>\n<\/span><\/td>\n<\/tr>\n<tr style=\"height: 24px\">\n<td style=\"width: 90.3864%;height: 24px\" colspan=\"2\"><span style=\"font-weight: 400\">Elena Molina Mu\u00f1oz (Z.T.S.)<br \/>\n<\/span><\/td>\n<\/tr>\n<\/tbody>\n<\/table>\n<p>&nbsp;<\/p>\n<table style=\"border-color: #032440;background-color: #d7e3f5;width: 70.4545%\">\n<tbody>\n<tr style=\"height: 24px\">\n<td style=\"width: 1.51515%;height: 24px\" colspan=\"2\"><strong>Departamento de Religi\u00f3n<\/strong><\/td>\n<\/tr>\n<tr style=\"height: 24px\">\n<td style=\"width: 1.51515%;height: 24px\" colspan=\"2\"><span style=\"font-weight: 400\">Purificaci\u00f3n Fern\u00e1ndez Segura<\/span><\/td>\n<\/tr>\n<\/tbody>\n<\/table>\n<p>&nbsp;<\/p>\n<table style=\"border-color: #032440;background-color: #d7e3f5;width: 86.7051%\">\n<tbody>\n<tr style=\"height: 24px\">\n<td style=\"width: 92.3226%;height: 24px\" colspan=\"2\"><strong>Departamento de <b>Tecnolog\u00eda<\/b><\/strong><\/td>\n<\/tr>\n<tr style=\"height: 24px\">\n<td style=\"width: 50%;height: 24px\"><span style=\"font-weight: 400\">Javier Alcal\u00e1 P\u00e9rez<br \/>\n<\/span><\/td>\n<td style=\"width: 42.3226%;height: 24px\">Jefa de Departamento<\/td>\n<\/tr>\n<tr style=\"height: 24px\">\n<td style=\"width: 92.3226%;height: 24px\" colspan=\"2\">Julio Mu\u00f1oz Barriopedro<\/td>\n<\/tr>\n<\/tbody>\n<\/table>\n","protected":false},"excerpt":{"rendered":"<p>&nbsp; Departamento de Ciencias Naturales Jos\u00e9 Antonio L\u00f3pez Contreras Jefe de Departamento Patricia Rold\u00e1n Mu\u00f1oz&nbsp; Iv\u00e1n Fern\u00e1ndez Bail\u00f3n Cristina S\u00e1nchez Pe\u00f1a (FPB) Mar\u00eda Dolores P\u00e9rez \u00c1lvarez (FPB) &nbsp; &nbsp; Departamento de Dibujo \u00c1lvaro Santamar\u00eda Mart\u00ednez Jefe de Departamento &nbsp; Departamento de Educaci\u00f3n F\u00edsica Olmo R\u00edos Enr\u00edquez Jefe de Departamento Alberto Mezcua Hidalgo &nbsp; Departamento de &hellip; <\/p>\n<p><a class=\"more-link btn\" href=\"https:\/\/blogsaverroes.juntadeandalucia.es\/iesriberadelfardes\/profesorado\/\">Seguir leyendo<\/a><\/p>\n","protected":false},"author":3251,"featured_media":0,"parent":0,"menu_order":0,"comment_status":"open","ping_status":"open","template":"","meta":{"ngg_post_thumbnail":0,"footnotes":"","_mc_calendar":[]},"aioseo_notices":[],"_links":{"self":[{"href":"https:\/\/blogsaverroes.juntadeandalucia.es\/iesriberadelfardes\/wp-json\/wp\/v2\/pages\/2470"}],"collection":[{"href":"https:\/\/blogsaverroes.juntadeandalucia.es\/iesriberadelfardes\/wp-json\/wp\/v2\/pages"}],"about":[{"href":"https:\/\/blogsaverroes.juntadeandalucia.es\/iesriberadelfardes\/wp-json\/wp\/v2\/types\/page"}],"author":[{"embeddable":true,"href":"https:\/\/blogsaverroes.juntadeandalucia.es\/iesriberadelfardes\/wp-json\/wp\/v2\/users\/3251"}],"replies":[{"embeddable":true,"href":"https:\/\/blogsaverroes.juntadeandalucia.es\/iesriberadelfardes\/wp-json\/wp\/v2\/comments?post=2470"}],"version-history":[{"count":21,"href":"https:\/\/blogsaverroes.juntadeandalucia.es\/iesriberadelfardes\/wp-json\/wp\/v2\/pages\/2470\/revisions"}],"predecessor-version":[{"id":9470,"href":"https:\/\/blogsaverroes.juntadeandalucia.es\/iesriberadelfardes\/wp-json\/wp\/v2\/pages\/2470\/revisions\/9470"}],"wp:attachment":[{"href":"https:\/\/blogsaverroes.juntadeandalucia.es\/iesriberadelfardes\/wp-json\/wp\/v2\/media?parent=2470"}],"curies":[{"name":"wp","href":"https:\/\/api.w.org\/{rel}","templated":true}]}}