{"id":5008,"date":"2025-12-02T10:37:38","date_gmt":"2025-12-02T09:37:38","guid":{"rendered":"https:\/\/blogsaverroes.juntadeandalucia.es\/iesrioandara\/?page_id=5008"},"modified":"2025-12-02T10:37:38","modified_gmt":"2025-12-02T09:37:38","slug":"bienestar-emocional","status":"publish","type":"page","link":"https:\/\/blogsaverroes.juntadeandalucia.es\/iesrioandara\/bienestar-emocional\/","title":{"rendered":"Bienestar emocional"},"content":{"rendered":"<p><span id=\"page11R_mcid19\" class=\"markedContent\"><span class=\"markedContent\"><span dir=\"ltr\" role=\"presentation\">El<\/span><\/span><span class=\"markedContent\"> <span dir=\"ltr\" role=\"presentation\">Programa de Bienestar Emocional implica promover la salud <\/span><span dir=\"ltr\" role=\"presentation\">f\u00edsica<\/span> <span dir=\"ltr\" role=\"presentation\">y<\/span> <span dir=\"ltr\" role=\"presentation\">mental,<\/span> <span dir=\"ltr\" role=\"presentation\">desarrollar<\/span> <span dir=\"ltr\" role=\"presentation\">las<\/span> <span dir=\"ltr\" role=\"presentation\">competencias<\/span> <span dir=\"ltr\" role=\"presentation\">sociales<\/span> <span dir=\"ltr\" role=\"presentation\">y<\/span><\/span><span dir=\"ltr\" role=\"presentation\"> emocionales,<\/span> <span dir=\"ltr\" role=\"presentation\">crear<\/span> <span dir=\"ltr\" role=\"presentation\">entornos<\/span> <span dir=\"ltr\" role=\"presentation\">que<\/span> <span dir=\"ltr\" role=\"presentation\">fomenten<\/span> <span dir=\"ltr\" role=\"presentation\">las<\/span> <span dir=\"ltr\" role=\"presentation\">relaciones <\/span><span dir=\"ltr\" role=\"presentation\">positivas, la resoluci\u00f3n pac\u00edfica de conflictos, la colaboraci\u00f3n, el<\/span><span dir=\"ltr\" role=\"presentation\"> aprendizaje y el desarrollo personal.<\/span><\/span><span id=\"page11R_mcid20\" class=\"markedContent\"><span class=\"markedContent\"><br role=\"presentation\"><span dir=\"ltr\" role=\"presentation\">Reforzar la capacidad del alumnado, del profesorado y de la<\/span><span dir=\"ltr\" role=\"presentation\"> comunidad<\/span> <span dir=\"ltr\" role=\"presentation\">educativa<\/span> <span dir=\"ltr\" role=\"presentation\">para<\/span> <span dir=\"ltr\" role=\"presentation\">tomar<\/span> <span dir=\"ltr\" role=\"presentation\">decisiones<\/span> <span dir=\"ltr\" role=\"presentation\">saludables<\/span> <span dir=\"ltr\" role=\"presentation\">es<\/span><\/span><span dir=\"ltr\" role=\"presentation\"> fundamental para el desarrollo de entornos escolares libres de<\/span><span dir=\"ltr\" role=\"presentation\"> violencia<\/span><\/span><\/p>\n<p>&nbsp;<\/p>\n","protected":false},"excerpt":{"rendered":"<p>El Programa de Bienestar Emocional implica promover la salud f\u00edsica y mental, desarrollar las competencias sociales y emocionales, crear entornos que fomenten las relaciones positivas, la resoluci\u00f3n pac\u00edfica de conflictos, la colaboraci\u00f3n, el aprendizaje y el desarrollo personal.Reforzar la capacidad del alumnado, del profesorado y de la comunidad educativa para tomar decisiones saludables es fundamental [&hellip;]<\/p>\n","protected":false},"author":17153,"featured_media":0,"parent":0,"menu_order":0,"comment_status":"closed","ping_status":"closed","template":"","meta":{"_et_pb_use_builder":"","_et_pb_old_content":"","_et_gb_content_width":"","ngg_post_thumbnail":0,"footnotes":""},"aioseo_notices":[],"_links":{"self":[{"href":"https:\/\/blogsaverroes.juntadeandalucia.es\/iesrioandara\/wp-json\/wp\/v2\/pages\/5008"}],"collection":[{"href":"https:\/\/blogsaverroes.juntadeandalucia.es\/iesrioandara\/wp-json\/wp\/v2\/pages"}],"about":[{"href":"https:\/\/blogsaverroes.juntadeandalucia.es\/iesrioandara\/wp-json\/wp\/v2\/types\/page"}],"author":[{"embeddable":true,"href":"https:\/\/blogsaverroes.juntadeandalucia.es\/iesrioandara\/wp-json\/wp\/v2\/users\/17153"}],"replies":[{"embeddable":true,"href":"https:\/\/blogsaverroes.juntadeandalucia.es\/iesrioandara\/wp-json\/wp\/v2\/comments?post=5008"}],"version-history":[{"count":2,"href":"https:\/\/blogsaverroes.juntadeandalucia.es\/iesrioandara\/wp-json\/wp\/v2\/pages\/5008\/revisions"}],"predecessor-version":[{"id":5010,"href":"https:\/\/blogsaverroes.juntadeandalucia.es\/iesrioandara\/wp-json\/wp\/v2\/pages\/5008\/revisions\/5010"}],"wp:attachment":[{"href":"https:\/\/blogsaverroes.juntadeandalucia.es\/iesrioandara\/wp-json\/wp\/v2\/media?parent=5008"}],"curies":[{"name":"wp","href":"https:\/\/api.w.org\/{rel}","templated":true}]}}