{"id":5034,"date":"2025-12-02T10:38:07","date_gmt":"2025-12-02T09:38:07","guid":{"rendered":"https:\/\/blogsaverroes.juntadeandalucia.es\/iesrioandara\/?page_id=5034"},"modified":"2025-12-02T10:38:07","modified_gmt":"2025-12-02T09:38:07","slug":"programas-culturales","status":"publish","type":"page","link":"https:\/\/blogsaverroes.juntadeandalucia.es\/iesrioandara\/programas-culturales\/","title":{"rendered":"Programas culturales"},"content":{"rendered":"<p><span id=\"page26R_mcid9\" class=\"markedContent\"><span class=\"markedContent\"><span dir=\"ltr\" role=\"presentation\">Los Programas Culturales forman parte de una estrategia que <\/span><\/span><span dir=\"ltr\" role=\"presentation\">busca facilitar el acceso del alumnado a los bienes culturales, as\u00ed <\/span><span dir=\"ltr\" role=\"presentation\">como fomentar su participaci\u00f3n activa, creativa y cr\u00edtica en el<\/span><br role=\"presentation\"><span dir=\"ltr\" role=\"presentation\">entorno cultural.<\/span><\/span><span id=\"page26R_mcid10\" class=\"markedContent\"><span class=\"markedContent\"><br role=\"presentation\"><span dir=\"ltr\" role=\"presentation\">Los centros educativos desarrollan proyectos interdisciplinarios y <\/span><\/span><span dir=\"ltr\" role=\"presentation\">vivenciales, situando la cultura como un elemento esencial para la <\/span><span dir=\"ltr\" role=\"presentation\">construcci\u00f3n de identidades, la cohesi\u00f3n social y el aprendizaje <\/span><span dir=\"ltr\" role=\"presentation\">significativo<\/span><\/span><\/p>\n","protected":false},"excerpt":{"rendered":"<p>Los Programas Culturales forman parte de una estrategia que busca facilitar el acceso del alumnado a los bienes culturales, as\u00ed como fomentar su participaci\u00f3n activa, creativa y cr\u00edtica en elentorno cultural.Los centros educativos desarrollan proyectos interdisciplinarios y vivenciales, situando la cultura como un elemento esencial para la construcci\u00f3n de identidades, la cohesi\u00f3n social y el [&hellip;]<\/p>\n","protected":false},"author":17153,"featured_media":0,"parent":0,"menu_order":0,"comment_status":"closed","ping_status":"closed","template":"","meta":{"_et_pb_use_builder":"","_et_pb_old_content":"","_et_gb_content_width":"","ngg_post_thumbnail":0,"footnotes":""},"aioseo_notices":[],"_links":{"self":[{"href":"https:\/\/blogsaverroes.juntadeandalucia.es\/iesrioandara\/wp-json\/wp\/v2\/pages\/5034"}],"collection":[{"href":"https:\/\/blogsaverroes.juntadeandalucia.es\/iesrioandara\/wp-json\/wp\/v2\/pages"}],"about":[{"href":"https:\/\/blogsaverroes.juntadeandalucia.es\/iesrioandara\/wp-json\/wp\/v2\/types\/page"}],"author":[{"embeddable":true,"href":"https:\/\/blogsaverroes.juntadeandalucia.es\/iesrioandara\/wp-json\/wp\/v2\/users\/17153"}],"replies":[{"embeddable":true,"href":"https:\/\/blogsaverroes.juntadeandalucia.es\/iesrioandara\/wp-json\/wp\/v2\/comments?post=5034"}],"version-history":[{"count":1,"href":"https:\/\/blogsaverroes.juntadeandalucia.es\/iesrioandara\/wp-json\/wp\/v2\/pages\/5034\/revisions"}],"predecessor-version":[{"id":5035,"href":"https:\/\/blogsaverroes.juntadeandalucia.es\/iesrioandara\/wp-json\/wp\/v2\/pages\/5034\/revisions\/5035"}],"wp:attachment":[{"href":"https:\/\/blogsaverroes.juntadeandalucia.es\/iesrioandara\/wp-json\/wp\/v2\/media?parent=5034"}],"curies":[{"name":"wp","href":"https:\/\/api.w.org\/{rel}","templated":true}]}}