{"id":1377,"date":"2025-02-20T19:07:50","date_gmt":"2025-02-20T18:07:50","guid":{"rendered":"https:\/\/blogsaverroes.juntadeandalucia.es\/iesrioverdemarbella\/?page_id=1377"},"modified":"2026-01-29T20:36:05","modified_gmt":"2026-01-29T19:36:05","slug":"departamentos","status":"publish","type":"page","link":"https:\/\/blogsaverroes.juntadeandalucia.es\/iesrioverdemarbella\/departamentos\/","title":{"rendered":"Dptos | Tutor\u00edas"},"content":{"rendered":"<p>[et_pb_section fb_built=&#8221;1&#8243; _builder_version=&#8221;4.24.2&#8243; _module_preset=&#8221;default&#8221; global_colors_info=&#8221;{}&#8221;][et_pb_row column_structure=&#8221;1_5,1_5,1_5,1_5,1_5&#8243; _builder_version=&#8221;4.24.2&#8243; _module_preset=&#8221;default&#8221; global_colors_info=&#8221;{}&#8221;][et_pb_column type=&#8221;1_5&#8243; _builder_version=&#8221;4.24.2&#8243; _module_preset=&#8221;default&#8221; global_colors_info=&#8221;{}&#8221;][et_pb_accordion admin_label=&#8221;Acorde\u00f3n ART&#8221; _builder_version=&#8221;4.24.2&#8243; _module_preset=&#8221;default&#8221; custom_margin=&#8221;|-58px||||&#8221; global_colors_info=&#8221;{}&#8221;][et_pb_accordion_item title=&#8221;\u00c1rea Art\u00edstica&#8221; open=&#8221;on&#8221; _builder_version=&#8221;4.24.2&#8243; _module_preset=&#8221;default&#8221; global_colors_info=&#8221;{}&#8221;]<\/p>\n<p>&nbsp;<\/p>\n<table style=\"border-collapse: collapse;width: 100%\" border=\"1\">\n<tbody>\n<tr>\n<td style=\"width: 50%\"><a href=\"https:\/\/blogsaverroes.juntadeandalucia.es\/iesrioverdemarbella\/departamentos\/area-artistica\/\">Dibujo<\/a><\/td>\n<\/tr>\n<tr>\n<td style=\"width: 50%\"><a href=\"https:\/\/blogsaverroes.juntadeandalucia.es\/iesrioverdemarbella\/departamentos\/area-artistica\/\">M\u00fasica<\/a><\/td>\n<\/tr>\n<\/tbody>\n<\/table>\n<p>[\/et_pb_accordion_item][\/et_pb_accordion][\/et_pb_column][et_pb_column type=&#8221;1_5&#8243; _builder_version=&#8221;4.24.2&#8243; _module_preset=&#8221;default&#8221; global_colors_info=&#8221;{}&#8221;][et_pb_accordion admin_label=&#8221;Acorde\u00f3n CTE&#8221; _builder_version=&#8221;4.24.2&#8243; _module_preset=&#8221;default&#8221; custom_margin=&#8221;|-58px||||&#8221; global_colors_info=&#8221;{}&#8221;][et_pb_accordion_item title=&#8221;\u00c1rea Cient\u00edfico &#8211; Tecnol\u00f3gica&#8221; open=&#8221;on&#8221; _builder_version=&#8221;4.24.2&#8243; _module_preset=&#8221;default&#8221; global_colors_info=&#8221;{}&#8221;]<\/p>\n<p>&nbsp;<\/p>\n<table style=\"border-collapse: collapse;width: 100%;height: 115px\" border=\"1\">\n<tbody>\n<tr style=\"height: 23px\">\n<td style=\"width: 100%;height: 23px\"><a href=\"https:\/\/blogsaverroes.juntadeandalucia.es\/iesrioverdemarbella\/area-cientifico-tecnologica\/\">Biolog\u00eda y Geolog\u00eda<\/a><\/td>\n<\/tr>\n<tr>\n<td style=\"width: 100%\"><a href=\"https:\/\/blogsaverroes.juntadeandalucia.es\/iesrioverdemarbella\/area-cientifico-tecnologica\/\">Educaci\u00f3n F\u00edsica<\/a><\/td>\n<\/tr>\n<tr style=\"height: 23px\">\n<td style=\"width: 100%;height: 23px\"><a href=\"https:\/\/blogsaverroes.juntadeandalucia.es\/iesrioverdemarbella\/area-cientifico-tecnologica\/\">F\u00edsica y Qu\u00edmica<\/a><\/td>\n<\/tr>\n<tr style=\"height: 23px\">\n<td style=\"width: 100%;height: 23px\"><a href=\"https:\/\/blogsaverroes.juntadeandalucia.es\/iesrioverdemarbella\/area-cientifico-tecnologica\/\">Matem\u00e1ticas<\/a><\/td>\n<\/tr>\n<tr style=\"height: 23px\">\n<td style=\"width: 100%;height: 23px\"><a href=\"https:\/\/blogsaverroes.juntadeandalucia.es\/iesrioverdemarbella\/area-cientifico-tecnologica\/\">Tecnolog\u00eda e Inform\u00e1tica<\/a><\/td>\n<\/tr>\n<\/tbody>\n<\/table>\n<p>[\/et_pb_accordion_item][\/et_pb_accordion][\/et_pb_column][et_pb_column type=&#8221;1_5&#8243; _builder_version=&#8221;4.24.2&#8243; _module_preset=&#8221;default&#8221; global_colors_info=&#8221;{}&#8221;][et_pb_accordion admin_label=&#8221;Acorde\u00f3n SOL&#8221; _builder_version=&#8221;4.24.2&#8243; _module_preset=&#8221;default&#8221; custom_margin=&#8221;|-58px||||&#8221; global_colors_info=&#8221;{}&#8221;][et_pb_accordion_item title=&#8221;\u00c1rea Socio &#8211; Ling\u00fc\u00edstica&#8221; open=&#8221;on&#8221; _builder_version=&#8221;4.24.2&#8243; _module_preset=&#8221;default&#8221; global_colors_info=&#8221;{}&#8221;]<\/p>\n<p>&nbsp;<\/p>\n<table style=\"border-collapse: collapse;width: 100%;height: 168px\" border=\"1\">\n<tbody>\n<tr style=\"height: 24px\">\n<td style=\"width: 100%;height: 24px\"><a href=\"https:\/\/blogsaverroes.juntadeandalucia.es\/iesrioverdemarbella\/departamentos\/area-socio-linguistica\/\">Econom\u00eda<\/a><\/td>\n<\/tr>\n<tr style=\"height: 24px\">\n<td style=\"width: 100%;height: 24px\"><a href=\"https:\/\/blogsaverroes.juntadeandalucia.es\/iesrioverdemarbella\/departamentos\/area-socio-linguistica\/\">Filosof\u00eda<\/a><\/td>\n<\/tr>\n<tr style=\"height: 24px\">\n<td style=\"width: 100%;height: 24px\"><a href=\"https:\/\/blogsaverroes.juntadeandalucia.es\/iesrioverdemarbella\/departamentos\/area-socio-linguistica\/\">Franc\u00e9s<\/a><\/td>\n<\/tr>\n<tr style=\"height: 24px\">\n<td style=\"width: 100%;height: 24px\"><a href=\"https:\/\/blogsaverroes.juntadeandalucia.es\/iesrioverdemarbella\/departamentos\/area-socio-linguistica\/\">Geograf\u00eda e Historia<\/a><\/td>\n<\/tr>\n<tr style=\"height: 24px\">\n<td style=\"width: 100%;height: 24px\"><a href=\"https:\/\/blogsaverroes.juntadeandalucia.es\/iesrioverdemarbella\/departamentos\/area-socio-linguistica\/\">Ingl\u00e9s<\/a><\/td>\n<\/tr>\n<tr style=\"height: 24px\">\n<td style=\"width: 100%;height: 24px\"><a href=\"https:\/\/blogsaverroes.juntadeandalucia.es\/iesrioverdemarbella\/departamentos\/area-socio-linguistica\/\">Lat\u00edn y Griego<\/a><\/td>\n<\/tr>\n<tr style=\"height: 24px\">\n<td style=\"width: 100%;height: 24px\"><a href=\"https:\/\/blogsaverroes.juntadeandalucia.es\/iesrioverdemarbella\/departamentos\/area-socio-linguistica\/\">Lengua y Literatura<\/a><\/td>\n<\/tr>\n<\/tbody>\n<\/table>\n<p>[\/et_pb_accordion_item][\/et_pb_accordion][\/et_pb_column][et_pb_column type=&#8221;1_5&#8243; _builder_version=&#8221;4.24.2&#8243; _module_preset=&#8221;default&#8221; global_colors_info=&#8221;{}&#8221;][et_pb_accordion admin_label=&#8221;Acorde\u00f3n OTROS&#8221; _builder_version=&#8221;4.24.2&#8243; _module_preset=&#8221;default&#8221; custom_margin=&#8221;|-58px||||&#8221; global_colors_info=&#8221;{}&#8221;][et_pb_accordion_item title=&#8221;Otros Departamentos&#8221; open=&#8221;on&#8221; _builder_version=&#8221;4.24.2&#8243; _module_preset=&#8221;default&#8221; global_colors_info=&#8221;{}&#8221;]<\/p>\n<p>&nbsp;<\/p>\n<table style=\"border-collapse: collapse;width: 100%;height: 168px\" border=\"1\">\n<tbody>\n<tr style=\"height: 24px\">\n<td style=\"width: 100%;height: 24px\"><a href=\"https:\/\/blogsaverroes.juntadeandalucia.es\/iesrioverdemarbella\/departamentos\/area-otros-departamentos\/\">DACE<\/a><\/td>\n<\/tr>\n<tr style=\"height: 24px\">\n<td style=\"width: 100%;height: 24px\"><a href=\"https:\/\/blogsaverroes.juntadeandalucia.es\/iesrioverdemarbella\/departamentos\/area-otros-departamentos\/\">DFEIE<\/a><\/td>\n<\/tr>\n<tr style=\"height: 24px\">\n<td style=\"width: 100%;height: 24px\"><a href=\"https:\/\/blogsaverroes.juntadeandalucia.es\/iesrioverdemarbella\/departamentos\/area-otros-departamentos\/\">Orientaci\u00f3n<\/a><\/td>\n<\/tr>\n<tr style=\"height: 24px\">\n<td style=\"width: 100%;height: 24px\"><a href=\"https:\/\/blogsaverroes.juntadeandalucia.es\/iesrioverdemarbella\/departamentos\/area-otros-departamentos\/\">Religi\u00f3n<\/a><\/td>\n<\/tr>\n<\/tbody>\n<\/table>\n<p>[\/et_pb_accordion_item][\/et_pb_accordion][\/et_pb_column][et_pb_column type=&#8221;1_5&#8243; _builder_version=&#8221;4.24.2&#8243; _module_preset=&#8221;default&#8221; global_colors_info=&#8221;{}&#8221;][et_pb_accordion admin_label=&#8221;Acorde\u00f3n FP&#8221; _builder_version=&#8221;4.24.2&#8243; _module_preset=&#8221;default&#8221; custom_margin=&#8221;|-58px||||&#8221; link_option_url=&#8221;https:\/\/blogsaverroes.juntadeandalucia.es\/iesrioverdemarbella\/area-formacion-profesional\/&#8221; link_option_url_new_window=&#8221;on&#8221; global_colors_info=&#8221;{}&#8221;][et_pb_accordion_item title=&#8221;\u00c1rea de Formaci\u00f3n Profesional&#8221; open=&#8221;on&#8221; _builder_version=&#8221;4.24.2&#8243; _module_preset=&#8221;default&#8221; link_option_url=&#8221;https:\/\/blogsaverroes.juntadeandalucia.es\/iesrioverdemarbella\/area-formacion-profesional\/&#8221; global_colors_info=&#8221;{}&#8221;]<\/p>\n<p>&nbsp;<\/p>\n<table style=\"border-collapse: collapse;width: 100%\" border=\"1\">\n<tbody>\n<tr>\n<td style=\"width: 50%\"><a href=\"https:\/\/blogsaverroes.juntadeandalucia.es\/iesrioverdemarbella\/area-formacion-profesional\/\">Administraci\u00f3n<\/a><\/td>\n<\/tr>\n<\/tbody>\n<\/table>\n<p>[\/et_pb_accordion_item][\/et_pb_accordion][\/et_pb_column][\/et_pb_row][et_pb_row column_structure=&#8221;1_2,1_2&#8243; _builder_version=&#8221;4.24.2&#8243; _module_preset=&#8221;default&#8221; global_colors_info=&#8221;{}&#8221;][et_pb_column type=&#8221;1_2&#8243; _builder_version=&#8221;4.24.2&#8243; _module_preset=&#8221;default&#8221; global_colors_info=&#8221;{}&#8221;][et_pb_accordion admin_label=&#8221;ESO&#8221; _builder_version=&#8221;4.24.2&#8243; _module_preset=&#8221;default&#8221; custom_margin=&#8221;|-58px||||&#8221; hover_enabled=&#8221;0&#8243; global_colors_info=&#8221;{}&#8221; sticky_enabled=&#8221;0&#8243;][et_pb_accordion_item title=&#8221;TUTORES &#8211; Educaci\u00f3n Secundaria Obligatoria | ESO&#8221; open=&#8221;on&#8221; _builder_version=&#8221;4.24.2&#8243; _module_preset=&#8221;default&#8221; hover_enabled=&#8221;0&#8243; global_colors_info=&#8221;{}&#8221; sticky_enabled=&#8221;0&#8243;]<\/p>\n<p>&nbsp;<\/p>\n<table style=\"border-collapse: collapse;width: 88.608386%;height: 263px\">\n<tbody>\n<tr style=\"height: 23px\">\n<td style=\"width: 32.953619%;height: 10px;text-align: right\"><span style=\"font-size: 10pt\">1\u00ba ESO A<\/span><\/td>\n<td style=\"width: 149.54628%;height: 10px\"><span style=\"font-size: 10pt\">Piju\u00e1n Puente, Cristina<\/span><\/td>\n<\/tr>\n<tr style=\"height: 23px\">\n<td style=\"width: 32.953619%;height: 23px;text-align: right\"><span style=\"font-size: 10pt\">1\u00ba ESO B<\/span><\/td>\n<td style=\"width: 149.54628%;height: 23px\"><span style=\"font-size: 10pt\">Aguilera Bravo, Francisco, de As\u00eds<\/span><\/td>\n<\/tr>\n<tr style=\"height: 23px\">\n<td style=\"width: 32.953619%;height: 23px;text-align: right\"><span style=\"font-size: 10pt\">1\u00ba ESO C<\/span><\/td>\n<td style=\"width: 149.54628%;height: 23px\"><span style=\"font-size: 10pt\">Laguna Jerez, Eduardo&nbsp;<\/span><\/td>\n<\/tr>\n<tr style=\"height: 23px\">\n<td style=\"width: 32.953619%;height: 23px;text-align: right\"><span style=\"font-size: 10pt\">2\u00ba ESO A<\/span><\/td>\n<td style=\"width: 149.54628%;height: 23px\"><span style=\"font-size: 10pt\">Moral Moral, Juan Antonio<\/span><\/td>\n<\/tr>\n<tr style=\"height: 23px\">\n<td style=\"width: 32.953619%;height: 23px;text-align: right\"><span style=\"font-size: 10pt\">2\u00ba ESO B<\/span><\/td>\n<td style=\"width: 149.54628%;height: 23px\"><span style=\"font-size: 10pt\">Guerrero Villalda, Raquel<\/span><\/td>\n<\/tr>\n<tr style=\"height: 23px\">\n<td style=\"width: 32.953619%;height: 23px;text-align: right\"><span style=\"font-size: 10pt\">2\u00ba ESO C<\/span><\/td>\n<td style=\"width: 149.54628%;height: 23px\"><span style=\"font-size: 10pt\">L\u00f3pez Bonilla, Pablo<\/span><\/td>\n<\/tr>\n<tr style=\"height: 23px\">\n<td style=\"width: 32.953619%;height: 23px;text-align: right\"><span style=\"font-size: 10pt\">3\u00ba ESO A<\/span><\/td>\n<td style=\"width: 149.54628%;height: 23px\"><span style=\"font-size: 10pt\">Mu\u00f1oz Aguilera, Alfredo<\/span><\/td>\n<\/tr>\n<tr style=\"height: 23px\">\n<td style=\"width: 32.953619%;height: 23px;text-align: right\"><span style=\"font-size: 10pt\">3\u00ba ESO B<\/span><\/td>\n<td style=\"width: 149.54628%;height: 23px\"><span style=\"font-size: 10pt\">Aquino Guerrero, Silvia<\/span><\/td>\n<\/tr>\n<tr style=\"height: 23px\">\n<td style=\"width: 32.953619%;height: 23px;text-align: right\"><span style=\"font-size: 10pt\">3\u00ba ESO C<\/span><\/td>\n<td style=\"width: 149.54628%;height: 23px\"><span style=\"font-size: 10pt\">Gonz\u00e1lez L\u00f3pez, Agust\u00edn<\/span><\/td>\n<\/tr>\n<tr style=\"height: 23px\">\n<td style=\"width: 32.953619%;height: 23px;text-align: right\"><span style=\"font-size: 10pt\">4\u00ba ESO A<\/span><\/td>\n<td style=\"width: 149.54628%;height: 23px\"><span style=\"font-size: 10pt\">Pedraza Serrano, Sergio<\/span><\/td>\n<\/tr>\n<tr style=\"height: 23px\">\n<td style=\"width: 32.953619%;height: 23px;text-align: right\"><span style=\"font-size: 10pt\">4\u00ba ESO B<\/span><\/td>\n<td style=\"width: 149.54628%;height: 23px\"><span style=\"font-size: 10pt\">Cano Carvajal, Rossana<\/span><\/td>\n<\/tr>\n<tr style=\"height: 23px\">\n<td style=\"width: 32.953619%;height: 23px;text-align: right\"><span style=\"font-size: 10pt\">4\u00ba ESO C<\/span><\/td>\n<td style=\"width: 149.54628%;height: 23px\"><span style=\"font-size: 10pt\">Joya Mart\u00edn, Adri\u00e1n<\/span><\/td>\n<\/tr>\n<\/tbody>\n<\/table>\n<p>&nbsp;<\/p>\n<p>[\/et_pb_accordion_item][\/et_pb_accordion][et_pb_accordion admin_label=&#8221;ESPA&#8221; _builder_version=&#8221;4.24.2&#8243; _module_preset=&#8221;default&#8221; custom_margin=&#8221;|-58px||||&#8221; link_option_url=&#8221;https:\/\/blogsaverroes.juntadeandalucia.es\/iesrioverdemarbella\/area-formacion-profesional\/&#8221; link_option_url_new_window=&#8221;on&#8221; hover_enabled=&#8221;0&#8243; global_colors_info=&#8221;{}&#8221; sticky_enabled=&#8221;0&#8243;][et_pb_accordion_item title=&#8221;TUTORES &#8211; Ense\u00f1anza Secundaria para Adultos | ESPA&#8221; open=&#8221;on&#8221; _builder_version=&#8221;4.24.2&#8243; _module_preset=&#8221;default&#8221; link_option_url=&#8221;https:\/\/blogsaverroes.juntadeandalucia.es\/iesrioverdemarbella\/area-formacion-profesional\/&#8221; hover_enabled=&#8221;0&#8243; global_colors_info=&#8221;{}&#8221; sticky_enabled=&#8221;0&#8243;]<\/p>\n<p>&nbsp;<\/p>\n<table style=\"border-collapse: collapse;width: 100%;height: 69px\">\n<tbody>\n<tr style=\"height: 23px\">\n<td style=\"width: 50%;text-align: right;height: 23px\">ESPA &nbsp;II PRES&nbsp;<\/td>\n<td style=\"width: 50%;height: 23px\">Cort\u00e9s Gal\u00e1n, Rosa<\/td>\n<\/tr>\n<tr style=\"height: 23px\">\n<td style=\"width: 50%;text-align: right;height: 23px\">ESPA &nbsp;I SEMI 1<\/td>\n<td style=\"width: 50%;height: 23px\">G\u00f3mez Ortega, Macarena<\/td>\n<\/tr>\n<tr style=\"height: 23px\">\n<td style=\"width: 50%;text-align: right;height: 23px\">ESPA II SEMI 2<\/td>\n<td style=\"width: 50%;height: 23px\">Recio Pastor, Ignacio<\/td>\n<\/tr>\n<\/tbody>\n<\/table>\n<p>[\/et_pb_accordion_item][\/et_pb_accordion][et_pb_accordion admin_label=&#8221;BTOPA&#8221; _builder_version=&#8221;4.24.2&#8243; _module_preset=&#8221;default&#8221; custom_margin=&#8221;|-58px||||&#8221; link_option_url=&#8221;https:\/\/blogsaverroes.juntadeandalucia.es\/iesrioverdemarbella\/area-formacion-profesional\/&#8221; link_option_url_new_window=&#8221;on&#8221; hover_enabled=&#8221;0&#8243; global_colors_info=&#8221;{}&#8221; sticky_enabled=&#8221;0&#8243;][et_pb_accordion_item title=&#8221;TUTORES &#8211; Bachillerato para Adultos | BTOPA&#8221; open=&#8221;on&#8221; _builder_version=&#8221;4.24.2&#8243; _module_preset=&#8221;default&#8221; link_option_url=&#8221;https:\/\/blogsaverroes.juntadeandalucia.es\/iesrioverdemarbella\/area-formacion-profesional\/&#8221; hover_enabled=&#8221;0&#8243; global_colors_info=&#8221;{}&#8221; sticky_enabled=&#8221;0&#8243;]<\/p>\n<p>&nbsp;<\/p>\n<table style=\"border-collapse: collapse;width: 100%;height: 138px\">\n<tbody>\n<tr style=\"height: 23px\">\n<td style=\"width: 53.975904%;height: 23px\">1\u00ba BTO E | Arte &#8211; Ciencias<\/td>\n<td style=\"width: 46.024096%;height: 23px\">Peir\u00f3 I Alcaide, Elvira<\/td>\n<\/tr>\n<tr style=\"height: 23px\">\n<td style=\"width: 53.975904%;height: 23px\">1\u00ba BTO F | Humanidades y Sociales<\/td>\n<td style=\"width: 46.024096%;height: 23px\">Salvador Ferrer, \u00c1ngel Antonio<\/td>\n<\/tr>\n<tr style=\"height: 23px\">\n<td style=\"width: 53.975904%;height: 23px\">1\u00ba BTO SEMI | Sociales<\/td>\n<td style=\"width: 46.024096%;height: 23px\">Jord\u00e1n Ortiz, Florentina<\/td>\n<\/tr>\n<tr style=\"height: 23px\">\n<td style=\"width: 53.975904%;height: 23px\">2\u00ba BTO E | Arte &#8211; Ciencias<\/td>\n<td style=\"width: 46.024096%;height: 23px\">Bellido \u00c1lvarez, Francisco Sales<\/td>\n<\/tr>\n<tr style=\"height: 23px\">\n<td style=\"width: 53.975904%;height: 23px\">2\u00ba BTO F | Humanidades y Sociales<\/td>\n<td style=\"width: 46.024096%;height: 23px\">Santos Talamino, M\u00aa Sagrario<\/td>\n<\/tr>\n<tr style=\"height: 23px\">\n<td style=\"width: 53.975904%;height: 23px\">2\u00ba BTO SEMI | Sociales<\/td>\n<td style=\"width: 46.024096%;height: 23px\">Morilla Guirado, Silvia<\/td>\n<\/tr>\n<\/tbody>\n<\/table>\n<p>[\/et_pb_accordion_item][\/et_pb_accordion][\/et_pb_column][et_pb_column type=&#8221;1_2&#8243; _builder_version=&#8221;4.24.2&#8243; _module_preset=&#8221;default&#8221; global_colors_info=&#8221;{}&#8221;][et_pb_accordion admin_label=&#8221;BTO&#8221; _builder_version=&#8221;4.24.2&#8243; _module_preset=&#8221;default&#8221; custom_margin=&#8221;|-58px||||&#8221; hover_enabled=&#8221;0&#8243; global_colors_info=&#8221;{}&#8221; sticky_enabled=&#8221;0&#8243;][et_pb_accordion_item title=&#8221;TUTORES &#8211; Bachillerato | BTO&#8221; open=&#8221;on&#8221; _builder_version=&#8221;4.24.2&#8243; _module_preset=&#8221;default&#8221; hover_enabled=&#8221;0&#8243; global_colors_info=&#8221;{}&#8221; sticky_enabled=&#8221;0&#8243;]<\/p>\n<p>&nbsp;<\/p>\n<table style=\"border-collapse: collapse;width: 100%;height: 230px\">\n<tbody>\n<tr style=\"height: 23px\">\n<td style=\"width: 35.212121%;height: 23px;text-align: right\">1\u00ba BTO A<\/td>\n<td style=\"width: 62.727273%;height: 23px\">S\u00e1nchez Hern\u00e1ndez, Inmaculada<\/td>\n<\/tr>\n<tr style=\"height: 23px\">\n<td style=\"width: 35.212121%;height: 23px;text-align: right\">1\u00ba BTO B<\/td>\n<td style=\"width: 62.727273%;height: 23px\">Garc\u00eda Garc\u00eda, Melibea<\/td>\n<\/tr>\n<tr style=\"height: 23px\">\n<td style=\"width: 35.212121%;height: 23px;text-align: right\">1\u00ba BTO C<\/td>\n<td style=\"width: 62.727273%;height: 23px\">Gonz\u00e1lez Garc\u00eda, M\u00aa del Mar<\/td>\n<\/tr>\n<tr style=\"height: 23px\">\n<td style=\"width: 35.212121%;height: 23px;text-align: right\">1\u00ba BTO D<\/td>\n<td style=\"width: 62.727273%;height: 23px\">Garc\u00eda Iranzo, Rosa M\u00aa<\/td>\n<\/tr>\n<tr style=\"height: 23px\">\n<td style=\"width: 35.212121%;height: 23px;text-align: right\">2\u00ba BTO A<\/td>\n<td style=\"width: 62.727273%;height: 23px\">Castro Portalo, Beatriz<\/td>\n<\/tr>\n<tr style=\"height: 23px\">\n<td style=\"width: 35.212121%;height: 23px;text-align: right\">2\u00ba BTO B<\/td>\n<td style=\"width: 62.727273%;height: 23px\">Ortega Amusco, Mar\u00eda<\/td>\n<\/tr>\n<tr style=\"height: 23px\">\n<td style=\"width: 35.212121%;height: 23px;text-align: right\">2\u00ba BTO C<\/td>\n<td style=\"width: 62.727273%;height: 23px\">Criado \u00c1lvarez, \u00c1ngela<\/td>\n<\/tr>\n<tr style=\"height: 23px\">\n<td style=\"width: 35.212121%;height: 23px;text-align: right\">2\u00ba BTO D<\/td>\n<td style=\"width: 62.727273%;height: 23px\">Florez Arranz, Manuel<\/td>\n<\/tr>\n<\/tbody>\n<\/table>\n<p>[\/et_pb_accordion_item][\/et_pb_accordion][et_pb_accordion admin_label=&#8221;FP diurno&#8221; _builder_version=&#8221;4.24.2&#8243; _module_preset=&#8221;default&#8221; custom_margin=&#8221;|-58px||||&#8221; hover_enabled=&#8221;0&#8243; global_colors_info=&#8221;{}&#8221; sticky_enabled=&#8221;0&#8243;][et_pb_accordion_item title=&#8221;TUTORES &#8211; Formaci\u00f3n Profesional | FP diurno&#8221; open=&#8221;on&#8221; _builder_version=&#8221;4.24.2&#8243; _module_preset=&#8221;default&#8221; hover_enabled=&#8221;0&#8243; global_colors_info=&#8221;{}&#8221; sticky_enabled=&#8221;0&#8243;]<\/p>\n<p>&nbsp;<\/p>\n<table style=\"border-collapse: collapse;width: 100%;height: 230px\">\n<tbody>\n<tr style=\"height: 23px\">\n<td style=\"width: 50%;height: 23px;text-align: right\">1\u00ba FPGB<\/td>\n<td style=\"width: 50%;height: 23px\">Le\u00f3n Gir\u00f3n, Pablo<\/td>\n<\/tr>\n<tr style=\"height: 23px\">\n<td style=\"width: 50%;height: 23px;text-align: right\">2\u00ba FPGB<\/td>\n<td style=\"width: 50%;height: 23px\">Montoro Jim\u00e9nez, Miguel \u00c1ngel<\/td>\n<\/tr>\n<tr style=\"height: 23px\">\n<td style=\"width: 50%;height: 23px;text-align: right\">1\u00ba GAM A<\/td>\n<td style=\"width: 50%;height: 23px\">L\u00f3pez S\u00e1nchez, Juan Jos\u00e9<\/td>\n<\/tr>\n<tr style=\"height: 23px\">\n<td style=\"width: 50%;height: 23px;text-align: right\">1\u00ba GAM B<\/td>\n<td style=\"width: 50%;height: 23px\">Maudy \u00c1lvarez, Carolina<\/td>\n<\/tr>\n<tr style=\"height: 23px\">\n<td style=\"width: 50%;height: 23px;text-align: right\">2\u00ba GAM A<\/td>\n<td style=\"width: 50%;height: 23px\">Carballo Sanju\u00e1n, M\u00aa Jes\u00fas<\/td>\n<\/tr>\n<tr style=\"height: 23px\">\n<td style=\"width: 50%;height: 23px;text-align: right\">2\u00ba GAM B<\/td>\n<td style=\"width: 50%;height: 23px\">Alarc\u00f3n Salado, Yolanda<\/td>\n<\/tr>\n<tr style=\"height: 23px\">\n<td style=\"width: 50%;height: 23px;text-align: right\">1\u00ba ADFI A<\/td>\n<td style=\"width: 50%;height: 23px\">Ubi\u00f1a Aznar, Ra\u00fal<\/td>\n<\/tr>\n<tr style=\"height: 23px\">\n<td style=\"width: 50%;height: 23px;text-align: right\">2\u00ba ADFI A<\/td>\n<td style=\"width: 50%;height: 23px\">Polo Polo, Alberto<\/td>\n<\/tr>\n<\/tbody>\n<\/table>\n<p>&nbsp;<\/p>\n<p>[\/et_pb_accordion_item][\/et_pb_accordion][et_pb_accordion admin_label=&#8221;FP nocturno&#8221; _builder_version=&#8221;4.24.2&#8243; _module_preset=&#8221;default&#8221; custom_margin=&#8221;|-58px||||&#8221; hover_enabled=&#8221;0&#8243; global_colors_info=&#8221;{}&#8221; sticky_enabled=&#8221;0&#8243;][et_pb_accordion_item title=&#8221;TUTORES &#8211; Formaci\u00f3n Profesional | FP nocturno&#8221; open=&#8221;on&#8221; _builder_version=&#8221;4.24.2&#8243; _module_preset=&#8221;default&#8221; hover_enabled=&#8221;0&#8243; global_colors_info=&#8221;{}&#8221; sticky_enabled=&#8221;0&#8243;]<\/p>\n<p>&nbsp;<\/p>\n<table style=\"border-collapse: collapse;width: 100%\">\n<tbody>\n<tr>\n<td style=\"width: 50%;text-align: right\">CURSO ACCESO | Ciclos GM<\/td>\n<td style=\"width: 50%\">Olmedo Bellido, Juan Pablo<\/td>\n<\/tr>\n<tr>\n<td style=\"width: 50%;text-align: right\">GAM | OMD 1<\/td>\n<td style=\"width: 50%\">Jurado Castillo, Francisco Javier<\/td>\n<\/tr>\n<tr>\n<td style=\"width: 50%;text-align: right\">GAM | OMD 2<\/td>\n<td style=\"width: 50%\">Oller Alonso, Mariana<\/td>\n<\/tr>\n<tr>\n<td style=\"width: 50%;text-align: right\">1\u00ba ADFI B<\/td>\n<td style=\"width: 50%\">Murcia Peco, Emilio<\/td>\n<\/tr>\n<tr>\n<td style=\"width: 50%;text-align: right\">2\u00ba ADFI B<\/td>\n<td style=\"width: 50%\">Villan\u00faa Ruiz, Jos\u00e9 Manuel<\/td>\n<\/tr>\n<tr>\n<td style=\"width: 50%;text-align: right\">1\u00ba ASIS<\/td>\n<td style=\"width: 50%\">Mart\u00ednez Serrano, Alfredo<\/td>\n<\/tr>\n<tr>\n<td style=\"width: 50%;text-align: right\">2\u00ba ASIS<\/td>\n<td style=\"width: 50%\">Dom\u00ednguez Ram\u00edrez, Juan Jes\u00fas<\/td>\n<\/tr>\n<\/tbody>\n<\/table>\n<p>[\/et_pb_accordion_item][\/et_pb_accordion][\/et_pb_column][\/et_pb_row][\/et_pb_section]<\/p>\n","protected":false},"excerpt":{"rendered":"<p>&nbsp; Dibujo M\u00fasica &nbsp; Biolog\u00eda y Geolog\u00eda Educaci\u00f3n F\u00edsica F\u00edsica y Qu\u00edmica Matem\u00e1ticas Tecnolog\u00eda e Inform\u00e1tica &nbsp; Econom\u00eda Filosof\u00eda Franc\u00e9s Geograf\u00eda e Historia Ingl\u00e9s Lat\u00edn y Griego Lengua y Literatura &nbsp; DACE DFEIE Orientaci\u00f3n Religi\u00f3n &nbsp; Administraci\u00f3n &nbsp; 1\u00ba ESO A Piju\u00e1n Puente, Cristina 1\u00ba ESO B Aguilera Bravo, Francisco, de As\u00eds 1\u00ba ESO C [&hellip;]<\/p>\n","protected":false},"author":20722,"featured_media":0,"parent":0,"menu_order":0,"comment_status":"closed","ping_status":"closed","template":"","meta":{"_et_pb_use_builder":"on","_et_pb_old_content":"","_et_gb_content_width":"","ngg_post_thumbnail":0,"footnotes":""},"aioseo_notices":[],"_links":{"self":[{"href":"https:\/\/blogsaverroes.juntadeandalucia.es\/iesrioverdemarbella\/wp-json\/wp\/v2\/pages\/1377"}],"collection":[{"href":"https:\/\/blogsaverroes.juntadeandalucia.es\/iesrioverdemarbella\/wp-json\/wp\/v2\/pages"}],"about":[{"href":"https:\/\/blogsaverroes.juntadeandalucia.es\/iesrioverdemarbella\/wp-json\/wp\/v2\/types\/page"}],"author":[{"embeddable":true,"href":"https:\/\/blogsaverroes.juntadeandalucia.es\/iesrioverdemarbella\/wp-json\/wp\/v2\/users\/20722"}],"replies":[{"embeddable":true,"href":"https:\/\/blogsaverroes.juntadeandalucia.es\/iesrioverdemarbella\/wp-json\/wp\/v2\/comments?post=1377"}],"version-history":[{"count":67,"href":"https:\/\/blogsaverroes.juntadeandalucia.es\/iesrioverdemarbella\/wp-json\/wp\/v2\/pages\/1377\/revisions"}],"predecessor-version":[{"id":3689,"href":"https:\/\/blogsaverroes.juntadeandalucia.es\/iesrioverdemarbella\/wp-json\/wp\/v2\/pages\/1377\/revisions\/3689"}],"wp:attachment":[{"href":"https:\/\/blogsaverroes.juntadeandalucia.es\/iesrioverdemarbella\/wp-json\/wp\/v2\/media?parent=1377"}],"curies":[{"name":"wp","href":"https:\/\/api.w.org\/{rel}","templated":true}]}}