{"id":2335,"date":"2025-03-18T20:44:31","date_gmt":"2025-03-18T19:44:31","guid":{"rendered":"https:\/\/blogsaverroes.juntadeandalucia.es\/iesrioverdemarbella\/?page_id=2335"},"modified":"2026-02-12T16:54:00","modified_gmt":"2026-02-12T15:54:00","slug":"consejo-escolar","status":"publish","type":"page","link":"https:\/\/blogsaverroes.juntadeandalucia.es\/iesrioverdemarbella\/consejo-escolar\/","title":{"rendered":"Consejo Escolar"},"content":{"rendered":"<table style=\"border-collapse: collapse;width: 82.50497%;height: 217px\">\n<tbody>\n<tr style=\"height: 23px\">\n<td style=\"width: 24.059936%;height: 23px\"><strong>Equipo Directivo<\/strong><\/td>\n<td style=\"width: 53.255934%;height: 23px\">Capel Tu\u00f1\u00f3n, Jes\u00fas (Director\/a)<br \/>\nBay\u00f3n Piedrabuena, Francisco (Jefe\/a Estudios Adultos)<br \/>\nAlfonso Hurtado, Mar\u00eda Jos\u00e9 (Jefe\/a de Estudios)<br \/>\nSanju\u00e1n Uriel, Raquel (Secretario\/a)<\/td>\n<td style=\"width: 8.563291%;height: 23px\">&nbsp;<\/td>\n<\/tr>\n<tr style=\"height: 23px\">\n<td style=\"width: 24.059936%;height: 23px\"><strong>Profesorado<\/strong><\/td>\n<td style=\"width: 53.255934%;height: 23px\">Agudo Delgado, Antonio Miguel<br \/>\nDe la Chica Cobo, Juli\u00e1n<br \/>\nFrancisco Camargo, Luis Manuel de<br \/>\nMill\u00e1n Urraca, Celia<br \/>\nReyes Mata, Elena<br \/>\nRodr\u00edguez Mata, Lydia Susana<br \/>\nSol\u00eds ., Marcelo Alberto<br \/>\nUbi\u00f1a Aznar, Ra\u00fal<br \/>\nUtiel Ram\u00edrez, Jos\u00e9 Ignacio<\/p>\n<p>Jurado Castillo, Francisco Javier<\/td>\n<td style=\"width: 8.563291%;height: 23px\">19\/12\/2024<\/td>\n<\/tr>\n<tr style=\"height: 23px\">\n<td style=\"width: 24.059936%;height: 23px\"><strong>Madres\/Padres\/Tutores<\/strong><\/td>\n<td style=\"width: 53.255934%;height: 23px\">Guti\u00e9rrez Mor\u00f3n, Mar\u00eda Jos\u00e9<br \/>\nUrbaneja Carrasco, Ana<\/td>\n<td style=\"width: 8.563291%;height: 23px\">19\/12\/2024<\/td>\n<\/tr>\n<tr style=\"height: 23px\">\n<td style=\"width: 24.059936%;height: 23px\"><strong>Alumnado<\/strong><\/td>\n<td style=\"width: 53.255934%;height: 23px\">Ad\u00e1n L\u00f3pez, Claudia<br \/>\nGarc\u00eda S\u00e1nchez, Jaime Artiom<br \/>\nLlamas Madrid, Mar\u00eda de la Luz<br \/>\nParrondo Almaz\u00e1n, Pablo<br \/>\nRestrepo Salazar, Luna<\/td>\n<td style=\"width: 8.563291%;height: 23px\">19\/12\/2024<\/td>\n<\/tr>\n<tr style=\"height: 10px\">\n<td style=\"width: 24.059936%;height: 10px\"><strong>Ayuntamiento<\/strong><\/td>\n<td style=\"width: 53.255934%;height: 10px\">D\u00edaz Garc\u00eda, Carmen (Concejal del Ayuntamiento)<\/td>\n<td style=\"width: 8.563291%;height: 10px\">19\/12\/2024<\/td>\n<\/tr>\n<\/tbody>\n<\/table>\n","protected":false},"excerpt":{"rendered":"<p>Equipo Directivo Capel Tu\u00f1\u00f3n, Jes\u00fas (Director\/a) Bay\u00f3n Piedrabuena, Francisco (Jefe\/a Estudios Adultos) Alfonso Hurtado, Mar\u00eda Jos\u00e9 (Jefe\/a de Estudios) Sanju\u00e1n Uriel, Raquel (Secretario\/a) &nbsp; Profesorado Agudo Delgado, Antonio Miguel De la Chica Cobo, Juli\u00e1n Francisco Camargo, Luis Manuel de Mill\u00e1n Urraca, Celia Reyes Mata, Elena Rodr\u00edguez Mata, Lydia Susana Sol\u00eds ., Marcelo Alberto Ubi\u00f1a Aznar, [&hellip;]<\/p>\n","protected":false},"author":20722,"featured_media":0,"parent":0,"menu_order":0,"comment_status":"closed","ping_status":"closed","template":"","meta":{"_et_pb_use_builder":"","_et_pb_old_content":"","_et_gb_content_width":"","ngg_post_thumbnail":0,"footnotes":""},"aioseo_notices":[],"_links":{"self":[{"href":"https:\/\/blogsaverroes.juntadeandalucia.es\/iesrioverdemarbella\/wp-json\/wp\/v2\/pages\/2335"}],"collection":[{"href":"https:\/\/blogsaverroes.juntadeandalucia.es\/iesrioverdemarbella\/wp-json\/wp\/v2\/pages"}],"about":[{"href":"https:\/\/blogsaverroes.juntadeandalucia.es\/iesrioverdemarbella\/wp-json\/wp\/v2\/types\/page"}],"author":[{"embeddable":true,"href":"https:\/\/blogsaverroes.juntadeandalucia.es\/iesrioverdemarbella\/wp-json\/wp\/v2\/users\/20722"}],"replies":[{"embeddable":true,"href":"https:\/\/blogsaverroes.juntadeandalucia.es\/iesrioverdemarbella\/wp-json\/wp\/v2\/comments?post=2335"}],"version-history":[{"count":14,"href":"https:\/\/blogsaverroes.juntadeandalucia.es\/iesrioverdemarbella\/wp-json\/wp\/v2\/pages\/2335\/revisions"}],"predecessor-version":[{"id":3800,"href":"https:\/\/blogsaverroes.juntadeandalucia.es\/iesrioverdemarbella\/wp-json\/wp\/v2\/pages\/2335\/revisions\/3800"}],"wp:attachment":[{"href":"https:\/\/blogsaverroes.juntadeandalucia.es\/iesrioverdemarbella\/wp-json\/wp\/v2\/media?parent=2335"}],"curies":[{"name":"wp","href":"https:\/\/api.w.org\/{rel}","templated":true}]}}