{"id":155,"date":"2025-07-01T07:49:21","date_gmt":"2025-07-01T07:49:21","guid":{"rendered":"http:\/\/blogsaverroes.juntadeandalucia.es\/pre\/ceip\/?page_id=155"},"modified":"2025-07-07T20:11:32","modified_gmt":"2025-07-07T20:11:32","slug":"ingles","status":"publish","type":"page","link":"https:\/\/blogsaverroes.juntadeandalucia.es\/iesroche\/ingles\/","title":{"rendered":"LENGUA Y LITERATURA"},"content":{"rendered":"<p><a href=\"https:\/\/blogsaverroes.juntadeandalucia.es\/iesroche\/files\/2025\/07\/LENGUA.png\"><img fetchpriority=\"high\" decoding=\"async\" class=\"alignnone wp-image-5153 aligncenter\" src=\"https:\/\/blogsaverroes.juntadeandalucia.es\/iesroche\/files\/2025\/07\/LENGUA-674x1024.png\" alt=\"\" width=\"251\" height=\"381\" srcset=\"https:\/\/blogsaverroes.juntadeandalucia.es\/iesroche\/files\/2025\/07\/LENGUA-674x1024.png 674w, https:\/\/blogsaverroes.juntadeandalucia.es\/iesroche\/files\/2025\/07\/LENGUA-197x300.png 197w, https:\/\/blogsaverroes.juntadeandalucia.es\/iesroche\/files\/2025\/07\/LENGUA-768x1167.png 768w, https:\/\/blogsaverroes.juntadeandalucia.es\/iesroche\/files\/2025\/07\/LENGUA-1010x1536.png 1010w, https:\/\/blogsaverroes.juntadeandalucia.es\/iesroche\/files\/2025\/07\/LENGUA.png 1021w\" sizes=\"(max-width: 251px) 100vw, 251px\" \/><\/a><\/p>\n<p style=\"text-align: justify\" data-start=\"359\" data-end=\"630\">El Departamento de Lengua Castellana y Literatura tiene como objetivo principal desarrollar en el alumnado las competencias necesarias para una comunicaci\u00f3n eficaz, \u00e9tica y consciente en lengua castellana, tanto en contextos orales como escritos, personales y acad\u00e9micos.<\/p>\n<p style=\"text-align: justify\" data-start=\"632\" data-end=\"1088\">La materia contribuye de manera fundamental al desarrollo integral del alumnado, fomentando el h\u00e1bito lector, la interpretaci\u00f3n cr\u00edtica de textos literarios, la reflexi\u00f3n sobre el funcionamiento del lenguaje y la apropiaci\u00f3n del patrimonio cultural. Se promueve el uso responsable y \u00e9tico del lenguaje como herramienta para la convivencia democr\u00e1tica, la resoluci\u00f3n dialogada de conflictos y la construcci\u00f3n de v\u00ednculos basados en el respeto y la igualdad.<\/p>\n<p style=\"text-align: justify\" data-start=\"1090\" data-end=\"1245\">A lo largo de la etapa de Educaci\u00f3n Secundaria Obligatoria, la ense\u00f1anza de la Lengua Castellana y Literatura se articula en torno a cuatro grandes ejes:<\/p>\n<ul style=\"text-align: justify\" data-start=\"1246\" data-end=\"1814\">\n<li data-start=\"1246\" data-end=\"1345\">\n<p data-start=\"1248\" data-end=\"1345\"><strong data-start=\"1248\" data-end=\"1279\">Las lenguas y sus hablantes<\/strong>, con especial atenci\u00f3n a la diversidad ling\u00fc\u00edstica y dialectal.<\/p>\n<\/li>\n<li data-start=\"1346\" data-end=\"1493\">\n<p data-start=\"1348\" data-end=\"1493\"><strong data-start=\"1348\" data-end=\"1367\">La comunicaci\u00f3n<\/strong>, que incluye la comprensi\u00f3n y producci\u00f3n de textos orales y escritos, as\u00ed como la alfabetizaci\u00f3n medi\u00e1tica e informacional.<\/p>\n<\/li>\n<li data-start=\"1494\" data-end=\"1625\">\n<p data-start=\"1496\" data-end=\"1625\"><strong data-start=\"1496\" data-end=\"1522\">La educaci\u00f3n literaria<\/strong>, que impulsa el gusto por la lectura, la interpretaci\u00f3n de obras relevantes y la escritura creativa.<\/p>\n<\/li>\n<li data-start=\"1626\" data-end=\"1814\">\n<p data-start=\"1628\" data-end=\"1814\"><strong data-start=\"1628\" data-end=\"1660\">La reflexi\u00f3n sobre la lengua<\/strong>, orientada a la construcci\u00f3n guiada del conocimiento ling\u00fc\u00edstico a trav\u00e9s del an\u00e1lisis, la formulaci\u00f3n de hip\u00f3tesis y el uso del metalenguaje espec\u00edfico.<\/p>\n<\/li>\n<\/ul>\n<p style=\"text-align: justify\" data-start=\"1816\" data-end=\"2175\">Las situaciones de aprendizaje se dise\u00f1an a partir de contextos significativos y actuales, en los que leer, escribir, hablar y escuchar se conciben como pr\u00e1cticas integradas y socialmente relevantes. La materia, en este sentido, contribuye a formar personas cultas, cr\u00edticas, informadas y comprometidas con los valores democr\u00e1ticos y el desarrollo sostenible.<\/p>\n<p style=\"text-align: justify\" data-start=\"2177\" data-end=\"2446\">Adem\u00e1s, se potencia la competencia digital y el uso de herramientas tecnol\u00f3gicas, as\u00ed como el enfoque interdisciplinar y el tratamiento integrado de las lenguas, aprovechando el valor de la <strong data-start=\"2367\" data-end=\"2389\">biblioteca escolar<\/strong> como centro de recursos y espacio de aprendizaje activo.<\/p>\n<p style=\"text-align: justify\" data-start=\"2448\" data-end=\"2691\">El Departamento apuesta por una ense\u00f1anza basada en tareas reales de comunicaci\u00f3n, que permiten al alumnado desenvolverse en una sociedad compleja y multiling\u00fce, ejercitar el pensamiento cr\u00edtico y desarrollar su autonom\u00eda personal y acad\u00e9mica.<\/p>\n","protected":false},"excerpt":{"rendered":"<p>El Departamento de Lengua Castellana y Literatura tiene como objetivo principal desarrollar en el alumnado las competencias necesarias para una comunicaci\u00f3n eficaz, \u00e9tica y consciente en lengua castellana, tanto en contextos orales como&#46;&#46;&#46;<\/p>\n","protected":false},"author":1,"featured_media":0,"parent":0,"menu_order":0,"comment_status":"open","ping_status":"open","template":"","meta":{"_exactmetrics_skip_tracking":false,"_exactmetrics_sitenote_active":false,"_exactmetrics_sitenote_note":"","_exactmetrics_sitenote_category":0,"ngg_post_thumbnail":0,"footnotes":"","_mc_calendar":[]},"aioseo_notices":[],"_links":{"self":[{"href":"https:\/\/blogsaverroes.juntadeandalucia.es\/iesroche\/wp-json\/wp\/v2\/pages\/155"}],"collection":[{"href":"https:\/\/blogsaverroes.juntadeandalucia.es\/iesroche\/wp-json\/wp\/v2\/pages"}],"about":[{"href":"https:\/\/blogsaverroes.juntadeandalucia.es\/iesroche\/wp-json\/wp\/v2\/types\/page"}],"author":[{"embeddable":true,"href":"https:\/\/blogsaverroes.juntadeandalucia.es\/iesroche\/wp-json\/wp\/v2\/users\/1"}],"replies":[{"embeddable":true,"href":"https:\/\/blogsaverroes.juntadeandalucia.es\/iesroche\/wp-json\/wp\/v2\/comments?post=155"}],"version-history":[{"count":5,"href":"https:\/\/blogsaverroes.juntadeandalucia.es\/iesroche\/wp-json\/wp\/v2\/pages\/155\/revisions"}],"predecessor-version":[{"id":5154,"href":"https:\/\/blogsaverroes.juntadeandalucia.es\/iesroche\/wp-json\/wp\/v2\/pages\/155\/revisions\/5154"}],"wp:attachment":[{"href":"https:\/\/blogsaverroes.juntadeandalucia.es\/iesroche\/wp-json\/wp\/v2\/media?parent=155"}],"curies":[{"name":"wp","href":"https:\/\/api.w.org\/{rel}","templated":true}]}}