{"id":2506,"date":"2025-07-01T07:27:22","date_gmt":"2025-07-01T06:27:22","guid":{"rendered":"https:\/\/blogsaverroes.juntadeandalucia.es\/iesrodrigocaro\/?page_id=2506"},"modified":"2025-12-27T11:55:10","modified_gmt":"2025-12-27T10:55:10","slug":"aula-caroateca","status":"publish","type":"page","link":"https:\/\/blogsaverroes.juntadeandalucia.es\/iesrodrigocaro\/aula-caroateca\/","title":{"rendered":"Aula CaroAteca"},"content":{"rendered":"<div class=\"inner_cuerpo\">\n<h1>\u00bfQue es un aula Ateca?<\/h1>\n<p style=\"text-align: justify\">La creaci\u00f3n de aulas de tecnolog\u00eda aplicada, denominadas como \u201c<strong>aula Ateca<\/strong>\u201d, en Formaci\u00f3n Profesional es una de las actuaciones de car\u00e1cter estrat\u00e9gico para la modernizaci\u00f3n del sistema de Formaci\u00f3n Profesional actual, con la incorporaci\u00f3n de la digitalizaci\u00f3n, la innovaci\u00f3n y el emprendimiento a las que se asigna un conjunto de recursos que se distribuye en el marco de cooperaci\u00f3n territorial para la formaci\u00f3n, el crecimiento econ\u00f3mico y social y la empleabilidad.<\/p>\n<p style=\"text-align: justify\">Son espacios destinados al alumnado de Formaci\u00f3n Profesional, en los que se pondr\u00e1n en pr\u00e1ctica las acciones encaminadas al desarrollo de las redes de aulas, desarrollo del aprendizaje activo y colaborativo, desarrollo del aprendizaje entre equipos intercentro, desarrollo de los retos compartidos, desarrollo de los repositorio de informaci\u00f3n, desarrollo de la sostenibilidad en el aula, desarrollo de los sistemas de reuni\u00f3n con la MR (realidad mixta) o VR (realidad virtual), y el desarrollo de la conectividad entre equipos.<\/p>\n<\/div>\n<h1>Nuestra aula &#8220;CaroAteca&#8221;<\/h1>\n<p style=\"text-align: justify\">Presentamos el proyecto llamado aula &#8220;CaroAteca&#8221; y en la resoluci\u00f3n de 3 de junio de 2025 de la Direcci\u00f3n General de Formaci\u00f3n Profesional y Educaci\u00f3n permanente, por la que se publican los listados definitivos de proyectos destinados a la conversi\u00f3n de aulas en espacios de tecnolog\u00eda aplicada (ATECA) para la Formaci\u00f3n Profesional para el curso 2024\/2025 (<a href=\"https:\/\/drive.google.com\/file\/d\/1v2OoPR_vGXw7R9QCGNlyGxbAZrQw3-Z2\/view?usp=drive_link\" target=\"_blank\" rel=\"noopener\">Link<\/a>), el proyecto fue aprobado.<\/p>\n<h1>Antes de la conversi\u00f3n<\/h1>\n<p>En las siguientes im\u00e1genes, podemos ver el estado de las aulas (aula 16 y aula 17) antes de la conversi\u00f3n a Aula CaroAteca.<\/p>\n<table style=\"border-collapse: collapse;width: 100%\">\n<tbody>\n<tr>\n<td style=\"width: 20%\"><a href=\"https:\/\/blogsaverroes.juntadeandalucia.es\/iesrodrigocaro\/files\/2025\/07\/WhatsApp-Image-2025-07-01-at-08.18.28.jpeg\"><img fetchpriority=\"high\" decoding=\"async\" class=\"aligncenter wp-image-2507 size-medium\" src=\"https:\/\/blogsaverroes.juntadeandalucia.es\/iesrodrigocaro\/files\/2025\/07\/WhatsApp-Image-2025-07-01-at-08.18.28-300x225.jpeg\" alt=\"\" width=\"300\" height=\"225\" srcset=\"https:\/\/blogsaverroes.juntadeandalucia.es\/iesrodrigocaro\/files\/2025\/07\/WhatsApp-Image-2025-07-01-at-08.18.28-300x225.jpeg 300w, https:\/\/blogsaverroes.juntadeandalucia.es\/iesrodrigocaro\/files\/2025\/07\/WhatsApp-Image-2025-07-01-at-08.18.28-1024x768.jpeg 1024w, https:\/\/blogsaverroes.juntadeandalucia.es\/iesrodrigocaro\/files\/2025\/07\/WhatsApp-Image-2025-07-01-at-08.18.28-768x576.jpeg 768w, https:\/\/blogsaverroes.juntadeandalucia.es\/iesrodrigocaro\/files\/2025\/07\/WhatsApp-Image-2025-07-01-at-08.18.28-1536x1152.jpeg 1536w, https:\/\/blogsaverroes.juntadeandalucia.es\/iesrodrigocaro\/files\/2025\/07\/WhatsApp-Image-2025-07-01-at-08.18.28.jpeg 2016w\" sizes=\"(max-width: 300px) 100vw, 300px\" \/><\/a><\/td>\n<td style=\"width: 20%\"><a href=\"https:\/\/blogsaverroes.juntadeandalucia.es\/iesrodrigocaro\/files\/2025\/07\/WhatsApp-Image-2025-07-01-at-08.18.281.jpeg\"><img decoding=\"async\" class=\"aligncenter wp-image-2508 size-medium\" src=\"https:\/\/blogsaverroes.juntadeandalucia.es\/iesrodrigocaro\/files\/2025\/07\/WhatsApp-Image-2025-07-01-at-08.18.281-225x300.jpeg\" alt=\"\" width=\"225\" height=\"300\" srcset=\"https:\/\/blogsaverroes.juntadeandalucia.es\/iesrodrigocaro\/files\/2025\/07\/WhatsApp-Image-2025-07-01-at-08.18.281-225x300.jpeg 225w, https:\/\/blogsaverroes.juntadeandalucia.es\/iesrodrigocaro\/files\/2025\/07\/WhatsApp-Image-2025-07-01-at-08.18.281-768x1024.jpeg 768w, https:\/\/blogsaverroes.juntadeandalucia.es\/iesrodrigocaro\/files\/2025\/07\/WhatsApp-Image-2025-07-01-at-08.18.281-1152x1536.jpeg 1152w, https:\/\/blogsaverroes.juntadeandalucia.es\/iesrodrigocaro\/files\/2025\/07\/WhatsApp-Image-2025-07-01-at-08.18.281.jpeg 1512w\" sizes=\"(max-width: 225px) 100vw, 225px\" \/><\/a><\/td>\n<td style=\"width: 20%\"><a href=\"https:\/\/blogsaverroes.juntadeandalucia.es\/iesrodrigocaro\/files\/2025\/07\/WhatsApp-Image-2025-07-01-at-08.18.282.jpeg\"><img decoding=\"async\" class=\"aligncenter size-medium wp-image-2509\" src=\"https:\/\/blogsaverroes.juntadeandalucia.es\/iesrodrigocaro\/files\/2025\/07\/WhatsApp-Image-2025-07-01-at-08.18.282-225x300.jpeg\" alt=\"\" width=\"225\" height=\"300\" srcset=\"https:\/\/blogsaverroes.juntadeandalucia.es\/iesrodrigocaro\/files\/2025\/07\/WhatsApp-Image-2025-07-01-at-08.18.282-225x300.jpeg 225w, https:\/\/blogsaverroes.juntadeandalucia.es\/iesrodrigocaro\/files\/2025\/07\/WhatsApp-Image-2025-07-01-at-08.18.282-768x1024.jpeg 768w, https:\/\/blogsaverroes.juntadeandalucia.es\/iesrodrigocaro\/files\/2025\/07\/WhatsApp-Image-2025-07-01-at-08.18.282-1152x1536.jpeg 1152w, https:\/\/blogsaverroes.juntadeandalucia.es\/iesrodrigocaro\/files\/2025\/07\/WhatsApp-Image-2025-07-01-at-08.18.282.jpeg 1512w\" sizes=\"(max-width: 225px) 100vw, 225px\" \/><\/a><\/td>\n<td style=\"width: 20%\"><a href=\"https:\/\/blogsaverroes.juntadeandalucia.es\/iesrodrigocaro\/files\/2025\/07\/WhatsApp-Image-2025-07-01-at-08.18.283.jpeg\"><img loading=\"lazy\" decoding=\"async\" class=\"aligncenter size-medium wp-image-2510\" src=\"https:\/\/blogsaverroes.juntadeandalucia.es\/iesrodrigocaro\/files\/2025\/07\/WhatsApp-Image-2025-07-01-at-08.18.283-225x300.jpeg\" alt=\"\" width=\"225\" height=\"300\" srcset=\"https:\/\/blogsaverroes.juntadeandalucia.es\/iesrodrigocaro\/files\/2025\/07\/WhatsApp-Image-2025-07-01-at-08.18.283-225x300.jpeg 225w, https:\/\/blogsaverroes.juntadeandalucia.es\/iesrodrigocaro\/files\/2025\/07\/WhatsApp-Image-2025-07-01-at-08.18.283-768x1024.jpeg 768w, https:\/\/blogsaverroes.juntadeandalucia.es\/iesrodrigocaro\/files\/2025\/07\/WhatsApp-Image-2025-07-01-at-08.18.283-1152x1536.jpeg 1152w, https:\/\/blogsaverroes.juntadeandalucia.es\/iesrodrigocaro\/files\/2025\/07\/WhatsApp-Image-2025-07-01-at-08.18.283.jpeg 1512w\" sizes=\"(max-width: 225px) 100vw, 225px\" \/><\/a><\/td>\n<td style=\"width: 20%\"><a href=\"https:\/\/blogsaverroes.juntadeandalucia.es\/iesrodrigocaro\/files\/2025\/07\/WhatsApp-Image-2025-07-01-at-08.18.29.jpeg\"><img loading=\"lazy\" decoding=\"async\" class=\"aligncenter size-medium wp-image-2511\" src=\"https:\/\/blogsaverroes.juntadeandalucia.es\/iesrodrigocaro\/files\/2025\/07\/WhatsApp-Image-2025-07-01-at-08.18.29-300x225.jpeg\" alt=\"\" width=\"300\" height=\"225\" srcset=\"https:\/\/blogsaverroes.juntadeandalucia.es\/iesrodrigocaro\/files\/2025\/07\/WhatsApp-Image-2025-07-01-at-08.18.29-300x225.jpeg 300w, https:\/\/blogsaverroes.juntadeandalucia.es\/iesrodrigocaro\/files\/2025\/07\/WhatsApp-Image-2025-07-01-at-08.18.29-1024x768.jpeg 1024w, https:\/\/blogsaverroes.juntadeandalucia.es\/iesrodrigocaro\/files\/2025\/07\/WhatsApp-Image-2025-07-01-at-08.18.29-768x576.jpeg 768w, https:\/\/blogsaverroes.juntadeandalucia.es\/iesrodrigocaro\/files\/2025\/07\/WhatsApp-Image-2025-07-01-at-08.18.29-1536x1152.jpeg 1536w, https:\/\/blogsaverroes.juntadeandalucia.es\/iesrodrigocaro\/files\/2025\/07\/WhatsApp-Image-2025-07-01-at-08.18.29.jpeg 2016w\" sizes=\"(max-width: 300px) 100vw, 300px\" \/><\/a><\/td>\n<\/tr>\n<tr>\n<td style=\"width: 20%\"><a href=\"https:\/\/blogsaverroes.juntadeandalucia.es\/iesrodrigocaro\/files\/2025\/07\/WhatsApp-Image-2025-07-01-at-08.18.291.jpeg\"><img loading=\"lazy\" decoding=\"async\" class=\"size-medium wp-image-2513 aligncenter\" src=\"https:\/\/blogsaverroes.juntadeandalucia.es\/iesrodrigocaro\/files\/2025\/07\/WhatsApp-Image-2025-07-01-at-08.18.291-300x225.jpeg\" alt=\"\" width=\"300\" height=\"225\" srcset=\"https:\/\/blogsaverroes.juntadeandalucia.es\/iesrodrigocaro\/files\/2025\/07\/WhatsApp-Image-2025-07-01-at-08.18.291-300x225.jpeg 300w, https:\/\/blogsaverroes.juntadeandalucia.es\/iesrodrigocaro\/files\/2025\/07\/WhatsApp-Image-2025-07-01-at-08.18.291-1024x768.jpeg 1024w, https:\/\/blogsaverroes.juntadeandalucia.es\/iesrodrigocaro\/files\/2025\/07\/WhatsApp-Image-2025-07-01-at-08.18.291-768x576.jpeg 768w, https:\/\/blogsaverroes.juntadeandalucia.es\/iesrodrigocaro\/files\/2025\/07\/WhatsApp-Image-2025-07-01-at-08.18.291-1536x1152.jpeg 1536w, https:\/\/blogsaverroes.juntadeandalucia.es\/iesrodrigocaro\/files\/2025\/07\/WhatsApp-Image-2025-07-01-at-08.18.291.jpeg 2016w\" sizes=\"(max-width: 300px) 100vw, 300px\" \/><\/a><\/td>\n<td style=\"width: 20%\"><a href=\"https:\/\/blogsaverroes.juntadeandalucia.es\/iesrodrigocaro\/files\/2025\/07\/WhatsApp-Image-2025-07-01-at-08.18.292.jpeg\"><img loading=\"lazy\" decoding=\"async\" class=\"aligncenter size-medium wp-image-2514\" src=\"https:\/\/blogsaverroes.juntadeandalucia.es\/iesrodrigocaro\/files\/2025\/07\/WhatsApp-Image-2025-07-01-at-08.18.292-300x225.jpeg\" alt=\"\" width=\"300\" height=\"225\" srcset=\"https:\/\/blogsaverroes.juntadeandalucia.es\/iesrodrigocaro\/files\/2025\/07\/WhatsApp-Image-2025-07-01-at-08.18.292-300x225.jpeg 300w, https:\/\/blogsaverroes.juntadeandalucia.es\/iesrodrigocaro\/files\/2025\/07\/WhatsApp-Image-2025-07-01-at-08.18.292-1024x768.jpeg 1024w, https:\/\/blogsaverroes.juntadeandalucia.es\/iesrodrigocaro\/files\/2025\/07\/WhatsApp-Image-2025-07-01-at-08.18.292-768x576.jpeg 768w, https:\/\/blogsaverroes.juntadeandalucia.es\/iesrodrigocaro\/files\/2025\/07\/WhatsApp-Image-2025-07-01-at-08.18.292-1536x1152.jpeg 1536w, https:\/\/blogsaverroes.juntadeandalucia.es\/iesrodrigocaro\/files\/2025\/07\/WhatsApp-Image-2025-07-01-at-08.18.292.jpeg 2016w\" sizes=\"(max-width: 300px) 100vw, 300px\" \/><\/a><\/td>\n<td style=\"width: 20%\"><a href=\"https:\/\/blogsaverroes.juntadeandalucia.es\/iesrodrigocaro\/files\/2025\/07\/WhatsApp-Image-2025-07-01-at-08.18.293.jpeg\"><img loading=\"lazy\" decoding=\"async\" class=\"aligncenter size-medium wp-image-2515\" src=\"https:\/\/blogsaverroes.juntadeandalucia.es\/iesrodrigocaro\/files\/2025\/07\/WhatsApp-Image-2025-07-01-at-08.18.293-225x300.jpeg\" alt=\"\" width=\"225\" height=\"300\" srcset=\"https:\/\/blogsaverroes.juntadeandalucia.es\/iesrodrigocaro\/files\/2025\/07\/WhatsApp-Image-2025-07-01-at-08.18.293-225x300.jpeg 225w, https:\/\/blogsaverroes.juntadeandalucia.es\/iesrodrigocaro\/files\/2025\/07\/WhatsApp-Image-2025-07-01-at-08.18.293-768x1024.jpeg 768w, https:\/\/blogsaverroes.juntadeandalucia.es\/iesrodrigocaro\/files\/2025\/07\/WhatsApp-Image-2025-07-01-at-08.18.293-1152x1536.jpeg 1152w, https:\/\/blogsaverroes.juntadeandalucia.es\/iesrodrigocaro\/files\/2025\/07\/WhatsApp-Image-2025-07-01-at-08.18.293.jpeg 1512w\" sizes=\"(max-width: 225px) 100vw, 225px\" \/><\/a><\/td>\n<td style=\"width: 20%\"><a href=\"https:\/\/blogsaverroes.juntadeandalucia.es\/iesrodrigocaro\/files\/2025\/07\/WhatsApp-Image-2025-07-01-at-08.18.30.jpeg\"><img loading=\"lazy\" decoding=\"async\" class=\"aligncenter size-medium wp-image-2516\" src=\"https:\/\/blogsaverroes.juntadeandalucia.es\/iesrodrigocaro\/files\/2025\/07\/WhatsApp-Image-2025-07-01-at-08.18.30-300x225.jpeg\" alt=\"\" width=\"300\" height=\"225\" srcset=\"https:\/\/blogsaverroes.juntadeandalucia.es\/iesrodrigocaro\/files\/2025\/07\/WhatsApp-Image-2025-07-01-at-08.18.30-300x225.jpeg 300w, https:\/\/blogsaverroes.juntadeandalucia.es\/iesrodrigocaro\/files\/2025\/07\/WhatsApp-Image-2025-07-01-at-08.18.30-1024x768.jpeg 1024w, https:\/\/blogsaverroes.juntadeandalucia.es\/iesrodrigocaro\/files\/2025\/07\/WhatsApp-Image-2025-07-01-at-08.18.30-768x576.jpeg 768w, https:\/\/blogsaverroes.juntadeandalucia.es\/iesrodrigocaro\/files\/2025\/07\/WhatsApp-Image-2025-07-01-at-08.18.30-1536x1152.jpeg 1536w, https:\/\/blogsaverroes.juntadeandalucia.es\/iesrodrigocaro\/files\/2025\/07\/WhatsApp-Image-2025-07-01-at-08.18.30.jpeg 2016w\" sizes=\"(max-width: 300px) 100vw, 300px\" \/><\/a><\/td>\n<td style=\"width: 20%\"><a href=\"https:\/\/blogsaverroes.juntadeandalucia.es\/iesrodrigocaro\/files\/2025\/07\/WhatsApp-Image-2025-07-01-at-08.18.301.jpeg\"><img loading=\"lazy\" decoding=\"async\" class=\"aligncenter size-medium wp-image-2517\" src=\"https:\/\/blogsaverroes.juntadeandalucia.es\/iesrodrigocaro\/files\/2025\/07\/WhatsApp-Image-2025-07-01-at-08.18.301-300x225.jpeg\" alt=\"\" width=\"300\" height=\"225\" srcset=\"https:\/\/blogsaverroes.juntadeandalucia.es\/iesrodrigocaro\/files\/2025\/07\/WhatsApp-Image-2025-07-01-at-08.18.301-300x225.jpeg 300w, https:\/\/blogsaverroes.juntadeandalucia.es\/iesrodrigocaro\/files\/2025\/07\/WhatsApp-Image-2025-07-01-at-08.18.301-1024x768.jpeg 1024w, https:\/\/blogsaverroes.juntadeandalucia.es\/iesrodrigocaro\/files\/2025\/07\/WhatsApp-Image-2025-07-01-at-08.18.301-768x576.jpeg 768w, https:\/\/blogsaverroes.juntadeandalucia.es\/iesrodrigocaro\/files\/2025\/07\/WhatsApp-Image-2025-07-01-at-08.18.301-1536x1152.jpeg 1536w, https:\/\/blogsaverroes.juntadeandalucia.es\/iesrodrigocaro\/files\/2025\/07\/WhatsApp-Image-2025-07-01-at-08.18.301.jpeg 1600w\" sizes=\"(max-width: 300px) 100vw, 300px\" \/><\/a><\/td>\n<\/tr>\n<\/tbody>\n<\/table>\n<h1>Despu\u00e9s de la conversi\u00f3n<\/h1>\n<p>En las siguientes im\u00e1genes, podemos ver el estado actual del aula CaroAteca (diciembre de 2025).<\/p>\n<table style=\"border-collapse: collapse;width: 100%\">\n<tbody>\n<tr>\n<td style=\"width: 20%\"><a href=\"https:\/\/blogsaverroes.juntadeandalucia.es\/iesrodrigocaro\/files\/2025\/12\/WhatsApp-Image-2025-12-21-at-16.06.162.jpeg\"><img loading=\"lazy\" decoding=\"async\" class=\"aligncenter size-medium wp-image-2650\" src=\"https:\/\/blogsaverroes.juntadeandalucia.es\/iesrodrigocaro\/files\/2025\/12\/WhatsApp-Image-2025-12-21-at-16.06.162-300x225.jpeg\" alt=\"\" width=\"300\" height=\"225\" srcset=\"https:\/\/blogsaverroes.juntadeandalucia.es\/iesrodrigocaro\/files\/2025\/12\/WhatsApp-Image-2025-12-21-at-16.06.162-300x225.jpeg 300w, https:\/\/blogsaverroes.juntadeandalucia.es\/iesrodrigocaro\/files\/2025\/12\/WhatsApp-Image-2025-12-21-at-16.06.162-1024x768.jpeg 1024w, https:\/\/blogsaverroes.juntadeandalucia.es\/iesrodrigocaro\/files\/2025\/12\/WhatsApp-Image-2025-12-21-at-16.06.162-768x576.jpeg 768w, https:\/\/blogsaverroes.juntadeandalucia.es\/iesrodrigocaro\/files\/2025\/12\/WhatsApp-Image-2025-12-21-at-16.06.162-1536x1152.jpeg 1536w, https:\/\/blogsaverroes.juntadeandalucia.es\/iesrodrigocaro\/files\/2025\/12\/WhatsApp-Image-2025-12-21-at-16.06.162.jpeg 2016w\" sizes=\"(max-width: 300px) 100vw, 300px\" \/><\/a><\/td>\n<td style=\"width: 20%\"><a href=\"https:\/\/blogsaverroes.juntadeandalucia.es\/iesrodrigocaro\/files\/2025\/12\/WhatsApp-Image-2025-12-21-at-16.32.341.jpeg\"><img loading=\"lazy\" decoding=\"async\" class=\"aligncenter size-medium wp-image-2663\" src=\"https:\/\/blogsaverroes.juntadeandalucia.es\/iesrodrigocaro\/files\/2025\/12\/WhatsApp-Image-2025-12-21-at-16.32.341-300x225.jpeg\" alt=\"\" width=\"300\" height=\"225\" srcset=\"https:\/\/blogsaverroes.juntadeandalucia.es\/iesrodrigocaro\/files\/2025\/12\/WhatsApp-Image-2025-12-21-at-16.32.341-300x225.jpeg 300w, https:\/\/blogsaverroes.juntadeandalucia.es\/iesrodrigocaro\/files\/2025\/12\/WhatsApp-Image-2025-12-21-at-16.32.341-1024x768.jpeg 1024w, https:\/\/blogsaverroes.juntadeandalucia.es\/iesrodrigocaro\/files\/2025\/12\/WhatsApp-Image-2025-12-21-at-16.32.341-768x576.jpeg 768w, https:\/\/blogsaverroes.juntadeandalucia.es\/iesrodrigocaro\/files\/2025\/12\/WhatsApp-Image-2025-12-21-at-16.32.341-1536x1152.jpeg 1536w, https:\/\/blogsaverroes.juntadeandalucia.es\/iesrodrigocaro\/files\/2025\/12\/WhatsApp-Image-2025-12-21-at-16.32.341.jpeg 2016w\" sizes=\"(max-width: 300px) 100vw, 300px\" \/><\/a><\/td>\n<td style=\"width: 20%\"><a href=\"https:\/\/blogsaverroes.juntadeandalucia.es\/iesrodrigocaro\/files\/2025\/12\/WhatsApp-Image-2025-12-21-at-16.20.441.jpeg\"><img loading=\"lazy\" decoding=\"async\" class=\"aligncenter size-medium wp-image-2662\" src=\"https:\/\/blogsaverroes.juntadeandalucia.es\/iesrodrigocaro\/files\/2025\/12\/WhatsApp-Image-2025-12-21-at-16.20.441-300x225.jpeg\" alt=\"\" width=\"300\" height=\"225\" srcset=\"https:\/\/blogsaverroes.juntadeandalucia.es\/iesrodrigocaro\/files\/2025\/12\/WhatsApp-Image-2025-12-21-at-16.20.441-300x225.jpeg 300w, https:\/\/blogsaverroes.juntadeandalucia.es\/iesrodrigocaro\/files\/2025\/12\/WhatsApp-Image-2025-12-21-at-16.20.441-1024x768.jpeg 1024w, https:\/\/blogsaverroes.juntadeandalucia.es\/iesrodrigocaro\/files\/2025\/12\/WhatsApp-Image-2025-12-21-at-16.20.441-768x576.jpeg 768w, https:\/\/blogsaverroes.juntadeandalucia.es\/iesrodrigocaro\/files\/2025\/12\/WhatsApp-Image-2025-12-21-at-16.20.441-1536x1152.jpeg 1536w, https:\/\/blogsaverroes.juntadeandalucia.es\/iesrodrigocaro\/files\/2025\/12\/WhatsApp-Image-2025-12-21-at-16.20.441.jpeg 2016w\" sizes=\"(max-width: 300px) 100vw, 300px\" \/><\/a><\/td>\n<td style=\"width: 20%\"><a href=\"https:\/\/blogsaverroes.juntadeandalucia.es\/iesrodrigocaro\/files\/2025\/12\/WhatsApp-Image-2025-12-21-at-16.20.27.jpeg\"><img loading=\"lazy\" decoding=\"async\" class=\"aligncenter size-medium wp-image-2661\" src=\"https:\/\/blogsaverroes.juntadeandalucia.es\/iesrodrigocaro\/files\/2025\/12\/WhatsApp-Image-2025-12-21-at-16.20.27-225x300.jpeg\" alt=\"\" width=\"225\" height=\"300\" srcset=\"https:\/\/blogsaverroes.juntadeandalucia.es\/iesrodrigocaro\/files\/2025\/12\/WhatsApp-Image-2025-12-21-at-16.20.27-225x300.jpeg 225w, https:\/\/blogsaverroes.juntadeandalucia.es\/iesrodrigocaro\/files\/2025\/12\/WhatsApp-Image-2025-12-21-at-16.20.27-768x1024.jpeg 768w, https:\/\/blogsaverroes.juntadeandalucia.es\/iesrodrigocaro\/files\/2025\/12\/WhatsApp-Image-2025-12-21-at-16.20.27-1152x1536.jpeg 1152w, https:\/\/blogsaverroes.juntadeandalucia.es\/iesrodrigocaro\/files\/2025\/12\/WhatsApp-Image-2025-12-21-at-16.20.27.jpeg 1512w\" sizes=\"(max-width: 225px) 100vw, 225px\" \/><\/a><\/td>\n<td style=\"width: 20%\"><a href=\"https:\/\/blogsaverroes.juntadeandalucia.es\/iesrodrigocaro\/files\/2025\/12\/WhatsApp-Image-2025-12-21-at-16.13.54.jpeg\"><img loading=\"lazy\" decoding=\"async\" class=\"aligncenter size-medium wp-image-2660\" src=\"https:\/\/blogsaverroes.juntadeandalucia.es\/iesrodrigocaro\/files\/2025\/12\/WhatsApp-Image-2025-12-21-at-16.13.54-225x300.jpeg\" alt=\"\" width=\"225\" height=\"300\" srcset=\"https:\/\/blogsaverroes.juntadeandalucia.es\/iesrodrigocaro\/files\/2025\/12\/WhatsApp-Image-2025-12-21-at-16.13.54-225x300.jpeg 225w, https:\/\/blogsaverroes.juntadeandalucia.es\/iesrodrigocaro\/files\/2025\/12\/WhatsApp-Image-2025-12-21-at-16.13.54-768x1024.jpeg 768w, https:\/\/blogsaverroes.juntadeandalucia.es\/iesrodrigocaro\/files\/2025\/12\/WhatsApp-Image-2025-12-21-at-16.13.54-1152x1536.jpeg 1152w, https:\/\/blogsaverroes.juntadeandalucia.es\/iesrodrigocaro\/files\/2025\/12\/WhatsApp-Image-2025-12-21-at-16.13.54.jpeg 1512w\" sizes=\"(max-width: 225px) 100vw, 225px\" \/><\/a><\/td>\n<\/tr>\n<tr>\n<td style=\"width: 20%\"><a href=\"https:\/\/blogsaverroes.juntadeandalucia.es\/iesrodrigocaro\/files\/2025\/12\/WhatsApp-Image-2025-12-21-at-16.06.16.jpeg\"><img loading=\"lazy\" decoding=\"async\" class=\"aligncenter size-medium wp-image-2659\" src=\"https:\/\/blogsaverroes.juntadeandalucia.es\/iesrodrigocaro\/files\/2025\/12\/WhatsApp-Image-2025-12-21-at-16.06.16-300x225.jpeg\" alt=\"\" width=\"300\" height=\"225\" srcset=\"https:\/\/blogsaverroes.juntadeandalucia.es\/iesrodrigocaro\/files\/2025\/12\/WhatsApp-Image-2025-12-21-at-16.06.16-300x225.jpeg 300w, https:\/\/blogsaverroes.juntadeandalucia.es\/iesrodrigocaro\/files\/2025\/12\/WhatsApp-Image-2025-12-21-at-16.06.16-1024x768.jpeg 1024w, https:\/\/blogsaverroes.juntadeandalucia.es\/iesrodrigocaro\/files\/2025\/12\/WhatsApp-Image-2025-12-21-at-16.06.16-768x576.jpeg 768w, https:\/\/blogsaverroes.juntadeandalucia.es\/iesrodrigocaro\/files\/2025\/12\/WhatsApp-Image-2025-12-21-at-16.06.16-1536x1152.jpeg 1536w, https:\/\/blogsaverroes.juntadeandalucia.es\/iesrodrigocaro\/files\/2025\/12\/WhatsApp-Image-2025-12-21-at-16.06.16.jpeg 2016w\" sizes=\"(max-width: 300px) 100vw, 300px\" \/><\/a><\/td>\n<td style=\"width: 20%\"><a href=\"https:\/\/blogsaverroes.juntadeandalucia.es\/iesrodrigocaro\/files\/2025\/12\/WhatsApp-Image-2025-12-21-at-16.05.491.jpeg\"><img loading=\"lazy\" decoding=\"async\" class=\"aligncenter size-medium wp-image-2657\" src=\"https:\/\/blogsaverroes.juntadeandalucia.es\/iesrodrigocaro\/files\/2025\/12\/WhatsApp-Image-2025-12-21-at-16.05.491-300x225.jpeg\" alt=\"\" width=\"300\" height=\"225\" srcset=\"https:\/\/blogsaverroes.juntadeandalucia.es\/iesrodrigocaro\/files\/2025\/12\/WhatsApp-Image-2025-12-21-at-16.05.491-300x225.jpeg 300w, https:\/\/blogsaverroes.juntadeandalucia.es\/iesrodrigocaro\/files\/2025\/12\/WhatsApp-Image-2025-12-21-at-16.05.491-1024x768.jpeg 1024w, https:\/\/blogsaverroes.juntadeandalucia.es\/iesrodrigocaro\/files\/2025\/12\/WhatsApp-Image-2025-12-21-at-16.05.491-768x576.jpeg 768w, https:\/\/blogsaverroes.juntadeandalucia.es\/iesrodrigocaro\/files\/2025\/12\/WhatsApp-Image-2025-12-21-at-16.05.491-1536x1152.jpeg 1536w, https:\/\/blogsaverroes.juntadeandalucia.es\/iesrodrigocaro\/files\/2025\/12\/WhatsApp-Image-2025-12-21-at-16.05.491.jpeg 2016w\" sizes=\"(max-width: 300px) 100vw, 300px\" \/><\/a><\/td>\n<td style=\"width: 20%\"><a href=\"https:\/\/blogsaverroes.juntadeandalucia.es\/iesrodrigocaro\/files\/2025\/12\/WhatsApp-Image-2025-12-21-at-16.06.15.jpeg\"><img loading=\"lazy\" decoding=\"async\" class=\"aligncenter size-medium wp-image-2656\" src=\"https:\/\/blogsaverroes.juntadeandalucia.es\/iesrodrigocaro\/files\/2025\/12\/WhatsApp-Image-2025-12-21-at-16.06.15-300x225.jpeg\" alt=\"\" width=\"300\" height=\"225\" srcset=\"https:\/\/blogsaverroes.juntadeandalucia.es\/iesrodrigocaro\/files\/2025\/12\/WhatsApp-Image-2025-12-21-at-16.06.15-300x225.jpeg 300w, https:\/\/blogsaverroes.juntadeandalucia.es\/iesrodrigocaro\/files\/2025\/12\/WhatsApp-Image-2025-12-21-at-16.06.15-1024x768.jpeg 1024w, https:\/\/blogsaverroes.juntadeandalucia.es\/iesrodrigocaro\/files\/2025\/12\/WhatsApp-Image-2025-12-21-at-16.06.15-768x576.jpeg 768w, https:\/\/blogsaverroes.juntadeandalucia.es\/iesrodrigocaro\/files\/2025\/12\/WhatsApp-Image-2025-12-21-at-16.06.15-1536x1152.jpeg 1536w, https:\/\/blogsaverroes.juntadeandalucia.es\/iesrodrigocaro\/files\/2025\/12\/WhatsApp-Image-2025-12-21-at-16.06.15.jpeg 2016w\" sizes=\"(max-width: 300px) 100vw, 300px\" \/><\/a><\/td>\n<td style=\"width: 20%\"><a href=\"https:\/\/blogsaverroes.juntadeandalucia.es\/iesrodrigocaro\/files\/2025\/12\/WhatsApp-Image-2025-12-21-at-16.06.1511.jpeg\"><img loading=\"lazy\" decoding=\"async\" class=\"aligncenter size-medium wp-image-2653\" src=\"https:\/\/blogsaverroes.juntadeandalucia.es\/iesrodrigocaro\/files\/2025\/12\/WhatsApp-Image-2025-12-21-at-16.06.1511-300x225.jpeg\" alt=\"\" width=\"300\" height=\"225\" srcset=\"https:\/\/blogsaverroes.juntadeandalucia.es\/iesrodrigocaro\/files\/2025\/12\/WhatsApp-Image-2025-12-21-at-16.06.1511-300x225.jpeg 300w, https:\/\/blogsaverroes.juntadeandalucia.es\/iesrodrigocaro\/files\/2025\/12\/WhatsApp-Image-2025-12-21-at-16.06.1511-1024x768.jpeg 1024w, https:\/\/blogsaverroes.juntadeandalucia.es\/iesrodrigocaro\/files\/2025\/12\/WhatsApp-Image-2025-12-21-at-16.06.1511-768x576.jpeg 768w, https:\/\/blogsaverroes.juntadeandalucia.es\/iesrodrigocaro\/files\/2025\/12\/WhatsApp-Image-2025-12-21-at-16.06.1511-1536x1152.jpeg 1536w, https:\/\/blogsaverroes.juntadeandalucia.es\/iesrodrigocaro\/files\/2025\/12\/WhatsApp-Image-2025-12-21-at-16.06.1511.jpeg 2016w\" sizes=\"(max-width: 300px) 100vw, 300px\" \/><\/a><\/td>\n<td style=\"width: 20%\"><a href=\"https:\/\/blogsaverroes.juntadeandalucia.es\/iesrodrigocaro\/files\/2025\/12\/WhatsApp-Image-2025-12-21-at-16.05.441.jpeg\"><img loading=\"lazy\" decoding=\"async\" class=\"aligncenter size-medium wp-image-2664\" src=\"https:\/\/blogsaverroes.juntadeandalucia.es\/iesrodrigocaro\/files\/2025\/12\/WhatsApp-Image-2025-12-21-at-16.05.441-300x225.jpeg\" alt=\"\" width=\"300\" height=\"225\" srcset=\"https:\/\/blogsaverroes.juntadeandalucia.es\/iesrodrigocaro\/files\/2025\/12\/WhatsApp-Image-2025-12-21-at-16.05.441-300x225.jpeg 300w, https:\/\/blogsaverroes.juntadeandalucia.es\/iesrodrigocaro\/files\/2025\/12\/WhatsApp-Image-2025-12-21-at-16.05.441-1024x768.jpeg 1024w, https:\/\/blogsaverroes.juntadeandalucia.es\/iesrodrigocaro\/files\/2025\/12\/WhatsApp-Image-2025-12-21-at-16.05.441-768x576.jpeg 768w, https:\/\/blogsaverroes.juntadeandalucia.es\/iesrodrigocaro\/files\/2025\/12\/WhatsApp-Image-2025-12-21-at-16.05.441-1536x1152.jpeg 1536w, https:\/\/blogsaverroes.juntadeandalucia.es\/iesrodrigocaro\/files\/2025\/12\/WhatsApp-Image-2025-12-21-at-16.05.441.jpeg 2016w\" sizes=\"(max-width: 300px) 100vw, 300px\" \/><\/a><\/td>\n<\/tr>\n<\/tbody>\n<\/table>\n<h3 data-start=\"313\" data-end=\"375\"><strong data-start=\"313\" data-end=\"375\">Empresas colaboradoras en la adecuaci\u00f3n del Aula CaroAteca<\/strong><\/h3>\n<p data-start=\"377\" data-end=\"625\">La transformaci\u00f3n del Aula CaroAteca ha sido posible gracias al trabajo y la colaboraci\u00f3n de distintas empresas especializadas, que han participado activamente en la ejecuci\u00f3n de la obra y en la dotaci\u00f3n de elementos clave del espacio. En concreto:<\/p>\n<ul>\n<li data-start=\"627\" data-end=\"749\">\n<p data-start=\"629\" data-end=\"749\">La <strong data-start=\"632\" data-end=\"689\">empresa encargada de la obra y adecuaci\u00f3n del espacio<\/strong>, responsable de la reforma y mejora estructural del aula: <strong>Romygal Reformas S.L<\/strong><\/p>\n<\/li>\n<li data-start=\"750\" data-end=\"913\">\n<p data-start=\"752\" data-end=\"913\">La <strong data-start=\"755\" data-end=\"828\">empresa encargada del dise\u00f1o e instalaci\u00f3n de los vinilos decorativos<\/strong>, que ha contribuido a crear un entorno moderno, funcional y visualmente atractivo: <strong>Bozeto Creativo S.L<\/strong><\/p>\n<\/li>\n<li data-start=\"914\" data-end=\"1105\">\n<p data-start=\"916\" data-end=\"1105\">La <strong data-start=\"919\" data-end=\"989\">empresa responsable del tabique m\u00f3vil<\/strong>, elemento fundamental para dotar al aula de mayor versatilidad y adaptabilidad a distintas metodolog\u00edas de trabajo:&nbsp;<strong>Modulaciones Del Sur&nbsp;S.L.<\/strong><\/p>\n<\/li>\n<li>La <strong>empresa responsable del suministro de los componentes tecnol\u00f3gicos e instalaci\u00f3n de la red cableada: Tevoluci\u00f3n Soluciones Digitales S.L.<\/strong><\/li>\n<\/ul>\n<ul data-start=\"627\" data-end=\"1105\">\n<li data-start=\"914\" data-end=\"1105\">La <strong>empresa responsable del suministro del mobiliario y dise\u00f1o del aula:Techmakers Espa\u00f1a S.L.<\/strong><\/li>\n<\/ul>\n<p data-start=\"1107\" data-end=\"1217\">Su profesionalidad y compromiso han sido esenciales para hacer realidad este proyecto de innovaci\u00f3n educativa.<\/p>\n","protected":false},"excerpt":{"rendered":"<p>\u00bfQue es un aula Ateca? La creaci\u00f3n de aulas de tecnolog\u00eda aplicada, denominadas como \u201caula Ateca\u201d, en Formaci\u00f3n Profesional es una de las actuaciones de car\u00e1cter estrat\u00e9gico para la modernizaci\u00f3n del sistema de Formaci\u00f3n&#46;&#46;&#46;<\/p>\n","protected":false},"author":13259,"featured_media":0,"parent":0,"menu_order":0,"comment_status":"closed","ping_status":"closed","template":"","meta":{"ngg_post_thumbnail":0,"footnotes":""},"aioseo_notices":[],"_links":{"self":[{"href":"https:\/\/blogsaverroes.juntadeandalucia.es\/iesrodrigocaro\/wp-json\/wp\/v2\/pages\/2506"}],"collection":[{"href":"https:\/\/blogsaverroes.juntadeandalucia.es\/iesrodrigocaro\/wp-json\/wp\/v2\/pages"}],"about":[{"href":"https:\/\/blogsaverroes.juntadeandalucia.es\/iesrodrigocaro\/wp-json\/wp\/v2\/types\/page"}],"author":[{"embeddable":true,"href":"https:\/\/blogsaverroes.juntadeandalucia.es\/iesrodrigocaro\/wp-json\/wp\/v2\/users\/13259"}],"replies":[{"embeddable":true,"href":"https:\/\/blogsaverroes.juntadeandalucia.es\/iesrodrigocaro\/wp-json\/wp\/v2\/comments?post=2506"}],"version-history":[{"count":4,"href":"https:\/\/blogsaverroes.juntadeandalucia.es\/iesrodrigocaro\/wp-json\/wp\/v2\/pages\/2506\/revisions"}],"predecessor-version":[{"id":2672,"href":"https:\/\/blogsaverroes.juntadeandalucia.es\/iesrodrigocaro\/wp-json\/wp\/v2\/pages\/2506\/revisions\/2672"}],"wp:attachment":[{"href":"https:\/\/blogsaverroes.juntadeandalucia.es\/iesrodrigocaro\/wp-json\/wp\/v2\/media?parent=2506"}],"curies":[{"name":"wp","href":"https:\/\/api.w.org\/{rel}","templated":true}]}}