{"id":908,"date":"2023-01-21T08:49:06","date_gmt":"2023-01-21T07:49:06","guid":{"rendered":"https:\/\/blogsaverroes.juntadeandalucia.es\/iesrodrigocaro\/?page_id=908"},"modified":"2023-01-21T08:49:06","modified_gmt":"2023-01-21T07:49:06","slug":"becas-y-ayudas","status":"publish","type":"page","link":"https:\/\/blogsaverroes.juntadeandalucia.es\/iesrodrigocaro\/becas-y-ayudas\/","title":{"rendered":"Becas y ayudas"},"content":{"rendered":"<h1>Becas y ayudas<\/h1>\n<ul style=\"list-style-type: square\">\n<li><a href=\"https:\/\/www.juntadeandalucia.es\/educacion\/portals\/web\/becas-y-ayudas\">PORTAL WEB OFICIAL DE BECAS Y AYUDAS de la Consejer\u00eda de Educaci\u00f3n de la Junta de Andaluc\u00eda<\/a><\/li>\n<li><a href=\"https:\/\/www.juntadeandalucia.es\/educacion\/becasweb\/consultawebbecas\/\">Consulta personalizada de becas y ayudas<\/a>. Consejer\u00eda de Educaci\u00f3n de la Junta de Andaluc\u00eda.<\/li>\n<li><a href=\"https:\/\/www.educacionyfp.gob.es\/servicios-al-ciudadano\/catalogo\/estudiantes\/becas-ayudas.html\">Informaci\u00f3n sobre becas, ayudas subvenciones y premios que otorga el Ministerio de Educaci\u00f3n<\/a>, para estudiantes, profesorado, investigaci\u00f3n y titulados\/as, para centros docentes y entidades, a la movilidad de formaci\u00f3n, actividades extraescolares, premios, avisos y consultas.<\/li>\n<li>Buscador de becas, <a href=\"https:\/\/www.becas.com\/\">becas.com<\/a><\/li>\n<\/ul>\n<p>&nbsp;<\/p>\n<p>&nbsp;<\/p>\n","protected":false},"excerpt":{"rendered":"<p>Becas y ayudas PORTAL WEB OFICIAL DE BECAS Y AYUDAS de la Consejer\u00eda de Educaci\u00f3n de la Junta de Andaluc\u00eda Consulta personalizada de becas y ayudas. Consejer\u00eda de Educaci\u00f3n de la Junta de Andaluc\u00eda.&#46;&#46;&#46;<\/p>\n","protected":false},"author":13259,"featured_media":0,"parent":0,"menu_order":0,"comment_status":"closed","ping_status":"closed","template":"","meta":{"ngg_post_thumbnail":0,"footnotes":""},"aioseo_notices":[],"_links":{"self":[{"href":"https:\/\/blogsaverroes.juntadeandalucia.es\/iesrodrigocaro\/wp-json\/wp\/v2\/pages\/908"}],"collection":[{"href":"https:\/\/blogsaverroes.juntadeandalucia.es\/iesrodrigocaro\/wp-json\/wp\/v2\/pages"}],"about":[{"href":"https:\/\/blogsaverroes.juntadeandalucia.es\/iesrodrigocaro\/wp-json\/wp\/v2\/types\/page"}],"author":[{"embeddable":true,"href":"https:\/\/blogsaverroes.juntadeandalucia.es\/iesrodrigocaro\/wp-json\/wp\/v2\/users\/13259"}],"replies":[{"embeddable":true,"href":"https:\/\/blogsaverroes.juntadeandalucia.es\/iesrodrigocaro\/wp-json\/wp\/v2\/comments?post=908"}],"version-history":[{"count":1,"href":"https:\/\/blogsaverroes.juntadeandalucia.es\/iesrodrigocaro\/wp-json\/wp\/v2\/pages\/908\/revisions"}],"predecessor-version":[{"id":909,"href":"https:\/\/blogsaverroes.juntadeandalucia.es\/iesrodrigocaro\/wp-json\/wp\/v2\/pages\/908\/revisions\/909"}],"wp:attachment":[{"href":"https:\/\/blogsaverroes.juntadeandalucia.es\/iesrodrigocaro\/wp-json\/wp\/v2\/media?parent=908"}],"curies":[{"name":"wp","href":"https:\/\/api.w.org\/{rel}","templated":true}]}}