{"id":906,"date":"2022-01-27T01:40:10","date_gmt":"2022-01-27T00:40:10","guid":{"rendered":"https:\/\/blogsaverroes.juntadeandalucia.es\/iesrreyes\/?page_id=906"},"modified":"2022-05-02T23:40:45","modified_gmt":"2022-05-02T22:40:45","slug":"4o-eso-aplicadas","status":"publish","type":"page","link":"https:\/\/blogsaverroes.juntadeandalucia.es\/iesrreyes\/4o-eso-aplicadas\/","title":{"rendered":"4\u00ba ESO aplicadas"},"content":{"rendered":"<table style=\"height: 710px;width: 102.655%;border-style: solid;border-color: #000000\" width=\"102.655%\">\n<tbody>\n<tr style=\"height: 28px\">\n<td style=\"border-style: solid;width: 762px;border-color: #000000;background-color: #b0d4bc;height: 28px;text-align: center\" colspan=\"3\" width=\"762\"><span style=\"font-size: 14pt\"><b>HORARIO LECTIVO 4\u00ba DE ESO ENSE\u00d1ANZAS APLICADAS (Orden 15 de enero de 2021)<\/b><\/span><\/td>\n<\/tr>\n<tr style=\"height: 48px\">\n<td style=\"height: 48px;border-style: solid;border-color: #000000;background-color: #bddbc7\"><b>BLOQUES DE ASIGNATURAS<\/b><\/td>\n<td style=\"height: 48px;border-style: solid;border-color: #000000;background-color: #bddbc7\"><b>4.\u00ba ESO<\/b><\/td>\n<td style=\"height: 48px;border-style: solid;border-color: #000000;background-color: #bddbc7\" width=\"80\"><b>SESIONES LECTIVAS<\/b><\/td>\n<\/tr>\n<tr style=\"height: 24px\">\n<td style=\"border-style: solid;border-color: #000000;background-color: #cae3d3;height: 96px\" rowspan=\"4\"><b>TRONCALES GENERALES<\/b><\/td>\n<td style=\"height: 24px\">Geograf\u00eda e Historia<\/td>\n<td style=\"height: 24px\">3<\/td>\n<\/tr>\n<tr style=\"height: 24px\">\n<td style=\"height: 24px\" rowspan=\"2\">Lengua Castellana y Literatura (Posibilidad de agrupar en un \u00e1mbito)<br \/>\nPrimera Lengua Extranjera (Posibilidad de agrupar en un \u00e1mbito)<\/td>\n<td style=\"height: 24px\">3<\/td>\n<\/tr>\n<tr style=\"height: 24px\">\n<td style=\"height: 24px\">4<\/td>\n<\/tr>\n<tr style=\"height: 24px\">\n<td style=\"height: 24px\">Matem\u00e1ticas Orientadas a las Ense\u00f1anzas Aplicadas<\/td>\n<td style=\"height: 24px\">4<\/td>\n<\/tr>\n<tr style=\"height: 24px\">\n<td style=\"height: 96px;border-style: solid;border-color: #000000;background-color: #d7eade\" rowspan=\"3\"><b>TRONCALES DE OPCI\u00d3N (Elegir 2)<\/b><\/td>\n<td style=\"height: 24px\">Ciencias Aplicadas a la Actividad Profesional<\/td>\n<td style=\"height: 24px\">3<\/td>\n<\/tr>\n<tr style=\"height: 24px\">\n<td style=\"height: 24px\">Iniciaci\u00f3n a la Actividad Emprendedora y Empresarial<\/td>\n<td style=\"height: 24px\">3<\/td>\n<\/tr>\n<tr style=\"height: 24px\">\n<td style=\"height: 24px\">Tecnolog\u00eda<\/td>\n<td style=\"height: 24px\">3<\/td>\n<\/tr>\n<tr style=\"height: 24px\">\n<td style=\"height: 58px;border-style: solid;width: 319px;border-color: #000000;background-color: #e4f1e9\" rowspan=\"2\" width=\"319\"><b>ESPEC\u00cdFICAS OBLIGATORIAS<\/b><\/td>\n<td style=\"height: 10px\">Educaci\u00f3n F\u00edsica<\/td>\n<td style=\"height: 10px\">2<\/td>\n<\/tr>\n<tr style=\"height: 48px\">\n<td style=\"height: 48px\">Religi\u00f3n \/ Valores \u00c9ticos<\/td>\n<td style=\"height: 48px\">1<\/td>\n<\/tr>\n<tr style=\"height: 24px\">\n<td style=\"border-style: solid;border-color: #000000;background-color: #f2f8f4;height: 336px\" rowspan=\"13\"><b><br \/>\n<\/b><b>ESPEC\u00cdFICAS DE OPCI\u00d3N &#8211; LIBRE CONFIGURACI\u00d3N AUTON\u00d3MICA (Elegir 2)<\/b><br \/>\n<b><br \/>\n<\/b><\/td>\n<td style=\"height: 24px\">Artes Esc\u00e9nicas y Danza<\/td>\n<td style=\"height: 24px\">3<\/td>\n<\/tr>\n<tr style=\"height: 48px\">\n<td style=\"height: 48px\">Cultura Cient\u00edfica<\/td>\n<td style=\"height: 48px\">3<\/td>\n<\/tr>\n<tr style=\"height: 24px\">\n<td style=\"height: 24px\">Cultura Cl\u00e1sica<\/td>\n<td style=\"height: 24px\">3<\/td>\n<\/tr>\n<tr style=\"height: 24px\">\n<td style=\"height: 24px\">Educaci\u00f3n Pl\u00e1stica, Visual y Audiovisual<\/td>\n<td style=\"height: 24px\">3<\/td>\n<\/tr>\n<tr style=\"height: 24px\">\n<td style=\"height: 24px\">Filosof\u00eda<\/td>\n<td style=\"height: 24px\">3<\/td>\n<\/tr>\n<tr style=\"height: 24px\">\n<td style=\"height: 24px\">M\u00fasica<\/td>\n<td style=\"height: 24px\">3<\/td>\n<\/tr>\n<tr style=\"height: 24px\">\n<td style=\"height: 24px\">Segunda Lengua Extranjera<\/td>\n<td style=\"height: 24px\">3<\/td>\n<\/tr>\n<tr style=\"height: 24px\">\n<td style=\"height: 24px\">Tecnolog\u00edas de la Informaci\u00f3n y la Comunicaci\u00f3n<\/td>\n<td style=\"height: 24px\">3<\/td>\n<\/tr>\n<tr style=\"height: 24px\">\n<td style=\"height: 24px\">Materia troncal no cursada<\/td>\n<td style=\"height: 24px\">3<\/td>\n<\/tr>\n<tr style=\"height: 24px\">\n<td style=\"height: 24px\">Tecnolog\u00eda<\/td>\n<td style=\"height: 24px\">3<\/td>\n<\/tr>\n<tr style=\"height: 24px\">\n<td style=\"height: 24px\">Aprendizaje Social y Emocional<\/td>\n<td style=\"height: 24px\">3<\/td>\n<\/tr>\n<tr style=\"height: 24px\">\n<td style=\"height: 24px\">Programa de refuerzo de materias troncales generales<\/td>\n<td style=\"height: 24px\">3<\/td>\n<\/tr>\n<tr style=\"height: 24px\">\n<td style=\"height: 24px\">Materia de Dise\u00f1o propio<\/td>\n<td style=\"height: 24px\">3<\/td>\n<\/tr>\n<tr style=\"height: 24px\">\n<td style=\"height: 24px;border-style: solid;border-color: #000000;background-color: #ffffff\"><b>TUTOR\u00cdA<\/b><\/td>\n<td style=\"height: 24px\">&nbsp;<\/td>\n<td style=\"height: 24px\">1<\/td>\n<\/tr>\n<tr style=\"height: 24px\">\n<td style=\"height: 24px;border-style: solid;border-color: #000000;background-color: #f9ecc8\"><b>TOTAL SESIONES LECTIVAS<\/b><\/td>\n<td style=\"height: 24px\">&nbsp;<\/td>\n<td style=\"height: 24px\">30<\/td>\n<\/tr>\n<\/tbody>\n<\/table>\n","protected":false},"excerpt":{"rendered":"<p>HORARIO LECTIVO 4\u00ba DE ESO ENSE\u00d1ANZAS APLICADAS (Orden 15 de enero de 2021) BLOQUES DE ASIGNATURAS&#46;&#46;&#46;<\/p>\n","protected":false},"author":12593,"featured_media":0,"parent":0,"menu_order":0,"comment_status":"closed","ping_status":"closed","template":"page-templates\/child-menu.php","meta":{"ngg_post_thumbnail":0,"footnotes":""},"aioseo_notices":[],"_links":{"self":[{"href":"https:\/\/blogsaverroes.juntadeandalucia.es\/iesrreyes\/wp-json\/wp\/v2\/pages\/906"}],"collection":[{"href":"https:\/\/blogsaverroes.juntadeandalucia.es\/iesrreyes\/wp-json\/wp\/v2\/pages"}],"about":[{"href":"https:\/\/blogsaverroes.juntadeandalucia.es\/iesrreyes\/wp-json\/wp\/v2\/types\/page"}],"author":[{"embeddable":true,"href":"https:\/\/blogsaverroes.juntadeandalucia.es\/iesrreyes\/wp-json\/wp\/v2\/users\/12593"}],"replies":[{"embeddable":true,"href":"https:\/\/blogsaverroes.juntadeandalucia.es\/iesrreyes\/wp-json\/wp\/v2\/comments?post=906"}],"version-history":[{"count":8,"href":"https:\/\/blogsaverroes.juntadeandalucia.es\/iesrreyes\/wp-json\/wp\/v2\/pages\/906\/revisions"}],"predecessor-version":[{"id":1332,"href":"https:\/\/blogsaverroes.juntadeandalucia.es\/iesrreyes\/wp-json\/wp\/v2\/pages\/906\/revisions\/1332"}],"wp:attachment":[{"href":"https:\/\/blogsaverroes.juntadeandalucia.es\/iesrreyes\/wp-json\/wp\/v2\/media?parent=906"}],"curies":[{"name":"wp","href":"https:\/\/api.w.org\/{rel}","templated":true}]}}