{"id":147,"date":"2015-03-17T07:46:52","date_gmt":"2015-03-17T07:46:52","guid":{"rendered":"http:\/\/blogsaverroes.juntadeandalucia.es\/pre\/ceip\/?page_id=147"},"modified":"2025-11-18T18:32:23","modified_gmt":"2025-11-18T18:32:23","slug":"fol-economia","status":"publish","type":"page","link":"https:\/\/blogsaverroes.juntadeandalucia.es\/iessalvadorserrano\/fol-economia\/","title":{"rendered":"FOL &#8211; Econom\u00eda"},"content":{"rendered":"<table style=\"height: 73px;width: 97.31%;border-color: #000000\" border=\"1\">\n<tbody>\n<tr style=\"height: 22.2px\">\n<td style=\"width: 68.431%;height: 41px;border-color: #000000\" colspan=\"2\">\n<p style=\"text-align: center\">23000246.fol-eco@g.educaand.es<\/p>\n<\/td>\n<td style=\"width: 49.1754%;height: 41px;background-color: #d8ecf2;border-color: #000000\"><strong>Puesto o Especialidad<\/strong><\/td>\n<\/tr>\n<tr style=\"height: 22px\">\n<td style=\"width: 32.8922%;height: 22px;vertical-align: middle;background-color: #d8ecf2;border-color: #000000\"><strong>Jefatura de Departamento<\/strong><\/td>\n<td style=\"width: 35.5388%;border-color: #000000;height: 22px\" width=\"240\">Lydia Hornos Li\u00e9bana<\/td>\n<td style=\"width: 49.1754%\" width=\"225\">Econom\u00eda P.E.S.<\/td>\n<\/tr>\n<tr style=\"height: 22px\">\n<td style=\"width: 32.8922%;height: 10px;vertical-align: middle;background-color: #d8ecf2;border-color: #000000\"><strong>Componentes<\/strong><\/td>\n<td style=\"width: 35.5388%;border-color: #000000;height: 10px\" width=\"240\">M\u00aa Soledad Gonz\u00e1lez Garc\u00eda<\/td>\n<td style=\"width: 49.1754%;border-color: #000000;height: 10px\" width=\"225\">Formaci\u00f3n y Orientaci\u00f3n Laboral P.E.S.<\/td>\n<\/tr>\n<\/tbody>\n<\/table>\n<p style=\"text-align: center\"><a class=\"button\" href=\"https:\/\/blogsaverroes.juntadeandalucia.es\/iessalvadorserrano\/programaciones-fol-economia\/\"><strong>ENLACE A LAS PROGRAMACIONES DEL DEPARTAMENTO<\/strong><\/a><\/p>\n<table style=\"height: 114px;width: 98.9357%\" border=\"1\">\n<tbody>\n<tr style=\"height: 30px\">\n<td style=\"width: 100%;height: 30px;background-color: #4e609c\"><span style=\"color: white\"><strong>Criterios de Evaluaci\u00f3n Econom\u00eda<\/strong><\/span><\/td>\n<\/tr>\n<tr style=\"height: 39px\">\n<td style=\"width: 100%;height: 18px\"><a href=\"https:\/\/blogsaverroes.juntadeandalucia.es\/iessalvadorserrano\/files\/2023\/11\/Criterios-de-evaluaci\u00f3n-Econom\u00eda-y-emprendimiento-4\u00ba-de-la-ESO.pdf\"><img loading=\"lazy\" decoding=\"async\" class=\"size-full wp-image-2952 alignleft\" src=\"https:\/\/blogsaverroes.juntadeandalucia.es\/iessalvadorserrano\/files\/2017\/05\/criteval-e1510486355221.jpg\" alt=\"\" width=\"40\" height=\"23\"><\/a><a href=\"https:\/\/blogsaverroes.juntadeandalucia.es\/iessalvadorserrano\/files\/2023\/11\/Criterios-de-evaluaci\u00f3n-Econom\u00eda-y-emprendimiento-4\u00ba-de-la-ESO.pdf\">Econom\u00eda y Emprendimiento 4\u00ba ESO<\/a><\/td>\n<\/tr>\n<tr style=\"height: 22px\">\n<td style=\"width: 100%;height: 22px\"><a href=\"https:\/\/blogsaverroes.juntadeandalucia.es\/iessalvadorserrano\/files\/2023\/11\/Criterios-de-evaluaci\u00f3n-FOPP-4\u00ba-de-la-ESO.pdf\"><img loading=\"lazy\" decoding=\"async\" class=\"size-full wp-image-2952 alignleft\" src=\"https:\/\/blogsaverroes.juntadeandalucia.es\/iessalvadorserrano\/files\/2017\/05\/criteval-e1510486355221.jpg\" alt=\"\" width=\"40\" height=\"23\"><\/a><a href=\"https:\/\/blogsaverroes.juntadeandalucia.es\/iessalvadorserrano\/files\/2023\/11\/Criterios-de-evaluaci\u00f3n-FOPP-4\u00ba-de-la-ESO.pdf\">Formaci\u00f3n y Orientaci\u00f3n Personal y Profesional 4\u00ba ESO<\/a><\/td>\n<\/tr>\n<tr style=\"height: 22px\">\n<td style=\"width: 100%;height: 22px\"><a href=\"https:\/\/blogsaverroes.juntadeandalucia.es\/iessalvadorserrano\/files\/2023\/11\/Criterios-evaluaci\u00f3n-Econom\u00eda-1\u00ba-bach.pdf\"><img loading=\"lazy\" decoding=\"async\" class=\"size-full wp-image-2952 alignleft\" src=\"https:\/\/blogsaverroes.juntadeandalucia.es\/iessalvadorserrano\/files\/2017\/05\/criteval-e1510486355221.jpg\" alt=\"\" width=\"40\" height=\"23\"><\/a><a href=\"https:\/\/blogsaverroes.juntadeandalucia.es\/iessalvadorserrano\/files\/2023\/11\/Criterios-evaluaci\u00f3n-Econom\u00eda-1\u00ba-bach.pdf\">Econom\u00eda 1\u00ba Bachillerato<\/a><\/td>\n<\/tr>\n<tr style=\"height: 22px\">\n<td style=\"width: 100%;height: 22px\"><a href=\"https:\/\/blogsaverroes.juntadeandalucia.es\/iessalvadorserrano\/files\/2023\/11\/Criterios-Empresa-y-Modelos-de-Negocios-2\u00ba-de-bachillerato.pdf\"><img loading=\"lazy\" decoding=\"async\" class=\"size-full wp-image-2952 alignleft\" src=\"https:\/\/blogsaverroes.juntadeandalucia.es\/iessalvadorserrano\/files\/2017\/05\/criteval-e1510486355221.jpg\" alt=\"\" width=\"40\" height=\"23\"><\/a><a href=\"https:\/\/blogsaverroes.juntadeandalucia.es\/iessalvadorserrano\/files\/2023\/11\/Criterios-Empresa-y-Modelos-de-Negocios-2\u00ba-de-bachillerato.pdf\">Empresa y Modelo de Negocios 2\u00ba Bachillerato<\/a><\/td>\n<\/tr>\n<\/tbody>\n<\/table>\n<table style=\"height: 207px;width: 98.8763%\" border=\"1\">\n<tbody>\n<tr style=\"height: 30px\">\n<td style=\"height: 30px;background-color: #4e609c\"><span style=\"color: white\"><strong>Programaciones Especialidad de Formaci\u00f3n y Orientaci\u00f3n Laboral (pendiente de actualizaci\u00f3n)<\/strong><\/span><\/td>\n<\/tr>\n<tr style=\"height: 22.9333px\">\n<td style=\"height: 22px\"><a href=\"https:\/\/blogsaverroes.juntadeandalucia.es\/iessalvadorserrano\/files\/2025\/02\/PD_IPE-I_1o-CFGS_ARI.pdf\"><img loading=\"lazy\" decoding=\"async\" class=\"alignleft\" src=\"https:\/\/blogsaverroes.juntadeandalucia.es\/iessalvadorserrano\/files\/2015\/03\/PDFd.jpg\" alt=\"\" width=\"52\" height=\"28\" align=\"bottom\"><\/a><a href=\"https:\/\/blogsaverroes.juntadeandalucia.es\/iessalvadorserrano\/files\/2025\/02\/PD_IPE-I_1o-CFGS_ARI.pdf\">PD Itinerario para la Empleabilidad I (IPE) 1\u00ba CFGS ARI<\/a><\/td>\n<\/tr>\n<tr style=\"height: 22.9333px\">\n<td style=\"height: 22px\"><a href=\"https:\/\/blogsaverroes.juntadeandalucia.es\/iessalvadorserrano\/files\/2025\/02\/PD_IPE-I_1o-CFGM_IEA.pdf\"><img loading=\"lazy\" decoding=\"async\" class=\"alignleft\" src=\"https:\/\/blogsaverroes.juntadeandalucia.es\/iessalvadorserrano\/files\/2015\/03\/PDFd.jpg\" alt=\"\" width=\"52\" height=\"28\" align=\"bottom\"><\/a><a href=\"https:\/\/blogsaverroes.juntadeandalucia.es\/iessalvadorserrano\/files\/2025\/02\/PD_IPE-I_1o-CFGM_IEA.pdf\">PD Itinerario para la Empleabilidad I (IPE) 1\u00ba CFGM IEA<\/a><\/td>\n<\/tr>\n<tr style=\"height: 22.9333px\">\n<td style=\"height: 22px\"><a href=\"https:\/\/blogsaverroes.juntadeandalucia.es\/iessalvadorserrano\/files\/2025\/02\/PD_IPE-I_1o-CFGS_AF.pdf\"><img loading=\"lazy\" decoding=\"async\" class=\"alignleft\" src=\"https:\/\/blogsaverroes.juntadeandalucia.es\/iessalvadorserrano\/files\/2015\/03\/PDFd.jpg\" alt=\"\" width=\"52\" height=\"28\" align=\"bottom\"><\/a><a href=\"https:\/\/blogsaverroes.juntadeandalucia.es\/iessalvadorserrano\/files\/2025\/02\/PD_IPE-I_1o-CFGS_AF.pdf\">PD Itinerario para la Empleabilidad I (IPE) 1\u00ba CFGS AF<\/a><\/td>\n<\/tr>\n<tr style=\"height: 22.9333px\">\n<td style=\"height: 22px\"><a href=\"https:\/\/blogsaverroes.juntadeandalucia.es\/iessalvadorserrano\/files\/2025\/02\/PD_IPE-I_1o-CFGM_GA.pdf\"><img loading=\"lazy\" decoding=\"async\" class=\"alignleft\" src=\"https:\/\/blogsaverroes.juntadeandalucia.es\/iessalvadorserrano\/files\/2015\/03\/PDFd.jpg\" alt=\"\" width=\"52\" height=\"28\" align=\"bottom\"><\/a><a href=\"https:\/\/blogsaverroes.juntadeandalucia.es\/iessalvadorserrano\/files\/2025\/02\/PD_IPE-I_1o-CFGM_GA.pdf\">PD Itinerario para la Empleabilidad I (IPE) 1\u00ba CFGM GAD<\/a><\/td>\n<\/tr>\n<tr style=\"height: 37px\">\n<td style=\"height: 37px\"><a href=\"https:\/\/blogsaverroes.juntadeandalucia.es\/iessalvadorserrano\/files\/2025\/02\/PD_IPE_1o-CFGB.pdf\"><img loading=\"lazy\" decoding=\"async\" class=\"alignleft\" src=\"https:\/\/blogsaverroes.juntadeandalucia.es\/iessalvadorserrano\/files\/2015\/03\/PDFd.jpg\" alt=\"\" width=\"52\" height=\"28\" align=\"bottom\"><\/a><a href=\"https:\/\/blogsaverroes.juntadeandalucia.es\/iessalvadorserrano\/files\/2025\/02\/PD_IPE_1o-CFGB.pdf\">PD Itinerario para la Empleabilidad I (IPE) 1\u00ba CFDGB Servicios Administrativos<\/a><\/td>\n<\/tr>\n<tr style=\"height: 22.9333px\">\n<td style=\"height: 22px\"><a href=\"https:\/\/blogsaverroes.juntadeandalucia.es\/iessalvadorserrano\/files\/2024\/11\/PD_2o-CFGM_IEA_EIE.pdf\"><img loading=\"lazy\" decoding=\"async\" class=\"alignleft\" src=\"https:\/\/blogsaverroes.juntadeandalucia.es\/iessalvadorserrano\/files\/2015\/03\/PDFd.jpg\" alt=\"\" width=\"52\" height=\"28\" align=\"bottom\"><\/a><a href=\"https:\/\/blogsaverroes.juntadeandalucia.es\/iessalvadorserrano\/files\/2024\/11\/PD_2o-CFGM_IEA_EIE.pdf\"> PD Empresa e Iniciativa Emprendedora (EIE) 2\u00ba CFGM IEA<\/a><\/td>\n<\/tr>\n<tr>\n<td><a href=\"https:\/\/blogsaverroes.juntadeandalucia.es\/iessalvadorserrano\/files\/2024\/11\/PD_2o-CFGS_ARI_EIE.pdf\"><img loading=\"lazy\" decoding=\"async\" class=\"alignleft\" src=\"https:\/\/blogsaverroes.juntadeandalucia.es\/iessalvadorserrano\/files\/2015\/03\/PDFd.jpg\" alt=\"\" width=\"52\" height=\"28\" align=\"bottom\"><\/a><a href=\"https:\/\/blogsaverroes.juntadeandalucia.es\/iessalvadorserrano\/files\/2024\/11\/PD_2o-CFGS_ARI_EIE.pdf\"> PD Empresa e Iniciativa Emprendedora (EIE) 2\u00ba CFGS ARI<\/a><\/td>\n<\/tr>\n<\/tbody>\n<\/table>\n<p>&nbsp;<\/p>\n<h4 align=\"justify\"><strong>El departamento de Formaci\u00f3n y Orientaci\u00f3n Laboral y Econom\u00eda est\u00e1 integrado por estas 2 especialidades y vinculado a los siguientes m\u00f3dulos y materias:<\/strong><\/h4>\n<ul>\n<li>\n<p align=\"justify\"><strong>Especialidad de Formaci\u00f3n y Orientaci\u00f3n Laboral.<\/strong> Tiene competencia sobre los m\u00f3dulos de:<\/p>\n<ul>\n<li>\n<p align=\"justify\">Itinerario para la Empleabilidad \u2013 I.P.E \u2013 (FPB);<\/p>\n<\/li>\n<li>\n<p align=\"justify\">Itinerario para la Empleabilidad I \u2013 IPE I \u2013 (CFGM \/ CFGS);<\/p>\n<\/li>\n<li>\n<p align=\"justify\">Empresa e Iniciativa Emprendedora (CFGM \/ CFGS);<\/p>\n<\/li>\n<li>\n<p align=\"justify\">Digitalizaci\u00f3n y Sostenibilidad (CFGM \/ CFGS).<\/p>\n<\/li>\n<\/ul>\n<\/li>\n<\/ul>\n<p align=\"justify\">&nbsp;&nbsp;&nbsp;&nbsp;&nbsp; El desarrollo de estos m\u00f3dulos, dentro de la Formaci\u00f3n Profesional, est\u00e1 vinculado a la adquisici\u00f3n de competencias profesionales para la Empleabilidad, que van a permitir al alumnado una inserci\u00f3n profesional satisfactoria a medio y corto plazo.<\/p>\n<p align=\"justify\">&nbsp;&nbsp;&nbsp;&nbsp;&nbsp; La especialidad de Formaci\u00f3n y Orientaci\u00f3n Laboral difunde recursos, pr\u00e1cticas de aula y materiales a trav\u00e9s del perfil de Instagram del Jefe de Departamento: <a href=\"https:\/\/www.instagram.com\/laespecialidad105\/?hl=es\">La Especialidad 105<\/a>.<\/p>\n<ul>\n<li>\n<p align=\"justify\"><strong>Especialidad de Econom\u00eda.<\/strong> Tiene competencia sobre las siguientes materias:<\/p>\n<ul>\n<li>\n<p align=\"justify\"><a href=\"https:\/\/educagob.educacionfpydeportes.gob.es\/curriculo\/curriculo-lomloe\/menu-curriculos-basicos\/ed-secundaria-obligatoria\/materias\/form-opp\/desarrollo.html\">Formaci\u00f3n y Orientaci\u00f3n Personal y Profesional<\/a> \u2013 F.O.P.P \u2013 (E.S.O);<\/p>\n<\/li>\n<li>\n<p align=\"justify\"><a href=\"https:\/\/educagob.educacionfpydeportes.gob.es\/curriculo\/curriculo-lomloe\/menu-curriculos-basicos\/ed-secundaria-obligatoria\/materias\/economia-empr\/desarrollo.html\">Econom\u00eda y Emprendimiento<\/a> (E.S.O);<\/p>\n<\/li>\n<li>\n<p align=\"justify\"><a href=\"https:\/\/educagob.educacionfpydeportes.gob.es\/curriculo\/curriculo-lomloe\/menu-curriculos-basicos\/bachillerato\/materias\/economia\/desarrollo.html\">Econom\u00eda<\/a> (1\u00ba Bachillerato);<\/p>\n<\/li>\n<li>\n<p align=\"justify\"><a href=\"https:\/\/educagob.educacionfpydeportes.gob.es\/curriculo\/curriculo-lomloe\/menu-curriculos-basicos\/bachillerato\/materias\/empresa-diseno-modelos\/desarrollo.html\">Empresa y Dise\u00f1o de Modelo de Negocios<\/a> (2\u00ba Bachillerato).<\/p>\n<\/li>\n<\/ul>\n<\/li>\n<\/ul>\n<p align=\"justify\">&nbsp;&nbsp;&nbsp;&nbsp;&nbsp;&nbsp;&nbsp;&nbsp; Las materias vinculadas a la Econom\u00eda en la Educaci\u00f3n Secundaria y Bachillerato desempe\u00f1an un papel fundamental en la formaci\u00f3n integral del alumnado. Adem\u00e1s proporcionan conocimientos sobre el sistema econ\u00f3mico, la empresa y el emprendimiento y fomentan competencias clave para el an\u00e1lisis cr\u00edtico y la toma de decisiones responsables en los \u00e1mbitos personal, acad\u00e9mico y profesional.<\/p>\n<p align=\"justify\">&nbsp;&nbsp;&nbsp;&nbsp;&nbsp;&nbsp;&nbsp;&nbsp; De esta forma el alumnado del I.E.S. Salvador Serrano no s\u00f3lo adquiere una base t\u00e9cnica en econom\u00eda, sino que tambi\u00e9n desarrollan una visi\u00f3n cr\u00edtica y reflexiva sobre el entorno socioecon\u00f3mico, la globalizaci\u00f3n y la transformaci\u00f3n digital, permiti\u00e9ndoles afrontar los desaf\u00edos del futuro con iniciativa y criterio propio.<\/p>\n<p><img loading=\"lazy\" decoding=\"async\" class=\"size-medium wp-image-2035 aligncenter\" src=\"https:\/\/blogsaverroes.juntadeandalucia.es\/iessalvadorserrano\/files\/2015\/03\/economia-300x212.jpg\" alt=\"economia\" width=\"300\" height=\"212\" srcset=\"https:\/\/blogsaverroes.juntadeandalucia.es\/iessalvadorserrano\/files\/2015\/03\/economia-300x212.jpg 300w, https:\/\/blogsaverroes.juntadeandalucia.es\/iessalvadorserrano\/files\/2015\/03\/economia.jpg 640w\" sizes=\"(max-width: 300px) 100vw, 300px\" \/><\/p>\n","protected":false},"excerpt":{"rendered":"<p>23000246.fol-eco@g.educaand.es Puesto o Especialidad Jefatura de Departamento Lydia Hornos Li\u00e9bana Econom\u00eda P.E.S. Componentes M\u00aa Soledad Gonz\u00e1lez Garc\u00eda Formaci\u00f3n y Orientaci\u00f3n Laboral P.E.S. ENLACE A LAS&hellip;<\/p>\n","protected":false},"author":1,"featured_media":0,"parent":0,"menu_order":0,"comment_status":"closed","ping_status":"open","template":"","meta":{"ngg_post_thumbnail":0,"footnotes":"","_mc_calendar":[]},"aioseo_notices":[],"_links":{"self":[{"href":"https:\/\/blogsaverroes.juntadeandalucia.es\/iessalvadorserrano\/wp-json\/wp\/v2\/pages\/147"}],"collection":[{"href":"https:\/\/blogsaverroes.juntadeandalucia.es\/iessalvadorserrano\/wp-json\/wp\/v2\/pages"}],"about":[{"href":"https:\/\/blogsaverroes.juntadeandalucia.es\/iessalvadorserrano\/wp-json\/wp\/v2\/types\/page"}],"author":[{"embeddable":true,"href":"https:\/\/blogsaverroes.juntadeandalucia.es\/iessalvadorserrano\/wp-json\/wp\/v2\/users\/1"}],"replies":[{"embeddable":true,"href":"https:\/\/blogsaverroes.juntadeandalucia.es\/iessalvadorserrano\/wp-json\/wp\/v2\/comments?post=147"}],"version-history":[{"count":84,"href":"https:\/\/blogsaverroes.juntadeandalucia.es\/iessalvadorserrano\/wp-json\/wp\/v2\/pages\/147\/revisions"}],"predecessor-version":[{"id":14247,"href":"https:\/\/blogsaverroes.juntadeandalucia.es\/iessalvadorserrano\/wp-json\/wp\/v2\/pages\/147\/revisions\/14247"}],"wp:attachment":[{"href":"https:\/\/blogsaverroes.juntadeandalucia.es\/iessalvadorserrano\/wp-json\/wp\/v2\/media?parent=147"}],"curies":[{"name":"wp","href":"https:\/\/api.w.org\/{rel}","templated":true}]}}