{"id":153,"date":"2015-03-17T07:48:56","date_gmt":"2015-03-17T07:48:56","guid":{"rendered":"http:\/\/blogsaverroes.juntadeandalucia.es\/pre\/ceip\/?page_id=153"},"modified":"2025-11-16T18:18:55","modified_gmt":"2025-11-16T18:18:55","slug":"geografia-e-historia","status":"publish","type":"page","link":"https:\/\/blogsaverroes.juntadeandalucia.es\/iessalvadorserrano\/geografia-e-historia\/","title":{"rendered":"Geograf\u00eda e Historia"},"content":{"rendered":"<table style=\"height: 410px;width: 95.3361%;border-color: #000000\" border=\"1\">\n<tbody>\n<tr style=\"height: 24px\">\n<td style=\"width: 60.5393%;height: 45px;border-color: #000000;text-align: center\" colspan=\"2\">23000246.geh@g.educaand.es<\/td>\n<td style=\"background-color: #d8ecf2;width: 60.67%;height: 45px;border-color: #000000\"><strong>Puesto o Especialidad<\/strong><\/td>\n<\/tr>\n<tr style=\"height: 65px\">\n<td style=\"width: 24.8509%;vertical-align: middle;background-color: #d8ecf2;height: 24px;border-color: #000000\"><strong>Jefatura de Departamento<\/strong><\/td>\n<td style=\"width: 35.6884%;height: 24px;border-color: #000000\" width=\"235\">Encarnaci\u00f3n Carmona Aguilar<\/td>\n<td style=\"width: 60.67%;height: 24px;border-color: #000000\" width=\"328\">Geograf\u00eda e Historia P.E.S.<\/td>\n<\/tr>\n<tr style=\"height: 24px\">\n<td style=\"width: 24.8509%;background-color: #d8ecf2;height: 285px;border-color: #000000;vertical-align: middle\" rowspan=\"6\"><strong>Componentes<\/strong><\/p>\n<p><strong>&nbsp;<\/strong><\/td>\n<td style=\"width: 35.6884%;height: 51px;border-color: #000000\" width=\"235\">Valeriano Prieto Navas<\/td>\n<td style=\"width: 60.67%;height: 51px;border-color: #000000\" width=\"328\">Geograf\u00eda e Historia P.E.S.<\/td>\n<\/tr>\n<tr style=\"height: 24px\">\n<td style=\"width: 35.6884%;height: 44px;border-color: #000000\" width=\"235\">M\u00aa Jes\u00fas La Rosa Amaro<\/td>\n<td style=\"width: 60.67%;height: 44px;border-color: #000000\" width=\"328\">Geograf\u00eda e Historia P.E.S.<\/td>\n<\/tr>\n<tr style=\"height: 24px\">\n<td style=\"width: 35.6884%;height: 47px;border-color: #000000\" width=\"235\">F\u00e1tima Porras Panadero<\/td>\n<td style=\"width: 60.67%;height: 47px;border-color: #000000\" width=\"328\">Geograf\u00eda e Historia (Ingl\u00e9s) P.E.S.<\/td>\n<\/tr>\n<tr style=\"height: 20px\">\n<td style=\"width: 35.6884%;height: 48px;border-color: #000000\" width=\"235\">Joaqu\u00edn P\u00e9rez P\u00e9rez<\/td>\n<td style=\"width: 60.67%;height: 48px;border-color: #000000\" width=\"328\">Geograf\u00eda e Historia (Ingl\u00e9s) P.E.S.&nbsp;<\/td>\n<\/tr>\n<tr style=\"height: 47px\">\n<td style=\"width: 35.6884%;height: 47px\">Juan Pedro L\u00f3pez Mu\u00f1oz<\/td>\n<td style=\"width: 60.67%;height: 47px\">Geograf\u00eda e Historia (Ingl\u00e9s) P.E.S.<\/td>\n<\/tr>\n<tr style=\"height: 48px\">\n<td style=\"width: 35.6884%;border-color: #000000;height: 48px\">Mar\u00eda Jos\u00e9 Corpas Cobo<\/td>\n<td style=\"width: 60.67%;border-color: #000000;height: 48px\">Geograf\u00eda e Historia (Ingl\u00e9s) P.E.S.<\/td>\n<\/tr>\n<\/tbody>\n<\/table>\n<p style=\"text-align: center\"><a class=\"button\" href=\"https:\/\/blogsaverroes.juntadeandalucia.es\/iessalvadorserrano\/programaciones-geografia-e-historia\/\"><strong>ENLACE A LAS PROGRAMACIONES DEL DEPARTAMENTO<\/strong><\/a><\/p>\n<div>\n<table style=\"height: 847px;width: 95.7222%\" border=\"1\">\n<tbody>\n<tr style=\"height: 30px\">\n<td style=\"width: 100%;height: 30px;background-color: #4e609c\"><span style=\"color: white\"><strong>CRITERIOS DE EVALUACI\u00d3N<br \/>\n<\/strong><\/span><\/td>\n<\/tr>\n<tr style=\"height: 22px\">\n<td style=\"width: 100%;height: 22px\"><a href=\"https:\/\/blogsaverroes.juntadeandalucia.es\/iessalvadorserrano\/files\/2023\/10\/criterios-de-evaluacio\u0301n-1\u00ba-ESO-GeH.pdf\"><img loading=\"lazy\" decoding=\"async\" class=\"size-full wp-image-2952 alignleft\" src=\"https:\/\/blogsaverroes.juntadeandalucia.es\/iessalvadorserrano\/files\/2017\/05\/criteval-e1510486355221.jpg\" alt=\"\" width=\"40\" height=\"23\"><\/a><a href=\"https:\/\/blogsaverroes.juntadeandalucia.es\/iessalvadorserrano\/files\/2023\/10\/criterios-de-evaluacio\u0301n-1\u00ba-ESO-GeH.pdf\">Geograf\u00eda e Historia&nbsp; 1\u00ba ESO<\/a><\/td>\n<\/tr>\n<tr style=\"height: 39px\">\n<td style=\"width: 100%;height: 39px\"><a href=\"https:\/\/blogsaverroes.juntadeandalucia.es\/iessalvadorserrano\/files\/2023\/10\/criterios-de-evaluacio\u0301n-2\u00ba-ESO-GeH.pdf\">Geograf\u00eda e Historia&nbsp; 2\u00ba ESO<\/a><a href=\"https:\/\/blogsaverroes.juntadeandalucia.es\/iessalvadorserrano\/files\/2023\/10\/criterios-de-evaluacio\u0301n-2\u00ba-ESO-GeH.pdf\"><img loading=\"lazy\" decoding=\"async\" class=\"size-full wp-image-2952 alignleft\" src=\"https:\/\/blogsaverroes.juntadeandalucia.es\/iessalvadorserrano\/files\/2017\/05\/criteval-e1510486355221.jpg\" alt=\"\" width=\"40\" height=\"23\"><\/a><\/td>\n<\/tr>\n<tr style=\"height: 39px\">\n<td style=\"width: 100%;height: 39px\"><a href=\"https:\/\/blogsaverroes.juntadeandalucia.es\/iessalvadorserrano\/files\/2023\/10\/criterios-de-evaluacio\u0301n-3\u00ba-ESO-GeH.pdf\">Geograf\u00eda e Historia 3\u00ba ESO<\/a><a href=\"https:\/\/blogsaverroes.juntadeandalucia.es\/iessalvadorserrano\/files\/2023\/10\/criterios-de-evaluacio\u0301n-3\u00ba-ESO-GeH.pdf\"><img loading=\"lazy\" decoding=\"async\" class=\"size-full wp-image-2952 alignleft\" src=\"https:\/\/blogsaverroes.juntadeandalucia.es\/iessalvadorserrano\/files\/2017\/05\/criteval-e1510486355221.jpg\" alt=\"\" width=\"40\" height=\"23\"><\/a><\/td>\n<\/tr>\n<tr style=\"height: 24px\">\n<td style=\"width: 100%;height: 24px\"><a href=\"https:\/\/blogsaverroes.juntadeandalucia.es\/iessalvadorserrano\/files\/2023\/10\/criterios-de-evaluacio\u0301n-3\u00ba-DIVERSIFICACI\u00d3N-GeH.pdf\"><img loading=\"lazy\" decoding=\"async\" class=\"size-full wp-image-2952 alignleft\" src=\"https:\/\/blogsaverroes.juntadeandalucia.es\/iessalvadorserrano\/files\/2017\/05\/criteval-e1510486355221.jpg\" alt=\"\" width=\"40\" height=\"23\"><\/a><a href=\"https:\/\/blogsaverroes.juntadeandalucia.es\/iessalvadorserrano\/files\/2023\/10\/criterios-de-evaluacio\u0301n-3\u00ba-DIVERSIFICACI\u00d3N-GeH.pdf\">Geograf\u00eda e Historia 3\u00ba ESO Diversificaci\u00f3n<\/a><\/td>\n<\/tr>\n<tr style=\"height: 39px\">\n<td style=\"width: 100%;height: 39px\"><a href=\"https:\/\/blogsaverroes.juntadeandalucia.es\/iessalvadorserrano\/files\/2023\/10\/criterios-de-evaluacio\u0301n-4\u00ba-ESO-GeH.pdf\">Geograf\u00eda e Historia&nbsp; 4\u00ba ESO<\/a><a href=\"https:\/\/blogsaverroes.juntadeandalucia.es\/iessalvadorserrano\/files\/2023\/10\/criterios-de-evaluacio\u0301n-4\u00ba-ESO-GeH.pdf\"><img loading=\"lazy\" decoding=\"async\" class=\"size-full wp-image-2952 alignleft\" src=\"https:\/\/blogsaverroes.juntadeandalucia.es\/iessalvadorserrano\/files\/2017\/05\/criteval-e1510486355221.jpg\" alt=\"\" width=\"40\" height=\"23\"><\/a><\/td>\n<\/tr>\n<tr style=\"height: 39px\">\n<td style=\"width: 100%;height: 39px\"><a href=\"https:\/\/blogsaverroes.juntadeandalucia.es\/iessalvadorserrano\/files\/2023\/10\/criterios-de-evaluacio\u0301n-4\u00ba-ESO-DIVERSIFICACI\u00d3N-GeH.pdf\"><img loading=\"lazy\" decoding=\"async\" class=\"size-full wp-image-2952 alignleft\" src=\"https:\/\/blogsaverroes.juntadeandalucia.es\/iessalvadorserrano\/files\/2017\/05\/criteval-e1510486355221.jpg\" alt=\"\" width=\"40\" height=\"23\"><\/a><a href=\"https:\/\/blogsaverroes.juntadeandalucia.es\/iessalvadorserrano\/files\/2023\/10\/criterios-de-evaluacio\u0301n-4\u00ba-ESO-DIVERSIFICACI\u00d3N-GeH.pdf\">Geograf\u00eda e Historia 4\u00ba ESO Diversificaci\u00f3n<\/a><\/td>\n<\/tr>\n<tr style=\"height: 39px\">\n<td style=\"width: 100%;height: 39px\"><a href=\"https:\/\/blogsaverroes.juntadeandalucia.es\/iessalvadorserrano\/files\/2023\/10\/CE-HISTORIA-DEL-MUNDO-CONTEMPOR\u00c1NEO-1\u00ba-BACH.pdf\">Historia del Mundo Contempor\u00e1neo 1\u00ba Bach<\/a><a href=\"https:\/\/blogsaverroes.juntadeandalucia.es\/iessalvadorserrano\/files\/2023\/10\/CE-HISTORIA-DEL-MUNDO-CONTEMPOR\u00c1NEO-1\u00ba-BACH.pdf\"><img loading=\"lazy\" decoding=\"async\" class=\"size-full wp-image-2952 alignleft\" src=\"https:\/\/blogsaverroes.juntadeandalucia.es\/iessalvadorserrano\/files\/2017\/05\/criteval-e1510486355221.jpg\" alt=\"\" width=\"40\" height=\"23\"><\/a><\/td>\n<\/tr>\n<tr style=\"height: 39px\">\n<td style=\"width: 100%;height: 39px\"><a href=\"https:\/\/blogsaverroes.juntadeandalucia.es\/iessalvadorserrano\/files\/2023\/10\/CE-PATRIMONIO-CULTURAL-Y-ART\u00cdSTICO-ANDALUZ-1\u00ba-BACH.pdf\">Patrimonio Cultural y Art\u00edstico Andaluz 1\u00ba Bach<\/a><a href=\"https:\/\/blogsaverroes.juntadeandalucia.es\/iessalvadorserrano\/files\/2023\/10\/CE-PATRIMONIO-CULTURAL-Y-ART\u00cdSTICO-ANDALUZ-1\u00ba-BACH.pdf\"><img loading=\"lazy\" decoding=\"async\" class=\"size-full wp-image-2952 alignleft\" src=\"https:\/\/blogsaverroes.juntadeandalucia.es\/iessalvadorserrano\/files\/2017\/05\/criteval-e1510486355221.jpg\" alt=\"\" width=\"40\" height=\"23\"><\/a><\/td>\n<\/tr>\n<tr style=\"height: 39px\">\n<td style=\"width: 100%;height: 39px\"><a href=\"https:\/\/blogsaverroes.juntadeandalucia.es\/iessalvadorserrano\/files\/2023\/10\/criterios-de-evaluaci\u00f3n-Historia-jam\u00e1s-contada-1\u00ba-BACH.pdf\"><img loading=\"lazy\" decoding=\"async\" class=\"size-full wp-image-2952 alignleft\" src=\"https:\/\/blogsaverroes.juntadeandalucia.es\/iessalvadorserrano\/files\/2017\/05\/criteval-e1510486355221.jpg\" alt=\"\" width=\"40\" height=\"23\"><\/a><a href=\"https:\/\/blogsaverroes.juntadeandalucia.es\/iessalvadorserrano\/files\/2023\/10\/criterios-de-evaluaci\u00f3n-Historia-jam\u00e1s-contada-1\u00ba-BACH.pdf\">La Historia Jam\u00e1s Contada 1\u00ba Bach<\/a><\/td>\n<\/tr>\n<tr style=\"height: 39px\">\n<td style=\"width: 100%;height: 39px\"><a href=\"https:\/\/blogsaverroes.juntadeandalucia.es\/iessalvadorserrano\/files\/2023\/10\/criterios-de-evaluaci\u00f3n-HISTORIA-DE-ESPA\u00d1A-2\u00ba-BACH.pdf\">Historia de Espa\u00f1a 2\u00ba Bach<\/a><a href=\"https:\/\/blogsaverroes.juntadeandalucia.es\/iessalvadorserrano\/files\/2023\/10\/criterios-de-evaluaci\u00f3n-HISTORIA-DE-ESPA\u00d1A-2\u00ba-BACH.pdf\"><img loading=\"lazy\" decoding=\"async\" class=\"size-full wp-image-2952 alignleft\" src=\"https:\/\/blogsaverroes.juntadeandalucia.es\/iessalvadorserrano\/files\/2017\/05\/criteval-e1510486355221.jpg\" alt=\"\" width=\"40\" height=\"23\"><\/a><\/td>\n<\/tr>\n<tr style=\"height: 39px\">\n<td style=\"width: 100%;height: 39px\"><a href=\"https:\/\/blogsaverroes.juntadeandalucia.es\/iessalvadorserrano\/files\/2023\/10\/criterios-de-evaluaci\u00f3n-GEOGRAF\u00cdA-2\u00ba-BACH.pdf\">Geograf\u00eda 2\u00ba Bach<\/a><a href=\"https:\/\/blogsaverroes.juntadeandalucia.es\/iessalvadorserrano\/files\/2023\/10\/criterios-de-evaluaci\u00f3n-GEOGRAF\u00cdA-2\u00ba-BACH.pdf\"><img loading=\"lazy\" decoding=\"async\" class=\"size-full wp-image-2952 alignleft\" src=\"https:\/\/blogsaverroes.juntadeandalucia.es\/iessalvadorserrano\/files\/2017\/05\/criteval-e1510486355221.jpg\" alt=\"\" width=\"40\" height=\"23\"><\/a><\/td>\n<\/tr>\n<tr style=\"height: 39px\">\n<td style=\"width: 100%;height: 39px\"><a href=\"https:\/\/blogsaverroes.juntadeandalucia.es\/iessalvadorserrano\/files\/2023\/10\/criterios-de-evaluaci\u00f3n-HISTORIA-DEL-ARTE-2\u00ba-BACH.pdf\">Historia del Arte 2\u00ba Bach<\/a><a href=\"https:\/\/blogsaverroes.juntadeandalucia.es\/iessalvadorserrano\/files\/2023\/10\/criterios-de-evaluaci\u00f3n-HISTORIA-DEL-ARTE-2\u00ba-BACH.pdf\"><img loading=\"lazy\" decoding=\"async\" class=\"size-full wp-image-2952 alignleft\" src=\"https:\/\/blogsaverroes.juntadeandalucia.es\/iessalvadorserrano\/files\/2017\/05\/criteval-e1510486355221.jpg\" alt=\"\" width=\"40\" height=\"23\"><\/a><\/td>\n<\/tr>\n<tr style=\"height: 39px\">\n<td style=\"width: 100%;height: 39px\"><a href=\"https:\/\/blogsaverroes.juntadeandalucia.es\/iessalvadorserrano\/files\/2023\/10\/CE-2\u00ba-BACH-CULTURA-AUDIOVISUAL-Y-MUNDO-CONTEMPOR\u00c1NEO.pdf\"><img loading=\"lazy\" decoding=\"async\" class=\"size-full wp-image-2952 alignleft\" src=\"https:\/\/blogsaverroes.juntadeandalucia.es\/iessalvadorserrano\/files\/2017\/05\/criteval-e1510486355221.jpg\" alt=\"\" width=\"40\" height=\"23\"><\/a><a href=\"https:\/\/blogsaverroes.juntadeandalucia.es\/iessalvadorserrano\/files\/2023\/10\/CE-2\u00ba-BACH-CULTURA-AUDIOVISUAL-Y-MUNDO-CONTEMPOR\u00c1NEO.pdf\">Cultura Audiovisual y Mundo Contempor\u00e1neo 2\u00ba Bach<\/a><\/td>\n<\/tr>\n<\/tbody>\n<\/table>\n<p><img loading=\"lazy\" decoding=\"async\" class=\"aligncenter size-medium wp-image-2109\" src=\"https:\/\/blogsaverroes.juntadeandalucia.es\/iessalvadorserrano\/files\/2015\/03\/geografia_historia-300x225.png\" alt=\"geografia_historia\" width=\"300\" height=\"225\" srcset=\"https:\/\/blogsaverroes.juntadeandalucia.es\/iessalvadorserrano\/files\/2015\/03\/geografia_historia-300x225.png 300w, https:\/\/blogsaverroes.juntadeandalucia.es\/iessalvadorserrano\/files\/2015\/03\/geografia_historia.png 640w\" sizes=\"(max-width: 300px) 100vw, 300px\" \/><\/p>\n<p style=\"text-align: justify\"><strong><span style=\"font-family: sans-serif\"><span style=\"font-size: medium\">Geograf\u00eda e Historia <\/span><\/span><\/strong><\/p>\n<p style=\"text-align: justify\"><span style=\"font-family: sans-serif\"><span style=\"font-size: medium\">&nbsp; &nbsp;&nbsp; El conocimiento de la sociedad, su organizaci\u00f3n y funcionamiento a lo largo del tiempo es esencial para poder entender el mundo actual. Conocer el espacio donde se desarrollan las sociedades, los recursos naturales y el uso que se ha dado a \u00e9stos, nos aporta datos sobre el pasado y nos permiten vislumbrar algunos de los problemas del futuro. <\/span><\/span><\/p>\n<p style=\"text-align: justify\"><span style=\"font-family: sans-serif\"><span style=\"font-size: medium\">&nbsp;&nbsp; Las disciplinas de la Geograf\u00eda y la Historia son dos importantes ejes vertebradores para el conocimiento de la sociedad, ya que contemplan la realidad humana y social desde una perspectiva global e integradora y ofrecen una mayor capacidad para la estructuraci\u00f3n de los hechos sociales; no obstante la sociedad actual, cada vez m\u00e1s compleja, requiere de la intervenci\u00f3n de otras disciplinas como la Econom\u00eda, Sociolog\u00eda, Ecolog\u00eda o Historia del Arte, que aportan an\u00e1lisis diferentes y complementarios, para la mejor comprensi\u00f3n de la realidad social. <\/span><\/span><\/p>\n<\/div>\n","protected":false},"excerpt":{"rendered":"<p>23000246.geh@g.educaand.es Puesto o Especialidad Jefatura de Departamento Encarnaci\u00f3n Carmona Aguilar Geograf\u00eda e Historia P.E.S. Componentes &nbsp; Valeriano Prieto Navas Geograf\u00eda e Historia P.E.S. M\u00aa Jes\u00fas&hellip;<\/p>\n","protected":false},"author":1,"featured_media":0,"parent":0,"menu_order":0,"comment_status":"closed","ping_status":"open","template":"","meta":{"ngg_post_thumbnail":0,"footnotes":"","_mc_calendar":[]},"aioseo_notices":[],"_links":{"self":[{"href":"https:\/\/blogsaverroes.juntadeandalucia.es\/iessalvadorserrano\/wp-json\/wp\/v2\/pages\/153"}],"collection":[{"href":"https:\/\/blogsaverroes.juntadeandalucia.es\/iessalvadorserrano\/wp-json\/wp\/v2\/pages"}],"about":[{"href":"https:\/\/blogsaverroes.juntadeandalucia.es\/iessalvadorserrano\/wp-json\/wp\/v2\/types\/page"}],"author":[{"embeddable":true,"href":"https:\/\/blogsaverroes.juntadeandalucia.es\/iessalvadorserrano\/wp-json\/wp\/v2\/users\/1"}],"replies":[{"embeddable":true,"href":"https:\/\/blogsaverroes.juntadeandalucia.es\/iessalvadorserrano\/wp-json\/wp\/v2\/comments?post=153"}],"version-history":[{"count":53,"href":"https:\/\/blogsaverroes.juntadeandalucia.es\/iessalvadorserrano\/wp-json\/wp\/v2\/pages\/153\/revisions"}],"predecessor-version":[{"id":14131,"href":"https:\/\/blogsaverroes.juntadeandalucia.es\/iessalvadorserrano\/wp-json\/wp\/v2\/pages\/153\/revisions\/14131"}],"wp:attachment":[{"href":"https:\/\/blogsaverroes.juntadeandalucia.es\/iessalvadorserrano\/wp-json\/wp\/v2\/media?parent=153"}],"curies":[{"name":"wp","href":"https:\/\/api.w.org\/{rel}","templated":true}]}}