{"id":155,"date":"2015-03-17T07:49:21","date_gmt":"2015-03-17T07:49:21","guid":{"rendered":"http:\/\/blogsaverroes.juntadeandalucia.es\/pre\/ceip\/?page_id=155"},"modified":"2025-11-16T17:14:53","modified_gmt":"2025-11-16T17:14:53","slug":"lengua-castellana","status":"publish","type":"page","link":"https:\/\/blogsaverroes.juntadeandalucia.es\/iessalvadorserrano\/lengua-castellana\/","title":{"rendered":"Lengua Castellana"},"content":{"rendered":"<table style=\"height: 241px;width: 96.2859%;border-color: #000000\" border=\"1\">\n<tbody>\n<tr style=\"height: 20px\">\n<td style=\"width: 57.7439%;height: 40px;border-style: solid;border-color: #000000;text-align: center\" colspan=\"2\">23000246.lcl@g.educaand.es<\/td>\n<td style=\"background-color: #d8ecf2;width: 57.5307%;height: 40px;border-style: solid;border-color: #000000\"><strong>Puesto o Especialidad<\/strong><\/td>\n<\/tr>\n<tr style=\"height: 48px\">\n<td style=\"width: 21.7391%;vertical-align: middle;background-color: #d8ecf2;height: 10px;border-style: solid;border-color: #000000\"><strong>Jefatura de Departamento<\/strong><\/td>\n<td style=\"width: 36.0048%;height: 10px;border-style: solid;border-color: #000000\" bgcolor=\"#ffffff\" width=\"566\" height=\"31\">M\u00aa Carmen S\u00e1nchez Poyato<\/td>\n<td style=\"background: #ffffff;width: 57.5307%;height: 10px;border-style: solid;border-color: #000000\" bgcolor=\"#ffffff\" width=\"257\">Lengua Castellana y Literatura P.E.S.<\/td>\n<\/tr>\n<tr style=\"height: 41px\">\n<td style=\"width: 21.7391%;vertical-align: middle;background-color: #d8ecf2;height: 191px;border-style: solid;border-color: #000000\" rowspan=\"5\"><strong>Componentes<\/strong><\/td>\n<td style=\"width: 36.0048%;height: 33px;border-style: solid;border-color: #000000\" bgcolor=\"#ffffff\" width=\"566\">Ana Mar\u00eda Contreras Garc\u00eda<\/td>\n<td style=\"width: 57.5307%;height: 33px;border-style: solid;border-color: #000000\" bgcolor=\"#ffffff\" width=\"257\">Lengua Castellana y Literatura P.E.S.<\/td>\n<\/tr>\n<tr style=\"height: 44px\">\n<td style=\"width: 36.0048%;height: 44px;border-style: solid;border-color: #000000\" bgcolor=\"#ffffff\" width=\"566\">F\u00e1tima Uceda Va\u00f1\u00f3<\/td>\n<td style=\"width: 57.5307%;height: 44px;border-style: solid;border-color: #000000\" bgcolor=\"#ffffff\" width=\"257\">Lengua Castellana y Literatura P.E.S.<\/td>\n<\/tr>\n<tr style=\"height: 44px\">\n<td style=\"width: 36.0048%;height: 44px;border-style: solid;border-color: #000000\" bgcolor=\"#ffffff\" width=\"566\">Silvia Ruiz D\u00edaz<\/td>\n<td style=\"width: 57.5307%;height: 44px;border-style: solid;border-color: #000000\" bgcolor=\"#ffffff\" width=\"257\">Lengua Castellana y Literatura P.E.S.<\/td>\n<\/tr>\n<tr style=\"height: 48px\">\n<td style=\"width: 36.0048%;height: 35px;border-style: solid;border-color: #000000\" bgcolor=\"#ffffff\" width=\"566\">Mar\u00eda Luisa Anguita Ja\u00e9n<\/td>\n<td style=\"background: #ffffff;width: 57.5307%;height: 35px;border-style: solid;border-color: #000000\" bgcolor=\"#ffffff\" width=\"257\">Lengua Castellana y Literatura P.E.S.<\/td>\n<\/tr>\n<tr style=\"height: 48px\">\n<td style=\"width: 36.0048%;height: 35px;border-style: solid;border-color: #000000\" bgcolor=\"#ffffff\" width=\"566\">Encarnaci\u00f3n Aguilar Bueno<\/td>\n<td style=\"background: #ffffff;width: 57.5307%;height: 35px;border-style: solid;border-color: #000000\" bgcolor=\"#ffffff\" width=\"257\">Cultura Cl\u00e1sica P.E.S.<\/td>\n<\/tr>\n<\/tbody>\n<\/table>\n<p style=\"text-align: center\"><a class=\"button\" href=\"https:\/\/blogsaverroes.juntadeandalucia.es\/iessalvadorserrano\/programaciones-lengua-castellana-y-literatura\/\"><strong>ENLACE A LAS PROGRAMACIONES DEL DEPARTAMENTO<\/strong><\/a><\/p>\n<table style=\"height: 347px;width: 96.7351%\" border=\"1\">\n<tbody>\n<tr style=\"height: 30px\">\n<td style=\"width: 100%;height: 30px;background-color: #4e609c;text-align: center\"><span style=\"color: white\"><strong>CRITERIOS DE EVALUACI\u00d3N<br \/>\n<\/strong><\/span><\/td>\n<\/tr>\n<tr style=\"height: 22px\">\n<td style=\"width: 100%;height: 22px\"><a href=\"https:\/\/blogsaverroes.juntadeandalucia.es\/iessalvadorserrano\/files\/2023\/10\/1\u00baESO-CRITERIOS-LENGUA-CASTELLANA-Y-LITERATURA.pdf\">Lengua Castellana y Literatura 1\u00ba ESO<\/a><a href=\"https:\/\/blogsaverroes.juntadeandalucia.es\/iessalvadorserrano\/files\/2023\/10\/1\u00baESO-CRITERIOS-LENGUA-CASTELLANA-Y-LITERATURA.pdf\"><img loading=\"lazy\" decoding=\"async\" class=\"size-full wp-image-2952 alignleft\" src=\"https:\/\/blogsaverroes.juntadeandalucia.es\/iessalvadorserrano\/files\/2017\/05\/criteval-e1510486355221.jpg\" alt=\"\" width=\"40\" height=\"23\"><\/a><\/td>\n<\/tr>\n<tr style=\"height: 39px\">\n<td style=\"width: 100%;height: 39px\"><a href=\"https:\/\/blogsaverroes.juntadeandalucia.es\/iessalvadorserrano\/files\/2023\/10\/2\u00baESO-CRITERIOS-LENGUA-CASTELLANA-Y-LITERATURA.pdf\"><img loading=\"lazy\" decoding=\"async\" class=\"size-full wp-image-2952 alignleft\" src=\"https:\/\/blogsaverroes.juntadeandalucia.es\/iessalvadorserrano\/files\/2017\/05\/criteval-e1510486355221.jpg\" alt=\"\" width=\"40\" height=\"23\"><\/a><a href=\"https:\/\/blogsaverroes.juntadeandalucia.es\/iessalvadorserrano\/files\/2023\/10\/2\u00baESO-CRITERIOS-LENGUA-CASTELLANA-Y-LITERATURA.pdf\">Lengua Castellana y Literatura 2\u00ba ESO<\/a><\/td>\n<\/tr>\n<tr style=\"height: 22px\">\n<td style=\"width: 100%;height: 22px\"><a href=\"https:\/\/blogsaverroes.juntadeandalucia.es\/iessalvadorserrano\/files\/2023\/10\/3\u00ba-ESO-CRITERIOS-LENGUA-CASTELLANA-Y-LITERATURA.pdf\">Lengua Castellana y Literatura 3\u00ba ESO<\/a><a href=\"https:\/\/blogsaverroes.juntadeandalucia.es\/iessalvadorserrano\/files\/2023\/10\/3\u00ba-ESO-CRITERIOS-LENGUA-CASTELLANA-Y-LITERATURA.pdf\"><img loading=\"lazy\" decoding=\"async\" class=\"size-full wp-image-2952 alignleft\" src=\"https:\/\/blogsaverroes.juntadeandalucia.es\/iessalvadorserrano\/files\/2017\/05\/criteval-e1510486355221.jpg\" alt=\"\" width=\"40\" height=\"23\"><\/a><\/td>\n<\/tr>\n<tr style=\"height: 39px\">\n<td style=\"width: 100%;height: 39px\"><a href=\"https:\/\/blogsaverroes.juntadeandalucia.es\/iessalvadorserrano\/files\/2023\/10\/4\u00ba-ESO-CRITERIOS-LENGUA-CASTELLANA-Y-LITERATURA.pdf\"><img loading=\"lazy\" decoding=\"async\" class=\"size-full wp-image-2952 alignleft\" src=\"https:\/\/blogsaverroes.juntadeandalucia.es\/iessalvadorserrano\/files\/2017\/05\/criteval-e1510486355221.jpg\" alt=\"\" width=\"40\" height=\"23\"><\/a><a href=\"https:\/\/blogsaverroes.juntadeandalucia.es\/iessalvadorserrano\/files\/2023\/10\/4\u00ba-ESO-CRITERIOS-LENGUA-CASTELLANA-Y-LITERATURA.pdf\">Lengua Castellana y Literatura 4\u00ba ESO<\/a><\/td>\n<\/tr>\n<tr style=\"height: 39px\">\n<td style=\"width: 100%;height: 39px\"><a href=\"https:\/\/blogsaverroes.juntadeandalucia.es\/iessalvadorserrano\/files\/2023\/10\/1\u00ba-BACH-CRITERIOS-LENGUA-CASTELLANA-Y-LITERATURA.pdf\">Lengua Castellana y Literatura 1\u00ba BACH<\/a><a href=\"https:\/\/blogsaverroes.juntadeandalucia.es\/iessalvadorserrano\/files\/2023\/10\/1\u00ba-BACH-CRITERIOS-LENGUA-CASTELLANA-Y-LITERATURA.pdf\"><img loading=\"lazy\" decoding=\"async\" class=\"size-full wp-image-2952 alignleft\" src=\"https:\/\/blogsaverroes.juntadeandalucia.es\/iessalvadorserrano\/files\/2017\/05\/criteval-e1510486355221.jpg\" alt=\"\" width=\"40\" height=\"23\"><\/a><\/td>\n<\/tr>\n<tr style=\"height: 39px\">\n<td style=\"width: 100%;height: 39px\"><a href=\"https:\/\/blogsaverroes.juntadeandalucia.es\/iessalvadorserrano\/files\/2023\/10\/2\u00baBACH-CRITERIOS-LENGUA-CASTELLANA-Y-LITERATURA.pdf\">Lengua Castellana y Literatura 2\u00ba BACH<\/a><a href=\"https:\/\/blogsaverroes.juntadeandalucia.es\/iessalvadorserrano\/files\/2023\/10\/2\u00baBACH-CRITERIOS-LENGUA-CASTELLANA-Y-LITERATURA.pdf\"><img loading=\"lazy\" decoding=\"async\" class=\"size-full wp-image-2952 alignleft\" src=\"https:\/\/blogsaverroes.juntadeandalucia.es\/iessalvadorserrano\/files\/2017\/05\/criteval-e1510486355221.jpg\" alt=\"\" width=\"40\" height=\"23\"><\/a><\/td>\n<\/tr>\n<tr style=\"height: 39px\">\n<td style=\"width: 100%;height: 39px\"><a href=\"https:\/\/blogsaverroes.juntadeandalucia.es\/iessalvadorserrano\/files\/2023\/10\/1\u00ba-ESO-OYD.-CRITERIOS-ORATORIA-Y-DEBATE.pdf\">Oratoria y Debate 1\u00ba ESO<\/a><a href=\"https:\/\/blogsaverroes.juntadeandalucia.es\/iessalvadorserrano\/files\/2023\/10\/1\u00ba-ESO-OYD.-CRITERIOS-ORATORIA-Y-DEBATE.pdf\"><img loading=\"lazy\" decoding=\"async\" class=\"size-full wp-image-2952 alignleft\" src=\"https:\/\/blogsaverroes.juntadeandalucia.es\/iessalvadorserrano\/files\/2017\/05\/criteval-e1510486355221.jpg\" alt=\"\" width=\"40\" height=\"23\"><\/a><\/td>\n<\/tr>\n<tr style=\"height: 39px\">\n<td style=\"width: 100%;height: 39px\"><a href=\"https:\/\/blogsaverroes.juntadeandalucia.es\/iessalvadorserrano\/files\/2023\/10\/2\u00ba-ESO-OYD.-CRITERIOS-ORATORIA-Y-DEBATE.pdf\">Oratoria y Debate 2\u00ba ESO<\/a> <a href=\"https:\/\/blogsaverroes.juntadeandalucia.es\/iessalvadorserrano\/files\/2023\/10\/2\u00ba-ESO-OYD.-CRITERIOS-ORATORIA-Y-DEBATE.pdf\"><img loading=\"lazy\" decoding=\"async\" class=\"size-full wp-image-2952 alignleft\" src=\"https:\/\/blogsaverroes.juntadeandalucia.es\/iessalvadorserrano\/files\/2017\/05\/criteval-e1510486355221.jpg\" alt=\"\" width=\"40\" height=\"23\"><\/a><\/td>\n<\/tr>\n<tr style=\"height: 39px\">\n<td style=\"width: 100%;height: 39px\"><a href=\"https:\/\/blogsaverroes.juntadeandalucia.es\/iessalvadorserrano\/files\/2023\/10\/3\u00ba-ESO-OYD.-CRITERIOS-ORATORIA-Y-DEBATE.pdf\">Oratoria y Debate 3\u00ba ESO<\/a><a href=\"https:\/\/blogsaverroes.juntadeandalucia.es\/iessalvadorserrano\/files\/2023\/10\/3\u00ba-ESO-OYD.-CRITERIOS-ORATORIA-Y-DEBATE.pdf\"><img loading=\"lazy\" decoding=\"async\" class=\"size-full wp-image-2952 alignleft\" src=\"https:\/\/blogsaverroes.juntadeandalucia.es\/iessalvadorserrano\/files\/2017\/05\/criteval-e1510486355221.jpg\" alt=\"\" width=\"40\" height=\"23\"><\/a><\/td>\n<\/tr>\n<\/tbody>\n<\/table>\n<p style=\"text-align: center\">&nbsp;<\/p>\n<p><img loading=\"lazy\" decoding=\"async\" class=\"aligncenter size-medium wp-image-2126\" src=\"https:\/\/blogsaverroes.juntadeandalucia.es\/iessalvadorserrano\/files\/2015\/03\/lengua-300x200.jpg\" alt=\"lengua\" width=\"300\" height=\"200\" srcset=\"https:\/\/blogsaverroes.juntadeandalucia.es\/iessalvadorserrano\/files\/2015\/03\/lengua-300x200.jpg 300w, https:\/\/blogsaverroes.juntadeandalucia.es\/iessalvadorserrano\/files\/2015\/03\/lengua.jpg 640w\" sizes=\"(max-width: 300px) 100vw, 300px\" \/><\/p>\n<p style=\"text-align: justify\"><strong><span style=\"font-family: sans-serif\"><span style=\"font-size: medium\">Lengua Castellana y Literatura <\/span><\/span><\/strong><\/p>\n<p style=\"text-align: justify\"><span style=\"font-family: sans-serif\"><span style=\"font-size: medium\">&nbsp; &nbsp; La materia Lengua Castellana y Literatura tiene como objetivo el desarrollo de la competencia comunicativa del alumnado, entendida en todas sus vertientes: pragm\u00e1tica, ling\u00fc\u00edstica, socioling\u00fc\u00edstica y literaria. Debe tambi\u00e9n aportar las herramientas y los conocimientos necesarios para desenvolverse satisfactoriamente en cualquier situaci\u00f3n comunicativa de la vida familiar, social y profesional. Esos conocimientos son los que articulan los procesos de comprensi\u00f3n y expresi\u00f3n oral por un lado, y de comprensi\u00f3n y expresi\u00f3n escrita por otro. La estructuraci\u00f3n del pensamiento del ser humano se hace a trav\u00e9s del lenguaje, de ah\u00ed que esa capacidad de comprender y de expresarse sea el mejor y el m\u00e1s eficaz instrumento de aprendizaje.<\/span><\/span><\/p>\n","protected":false},"excerpt":{"rendered":"<p>23000246.lcl@g.educaand.es Puesto o Especialidad Jefatura de Departamento M\u00aa Carmen S\u00e1nchez Poyato Lengua Castellana y Literatura P.E.S. Componentes Ana Mar\u00eda Contreras Garc\u00eda Lengua Castellana y Literatura&hellip;<\/p>\n","protected":false},"author":1,"featured_media":0,"parent":0,"menu_order":0,"comment_status":"closed","ping_status":"open","template":"","meta":{"ngg_post_thumbnail":0,"footnotes":"","_mc_calendar":[]},"aioseo_notices":[],"_links":{"self":[{"href":"https:\/\/blogsaverroes.juntadeandalucia.es\/iessalvadorserrano\/wp-json\/wp\/v2\/pages\/155"}],"collection":[{"href":"https:\/\/blogsaverroes.juntadeandalucia.es\/iessalvadorserrano\/wp-json\/wp\/v2\/pages"}],"about":[{"href":"https:\/\/blogsaverroes.juntadeandalucia.es\/iessalvadorserrano\/wp-json\/wp\/v2\/types\/page"}],"author":[{"embeddable":true,"href":"https:\/\/blogsaverroes.juntadeandalucia.es\/iessalvadorserrano\/wp-json\/wp\/v2\/users\/1"}],"replies":[{"embeddable":true,"href":"https:\/\/blogsaverroes.juntadeandalucia.es\/iessalvadorserrano\/wp-json\/wp\/v2\/comments?post=155"}],"version-history":[{"count":52,"href":"https:\/\/blogsaverroes.juntadeandalucia.es\/iessalvadorserrano\/wp-json\/wp\/v2\/pages\/155\/revisions"}],"predecessor-version":[{"id":2754,"href":"https:\/\/blogsaverroes.juntadeandalucia.es\/iessalvadorserrano\/wp-json\/wp\/v2\/pages\/155\/revisions\/2754"}],"wp:attachment":[{"href":"https:\/\/blogsaverroes.juntadeandalucia.es\/iessalvadorserrano\/wp-json\/wp\/v2\/media?parent=155"}],"curies":[{"name":"wp","href":"https:\/\/api.w.org\/{rel}","templated":true}]}}