{"id":176,"date":"2015-03-17T07:56:30","date_gmt":"2015-03-17T07:56:30","guid":{"rendered":"http:\/\/blogsaverroes.juntadeandalucia.es\/pre\/ceip\/?page_id=176"},"modified":"2025-11-18T19:42:20","modified_gmt":"2025-11-18T19:42:20","slug":"educacion-fisica","status":"publish","type":"page","link":"https:\/\/blogsaverroes.juntadeandalucia.es\/iessalvadorserrano\/educacion-fisica\/","title":{"rendered":"Educaci\u00f3n F\u00edsica"},"content":{"rendered":"<table style=\"height: 242px;width: 96.5186%;border-color: #000000\" border=\"1\">\n<tbody>\n<tr style=\"height: 24px\">\n<td style=\"width: 58.7902%;border-color: #000000;height: 24px\" colspan=\"2\">\n<p style=\"text-align: center\">23000246.efisica@g.educaand.es<\/p>\n<\/td>\n<td style=\"background-color: #d8ecf2;width: 58.7847%;border-color: #000000;height: 24px\"><strong>Puesto o Especialidad<\/strong><\/td>\n<\/tr>\n<tr style=\"height: 84px\">\n<td style=\"width: 25.1418%;background-color: #d8ecf2;height: 84px;border-color: #000000\"><strong>Jefatura de Departamento<\/strong><\/td>\n<td style=\"width: 33.6484%;height: 84px;border-color: #000000\" width=\"258\">Javier Exp\u00f3sito Mart\u00ednez<\/td>\n<td style=\"width: 58.7847%;height: 84px;border-color: #000000\" width=\"292\">Educaci\u00f3n F\u00edsica (Ingl\u00e9s) P.E.S.<\/td>\n<\/tr>\n<tr style=\"height: 41px\">\n<td style=\"background-color: #d8ecf2;vertical-align: middle;height: 70px;width: 25.1418%;border-color: #000000\" rowspan=\"3\"><strong>Componentes<\/strong><\/td>\n<td style=\"width: 33.6484%;height: 41px;border-color: #000000\" width=\"258\">Mar\u00eda Nieves Baca Lara<\/td>\n<td style=\"width: 58.7847%;height: 41px;border-color: #000000\" width=\"292\">Educaci\u00f3n F\u00edsica P.E.S.<\/td>\n<\/tr>\n<tr style=\"height: 29px\">\n<td style=\"width: 33.6484%;height: 29px;border-color: #000000\" width=\"258\">Eva Mar\u00eda Pel\u00e1ez Barrios<\/td>\n<td style=\"width: 58.7847%;height: 29px;border-color: #000000\" width=\"292\">Educaci\u00f3n F\u00edsica (Ingl\u00e9s) P.E.S.<\/td>\n<\/tr>\n<tr>\n<td style=\"width: 33.6484%;border-color: #000000\">Manuel Guillermo Rodr\u00edguez Heredia<\/td>\n<td style=\"width: 58.7847%;border-color: #000000\">Educaci\u00f3n F\u00edsica (Ingl\u00e9s) P.E.S.<\/td>\n<\/tr>\n<\/tbody>\n<\/table>\n<p style=\"text-align: center\"><a class=\"button\" href=\"https:\/\/blogsaverroes.juntadeandalucia.es\/iessalvadorserrano\/programaciones-educacion-fisica\/\"><strong>ENLACE A LAS PROGRAMACIONES DEL DEPARTAMENTO<\/strong><\/a><\/p>\n<table style=\"height: 32px;width: 96.4915%\" border=\"1\">\n<tbody>\n<tr style=\"height: 30px\">\n<td style=\"width: 100%;height: 10px;background-color: #4e609c\"><span style=\"color: white\"><strong>CRITERIOS DE EVALUACI\u00d3N<br \/>\n<\/strong><\/span><\/td>\n<\/tr>\n<tr style=\"height: 22px\">\n<td style=\"width: 100%;height: 22px\"><a href=\"https:\/\/blogsaverroes.juntadeandalucia.es\/iessalvadorserrano\/files\/2023\/11\/C.E.-EF-1\u00baESO.pdf\"><img loading=\"lazy\" decoding=\"async\" class=\"size-full wp-image-2952 alignleft\" src=\"https:\/\/blogsaverroes.juntadeandalucia.es\/iessalvadorserrano\/files\/2017\/05\/criteval-e1510486355221.jpg\" alt=\"\" width=\"40\" height=\"23\"><\/a><a href=\"https:\/\/blogsaverroes.juntadeandalucia.es\/iessalvadorserrano\/files\/2023\/11\/C.E.-EF-1\u00baESO.pdf\">Educaci\u00f3n F\u00edsica 1\u00ba ESO<\/a><\/p>\n<p><a href=\"https:\/\/blogsaverroes.juntadeandalucia.es\/iessalvadorserrano\/files\/2023\/11\/C.E.-EF-2\u00baESO.pdf\"><img loading=\"lazy\" decoding=\"async\" class=\"size-full wp-image-2952 alignleft\" src=\"https:\/\/blogsaverroes.juntadeandalucia.es\/iessalvadorserrano\/files\/2017\/05\/criteval-e1510486355221.jpg\" alt=\"\" width=\"40\" height=\"23\"><\/a><a href=\"https:\/\/blogsaverroes.juntadeandalucia.es\/iessalvadorserrano\/files\/2023\/11\/C.E.-EF-2\u00baESO.pdf\">Educaci\u00f3n F\u00edsica 2\u00ba ESO<\/a><\/p>\n<p><a href=\"https:\/\/blogsaverroes.juntadeandalucia.es\/iessalvadorserrano\/files\/2023\/11\/C.E.-EF-3\u00ba-ESO.pdf\"><img loading=\"lazy\" decoding=\"async\" class=\"size-full wp-image-2952 alignleft\" src=\"https:\/\/blogsaverroes.juntadeandalucia.es\/iessalvadorserrano\/files\/2017\/05\/criteval-e1510486355221.jpg\" alt=\"\" width=\"40\" height=\"23\"><\/a><a href=\"https:\/\/blogsaverroes.juntadeandalucia.es\/iessalvadorserrano\/files\/2023\/11\/C.E.-EF-3\u00ba-ESO.pdf\">Educaci\u00f3n F\u00edsica 3\u00ba ESO<\/a><\/p>\n<p><a href=\"https:\/\/blogsaverroes.juntadeandalucia.es\/iessalvadorserrano\/files\/2023\/11\/C.E.-EF-4\u00ba-ESO.pdf\"><img loading=\"lazy\" decoding=\"async\" class=\"size-full wp-image-2952 alignleft\" src=\"https:\/\/blogsaverroes.juntadeandalucia.es\/iessalvadorserrano\/files\/2017\/05\/criteval-e1510486355221.jpg\" alt=\"\" width=\"40\" height=\"23\"><\/a><a href=\"https:\/\/blogsaverroes.juntadeandalucia.es\/iessalvadorserrano\/files\/2023\/11\/C.E.-EF-4\u00ba-ESO.pdf\">Educaci\u00f3n F\u00edsica 4\u00ba ESO<\/a><\/p>\n<p><a href=\"https:\/\/blogsaverroes.juntadeandalucia.es\/iessalvadorserrano\/files\/2023\/11\/C.E.-EF-1\u00ba-BACH.pdf\"><img loading=\"lazy\" decoding=\"async\" class=\"size-full wp-image-2952 alignleft\" src=\"https:\/\/blogsaverroes.juntadeandalucia.es\/iessalvadorserrano\/files\/2017\/05\/criteval-e1510486355221.jpg\" alt=\"\" width=\"40\" height=\"23\"><\/a><a href=\"https:\/\/blogsaverroes.juntadeandalucia.es\/iessalvadorserrano\/files\/2023\/11\/C.E.-EF-1\u00ba-BACH.pdf\">Educaci\u00f3n F\u00edsica 1\u00ba Bachillerato<\/a><\/p>\n<p><a href=\"https:\/\/blogsaverroes.juntadeandalucia.es\/iessalvadorserrano\/files\/2023\/11\/C.E.-ACTIV.-F\u00cdSICA-SALUD-Y-SOCIEDAD-2\u00ba-BACH.pdf\"><img loading=\"lazy\" decoding=\"async\" class=\"size-full wp-image-2952 alignleft\" src=\"https:\/\/blogsaverroes.juntadeandalucia.es\/iessalvadorserrano\/files\/2017\/05\/criteval-e1510486355221.jpg\" alt=\"\" width=\"40\" height=\"23\"><\/a><a href=\"https:\/\/blogsaverroes.juntadeandalucia.es\/iessalvadorserrano\/files\/2023\/11\/C.E.-ACTIV.-F\u00cdSICA-SALUD-Y-SOCIEDAD-2\u00ba-BACH.pdf\">Actividad F\u00edsica, Salud y Sociedad 2\u00ba Bachillerato<\/a><\/td>\n<\/tr>\n<\/tbody>\n<\/table>\n<p><a href=\"https:\/\/blogsaverroes.juntadeandalucia.es\/iessalvadorserrano\/files\/2015\/03\/educacion_fisica.png\"><img loading=\"lazy\" decoding=\"async\" class=\"aligncenter size-medium wp-image-2052\" src=\"https:\/\/blogsaverroes.juntadeandalucia.es\/iessalvadorserrano\/files\/2015\/03\/educacion_fisica-300x287.png\" alt=\"educacion_fisica\" width=\"300\" height=\"287\" srcset=\"https:\/\/blogsaverroes.juntadeandalucia.es\/iessalvadorserrano\/files\/2015\/03\/educacion_fisica-300x287.png 300w, https:\/\/blogsaverroes.juntadeandalucia.es\/iessalvadorserrano\/files\/2015\/03\/educacion_fisica.png 640w\" sizes=\"(max-width: 300px) 100vw, 300px\" \/><\/a><\/p>\n<p style=\"text-align: justify\"><strong>Educaci\u00f3n F\u00edsica<\/strong><br \/>\nLa educaci\u00f3n basada en competencias permite definir los resultados del aprendizaje esperados desde un planteamiento integrador, dirigido a la aplicaci\u00f3n de los saberes adquiridos para que los alumnos y las alumnas consigan un desarrollo personal satisfac<br \/>\ntorio, el ejercicio de la ciudadan\u00eda activa y la participaci\u00f3n en el aprendizaje permanente a lo largo de la vida.<br \/>\nLa materia Educaci\u00f3n F\u00edsica tiene como finalidad principal desarrollar en las personas su competencia motriz, entendida como la integraci\u00f3n de los conocimientos, los procedimientos, las actitudes y los sentimientos vinculados sobre todo a la conducta motora; para su consecuci\u00f3n no es suficiente con la mera pr\u00e1ctica, sino que es necesario el an\u00e1lisis cr\u00edtico que afiance actitudes, valores referenciados al cuerpo, al movimiento y a la relaci\u00f3n con el entorno: de este modo, el alumnado lograr\u00e1 controlar y dar sentido a las propias acciones motrices, comprender los aspectos perceptivos, emotivos y cognitivos relacionados con dichas acciones y gestionar los sentimientos vinculados a las mismas, adem\u00e1s de integrar conocimientos y habilidades transversales como el trabajo en equipo, el juego limpio, el respeto a las normas, y la seguridad entre otras. Asimismo, la Educaci\u00f3n F\u00edsica est\u00e1 vinculada a la adquisici\u00f3n de competencias relacionadas con la salud, a trav\u00e9s de acciones que ayuden a la adquisici\u00f3n y consolidaci\u00f3n de h\u00e1bitos responsables de actividad f\u00edsica regular y la adopci\u00f3n de actitudes cr\u00edticas ante pr\u00e1cticas individuales, grupales y sociales no saludables, fundamentalmente en lo relacionado con las enfermedades de origen cardiovascular.<\/p>\n","protected":false},"excerpt":{"rendered":"<p>23000246.efisica@g.educaand.es Puesto o Especialidad Jefatura de Departamento Javier Exp\u00f3sito Mart\u00ednez Educaci\u00f3n F\u00edsica (Ingl\u00e9s) P.E.S. Componentes Mar\u00eda Nieves Baca Lara Educaci\u00f3n F\u00edsica P.E.S. Eva Mar\u00eda Pel\u00e1ez&hellip;<\/p>\n","protected":false},"author":1,"featured_media":0,"parent":0,"menu_order":0,"comment_status":"closed","ping_status":"open","template":"","meta":{"ngg_post_thumbnail":0,"footnotes":"","_mc_calendar":[]},"aioseo_notices":[],"_links":{"self":[{"href":"https:\/\/blogsaverroes.juntadeandalucia.es\/iessalvadorserrano\/wp-json\/wp\/v2\/pages\/176"}],"collection":[{"href":"https:\/\/blogsaverroes.juntadeandalucia.es\/iessalvadorserrano\/wp-json\/wp\/v2\/pages"}],"about":[{"href":"https:\/\/blogsaverroes.juntadeandalucia.es\/iessalvadorserrano\/wp-json\/wp\/v2\/types\/page"}],"author":[{"embeddable":true,"href":"https:\/\/blogsaverroes.juntadeandalucia.es\/iessalvadorserrano\/wp-json\/wp\/v2\/users\/1"}],"replies":[{"embeddable":true,"href":"https:\/\/blogsaverroes.juntadeandalucia.es\/iessalvadorserrano\/wp-json\/wp\/v2\/comments?post=176"}],"version-history":[{"count":47,"href":"https:\/\/blogsaverroes.juntadeandalucia.es\/iessalvadorserrano\/wp-json\/wp\/v2\/pages\/176\/revisions"}],"predecessor-version":[{"id":14275,"href":"https:\/\/blogsaverroes.juntadeandalucia.es\/iessalvadorserrano\/wp-json\/wp\/v2\/pages\/176\/revisions\/14275"}],"wp:attachment":[{"href":"https:\/\/blogsaverroes.juntadeandalucia.es\/iessalvadorserrano\/wp-json\/wp\/v2\/media?parent=176"}],"curies":[{"name":"wp","href":"https:\/\/api.w.org\/{rel}","templated":true}]}}