{"id":178,"date":"2015-03-17T07:56:43","date_gmt":"2015-03-17T07:56:43","guid":{"rendered":"http:\/\/blogsaverroes.juntadeandalucia.es\/pre\/ceip\/?page_id=178"},"modified":"2019-10-29T19:18:55","modified_gmt":"2019-10-29T19:18:55","slug":"musica","status":"publish","type":"page","link":"https:\/\/blogsaverroes.juntadeandalucia.es\/iessalvadorserrano\/musica\/","title":{"rendered":"M\u00fasica"},"content":{"rendered":"<table>\n<tbody>\n<tr>\n<td style=\"border-color: #0B0740\" colspan=\"2\">&nbsp;<\/td>\n<td style=\"border-color: #0b0740;text-align: center;background-color: #d8ecf2\"><strong>Puesto o Especialidad<\/strong><\/td>\n<\/tr>\n<tr>\n<td style=\"border-color: #0b0740;width: 150px;vertical-align: middle;background-color: #d8ecf2\">\n<h5><strong>Jefatura de Departamento<\/strong><\/h5>\n<\/td>\n<td style=\"border-color: #0b0740;vertical-align: middle;background-color: #ffffff\">M\u00aa Carmen Tabernero Mart\u00ednez<\/td>\n<td style=\"border-color: #0b0740;vertical-align: middle;background-color: #ffffff\">M\u00fasica P.E.S.<\/td>\n<\/tr>\n<tr>\n<td style=\"border-color: #0b0740;width: 150px;vertical-align: middle;background-color: #d8ecf2\">\n<h5><strong>Componentes<\/strong><\/h5>\n<\/td>\n<td style=\"border-color: #0b0740;vertical-align: middle;background-color: #ffffff\">Ana S\u00e1enz Soubrier<\/td>\n<td style=\"border-color: #0b0740;vertical-align: middle;background-color: #ffffff\">M\u00fasica P.E.S.<\/td>\n<\/tr>\n<\/tbody>\n<\/table>\n<table>\n<tbody>\n<tr style=\"height: 30px\">\n<td style=\"height: 30px;background-color: #4e609c\">\n<h3><span style=\"color: white\"><strong>Programaciones<\/strong><\/span><\/h3>\n<\/td>\n<\/tr>\n<tr style=\"height: 22px\">\n<td style=\"height: 22px\"><a href=\"https:\/\/blogsaverroes.juntadeandalucia.es\/iessalvadorserrano\/files\/2019\/10\/PROGRAMACI\u00d3N-DEL-DEPARTAMENTO-DE-M\u00daSICA-19-20.pdf\"><img loading=\"lazy\" decoding=\"async\" class=\"size-full wp-image-2788 alignleft\" src=\"https:\/\/blogsaverroes.juntadeandalucia.es\/iessalvadorserrano\/files\/2015\/03\/PDFd-e1510255886258.jpg\" alt=\"\" width=\"45\" height=\"24\">PROGRAMACI\u00d3N DEL DEPARTAMENTO DE M\u00daSICA<\/a><\/td>\n<\/tr>\n<tr style=\"height: 22px\">\n<td style=\"height: 22px\"><a href=\"https:\/\/blogsaverroes.juntadeandalucia.es\/iessalvadorserrano\/files\/2019\/10\/PROGRAMACI\u00d3N-M\u00daSICA-1\u00ba-ESO.pdf\"><img loading=\"lazy\" decoding=\"async\" class=\"size-full wp-image-2788 alignleft\" src=\"https:\/\/blogsaverroes.juntadeandalucia.es\/iessalvadorserrano\/files\/2015\/03\/PDFd-e1510255886258.jpg\" alt=\"\" width=\"45\" height=\"24\">M\u00fasica 1\u00ba ESO<\/a><\/td>\n<\/tr>\n<tr style=\"height: 22px\">\n<td style=\"height: 22px\"><a href=\"https:\/\/blogsaverroes.juntadeandalucia.es\/iessalvadorserrano\/files\/2019\/10\/PROGRAMACI\u00d3N-M\u00daSICA-2\u00ba-ESO.pdf\"><img loading=\"lazy\" decoding=\"async\" class=\"size-full wp-image-2788 alignleft\" src=\"https:\/\/blogsaverroes.juntadeandalucia.es\/iessalvadorserrano\/files\/2015\/03\/PDFd-e1510255886258.jpg\" alt=\"\" width=\"45\" height=\"24\">M\u00fasica 2\u00ba ESO<\/a><\/td>\n<\/tr>\n<tr style=\"height: 22px\">\n<td style=\"height: 22px\"><a href=\"https:\/\/blogsaverroes.juntadeandalucia.es\/iessalvadorserrano\/files\/2019\/10\/PROGRAMACI\u00d3N-M\u00daSICA-3\u00ba-ESO.pdf\"><img loading=\"lazy\" decoding=\"async\" class=\"size-full wp-image-2788 alignleft\" src=\"https:\/\/blogsaverroes.juntadeandalucia.es\/iessalvadorserrano\/files\/2015\/03\/PDFd-e1510255886258.jpg\" alt=\"\" width=\"45\" height=\"24\">M\u00fasica 3\u00ba ESO<\/a><\/td>\n<\/tr>\n<tr style=\"height: 22px\">\n<td style=\"height: 22px\"><a href=\"https:\/\/blogsaverroes.juntadeandalucia.es\/iessalvadorserrano\/files\/2019\/10\/PROGRAMACI\u00d3N-M\u00daSICA-4\u00ba-ESO.pdf\"><img loading=\"lazy\" decoding=\"async\" class=\"size-full wp-image-2788 alignleft\" src=\"https:\/\/blogsaverroes.juntadeandalucia.es\/iessalvadorserrano\/files\/2015\/03\/PDFd-e1510255886258.jpg\" alt=\"\" width=\"45\" height=\"24\">M\u00fasica 4\u00ba ESO<\/a><\/td>\n<\/tr>\n<tr style=\"height: 22px\">\n<td style=\"height: 22px\"><a href=\"https:\/\/blogsaverroes.juntadeandalucia.es\/iessalvadorserrano\/files\/2019\/10\/PROGRAMACI\u00d3N-AN\u00c1LISIS-MUSICAL-I-1\u00ba-BACH.pdf\"><img loading=\"lazy\" decoding=\"async\" class=\"size-full wp-image-2788 alignleft\" src=\"https:\/\/blogsaverroes.juntadeandalucia.es\/iessalvadorserrano\/files\/2015\/03\/PDFd-e1510255886258.jpg\" alt=\"\" width=\"45\" height=\"24\">An\u00e1lisis Musical I 1\u00ba BACH<\/a><\/td>\n<\/tr>\n<tr style=\"height: 22px\">\n<td style=\"height: 22px\"><a href=\"https:\/\/blogsaverroes.juntadeandalucia.es\/iessalvadorserrano\/files\/2019\/10\/PROGRAMACI\u00d3N-DE-HISTORIA-DE-LA-M\u00daSICA-Y-LA-DANZA-2\u00ba-BACH.pdf\"><img loading=\"lazy\" decoding=\"async\" class=\"size-full wp-image-2788 alignleft\" src=\"https:\/\/blogsaverroes.juntadeandalucia.es\/iessalvadorserrano\/files\/2015\/03\/PDFd-e1510255886258.jpg\" alt=\"\" width=\"45\" height=\"24\">Historia de la M\u00fasica y la Danza 2\u00ba BACH<\/a><\/td>\n<\/tr>\n<tr style=\"height: 30px\">\n<td style=\"height: 30px;background-color: #4e609c\">\n<h3><span style=\"color: white\"><strong>Criterios de Evaluaci\u00f3n<\/strong><\/span><\/h3>\n<\/td>\n<\/tr>\n<tr style=\"height: 22px\">\n<td style=\"height: 22px\"><a href=\"https:\/\/blogsaverroes.juntadeandalucia.es\/iessalvadorserrano\/files\/2018\/01\/Criterios-Evaluaci\u00f3n-M\u00fasica.pdf\"><img loading=\"lazy\" decoding=\"async\" class=\"size-full wp-image-2952 alignleft\" src=\"https:\/\/blogsaverroes.juntadeandalucia.es\/iessalvadorserrano\/files\/2017\/05\/criteval-e1510486355221.jpg\" alt=\"\" width=\"40\" height=\"23\"><\/a><a href=\"https:\/\/blogsaverroes.juntadeandalucia.es\/iessalvadorserrano\/files\/2015\/03\/Criterios-Evaluaci\u00f3n-M\u00fasica.pdf\">Criterios Evaluaci\u00f3n M\u00fasica<\/a><\/td>\n<\/tr>\n<\/tbody>\n<\/table>\n<p style=\"text-align: left\">&nbsp;<br \/>\n<a href=\"http:\/\/musicasalvadorserrano.blogspot.com.es\/\"><img loading=\"lazy\" decoding=\"async\" class=\"aligncenter size-medium wp-image-2143\" src=\"https:\/\/blogsaverroes.juntadeandalucia.es\/iessalvadorserrano\/files\/2015\/03\/musica-300x300.jpg\" alt=\"musica\" width=\"300\" height=\"300\" srcset=\"https:\/\/blogsaverroes.juntadeandalucia.es\/iessalvadorserrano\/files\/2015\/03\/musica-300x300.jpg 300w, https:\/\/blogsaverroes.juntadeandalucia.es\/iessalvadorserrano\/files\/2015\/03\/musica-150x150.jpg 150w, https:\/\/blogsaverroes.juntadeandalucia.es\/iessalvadorserrano\/files\/2015\/03\/musica-160x160.jpg 160w, https:\/\/blogsaverroes.juntadeandalucia.es\/iessalvadorserrano\/files\/2015\/03\/musica.jpg 640w\" sizes=\"(max-width: 300px) 100vw, 300px\" \/><\/a><strong><span style=\"font-family: sans-serif\"><span style=\"font-size: medium\">M\u00fasica <\/span><\/span><\/strong><\/p>\n<p style=\"text-align: justify\"><span style=\"font-family: sans-serif\"><span style=\"font-size: medium\">&nbsp; &nbsp; La m\u00fasica, como bien cultural y como lenguaje y medio de comunicaci\u00f3n no verbal, constituye un elemento con gran valor en la vida de las personas; adem\u00e1s, favorece el desarrollo integral de los individuos, interviene en su formaci\u00f3n emocional e intelectual, a trav\u00e9s del conocimiento del hecho musical como manifestaci\u00f3n cultural e hist\u00f3rica, y contribuye al afianzamiento de una postura abierta, reflexiva y cr\u00edtica en el alumnado. <\/span><\/span><\/p>\n<p style=\"text-align: justify\"><span style=\"font-family: sans-serif\"><span style=\"font-size: medium\">&nbsp;&nbsp; En la actualidad la m\u00fasica constituye uno de los principales referentes de identificaci\u00f3n de la juventud. Con el desarrollo tecnol\u00f3gico se han multiplicado los cauces de acceso a las cada vez m\u00e1s numerosas fuentes de cultura musical, as\u00ed como a sus diversas maneras de creaci\u00f3n e interpretaci\u00f3n a trav\u00e9s de veh\u00edculos que forman parte de su vida cotidiana como Internet, dispositivos m\u00f3viles, reproductores de audio o videojuegos; adem\u00e1s, fomenta el desarrollo de la percepci\u00f3n, la sensibilidad est\u00e9tica, la expresi\u00f3n creativa y la reflexi\u00f3n cr\u00edtica. <\/span><\/span><\/p>\n","protected":false},"excerpt":{"rendered":"<p>&nbsp; Puesto o Especialidad Jefatura de Departamento M\u00aa Carmen Tabernero Mart\u00ednez M\u00fasica P.E.S. Componentes Ana S\u00e1enz Soubrier M\u00fasica P.E.S. Programaciones PROGRAMACI\u00d3N DEL DEPARTAMENTO DE M\u00daSICA&hellip;<\/p>\n","protected":false},"author":1,"featured_media":0,"parent":0,"menu_order":0,"comment_status":"closed","ping_status":"open","template":"","meta":{"ngg_post_thumbnail":0,"footnotes":"","_mc_calendar":[]},"aioseo_notices":[],"_links":{"self":[{"href":"https:\/\/blogsaverroes.juntadeandalucia.es\/iessalvadorserrano\/wp-json\/wp\/v2\/pages\/178"}],"collection":[{"href":"https:\/\/blogsaverroes.juntadeandalucia.es\/iessalvadorserrano\/wp-json\/wp\/v2\/pages"}],"about":[{"href":"https:\/\/blogsaverroes.juntadeandalucia.es\/iessalvadorserrano\/wp-json\/wp\/v2\/types\/page"}],"author":[{"embeddable":true,"href":"https:\/\/blogsaverroes.juntadeandalucia.es\/iessalvadorserrano\/wp-json\/wp\/v2\/users\/1"}],"replies":[{"embeddable":true,"href":"https:\/\/blogsaverroes.juntadeandalucia.es\/iessalvadorserrano\/wp-json\/wp\/v2\/comments?post=178"}],"version-history":[{"count":17,"href":"https:\/\/blogsaverroes.juntadeandalucia.es\/iessalvadorserrano\/wp-json\/wp\/v2\/pages\/178\/revisions"}],"predecessor-version":[{"id":4926,"href":"https:\/\/blogsaverroes.juntadeandalucia.es\/iessalvadorserrano\/wp-json\/wp\/v2\/pages\/178\/revisions\/4926"}],"wp:attachment":[{"href":"https:\/\/blogsaverroes.juntadeandalucia.es\/iessalvadorserrano\/wp-json\/wp\/v2\/media?parent=178"}],"curies":[{"name":"wp","href":"https:\/\/api.w.org\/{rel}","templated":true}]}}